{"id":1523,"date":"2026-01-14T12:14:46","date_gmt":"2026-01-14T12:14:46","guid":{"rendered":"https:\/\/aweso.mklkreativ.ch\/aweso-panoramaflex\/"},"modified":"2026-07-30T06:49:51","modified_gmt":"2026-07-30T06:49:51","slug":"aweso-panoramaflex","status":"publish","type":"page","link":"https:\/\/aweso.ch\/fr\/aweso-panoramaflex\/","title":{"rendered":"Aweso PanoramaFlex"},"content":{"rendered":"<p>[et_pb_section fb_built=\u00a0\u00bb1&Prime; _builder_version=\u00a0\u00bb4.27.5&Prime; _module_preset=\u00a0\u00bbdefault\u00a0\u00bb custom_padding=\u00a0\u00bb||0px|||\u00a0\u00bb global_colors_info=\u00a0\u00bb{}\u00a0\u00bb][et_pb_row _builder_version=\u00a0\u00bb4.27.5&Prime; _module_preset=\u00a0\u00bbdefault\u00a0\u00bb custom_padding=\u00a0\u00bb0px||0px|||\u00a0\u00bb global_colors_info=\u00a0\u00bb{}\u00a0\u00bb][et_pb_column type=\u00a0\u00bb4_4&Prime; _builder_version=\u00a0\u00bb4.27.5&Prime; _module_preset=\u00a0\u00bbdefault\u00a0\u00bb global_colors_info=\u00a0\u00bb{}\u00a0\u00bb][et_pb_text admin_label=\u00a0\u00bbZur\u00fcckbutton\u00a0\u00bb _builder_version=\u00a0\u00bb4.27.5&Prime; _dynamic_attributes=\u00a0\u00bblink_option_url\u00a0\u00bb _module_preset=\u00a0\u00bbdefault\u00a0\u00bb text_text_color=\u00a0\u00bb#005a9c\u00a0\u00bb link_text_color=\u00a0\u00bb#005A9C\u00a0\u00bb transform_translate_linked__hover=\u00a0\u00bboff\u00a0\u00bb link_option_url=\u00a0\u00bb@ET-DC@eyJkeW5hbWljIjp0cnVlLCJjb250ZW50IjoicG9zdF9saW5rX3VybF9wYWdlIiwic2V0dGluZ3MiOnsicG9zdF9pZCI6IjI4NyIsImVuYWJsZV9odG1sIjoib2ZmIn19@\u00a0\u00bb global_colors_info=\u00a0\u00bb{}\u00a0\u00bb text_text_color__hover_enabled=\u00a0\u00bboff|hover\u00a0\u00bb text_text_color__hover=\u00a0\u00bb#72BAE5&Prime; transform_styles__hover_enabled=\u00a0\u00bbon|desktop\u00a0\u00bb transform_scale__hover_enabled=\u00a0\u00bbon|desktop\u00a0\u00bb transform_translate__hover_enabled=\u00a0\u00bbon|hover\u00a0\u00bb transform_rotate__hover_enabled=\u00a0\u00bbon|desktop\u00a0\u00bb transform_skew__hover_enabled=\u00a0\u00bbon|desktop\u00a0\u00bb transform_origin__hover_enabled=\u00a0\u00bbon|desktop\u00a0\u00bb transform_translate__hover=\u00a0\u00bb-10px|0px\u00a0\u00bb]<\/p>\n<p><span style=\"display: inline-flex; align-items: center; gap: 8px; color: #005a9c;\"><br \/><img decoding=\"async\" src=\"https:\/\/aweso.ch\/wp-content\/uploads\/2026\/01\/aweso-pfeil-blau-links.png\" alt=\"Fl\u00e8che\" height=\"18\" width=\"18\">  vers la vue d&rsquo;ensemble<br \/><\/span><\/p>\n<p>[\/et_pb_text][\/et_pb_column][\/et_pb_row][\/et_pb_section][et_pb_section fb_built=\u00a0\u00bb1&Prime; _builder_version=\u00a0\u00bb4.27.5&Prime; _module_preset=\u00a0\u00bbdefault\u00a0\u00bb background_enable_image=\u00a0\u00bboff\u00a0\u00bb overflow-x=\u00a0\u00bbvisible\u00a0\u00bb overflow-y=\u00a0\u00bbvisible\u00a0\u00bb custom_margin=\u00a0\u00bb30px||0px||false|false\u00a0\u00bb custom_padding=\u00a0\u00bb0px||0px|0px|false|false\u00a0\u00bb global_colors_info=\u00a0\u00bb{}\u00a0\u00bb][et_pb_row module_class=\u00a0\u00bbvertikal-zentrieren\u00a0\u00bb _builder_version=\u00a0\u00bb4.27.5&Prime; _module_preset=\u00a0\u00bbdefault\u00a0\u00bb background_image=\u00a0\u00bbhttps:\/\/aweso.ch\/wp-content\/uploads\/2026\/01\/Pa370_Neuchatel_ez0617_2139-10_1920x1280_72.jpg\u00a0\u00bb width=\u00a0\u00bb84%\u00a0\u00bb width_tablet=\u00a0\u00bb100%\u00a0\u00bb width_phone=\u00a0\u00bb100%\u00a0\u00bb module_alignment=\u00a0\u00bbright\u00a0\u00bb min_height=\u00a0\u00bb50vh\u00a0\u00bb min_height_tablet=\u00a0\u00bb50vh\u00a0\u00bb min_height_phone=\u00a0\u00bb50vh\u00a0\u00bb min_height_last_edited=\u00a0\u00bbon|phone\u00a0\u00bb overflow-x=\u00a0\u00bbvisible\u00a0\u00bb overflow-y=\u00a0\u00bbvisible\u00a0\u00bb custom_margin=\u00a0\u00bb0px||0px||false|false\u00a0\u00bb custom_padding=\u00a0\u00bb0px||0px||false|false\u00a0\u00bb border_radii=\u00a0\u00bboff|6px|||6px\u00a0\u00bb border_radii_tablet=\u00a0\u00bboff|0px|||0px\u00a0\u00bb border_radii_phone=\u00a0\u00bboff|0px|||0px\u00a0\u00bb border_radii_last_edited=\u00a0\u00bbon|phone\u00a0\u00bb global_colors_info=\u00a0\u00bb{}\u00a0\u00bb][et_pb_column type=\u00a0\u00bb4_4&Prime; _builder_version=\u00a0\u00bb4.27.4&Prime; _module_preset=\u00a0\u00bbdefault\u00a0\u00bb global_colors_info=\u00a0\u00bb{}\u00a0\u00bb][et_pb_text content_phone=\u00a0\u00bb<\/p>\n<h1 style=%22background-color: #005a9c; color: #ffffff; padding: 0px 10px 5px 10px; display: inline; line-height: 1.3;%22>Qualit\u00e9 durable  <\/h1>\n<p>\u00a0\u00bb content_last_edited=\u00a0\u00bboff|desktop\u00a0\u00bb _builder_version=\u00a0\u00bb4.27.6&Prime; _module_preset=\u00a0\u00bb02e0a404-5293-4b7f-91fe-61cb527a4584&Prime; header_font=\u00a0\u00bb|600|||||||\u00a0\u00bb header_text_color=\u00a0\u00bb#FFFFFF\u00a0\u00bb header_4_font=\u00a0\u00bb||||||||\u00a0\u00bb z_index=\u00a0\u00bb10&Prime; custom_margin=\u00a0\u00bb||16px|-7%|false|false\u00a0\u00bb custom_margin_tablet=\u00a0\u00bb||13px|5%|false|false\u00a0\u00bb custom_margin_phone=\u00a0\u00bb20vh||9px||false|false\u00a0\u00bb custom_margin_last_edited=\u00a0\u00bbon|desktop\u00a0\u00bb custom_padding=\u00a0\u00bb||0px|||\u00a0\u00bb global_colors_info=\u00a0\u00bb{}\u00a0\u00bb]<\/p>\n<h1 style=\"background-color: #005a9c; color: #ffffff; line-height: 1.5; padding: 0px 10px 5px 10px; display: inline;\">Aweso Panorama Flex<\/h1>\n<p>[\/et_pb_text][\/et_pb_column][\/et_pb_row][\/et_pb_section][et_pb_section fb_built=\u00a0\u00bb1&Prime; _builder_version=\u00a0\u00bb4.27.5&Prime; _module_preset=\u00a0\u00bbdefault\u00a0\u00bb background_enable_image=\u00a0\u00bboff\u00a0\u00bb custom_margin=\u00a0\u00bb30px||0px||false|false\u00a0\u00bb custom_padding=\u00a0\u00bb0px||0px|0px|false|false\u00a0\u00bb global_colors_info=\u00a0\u00bb{}\u00a0\u00bb][et_pb_row column_structure=\u00a0\u00bb2_3,1_3&Prime; make_equal=\u00a0\u00bbon\u00a0\u00bb _builder_version=\u00a0\u00bb4.27.5&Prime; _module_preset=\u00a0\u00bbdefault\u00a0\u00bb background_enable_color=\u00a0\u00bboff\u00a0\u00bb background_enable_image=\u00a0\u00bboff\u00a0\u00bb width=\u00a0\u00bb84%\u00a0\u00bb width_tablet=\u00a0\u00bb80%\u00a0\u00bb module_alignment=\u00a0\u00bbright\u00a0\u00bb overflow-x=\u00a0\u00bbvisible\u00a0\u00bb overflow-y=\u00a0\u00bbvisible\u00a0\u00bb custom_margin=\u00a0\u00bb100px||||false|false\u00a0\u00bb custom_margin_tablet=\u00a0\u00bb0px||||false|false\u00a0\u00bb custom_margin_phone=\u00a0\u00bb0px||||false|false\u00a0\u00bb custom_margin_last_edited=\u00a0\u00bbon|tablet\u00a0\u00bb custom_padding=\u00a0\u00bb||||false|false\u00a0\u00bb module_alignment_tablet=\u00a0\u00bbcenter\u00a0\u00bb module_alignment_phone=\u00a0\u00bbcenter\u00a0\u00bb module_alignment_last_edited=\u00a0\u00bbon|tablet\u00a0\u00bb border_radii=\u00a0\u00bboff|6px|||6px\u00a0\u00bb global_colors_info=\u00a0\u00bb{}\u00a0\u00bb][et_pb_column type=\u00a0\u00bb2_3&Prime; module_class=\u00a0\u00bbvertikal-zentrieren\u00a0\u00bb _builder_version=\u00a0\u00bb4.27.5&Prime; _module_preset=\u00a0\u00bbdefault\u00a0\u00bb global_colors_info=\u00a0\u00bb{}\u00a0\u00bb][et_pb_text _builder_version=\u00a0\u00bb4.27.5&Prime; _module_preset=\u00a0\u00bbdefault\u00a0\u00bb text_font=\u00a0\u00bb|||on|||||\u00a0\u00bb text_text_color=\u00a0\u00bb#005A9C\u00a0\u00bb header_3_text_color=\u00a0\u00bb#F5F5F5&Prime; header_3_line_height=\u00a0\u00bb1.2em\u00a0\u00bb custom_margin=\u00a0\u00bb||20px||false|true\u00a0\u00bb custom_margin_tablet=\u00a0\u00bb|0px||0px|false|true\u00a0\u00bb custom_margin_phone=\u00a0\u00bb|0px||0px|false|true\u00a0\u00bb custom_margin_last_edited=\u00a0\u00bbon|phone\u00a0\u00bb global_colors_info=\u00a0\u00bb{}\u00a0\u00bb]<\/p>\n<p>Coulissants pivotants | roulement sup\u00e9rieur<\/p>\n<p>[\/et_pb_text][et_pb_text _builder_version=\u00a0\u00bb4.27.5&Prime; _module_preset=\u00a0\u00bb06a830c8-fc68-4a08-8cf0-e7ed91571de2&Prime; text_text_color=\u00a0\u00bb#000000&Prime; header_3_font=\u00a0\u00bb|600|||||||\u00a0\u00bb header_3_text_color=\u00a0\u00bb#000000&Prime; header_3_font_size=\u00a0\u00bb28px\u00a0\u00bb header_3_line_height=\u00a0\u00bb1.3em\u00a0\u00bb global_colors_info=\u00a0\u00bb{}\u00a0\u00bb]<\/p>\n<h3>Un design l\u00e9ger et intemporel, un silence de fonctionnement optimal, une grande facilit\u00e9 de coulissement, le maintien de la valeur et la long\u00e9vit\u00e9 caract\u00e9risent tout autant les syst\u00e8mes coulissants-pivotants Aweso Panorama EasyFlex 370 et Aweso Panorama Flex 380.<\/h3>\n<p>[\/et_pb_text][\/et_pb_column][et_pb_column type=\u00a0\u00bb1_3&Prime; module_class=\u00a0\u00bbvertikal-zentrieren\u00a0\u00bb _builder_version=\u00a0\u00bb4.27.5&Prime; _module_preset=\u00a0\u00bbdefault\u00a0\u00bb global_colors_info=\u00a0\u00bb{}\u00a0\u00bb][\/et_pb_column][\/et_pb_row][\/et_pb_section][et_pb_section fb_built=\u00a0\u00bb1&Prime; custom_padding_last_edited=\u00a0\u00bbon|tablet\u00a0\u00bb _builder_version=\u00a0\u00bb4.27.5&Prime; _module_preset=\u00a0\u00bbdefault\u00a0\u00bb overflow-x=\u00a0\u00bbvisible\u00a0\u00bb overflow-y=\u00a0\u00bbvisible\u00a0\u00bb custom_padding=\u00a0\u00bb||0px|||\u00a0\u00bb custom_padding_tablet=\u00a0\u00bb0px||0px||false|false\u00a0\u00bb custom_padding_phone=\u00a0\u00bb0px||0px||false|false\u00a0\u00bb global_colors_info=\u00a0\u00bb{}\u00a0\u00bb][et_pb_row column_structure=\u00a0\u00bb3_5,2_5&Prime; _builder_version=\u00a0\u00bb4.27.5&Prime; _module_preset=\u00a0\u00bbdefault\u00a0\u00bb overflow-x=\u00a0\u00bbvisible\u00a0\u00bb overflow-y=\u00a0\u00bbvisible\u00a0\u00bb global_colors_info=\u00a0\u00bb{}\u00a0\u00bb][et_pb_column type=\u00a0\u00bb3_5&Prime; _builder_version=\u00a0\u00bb4.27.5&Prime; _module_preset=\u00a0\u00bbdefault\u00a0\u00bb global_colors_info=\u00a0\u00bb{}\u00a0\u00bb][et_pb_code _builder_version=\u00a0\u00bb4.27.5&Prime; _module_preset=\u00a0\u00bbdefault\u00a0\u00bb global_colors_info=\u00a0\u00bb{}\u00a0\u00bb]<\/p>\n<div class=\"aweso-slider\"><!-- [et_pb_line_break_holder] -->  <\/p>\n<div class=\"slider-container\"><!-- [et_pb_line_break_holder] -->    <!-- [et_pb_line_break_holder] -->    <!-- Slide 1: \u00d6ffnungsprinzip --><!-- [et_pb_line_break_holder] -->    <\/p>\n<div class=\"slide active\"><!-- [et_pb_line_break_holder] -->      <img decoding=\"async\" src=\"https:\/\/aweso.ch\/wp-content\/uploads\/2026\/01\/aweso-panorama-flex-aussenverglasung-1-1.jpg\" alt=\"Ouverture Aweso Panorama Flex\"><!-- [et_pb_line_break_holder] -->    <\/div>\n<p><!-- [et_pb_line_break_holder] -->    <!-- [et_pb_line_break_holder] -->    <!-- Slide 2: Video Bedienung --><!-- [et_pb_line_break_holder] -->    <\/p>\n<div class=\"slide\"><!-- [et_pb_line_break_holder] -->      <video autoplay=\"\" loop=\"\" muted=\"\" playsinline=\"\"><!-- [et_pb_line_break_holder] --><source src=\"https:\/\/aweso.ch\/wp-content\/uploads\/2026\/01\/aweso-panorama-flex-aussenverglasung-video.mp4\" type=\"video\/mp4\"><!-- [et_pb_line_break_holder] -->      <\/source><\/video><!-- [et_pb_line_break_holder] -->    <\/div>\n<p><!-- [et_pb_line_break_holder] -->    <!-- [et_pb_line_break_holder] -->    <!-- Slide 3: Stapelung\/Parken --><!-- [et_pb_line_break_holder] -->    <\/p>\n<div class=\"slide\"><!-- [et_pb_line_break_holder] -->      <img decoding=\"async\" src=\"https:\/\/aweso.ch\/wp-content\/uploads\/2026\/01\/aweso-panorama-flex-aussenverglasung-2-1.jpg\" alt=\"Zone de parcage Aweso Panorama Flex\"><!-- [et_pb_line_break_holder] -->    <\/div>\n<p><!-- [et_pb_line_break_holder] -->    <!-- [et_pb_line_break_holder] -->    <!-- Slide 4: Kurven & Geometrie --><!-- [et_pb_line_break_holder] -->    <\/p>\n<div class=\"slide\"><!-- [et_pb_line_break_holder] -->      <img decoding=\"async\" src=\"https:\/\/aweso.ch\/wp-content\/uploads\/2026\/01\/aweso-panorama-flex-aussenverglasung-3-1.jpg\" alt=\"Aweso Panorama Flex pour configurations courbes\"><!-- [et_pb_line_break_holder] -->    <\/div>\n<p><!-- [et_pb_line_break_holder] --><!-- [et_pb_line_break_holder] -->    <!-- Slide 5: Windschutz\/Flexibilit\u00e4t --><!-- [et_pb_line_break_holder] -->    <\/p>\n<div class=\"slide\"><!-- [et_pb_line_break_holder] -->      <img decoding=\"async\" src=\"https:\/\/aweso.ch\/wp-content\/uploads\/2026\/01\/aweso-panorama-flex-aussenverglasung-4.jpg\" alt=\"Protection contre le vent Aweso Panorama Flex\"><!-- [et_pb_line_break_holder] -->    <\/div>\n<p><!-- [et_pb_line_break_holder] --><!-- [et_pb_line_break_holder] -->    <!-- Navigation Arrows --><!-- [et_pb_line_break_holder] -->    <button class=\"slider-arrow prev\" aria-label=\"Vorheriges Bild\"><!-- [et_pb_line_break_holder] -->      <span class=\"et-pb-icon\">4<\/span><!-- [et_pb_line_break_holder] -->    <\/button><!-- [et_pb_line_break_holder] -->    <button class=\"slider-arrow next\" aria-label=\"N\u00e4chstes Bild\"><!-- [et_pb_line_break_holder] -->      <span class=\"et-pb-icon\">5<\/span><!-- [et_pb_line_break_holder] -->    <\/button><!-- [et_pb_line_break_holder] --><!-- [et_pb_line_break_holder] -->  <\/div>\n<p><!-- [et_pb_line_break_holder] --><!-- [et_pb_line_break_holder] -->  <\/p>\n<div class=\"slider-text\"><!-- [et_pb_line_break_holder] -->    <!-- Text 1 --><!-- [et_pb_line_break_holder] -->    <pee class=\"text-content active\"><strong>Ouverture maximale :<\/strong> Profitez d\u2019une libert\u00e9 absolue. Les diff\u00e9rents panneaux en verre peuvent \u00eatre enti\u00e8rement couliss\u00e9s sur le c\u00f4t\u00e9 et parqu\u00e9s de mani\u00e8re compacte. Vous transformez ainsi en un tour de main votre balcon vitr\u00e9 en un espace ouvert.  <\/pee><!-- [et_pb_line_break_holder] -->    <!-- [et_pb_line_break_holder] -->    <!-- Text 2 (Video) --><!-- [et_pb_line_break_holder] -->    <pee class=\"text-content\"><strong>Utilisation sans effort :<\/strong> D\u00e9couvrez le confort en mouvement. Gr\u00e2ce \u00e0 une technique de roulement de haute qualit\u00e9, les panneaux glissent en douceur et sans effort dans les rails. Le syst\u00e8me \u00e0 roulement sup\u00e9rieur garantit ainsi une facilit\u00e9 de mouvement durable et un entretien r\u00e9duit.  <\/pee><!-- [et_pb_line_break_holder] -->    <!-- [et_pb_line_break_holder] -->    <!-- Text 3 --><!-- [et_pb_line_break_holder] -->    <pee class=\"text-content\"><strong>Am\u00e9nagement flexible de l\u2019espace :<\/strong> Que ce soit comme vitrage de balcon ou comme s\u00e9paration d\u2019espace intelligente \u00e0 l\u2019int\u00e9rieur, le syst\u00e8me s\u2019adapte \u00e0 vos besoins. Les panneaux peuvent \u00eatre couliss\u00e9s dans les angles, permettant ainsi des plans variables pour des concepts d\u2019habitat modernes. <\/pee><!-- [et_pb_line_break_holder] -->    <!-- [et_pb_line_break_holder] -->    <!-- Text 4 --><!-- [et_pb_line_break_holder] -->    <pee class=\"text-content\"><strong>G\u00e9om\u00e9trie sans limites :<\/strong> Le produit haut de gamme <em>Panorama Flex 380<\/em> s\u2019adapte \u00e0 toutes les architectures. Il permet non seulement des trac\u00e9s droits, mais aussi segment\u00e9s et courbes, de sorte que m\u00eame les formes de construction les plus originales peuvent \u00eatre vitr\u00e9es avec \u00e9l\u00e9gance. <\/pee><!-- [et_pb_line_break_holder] -->    <!-- [et_pb_line_break_holder] -->    <!-- Text 5 --><!-- [et_pb_line_break_holder] -->    <pee class=\"text-content\"><strong>S\u00e9curit\u00e9 et protection :<\/strong> Prot\u00e9gez efficacement votre espace ext\u00e9rieur du vent, du bruit et des intemp\u00e9ries sans obstruer la vue. Le syst\u00e8me offre une grande r\u00e9sistance \u00e0 la charge du vent et compense parfaitement les tol\u00e9rances de construction gr\u00e2ce au r\u00e9glage en hauteur int\u00e9gr\u00e9. <\/pee><!-- [et_pb_line_break_holder] -->  <\/div>\n<p><!-- [et_pb_line_break_holder] --><\/div>\n<p><!-- [et_pb_line_break_holder] --><!-- [et_pb_line_break_holder] --><\/p>\n<style><!-- [et_pb_line_break_holder] -->.aweso-slider .slide video {<!-- [et_pb_line_break_holder] -->  width: 100%;<!-- [et_pb_line_break_holder] -->  height: 100%;<!-- [et_pb_line_break_holder] -->  object-fit: cover;<!-- [et_pb_line_break_holder] -->  display: block;<!-- [et_pb_line_break_holder] -->}<!-- [et_pb_line_break_holder] --><\/style>\n<p><!-- [et_pb_line_break_holder] -->[\/et_pb_code][\/et_pb_column][et_pb_column type=\u00a0\u00bb2_5&Prime; _builder_version=\u00a0\u00bb4.27.5&Prime; _module_preset=\u00a0\u00bbdefault\u00a0\u00bb global_colors_info=\u00a0\u00bb{}\u00a0\u00bb][et_pb_text _builder_version=\u00a0\u00bb4.27.5&Prime; _module_preset=\u00a0\u00bb06a830c8-fc68-4a08-8cf0-e7ed91571de2&Prime; text_text_color=\u00a0\u00bb#000000&Prime; header_3_font=\u00a0\u00bb|600|||||||\u00a0\u00bb header_3_text_color=\u00a0\u00bb#000000&Prime; header_3_font_size=\u00a0\u00bb28px\u00a0\u00bb header_3_line_height=\u00a0\u00bb1.3em\u00a0\u00bb custom_margin=\u00a0\u00bb||20px||false|false\u00a0\u00bb global_colors_info=\u00a0\u00bb{}\u00a0\u00bb]<\/p>\n<h3>Tout en un coup d\u2019\u0153il<\/h3>\n<p>[\/et_pb_text][et_pb_code _builder_version=\u00a0\u00bb4.27.5&Prime; _module_preset=\u00a0\u00bbdefault\u00a0\u00bb global_colors_info=\u00a0\u00bb{}\u00a0\u00bb]<\/p>\n<div class=\"aweso-accordion\"><!-- [et_pb_line_break_holder] -->  <\/p>\n<div class=\"accordion-item\"><!-- [et_pb_line_break_holder] -->    <button class=\"accordion-button\"><!-- [et_pb_line_break_holder] -->      <span>Panorama EasyFlex 370<\/span><!-- [et_pb_line_break_holder] -->      <span class=\"accordion-icon\">\u203a<\/span><!-- [et_pb_line_break_holder] -->    <\/button><!-- [et_pb_line_break_holder] -->    <\/p>\n<div class=\"accordion-content\"><!-- [et_pb_line_break_holder] -->      <\/p>\n<div class=\"accordion-content-inner\"><!-- [et_pb_line_break_holder] -->        <\/p>\n<ul><!-- [et_pb_line_break_holder] -->          <\/p>\n<li>Syst\u00e8me coulissant-pivotant<\/li>\n<p><!-- [et_pb_line_break_holder] -->          <\/p>\n<li>Roulement sup\u00e9rieur<\/li>\n<p><!-- [et_pb_line_break_holder] -->          <\/p>\n<li>Verre de s\u00e9curit\u00e9 tremp\u00e9 (ESG) 8\/10 mm<\/li>\n<p><!-- [et_pb_line_break_holder] -->          <\/p>\n<li>Hmax = 2 700 mm, statique du verre \u00e0 la charge du client<\/li>\n<p><!-- [et_pb_line_break_holder] -->          <\/p>\n<li>Largeur d&rsquo;\u00e9l\u00e9ment coulissant max. 850 mm <\/li>\n<p><!-- [et_pb_line_break_holder] -->          <\/p>\n<li>Poids d&rsquo;\u00e9l\u00e9ment coulissant max. 60 kg <\/li>\n<p><!-- [et_pb_line_break_holder] -->        <\/ul>\n<p><!-- [et_pb_line_break_holder] -->      <\/div>\n<p><!-- [et_pb_line_break_holder] -->    <\/div>\n<p><!-- [et_pb_line_break_holder] -->  <\/div>\n<p><!-- [et_pb_line_break_holder] -->  <!-- [et_pb_line_break_holder] -->  <\/p>\n<div class=\"accordion-item\"><!-- [et_pb_line_break_holder] -->    <button class=\"accordion-button\"><!-- [et_pb_line_break_holder] -->      <span>Panorama Flex 380<\/span><!-- [et_pb_line_break_holder] -->      <span class=\"accordion-icon\">\u203a<\/span><!-- [et_pb_line_break_holder] -->    <\/button><!-- [et_pb_line_break_holder] -->    <\/p>\n<div class=\"accordion-content\"><!-- [et_pb_line_break_holder] -->      <\/p>\n<div class=\"accordion-content-inner\"><!-- [et_pb_line_break_holder] -->        <\/p>\n<ul><!-- [et_pb_line_break_holder] -->          <\/p>\n<li>Syst\u00e8me coulissant-pivotant<\/li>\n<p><!-- [et_pb_line_break_holder] -->          <\/p>\n<li>Roulement sup\u00e9rieur<\/li>\n<p><!-- [et_pb_line_break_holder] -->          <\/p>\n<li>ESG 10 mm<\/li>\n<p><!-- [et_pb_line_break_holder] -->          <\/p>\n<li>Hmax = 3 000 mm (statique du verre \u00e0 la charge du client)<\/li>\n<p><!-- [et_pb_line_break_holder] -->          <\/p>\n<li>Largeur d&rsquo;\u00e9l\u00e9ment coulissant max. 1000 mm <\/li>\n<p><!-- [et_pb_line_break_holder] -->          <\/p>\n<li>Poids d&rsquo;\u00e9l\u00e9ment coulissant max. 80 kg <\/li>\n<p><!-- [et_pb_line_break_holder] -->        <\/ul>\n<p><!-- [et_pb_line_break_holder] -->      <\/div>\n<p><!-- [et_pb_line_break_holder] -->    <\/div>\n<p><!-- [et_pb_line_break_holder] -->  <\/div>\n<p><!-- [et_pb_line_break_holder] -->  <!-- [et_pb_line_break_holder] -->  <\/p>\n<div class=\"accordion-item\"><!-- [et_pb_line_break_holder] -->    <button class=\"accordion-button\"><!-- [et_pb_line_break_holder] -->      <span>Options<\/span><!-- [et_pb_line_break_holder] -->      <span class=\"accordion-icon\">\u203a<\/span><!-- [et_pb_line_break_holder] -->    <\/button><!-- [et_pb_line_break_holder] -->    <\/p>\n<div class=\"accordion-content\"><!-- [et_pb_line_break_holder] -->      <\/p>\n<div class=\"accordion-content-inner\"><!-- [et_pb_line_break_holder] -->        <\/p>\n<ul><!-- [et_pb_line_break_holder] -->          <\/p>\n<li>D\u00e9p\u00f4t parall\u00e8le<\/li>\n<p><!-- [et_pb_line_break_holder] -->          <\/p>\n<li>Fermeture : verrou, cylindre, poign\u00e9e tournante<\/li>\n<p><!-- [et_pb_line_break_holder] -->          <\/p>\n<li>Installation segment\u00e9e<\/li>\n<p><!-- [et_pb_line_break_holder] -->        <\/ul>\n<p><!-- [et_pb_line_break_holder] -->      <\/div>\n<p><!-- [et_pb_line_break_holder] -->    <\/div>\n<p><!-- [et_pb_line_break_holder] -->  <\/div>\n<p><!-- [et_pb_line_break_holder] -->  <!-- [et_pb_line_break_holder] -->  <\/p>\n<div class=\"accordion-item\"><!-- [et_pb_line_break_holder] -->    <button class=\"accordion-button\"><!-- [et_pb_line_break_holder] -->      <span>Domaines d\u2019application des syst\u00e8mes coulissants-pivotants<\/span><!-- [et_pb_line_break_holder] -->      <span class=\"accordion-icon\">\u203a<\/span><!-- [et_pb_line_break_holder] -->    <\/button><!-- [et_pb_line_break_holder] -->    <\/p>\n<div class=\"accordion-content\"><!-- [et_pb_line_break_holder] -->      <\/p>\n<div class=\"accordion-content-inner\"><!-- [et_pb_line_break_holder] -->        <\/p>\n<ul><!-- [et_pb_line_break_holder] -->          <\/p>\n<li>Vitrage de balcon<\/li>\n<p><!-- [et_pb_line_break_holder] -->          <\/p>\n<li>Vitrage de terrasse<\/li>\n<p><!-- [et_pb_line_break_holder] -->          <\/p>\n<li>Ombrage<\/li>\n<p><!-- [et_pb_line_break_holder] -->          <\/p>\n<li>S\u00e9paration de pi\u00e8ce<\/li>\n<p><!-- [et_pb_line_break_holder] -->          <\/p>\n<li>Vitrage de terrasse<\/li>\n<p><!-- [et_pb_line_break_holder] -->          <\/p>\n<li>Fermeture de magasin<\/li>\n<p><!-- [et_pb_line_break_holder] -->        <\/ul>\n<p><!-- [et_pb_line_break_holder] -->      <\/div>\n<p><!-- [et_pb_line_break_holder] -->    <\/div>\n<p><!-- [et_pb_line_break_holder] -->  <\/div>\n<p><!-- [et_pb_line_break_holder] --><\/div>\n<p><!-- [et_pb_line_break_holder] -->[\/et_pb_code][et_pb_code disabled_on=\u00a0\u00bbon|on|on\u00a0\u00bb _builder_version=\u00a0\u00bb4.27.6&Prime; _module_preset=\u00a0\u00bbdefault\u00a0\u00bb custom_margin=\u00a0\u00bb||70px||false|false\u00a0\u00bb disabled=\u00a0\u00bbon\u00a0\u00bb global_colors_info=\u00a0\u00bb{}\u00a0\u00bb]<a href=\"https:\/\/aweso.ch\/fr\/commandes\/\" class=\"custom-button-slide\"><!-- [et_pb_line_break_holder] -->  <span>Demander\/Commander<\/span><!-- [et_pb_line_break_holder] --><\/a><!-- [et_pb_line_break_holder] -->[\/et_pb_code][et_pb_text _builder_version=\u00a0\u00bb4.27.5&Prime; _module_preset=\u00a0\u00bb06a830c8-fc68-4a08-8cf0-e7ed91571de2&Prime; text_text_color=\u00a0\u00bb#000000&Prime; header_3_font=\u00a0\u00bb|600|||||||\u00a0\u00bb header_3_text_color=\u00a0\u00bb#000000&Prime; header_3_font_size=\u00a0\u00bb28px\u00a0\u00bb header_3_line_height=\u00a0\u00bb1.3em\u00a0\u00bb custom_margin=\u00a0\u00bb60px||20px||false|false\u00a0\u00bb global_colors_info=\u00a0\u00bb{}\u00a0\u00bb]<\/p>\n<h3>Images de r\u00e9f\u00e9rence<\/h3>\n<p>[\/et_pb_text][et_pb_code _builder_version=\u00a0\u00bb4.27.6&Prime; _module_preset=\u00a0\u00bbdefault\u00a0\u00bb custom_margin=\u00a0\u00bb||||false|false\u00a0\u00bb custom_margin_tablet=\u00a0\u00bb||20px||false|false\u00a0\u00bb custom_margin_phone=\u00a0\u00bb||20px||false|false\u00a0\u00bb custom_margin_last_edited=\u00a0\u00bbon|tablet\u00a0\u00bb global_colors_info=\u00a0\u00bb{}\u00a0\u00bb]<a href=\"https:\/\/aweso.ch\/fr\/aweso-panoramaflex-reference\/\" class=\"custom-button-slide\"><!-- [et_pb_line_break_holder] -->  <span>Plus<\/span><!-- [et_pb_line_break_holder] --><\/a><!-- [et_pb_line_break_holder] -->[\/et_pb_code][\/et_pb_column][\/et_pb_row][\/et_pb_section][et_pb_section fb_built=\u00a0\u00bb1&Prime; custom_padding_last_edited=\u00a0\u00bbon|tablet\u00a0\u00bb _builder_version=\u00a0\u00bb4.27.6&Prime; _module_preset=\u00a0\u00bbdefault\u00a0\u00bb custom_margin=\u00a0\u00bb||100px||false|false\u00a0\u00bb custom_margin_tablet=\u00a0\u00bb||0px||false|false\u00a0\u00bb custom_margin_phone=\u00a0\u00bb||0px||false|false\u00a0\u00bb custom_margin_last_edited=\u00a0\u00bbon|tablet\u00a0\u00bb custom_padding=\u00a0\u00bb0px||||false|false\u00a0\u00bb custom_padding_tablet=\u00a0\u00bb20px||||false|false\u00a0\u00bb custom_padding_phone=\u00a0\u00bb20px||||false|false\u00a0\u00bb global_colors_info=\u00a0\u00bb{}\u00a0\u00bb][et_pb_row custom_padding_last_edited=\u00a0\u00bbon|tablet\u00a0\u00bb _builder_version=\u00a0\u00bb4.27.6&Prime; _module_preset=\u00a0\u00bbdefault\u00a0\u00bb custom_padding=\u00a0\u00bb||0px||false|false\u00a0\u00bb custom_padding_tablet=\u00a0\u00bb20px||||false|false\u00a0\u00bb custom_padding_phone=\u00a0\u00bb20px||||false|false\u00a0\u00bb global_colors_info=\u00a0\u00bb{}\u00a0\u00bb][et_pb_column type=\u00a0\u00bb4_4&Prime; _builder_version=\u00a0\u00bb4.27.5&Prime; _module_preset=\u00a0\u00bbdefault\u00a0\u00bb global_colors_info=\u00a0\u00bb{}\u00a0\u00bb][et_pb_text _builder_version=\u00a0\u00bb4.27.5&Prime; _module_preset=\u00a0\u00bbdefault\u00a0\u00bb global_colors_info=\u00a0\u00bb{}\u00a0\u00bb]<\/p>\n<h2>T\u00e9l\u00e9charger<\/h2>\n<p>[\/et_pb_text][\/et_pb_column][\/et_pb_row][et_pb_row column_structure=\u00a0\u00bb1_3,1_3,1_3&Prime; _builder_version=\u00a0\u00bb4.27.5&Prime; _module_preset=\u00a0\u00bbdefault\u00a0\u00bb global_colors_info=\u00a0\u00bb{}\u00a0\u00bb][et_pb_column type=\u00a0\u00bb1_3&Prime; _builder_version=\u00a0\u00bb4.27.5&Prime; _module_preset=\u00a0\u00bbdefault\u00a0\u00bb global_colors_info=\u00a0\u00bb{}\u00a0\u00bb][et_pb_text _builder_version=\u00a0\u00bb4.27.5&Prime; _module_preset=\u00a0\u00bbdefault\u00a0\u00bb global_colors_info=\u00a0\u00bb{}\u00a0\u00bb]<\/p>\n<p><strong>Aweso Panorama EasyFlex 370<\/strong><br \/><strong>Panorama Flex 380<\/strong><\/p>\n<p>[\/et_pb_text][et_pb_code _builder_version=\u00a0\u00bb4.27.7&Prime; _module_preset=\u00a0\u00bbdefault\u00a0\u00bb hover_enabled=\u00a0\u00bb0&Prime; global_colors_info=\u00a0\u00bb{}\u00a0\u00bb sticky_enabled=\u00a0\u00bb0&Prime;]<\/p>\n<div class=\"aweso-downloads\"><!-- [et_pb_line_break_holder] -->  <a href=\"https:\/\/aweso.ch\/wp-content\/uploads\/2026\/01\/Prospekt-Panorama_Euroform-1.pdf\" class=\"download-link\" download=\"\"><!-- [et_pb_line_break_holder] -->    <span class=\"download-icon et-pb-icon\">b<\/span><!-- [et_pb_line_break_holder] -->    <span class=\"download-text\">Prospectus vitrage ext\u00e9rieur<\/span><!-- [et_pb_line_break_holder] -->  <\/a><!-- [et_pb_line_break_holder] -->  <!-- [et_pb_line_break_holder] -->  <a href=\"https:\/\/aweso.ch\/wp-content\/uploads\/2026\/01\/Katalog-Pa-370.pdf\" class=\"download-link\" download=\"\"><!-- [et_pb_line_break_holder] -->    <span class=\"download-icon et-pb-icon\">b<\/span><!-- [et_pb_line_break_holder] -->    <span class=\"download-text\">Catalogue Panorama 370<\/span><!-- [et_pb_line_break_holder] -->  <\/a><!-- [et_pb_line_break_holder] -->  <!-- [et_pb_line_break_holder] -->  <a href=\"https:\/\/aweso.ch\/wp-content\/uploads\/2026\/01\/Katalog-Pa-380.pdf\" class=\"download-link\" download=\"\"><!-- [et_pb_line_break_holder] -->    <span class=\"download-icon et-pb-icon\">b<\/span><!-- [et_pb_line_break_holder] -->    <span class=\"download-text\">Catalogue Panorama 380<\/span><!-- [et_pb_line_break_holder] -->  <\/a><!-- [et_pb_line_break_holder] -->  <!-- [et_pb_line_break_holder] -->  <!-- [et_pb_line_break_holder] -->  <!-- [et_pb_line_break_holder] -->  <a href=\"https:\/\/aweso.ch\/wp-content\/uploads\/2026\/03\/Ausschreibungstext-Pa-370-EasyFlex-f.pdf\" class=\"download-link\" download=\"\"><!-- [et_pb_line_break_holder] -->    <span class=\"download-icon et-pb-icon\">b<\/span><!-- [et_pb_line_break_holder] -->    <span class=\"download-text\">Texte d&rsquo;appel d&rsquo;offres Panorama 370<\/span><!-- [et_pb_line_break_holder] -->  <\/a><!-- [et_pb_line_break_holder] -->  <!-- [et_pb_line_break_holder] -->  <a href=\"https:\/\/aweso.ch\/wp-content\/uploads\/2026\/03\/Ausschreibungstext-Pa-Flex-380-f.pdf\" class=\"download-link\" download=\"\"><!-- [et_pb_line_break_holder] -->    <span class=\"download-icon et-pb-icon\">b<\/span><!-- [et_pb_line_break_holder] -->    <span class=\"download-text\">Texte d&rsquo;appel d&rsquo;offres Panorama 380<\/span><!-- [et_pb_line_break_holder] -->  <\/a><!-- [et_pb_line_break_holder] -->  <!-- [et_pb_line_break_holder] -->  <a href=\"https:\/\/aweso.ch\/wp-content\/uploads\/2026\/03\/Montage-Pa370-f.pdf\" class=\"download-link\" download=\"\"><!-- [et_pb_line_break_holder] -->    <span class=\"download-icon et-pb-icon\">b<\/span><!-- [et_pb_line_break_holder] -->    <span class=\"download-text\">Instructions de montage Panorama 370<\/span><!-- [et_pb_line_break_holder] -->  <\/a><!-- [et_pb_line_break_holder] -->  <!-- [et_pb_line_break_holder] -->  <a href=\"https:\/\/aweso.ch\/wp-content\/uploads\/2026\/03\/Montage-Pa-380-f.pdf\" class=\"download-link\" download=\"\"><!-- [et_pb_line_break_holder] -->    <span class=\"download-icon et-pb-icon\">b<\/span><!-- [et_pb_line_break_holder] -->    <span class=\"download-text\">Instructions de montage Panorama 380<\/span><!-- [et_pb_line_break_holder] -->  <\/a><!-- [et_pb_line_break_holder] -->  <!-- [et_pb_line_break_holder] -->  <a href=\"https:\/\/aweso.ch\/wp-content\/uploads\/2026\/07\/Bedienungshinweise-Panorama-370-380-f.pdf\" class=\"download-link\" download=\"\"><!-- [et_pb_line_break_holder] -->    <span class=\"download-icon et-pb-icon\">b<\/span><!-- [et_pb_line_break_holder] -->    <span class=\"download-text\">Astuces d\u2019emploi Panorama 370 \/ 380<\/span><!-- [et_pb_line_break_holder] -->  <\/a><!-- [et_pb_line_break_holder] --><\/div>\n<p><!-- [et_pb_line_break_holder] -->[\/et_pb_code][\/et_pb_column][et_pb_column type=\u00a0\u00bb1_3&Prime; _builder_version=\u00a0\u00bb4.27.5&Prime; _module_preset=\u00a0\u00bbdefault\u00a0\u00bb global_colors_info=\u00a0\u00bb{}\u00a0\u00bb][et_pb_text _builder_version=\u00a0\u00bb4.27.5&Prime; _module_preset=\u00a0\u00bbdefault\u00a0\u00bb global_colors_info=\u00a0\u00bb{}\u00a0\u00bb]<\/p>\n<p><strong>Accessoires<\/strong><\/p>\n<p><strong><\/strong><\/p>\n<p>[\/et_pb_text][et_pb_code _builder_version=\u00a0\u00bb4.27.6&Prime; _module_preset=\u00a0\u00bbdefault\u00a0\u00bb global_colors_info=\u00a0\u00bb{}\u00a0\u00bb]<\/p>\n<div class=\"aweso-downloads\"><!-- [et_pb_line_break_holder] -->  <a href=\"https:\/\/aweso.ch\/wp-content\/uploads\/2026\/01\/Katalog-Accessoires.pdf\" class=\"download-link\" download=\"\"><!-- [et_pb_line_break_holder] -->    <span class=\"download-icon et-pb-icon\">b<\/span><!-- [et_pb_line_break_holder] -->    <span class=\"download-text\">Catalogue Accessoires<\/span><!-- [et_pb_line_break_holder] -->  <\/a><!-- [et_pb_line_break_holder] -->  <!-- [et_pb_line_break_holder] -->  <a href=\"https:\/\/aweso.ch\/wp-content\/uploads\/2026\/03\/Montage_Zylinder_f.pdf\" class=\"download-link\" download=\"\"><!-- [et_pb_line_break_holder] -->    <span class=\"download-icon et-pb-icon\">b<\/span><!-- [et_pb_line_break_holder] -->    <span class=\"download-text\">Instructions de montage cylindre<\/span><!-- [et_pb_line_break_holder] -->  <\/a><!-- [et_pb_line_break_holder] -->  <!-- [et_pb_line_break_holder] -->  <a href=\"https:\/\/aweso.ch\/wp-content\/uploads\/2026\/01\/Montage-Griffe.pdf\" class=\"download-link\" download=\"\"><!-- [et_pb_line_break_holder] -->    <span class=\"download-icon et-pb-icon\">b<\/span><!-- [et_pb_line_break_holder] -->    <span class=\"download-text\">Instructions de montage poign\u00e9es<\/span><!-- [et_pb_line_break_holder] -->  <\/a><!-- [et_pb_line_break_holder] --> <\/div>\n<p><!-- [et_pb_line_break_holder] -->[\/et_pb_code][\/et_pb_column][et_pb_column type=\u00a0\u00bb1_3&Prime; _builder_version=\u00a0\u00bb4.27.5&Prime; _module_preset=\u00a0\u00bbdefault\u00a0\u00bb global_colors_info=\u00a0\u00bb{}\u00a0\u00bb][\/et_pb_column][\/et_pb_row][et_pb_row _builder_version=\u00a0\u00bb4.27.4&Prime; _module_preset=\u00a0\u00bbdefault\u00a0\u00bb custom_padding=\u00a0\u00bb||0px|||\u00a0\u00bb global_colors_info=\u00a0\u00bb{}\u00a0\u00bb][et_pb_column type=\u00a0\u00bb4_4&Prime; _builder_version=\u00a0\u00bb4.27.4&Prime; _module_preset=\u00a0\u00bbdefault\u00a0\u00bb global_colors_info=\u00a0\u00bb{}\u00a0\u00bb][et_pb_text _builder_version=\u00a0\u00bb4.27.5&Prime; _module_preset=\u00a0\u00bbdefault\u00a0\u00bb custom_margin=\u00a0\u00bb||11px||false|false\u00a0\u00bb global_colors_info=\u00a0\u00bb{}\u00a0\u00bb]<\/p>\n<h2>Vos interlocuteurs<\/h2>\n<p>[\/et_pb_text][\/et_pb_column][\/et_pb_row][et_pb_row column_structure=\u00a0\u00bb1_3,1_3,1_3&Prime; _builder_version=\u00a0\u00bb4.27.7&Prime; _module_preset=\u00a0\u00bbdefault\u00a0\u00bb global_colors_info=\u00a0\u00bb{}\u00a0\u00bb][et_pb_column type=\u00a0\u00bb1_3&Prime; admin_label=\u00a0\u00bbRapha\u00ebl Baudois\u00a0\u00bb _builder_version=\u00a0\u00bb4.27.7&Prime; _module_preset=\u00a0\u00bbdefault\u00a0\u00bb global_colors_info=\u00a0\u00bb{}\u00a0\u00bb][et_pb_image src=\u00a0\u00bbhttps:\/\/aweso.ch\/wp-content\/uploads\/2026\/01\/raphael-baudois-aweso-web.jpg\u00a0\u00bb title_text=\u00a0\u00bbraphael-baudois-aweso-web\u00a0\u00bb _builder_version=\u00a0\u00bb4.27.5&Prime; _module_preset=\u00a0\u00bbdefault\u00a0\u00bb custom_margin=\u00a0\u00bb||20px||false|false\u00a0\u00bb border_radii=\u00a0\u00bbon|6px|6px|6px|6px\u00a0\u00bb global_colors_info=\u00a0\u00bb{}\u00a0\u00bb][\/et_pb_image][et_pb_text _builder_version=\u00a0\u00bb4.27.5&Prime; _module_preset=\u00a0\u00bbdefault\u00a0\u00bb custom_margin=\u00a0\u00bb||0px||false|false\u00a0\u00bb custom_padding=\u00a0\u00bb||||false|false\u00a0\u00bb global_colors_info=\u00a0\u00bb{}\u00a0\u00bb]<\/p>\n<h3>Rapha\u00ebl Baudois<\/h3>\n<p>[\/et_pb_text][et_pb_text _builder_version=\u00a0\u00bb4.27.5&Prime; _module_preset=\u00a0\u00bbdefault\u00a0\u00bb custom_margin=\u00a0\u00bb||30px||false|false\u00a0\u00bb global_colors_info=\u00a0\u00bb{}\u00a0\u00bb]<\/p>\n<p>Responsable service interne<br \/>Membre de la direction<\/p>\n<p>Direct : <a href=\"tel:+%2041449330115\">+41 44 933 01 15<\/a><br \/>E-mail : <a href=\"mailto:raphael.baudois@aweso.ch\">raphael.baudois@aweso.ch<\/a><\/p>\n<p>[\/et_pb_text][\/et_pb_column][et_pb_column type=\u00a0\u00bb1_3&Prime; admin_label=\u00a0\u00bbDuet Alimi\u00a0\u00bb _builder_version=\u00a0\u00bb4.27.5&Prime; _module_preset=\u00a0\u00bbdefault\u00a0\u00bb global_colors_info=\u00a0\u00bb{}\u00a0\u00bb][et_pb_image src=\u00a0\u00bbhttps:\/\/aweso.ch\/wp-content\/uploads\/2026\/01\/duet-alimi-aweso-web.jpg\u00a0\u00bb title_text=\u00a0\u00bbduet-alimi-aweso-web\u00a0\u00bb _builder_version=\u00a0\u00bb4.27.5&Prime; _module_preset=\u00a0\u00bbdefault\u00a0\u00bb custom_margin=\u00a0\u00bb||20px||false|false\u00a0\u00bb border_radii=\u00a0\u00bbon|6px|6px|6px|6px\u00a0\u00bb global_colors_info=\u00a0\u00bb{}\u00a0\u00bb][\/et_pb_image][et_pb_text _builder_version=\u00a0\u00bb4.27.5&Prime; _module_preset=\u00a0\u00bbdefault\u00a0\u00bb custom_margin=\u00a0\u00bb||0px||false|false\u00a0\u00bb custom_padding=\u00a0\u00bb||||false|false\u00a0\u00bb global_colors_info=\u00a0\u00bb{}\u00a0\u00bb]<\/p>\n<h3>Duet Alimi<\/h3>\n<p>[\/et_pb_text][et_pb_text _builder_version=\u00a0\u00bb4.27.5&Prime; _module_preset=\u00a0\u00bbdefault\u00a0\u00bb custom_margin=\u00a0\u00bb||30px||false|false\u00a0\u00bb global_colors_info=\u00a0\u00bb{}\u00a0\u00bb]Collaborateur technico-commercial<\/p>\n<p>Direct : <a href=\"tel:+%2041449330109\">+41 44 933 01 09<\/a><br \/>\nE-mail : <a href=\"mailto:duet.alimi@aweso.ch\">duet.alimi@aweso.ch<\/a>[\/et_pb_text][\/et_pb_column][et_pb_column type=\u00a0\u00bb1_3&Prime; _builder_version=\u00a0\u00bb4.27.5&Prime; _module_preset=\u00a0\u00bbdefault\u00a0\u00bb global_colors_info=\u00a0\u00bb{}\u00a0\u00bb][\/et_pb_column][\/et_pb_row][\/et_pb_section]<\/p>\n","protected":false},"excerpt":{"rendered":"<p>vers la vue d&rsquo;ensembleAweso Panorama FlexCoulissants pivotants | roulement sup\u00e9rieurUn design l\u00e9ger et intemporel, un silence de fonctionnement optimal, une grande facilit\u00e9 de coulissement, le maintien de la valeur et la long\u00e9vit\u00e9 caract\u00e9risent tout autant les syst\u00e8mes coulissants-pivotants Aweso Panorama EasyFlex 370 et Aweso Panorama Flex 380.Tout en un coup d\u2019\u0153ilImages de r\u00e9f\u00e9renceT\u00e9l\u00e9chargerAweso Panorama EasyFlex [&hellip;]<\/p>\n","protected":false},"author":1,"featured_media":0,"parent":0,"menu_order":0,"comment_status":"closed","ping_status":"closed","template":"","meta":{"_et_pb_use_builder":"on","_et_pb_old_content":"","_et_gb_content_width":"","footnotes":""},"dipi_cpt_category":[],"wf_page_folders":[22],"class_list":["post-1523","page","type-page","status-publish","hentry"],"_links":{"self":[{"href":"https:\/\/aweso.ch\/fr\/wp-json\/wp\/v2\/pages\/1523","targetHints":{"allow":["GET"]}}],"collection":[{"href":"https:\/\/aweso.ch\/fr\/wp-json\/wp\/v2\/pages"}],"about":[{"href":"https:\/\/aweso.ch\/fr\/wp-json\/wp\/v2\/types\/page"}],"author":[{"embeddable":true,"href":"https:\/\/aweso.ch\/fr\/wp-json\/wp\/v2\/users\/1"}],"replies":[{"embeddable":true,"href":"https:\/\/aweso.ch\/fr\/wp-json\/wp\/v2\/comments?post=1523"}],"version-history":[{"count":4,"href":"https:\/\/aweso.ch\/fr\/wp-json\/wp\/v2\/pages\/1523\/revisions"}],"predecessor-version":[{"id":2434,"href":"https:\/\/aweso.ch\/fr\/wp-json\/wp\/v2\/pages\/1523\/revisions\/2434"}],"wp:attachment":[{"href":"https:\/\/aweso.ch\/fr\/wp-json\/wp\/v2\/media?parent=1523"}],"wp:term":[{"taxonomy":"dipi_cpt_category","embeddable":true,"href":"https:\/\/aweso.ch\/fr\/wp-json\/wp\/v2\/dipi_cpt_category?post=1523"},{"taxonomy":"wf_page_folders","embeddable":true,"href":"https:\/\/aweso.ch\/fr\/wp-json\/wp\/v2\/wf_page_folders?post=1523"}],"curies":[{"name":"wp","href":"https:\/\/api.w.org\/{rel}","templated":true}]}}