{"id":1515,"date":"2025-12-17T07:41:27","date_gmt":"2025-12-17T07:41:27","guid":{"rendered":"https:\/\/aweso.mklkreativ.ch\/aweso-panorama\/"},"modified":"2026-07-30T06:46:02","modified_gmt":"2026-07-30T06:46:02","slug":"aweso-panorama","status":"publish","type":"page","link":"https:\/\/aweso.ch\/fr\/aweso-panorama\/","title":{"rendered":"Aweso Panorama"},"content":{"rendered":"<p>[et_pb_section fb_built=\u00a0\u00bb1&Prime; _builder_version=\u00a0\u00bb4.27.5&Prime; _module_preset=\u00a0\u00bbdefault\u00a0\u00bb custom_padding=\u00a0\u00bb||0px|||\u00a0\u00bb global_colors_info=\u00a0\u00bb{}\u00a0\u00bb][et_pb_row _builder_version=\u00a0\u00bb4.27.5&Prime; _module_preset=\u00a0\u00bbdefault\u00a0\u00bb custom_padding=\u00a0\u00bb0px||0px|||\u00a0\u00bb global_colors_info=\u00a0\u00bb{}\u00a0\u00bb][et_pb_column type=\u00a0\u00bb4_4&Prime; _builder_version=\u00a0\u00bb4.27.5&Prime; _module_preset=\u00a0\u00bbdefault\u00a0\u00bb global_colors_info=\u00a0\u00bb{}\u00a0\u00bb][et_pb_text admin_label=\u00a0\u00bbZur\u00fcckbutton\u00a0\u00bb _builder_version=\u00a0\u00bb4.27.5&Prime; _dynamic_attributes=\u00a0\u00bblink_option_url\u00a0\u00bb _module_preset=\u00a0\u00bbdefault\u00a0\u00bb text_text_color=\u00a0\u00bb#005a9c\u00a0\u00bb link_text_color=\u00a0\u00bb#005A9C\u00a0\u00bb transform_translate_linked__hover=\u00a0\u00bboff\u00a0\u00bb link_option_url=\u00a0\u00bb@ET-DC@eyJkeW5hbWljIjp0cnVlLCJjb250ZW50IjoicG9zdF9saW5rX3VybF9wYWdlIiwic2V0dGluZ3MiOnsicG9zdF9pZCI6IjI4NyIsImVuYWJsZV9odG1sIjoib2ZmIn19@\u00a0\u00bb global_colors_info=\u00a0\u00bb{}\u00a0\u00bb text_text_color__hover_enabled=\u00a0\u00bboff|hover\u00a0\u00bb text_text_color__hover=\u00a0\u00bb#72BAE5&Prime; transform_styles__hover_enabled=\u00a0\u00bbon|desktop\u00a0\u00bb transform_scale__hover_enabled=\u00a0\u00bbon|desktop\u00a0\u00bb transform_translate__hover_enabled=\u00a0\u00bbon|hover\u00a0\u00bb transform_rotate__hover_enabled=\u00a0\u00bbon|desktop\u00a0\u00bb transform_skew__hover_enabled=\u00a0\u00bbon|desktop\u00a0\u00bb transform_origin__hover_enabled=\u00a0\u00bbon|desktop\u00a0\u00bb transform_translate__hover=\u00a0\u00bb-10px|0px\u00a0\u00bb]<\/p>\n<p><span style=\"display: inline-flex; align-items: center; gap: 8px; color: #005a9c;\"><br \/><img decoding=\"async\" src=\"https:\/\/aweso.ch\/wp-content\/uploads\/2026\/01\/aweso-pfeil-blau-links.png\" alt=\"Fl\u00e8che\" height=\"18\" width=\"18\">  vers la vue d&rsquo;ensemble<br \/><\/span><\/p>\n<p>[\/et_pb_text][\/et_pb_column][\/et_pb_row][\/et_pb_section][et_pb_section fb_built=\u00a0\u00bb1&Prime; _builder_version=\u00a0\u00bb4.27.5&Prime; _module_preset=\u00a0\u00bbdefault\u00a0\u00bb background_enable_image=\u00a0\u00bboff\u00a0\u00bb overflow-x=\u00a0\u00bbvisible\u00a0\u00bb overflow-y=\u00a0\u00bbvisible\u00a0\u00bb custom_margin=\u00a0\u00bb30px||0px||false|false\u00a0\u00bb custom_padding=\u00a0\u00bb0px||0px|0px|false|false\u00a0\u00bb global_colors_info=\u00a0\u00bb{}\u00a0\u00bb][et_pb_row module_class=\u00a0\u00bbvertikal-zentrieren\u00a0\u00bb _builder_version=\u00a0\u00bb4.27.5&Prime; _module_preset=\u00a0\u00bbdefault\u00a0\u00bb background_image=\u00a0\u00bbhttps:\/\/aweso.ch\/wp-content\/uploads\/2026\/01\/Pa350_Nyon_ez1117_2160_07_1920x1280_72.jpg\u00a0\u00bb width=\u00a0\u00bb84%\u00a0\u00bb width_tablet=\u00a0\u00bb100%\u00a0\u00bb width_phone=\u00a0\u00bb100%\u00a0\u00bb module_alignment=\u00a0\u00bbright\u00a0\u00bb min_height=\u00a0\u00bb50vh\u00a0\u00bb min_height_tablet=\u00a0\u00bb50vh\u00a0\u00bb min_height_phone=\u00a0\u00bb50vh\u00a0\u00bb min_height_last_edited=\u00a0\u00bbon|phone\u00a0\u00bb overflow-x=\u00a0\u00bbvisible\u00a0\u00bb overflow-y=\u00a0\u00bbvisible\u00a0\u00bb custom_margin=\u00a0\u00bb0px||0px||false|false\u00a0\u00bb custom_padding=\u00a0\u00bb0px||0px||false|false\u00a0\u00bb border_radii=\u00a0\u00bboff|6px|||6px\u00a0\u00bb border_radii_tablet=\u00a0\u00bboff|0px|||0px\u00a0\u00bb border_radii_phone=\u00a0\u00bboff|0px|||0px\u00a0\u00bb border_radii_last_edited=\u00a0\u00bbon|phone\u00a0\u00bb global_colors_info=\u00a0\u00bb{}\u00a0\u00bb][et_pb_column type=\u00a0\u00bb4_4&Prime; _builder_version=\u00a0\u00bb4.27.4&Prime; _module_preset=\u00a0\u00bbdefault\u00a0\u00bb global_colors_info=\u00a0\u00bb{}\u00a0\u00bb][et_pb_text content_phone=\u00a0\u00bb<\/p>\n<h1 style=%22background-color: #005a9c; color: #ffffff; padding: 0px 10px 5px 10px; display: inline; line-height: 1.3;%22>Qualit\u00e9 durable  <\/h1>\n<p>\u00a0\u00bb content_last_edited=\u00a0\u00bboff|desktop\u00a0\u00bb _builder_version=\u00a0\u00bb4.27.5&Prime; _module_preset=\u00a0\u00bb02e0a404-5293-4b7f-91fe-61cb527a4584&Prime; header_font=\u00a0\u00bb|600|||||||\u00a0\u00bb header_text_color=\u00a0\u00bb#FFFFFF\u00a0\u00bb header_4_font=\u00a0\u00bb||||||||\u00a0\u00bb z_index=\u00a0\u00bb10&Prime; custom_margin=\u00a0\u00bb||16px|-7%|false|false\u00a0\u00bb custom_margin_tablet=\u00a0\u00bb||13px|5%|false|false\u00a0\u00bb custom_margin_phone=\u00a0\u00bb20vh||9px||false|false\u00a0\u00bb custom_margin_last_edited=\u00a0\u00bbon|desktop\u00a0\u00bb custom_padding=\u00a0\u00bb||0px|||\u00a0\u00bb global_colors_info=\u00a0\u00bb{}\u00a0\u00bb]<\/p>\n<h1 style=\"background-color: #005a9c; color: #ffffff; padding: 0px 10px 5px 10px; display: inline;\">Aweso Panorama<\/h1>\n<p>[\/et_pb_text][\/et_pb_column][\/et_pb_row][\/et_pb_section][et_pb_section fb_built=\u00a0\u00bb1&Prime; _builder_version=\u00a0\u00bb4.27.5&Prime; _module_preset=\u00a0\u00bbdefault\u00a0\u00bb background_enable_image=\u00a0\u00bboff\u00a0\u00bb custom_margin=\u00a0\u00bb30px||0px||false|false\u00a0\u00bb custom_padding=\u00a0\u00bb0px||0px|0px|false|false\u00a0\u00bb global_colors_info=\u00a0\u00bb{}\u00a0\u00bb][et_pb_row column_structure=\u00a0\u00bb2_3,1_3&Prime; make_equal=\u00a0\u00bbon\u00a0\u00bb _builder_version=\u00a0\u00bb4.27.5&Prime; _module_preset=\u00a0\u00bbdefault\u00a0\u00bb background_enable_color=\u00a0\u00bboff\u00a0\u00bb background_enable_image=\u00a0\u00bboff\u00a0\u00bb width=\u00a0\u00bb84%\u00a0\u00bb width_tablet=\u00a0\u00bb80%\u00a0\u00bb module_alignment=\u00a0\u00bbright\u00a0\u00bb overflow-x=\u00a0\u00bbvisible\u00a0\u00bb overflow-y=\u00a0\u00bbvisible\u00a0\u00bb custom_margin=\u00a0\u00bb100px||||false|false\u00a0\u00bb custom_margin_tablet=\u00a0\u00bb0px||||false|false\u00a0\u00bb custom_margin_phone=\u00a0\u00bb0px||||false|false\u00a0\u00bb custom_margin_last_edited=\u00a0\u00bbon|tablet\u00a0\u00bb custom_padding=\u00a0\u00bb||||false|false\u00a0\u00bb module_alignment_tablet=\u00a0\u00bbcenter\u00a0\u00bb module_alignment_phone=\u00a0\u00bbcenter\u00a0\u00bb module_alignment_last_edited=\u00a0\u00bbon|tablet\u00a0\u00bb border_radii=\u00a0\u00bboff|6px|||6px\u00a0\u00bb global_colors_info=\u00a0\u00bb{}\u00a0\u00bb][et_pb_column type=\u00a0\u00bb2_3&Prime; module_class=\u00a0\u00bbvertikal-zentrieren\u00a0\u00bb _builder_version=\u00a0\u00bb4.27.5&Prime; _module_preset=\u00a0\u00bbdefault\u00a0\u00bb global_colors_info=\u00a0\u00bb{}\u00a0\u00bb][et_pb_text _builder_version=\u00a0\u00bb4.27.5&Prime; _module_preset=\u00a0\u00bbdefault\u00a0\u00bb text_font=\u00a0\u00bb|||on|||||\u00a0\u00bb text_text_color=\u00a0\u00bb#005A9C\u00a0\u00bb header_3_text_color=\u00a0\u00bb#F5F5F5&Prime; header_3_line_height=\u00a0\u00bb1.2em\u00a0\u00bb custom_margin=\u00a0\u00bb||20px||false|true\u00a0\u00bb custom_margin_tablet=\u00a0\u00bb|0px||0px|false|true\u00a0\u00bb custom_margin_phone=\u00a0\u00bb|0px||0px|false|true\u00a0\u00bb custom_margin_last_edited=\u00a0\u00bbon|phone\u00a0\u00bb global_colors_info=\u00a0\u00bb{}\u00a0\u00bb]<\/p>\n<p>Coulissant parall\u00e8le | roulement inf\u00e9rieur<\/p>\n<p>[\/et_pb_text][et_pb_text _builder_version=\u00a0\u00bb4.27.5&Prime; _module_preset=\u00a0\u00bb06a830c8-fc68-4a08-8cf0-e7ed91571de2&Prime; text_text_color=\u00a0\u00bb#000000&Prime; header_3_font=\u00a0\u00bb|600|||||||\u00a0\u00bb header_3_text_color=\u00a0\u00bb#000000&Prime; header_3_font_size=\u00a0\u00bb28px\u00a0\u00bb header_3_line_height=\u00a0\u00bb1.3em\u00a0\u00bb global_colors_info=\u00a0\u00bb{}\u00a0\u00bb]<\/p>\n<h3>Aweso Panorama 330 \u2013 350 est consid\u00e9r\u00e9 depuis des g\u00e9n\u00e9rations comme la r\u00e9f\u00e9rence en mati\u00e8re de syst\u00e8mes coulissants tout verre de grande surface et baign\u00e9s de lumi\u00e8re pour les vitrages de balcons et de terrasses.<\/h3>\n<p>[\/et_pb_text][\/et_pb_column][et_pb_column type=\u00a0\u00bb1_3&Prime; module_class=\u00a0\u00bbvertikal-zentrieren\u00a0\u00bb _builder_version=\u00a0\u00bb4.27.5&Prime; _module_preset=\u00a0\u00bbdefault\u00a0\u00bb global_colors_info=\u00a0\u00bb{}\u00a0\u00bb][\/et_pb_column][\/et_pb_row][\/et_pb_section][et_pb_section fb_built=\u00a0\u00bb1&Prime; custom_padding_last_edited=\u00a0\u00bbon|tablet\u00a0\u00bb _builder_version=\u00a0\u00bb4.27.5&Prime; _module_preset=\u00a0\u00bbdefault\u00a0\u00bb overflow-x=\u00a0\u00bbvisible\u00a0\u00bb overflow-y=\u00a0\u00bbvisible\u00a0\u00bb custom_padding=\u00a0\u00bb||0px|||\u00a0\u00bb custom_padding_tablet=\u00a0\u00bb0px||||false|false\u00a0\u00bb custom_padding_phone=\u00a0\u00bb||0px||false|false\u00a0\u00bb global_colors_info=\u00a0\u00bb{}\u00a0\u00bb][et_pb_row column_structure=\u00a0\u00bb3_5,2_5&Prime; _builder_version=\u00a0\u00bb4.27.5&Prime; _module_preset=\u00a0\u00bbdefault\u00a0\u00bb overflow-x=\u00a0\u00bbvisible\u00a0\u00bb overflow-y=\u00a0\u00bbvisible\u00a0\u00bb global_colors_info=\u00a0\u00bb{}\u00a0\u00bb][et_pb_column type=\u00a0\u00bb3_5&Prime; _builder_version=\u00a0\u00bb4.27.5&Prime; _module_preset=\u00a0\u00bbdefault\u00a0\u00bb global_colors_info=\u00a0\u00bb{}\u00a0\u00bb][et_pb_code _builder_version=\u00a0\u00bb4.27.5&Prime; _module_preset=\u00a0\u00bbdefault\u00a0\u00bb global_colors_info=\u00a0\u00bb{}\u00a0\u00bb]<\/p>\n<div class=\"aweso-slider\"><!-- [et_pb_line_break_holder] -->  <\/p>\n<div class=\"slider-container\"><!-- [et_pb_line_break_holder] -->    <!-- [et_pb_line_break_holder] -->    <!-- Slide 1 --><!-- [et_pb_line_break_holder] -->    <\/p>\n<div class=\"slide active\"><!-- [et_pb_line_break_holder] -->      <img decoding=\"async\" src=\"https:\/\/aweso.ch\/wp-content\/uploads\/2025\/12\/aweso-panorama-aussenverglasung-1.jpg\" alt=\"Aweso Panorama Technique de coulissement\"><!-- [et_pb_line_break_holder] -->    <\/div>\n<p><!-- [et_pb_line_break_holder] -->    <!-- [et_pb_line_break_holder] -->    <!-- Slide 2 --><!-- [et_pb_line_break_holder] -->    <\/p>\n<div class=\"slide\"><!-- [et_pb_line_break_holder] -->      <img decoding=\"async\" src=\"https:\/\/aweso.ch\/wp-content\/uploads\/2025\/12\/aweso-panorama-aussenverglasung-2.jpg\" alt=\"Aweso Panorama Flexibilit\u00e9\"><!-- [et_pb_line_break_holder] -->    <\/div>\n<p><!-- [et_pb_line_break_holder] -->    <!-- [et_pb_line_break_holder] -->    <!-- Slide 3 --><!-- [et_pb_line_break_holder] -->    <\/p>\n<div class=\"slide\"><!-- [et_pb_line_break_holder] -->      <img decoding=\"async\" src=\"https:\/\/aweso.ch\/wp-content\/uploads\/2025\/12\/aweso-panorama-aussenverglasung-3.jpg\" alt=\"Aweso Panorama S\u00e9curit\u00e9\"><!-- [et_pb_line_break_holder] -->    <\/div>\n<p><!-- [et_pb_line_break_holder] -->    <!-- [et_pb_line_break_holder] -->    <!-- Slide 4 --><!-- [et_pb_line_break_holder] -->    <\/p>\n<div class=\"slide\"><!-- [et_pb_line_break_holder] -->      <img decoding=\"async\" src=\"https:\/\/aweso.ch\/wp-content\/uploads\/2025\/12\/aweso-panorama-aussenverglasung-4.jpg\" alt=\"Aweso Panorama Rails de sol\"><!-- [et_pb_line_break_holder] -->    <\/div>\n<p><!-- [et_pb_line_break_holder] -->    <!-- [et_pb_line_break_holder] -->    <!-- Slide 5 --><!-- [et_pb_line_break_holder] -->    <\/p>\n<div class=\"slide\"><!-- [et_pb_line_break_holder] -->      <img decoding=\"async\" src=\"https:\/\/aweso.ch\/wp-content\/uploads\/2025\/12\/aweso-panorama-aussenverglasung-5.jpg\" alt=\"Aweso Panorama R\u00e9sistance\"><!-- [et_pb_line_break_holder] -->    <\/div>\n<p><!-- [et_pb_line_break_holder] -->    <!-- [et_pb_line_break_holder] -->    <!-- Navigation Arrows --><!-- [et_pb_line_break_holder] -->    <button class=\"slider-arrow prev\" aria-label=\"Vorheriges Bild\"><!-- [et_pb_line_break_holder] -->      <span class=\"et-pb-icon\">4<\/span><!-- [et_pb_line_break_holder] -->    <\/button><!-- [et_pb_line_break_holder] -->    <button class=\"slider-arrow next\" aria-label=\"N\u00e4chstes Bild\"><!-- [et_pb_line_break_holder] -->      <span class=\"et-pb-icon\">5<\/span><!-- [et_pb_line_break_holder] -->    <\/button><!-- [et_pb_line_break_holder] --><!-- [et_pb_line_break_holder] -->  <\/div>\n<p><!-- [et_pb_line_break_holder] -->  <!-- [et_pb_line_break_holder] -->  <\/p>\n<div class=\"slider-text\"><!-- [et_pb_line_break_holder] -->    <!-- Text 1 --><!-- [et_pb_line_break_holder] -->    <pee class=\"text-content active\"><strong>Glissement \u00e9l\u00e9gant :<\/strong> D\u00e9couvrez une transparence maximale. Les panneaux coulissants se d\u00e9placent parall\u00e8lement sur le c\u00f4t\u00e9 et permettent de grandes largeurs d\u2019ouverture. Comme le syst\u00e8me fonctionne par le bas, votre construction de toit est \u00e0 peine sollicit\u00e9e \u2013 id\u00e9al pour les toitures filigranes sans renforts lourds.  <\/pee><!-- [et_pb_line_break_holder] -->    <!-- [et_pb_line_break_holder] -->    <!-- Text 2 --><!-- [et_pb_line_break_holder] -->    <pee class=\"text-content\"><strong>Adaptation parfaite :<\/strong> Que ce soit comme vitrage de terrasse pleine hauteur ou comme solution \u00e0 hauteur d\u2019all\u00e8ge sur le balcon \u2013 Aweso Panorama s\u2019adapte toujours. Gr\u00e2ce \u00e0 la compensation de hauteur int\u00e9gr\u00e9e, les affaissements de construction ou les tol\u00e9rances sont compens\u00e9s de mani\u00e8re invisible et efficace. <\/pee><!-- [et_pb_line_break_holder] -->    <!-- [et_pb_line_break_holder] -->    <!-- Text 3 --><!-- [et_pb_line_break_holder] -->    <pee class=\"text-content\"><strong>Verrouillage s\u00e9curis\u00e9 :<\/strong> Optez pour le confort et la s\u00e9curit\u00e9. Le mod\u00e8le Aweso Panorama 330\/340 pour verre de s\u00e9curit\u00e9 tremp\u00e9 (ESG) de 8 mm est disponible en option avec la fermeture \u00e0 bascule patent\u00e9e, qui permet une fixation simple et s\u00fbre des \u00e9l\u00e9ments coulissants. <\/pee><!-- [et_pb_line_break_holder] -->    <!-- [et_pb_line_break_holder] -->    <!-- Text 4 --><!-- [et_pb_line_break_holder] -->    <pee class=\"text-content\"><strong>Solutions de sol individuelles :<\/strong> Pour chaque situation de construction, la fondation appropri\u00e9e. Vous avez le choix parmi diff\u00e9rentes variantes de rails optimis\u00e9es pour rendre la transition entre l\u2019int\u00e9rieur et l\u2019ext\u00e9rieur aussi fluide et esth\u00e9tique que possible. <\/pee><!-- [et_pb_line_break_holder] -->    <!-- [et_pb_line_break_holder] -->    <!-- Text 5 --><!-- [et_pb_line_break_holder] -->    <pee class=\"text-content\"><strong>Stabilit\u00e9 maximale :<\/strong> Pour les exigences les plus \u00e9lev\u00e9es en mati\u00e8re de dimensions et de r\u00e9sistance, l\u2019Aweso Panorama 350 est le premier choix. Con\u00e7u pour le verre ESG de 10 mm, il ma\u00eetrise \u00e9galement les grandes hauteurs, les panneaux plus larges et les charges de vent plus fortes avec brio. <\/pee><!-- [et_pb_line_break_holder] -->  <\/div>\n<p><!-- [et_pb_line_break_holder] --><\/div>\n<p><!-- [et_pb_line_break_holder] --><!-- [et_pb_line_break_holder] --><script><!-- [et_pb_line_break_holder] -->document.addEventListener('DOMContentLoaded', function() {<!-- [et_pb_line_break_holder] -->  let currentSlide = 0;<!-- [et_pb_line_break_holder] -->  const slides = document.querySelectorAll('.aweso-slider .slide');<!-- [et_pb_line_break_holder] -->  const texts = document.querySelectorAll('.aweso-slider .text-content');<!-- [et_pb_line_break_holder] -->  const prevBtn = document.querySelector('.aweso-slider .prev');<!-- [et_pb_line_break_holder] -->  const nextBtn = document.querySelector('.aweso-slider .next');<!-- [et_pb_line_break_holder] -->  const totalSlides = slides.length;<!-- [et_pb_line_break_holder] -->  <!-- [et_pb_line_break_holder] -->  if (!slides.length || !prevBtn || !nextBtn) {<!-- [et_pb_line_break_holder] -->    console.error('Slider-Elemente nicht gefunden');<!-- [et_pb_line_break_holder] -->    return;<!-- [et_pb_line_break_holder] -->  }<!-- [et_pb_line_break_holder] -->  <!-- [et_pb_line_break_holder] -->  function showSlide(index) {<!-- [et_pb_line_break_holder] -->    slides.forEach(slide => slide.classList.remove('active'));<!-- [et_pb_line_break_holder] -->    texts.forEach(text => text.classList.remove('active'));<!-- [et_pb_line_break_holder] -->    <!-- [et_pb_line_break_holder] -->    slides[index].classList.add('active');<!-- [et_pb_line_break_holder] -->    texts[index].classList.add('active');<!-- [et_pb_line_break_holder] -->  }<!-- [et_pb_line_break_holder] -->  <!-- [et_pb_line_break_holder] -->  function nextSlide() {<!-- [et_pb_line_break_holder] -->    currentSlide = (currentSlide + 1) % totalSlides;<!-- [et_pb_line_break_holder] -->    showSlide(currentSlide);<!-- [et_pb_line_break_holder] -->  }<!-- [et_pb_line_break_holder] -->  <!-- [et_pb_line_break_holder] -->  prevBtn.addEventListener('click', function(e) {<!-- [et_pb_line_break_holder] -->    e.preventDefault();<!-- [et_pb_line_break_holder] -->    currentSlide = (currentSlide - 1 + totalSlides) % totalSlides;<!-- [et_pb_line_break_holder] -->    showSlide(currentSlide);<!-- [et_pb_line_break_holder] -->  });<!-- [et_pb_line_break_holder] -->  <!-- [et_pb_line_break_holder] -->  nextBtn.addEventListener('click', function(e) {<!-- [et_pb_line_break_holder] -->    e.preventDefault();<!-- [et_pb_line_break_holder] -->    nextSlide();<!-- [et_pb_line_break_holder] -->  });<!-- [et_pb_line_break_holder] -->});<!-- [et_pb_line_break_holder] --><\/script><!-- [et_pb_line_break_holder] -->[\/et_pb_code][\/et_pb_column][et_pb_column type=\u00a0\u00bb2_5&Prime; _builder_version=\u00a0\u00bb4.27.5&Prime; _module_preset=\u00a0\u00bbdefault\u00a0\u00bb global_colors_info=\u00a0\u00bb{}\u00a0\u00bb][et_pb_text _builder_version=\u00a0\u00bb4.27.5&Prime; _module_preset=\u00a0\u00bb06a830c8-fc68-4a08-8cf0-e7ed91571de2&Prime; text_text_color=\u00a0\u00bb#000000&Prime; header_3_font=\u00a0\u00bb|600|||||||\u00a0\u00bb header_3_text_color=\u00a0\u00bb#000000&Prime; header_3_font_size=\u00a0\u00bb28px\u00a0\u00bb header_3_line_height=\u00a0\u00bb1.3em\u00a0\u00bb custom_margin=\u00a0\u00bb||20px||false|false\u00a0\u00bb global_colors_info=\u00a0\u00bb{}\u00a0\u00bb]<\/p>\n<h3>Tout en un coup d\u2019\u0153il<\/h3>\n<p>[\/et_pb_text][et_pb_code _builder_version=\u00a0\u00bb4.27.5&Prime; _module_preset=\u00a0\u00bbdefault\u00a0\u00bb global_colors_info=\u00a0\u00bb{}\u00a0\u00bb]<\/p>\n<div class=\"aweso-accordion\"><!-- [et_pb_line_break_holder] -->  <\/p>\n<div class=\"accordion-item\"><!-- [et_pb_line_break_holder] -->    <button class=\"accordion-button\"><!-- [et_pb_line_break_holder] -->      <span>Panorama 330 \u2013 340<\/span><!-- [et_pb_line_break_holder] -->      <span class=\"accordion-icon\">\u203a<\/span><!-- [et_pb_line_break_holder] -->    <\/button><!-- [et_pb_line_break_holder] -->    <\/p>\n<div class=\"accordion-content\"><!-- [et_pb_line_break_holder] -->      <\/p>\n<div class=\"accordion-content-inner\"><!-- [et_pb_line_break_holder] -->        <\/p>\n<ul><!-- [et_pb_line_break_holder] -->          <\/p>\n<li>Coulissant parall\u00e8le<\/li>\n<p><!-- [et_pb_line_break_holder] -->          <\/p>\n<li>Roulement inf\u00e9rieur<\/li>\n<p><!-- [et_pb_line_break_holder] -->          <\/p>\n<li>Verre tremp\u00e9 de 8 mm<\/li>\n<p><!-- [et_pb_line_break_holder] -->          <\/p>\n<li>Hmax = 2400 mm (statique du verre sur site)<\/li>\n<p><!-- [et_pb_line_break_holder] -->          <\/p>\n<li>Largeur d&rsquo;\u00e9l\u00e9ment coulissant max. 1500 mm <\/li>\n<p><!-- [et_pb_line_break_holder] -->          <\/p>\n<li>Poids d&rsquo;\u00e9l\u00e9ment coulissant max. 60 kg <\/li>\n<p><!-- [et_pb_line_break_holder] -->        <\/ul>\n<p><!-- [et_pb_line_break_holder] -->      <\/div>\n<p><!-- [et_pb_line_break_holder] -->    <\/div>\n<p><!-- [et_pb_line_break_holder] -->  <\/div>\n<p><!-- [et_pb_line_break_holder] -->  <!-- [et_pb_line_break_holder] -->  <\/p>\n<div class=\"accordion-item\"><!-- [et_pb_line_break_holder] -->    <button class=\"accordion-button\"><!-- [et_pb_line_break_holder] -->      <span>Panorama 350<\/span><!-- [et_pb_line_break_holder] -->      <span class=\"accordion-icon\">\u203a<\/span><!-- [et_pb_line_break_holder] -->    <\/button><!-- [et_pb_line_break_holder] -->    <\/p>\n<div class=\"accordion-content\"><!-- [et_pb_line_break_holder] -->      <\/p>\n<div class=\"accordion-content-inner\"><!-- [et_pb_line_break_holder] -->        <\/p>\n<ul><!-- [et_pb_line_break_holder] -->          <\/p>\n<li>Coulissant parall\u00e8le<\/li>\n<p><!-- [et_pb_line_break_holder] -->          <\/p>\n<li>Roulement inf\u00e9rieur<\/li>\n<p><!-- [et_pb_line_break_holder] -->          <\/p>\n<li>ESG 10 mm<\/li>\n<p><!-- [et_pb_line_break_holder] -->          <\/p>\n<li>Hmax = 3 000 mm (statique du verre \u00e0 la charge du client)<\/li>\n<p><!-- [et_pb_line_break_holder] -->          <\/p>\n<li>Largeur d&rsquo;\u00e9l\u00e9ment coulissant max. 1500 mm <\/li>\n<p><!-- [et_pb_line_break_holder] -->          <\/p>\n<li>Poids d&rsquo;\u00e9l\u00e9ment coulissant max. 100 kg <\/li>\n<p><!-- [et_pb_line_break_holder] -->        <\/ul>\n<p><!-- [et_pb_line_break_holder] -->      <\/div>\n<p><!-- [et_pb_line_break_holder] -->    <\/div>\n<p><!-- [et_pb_line_break_holder] -->  <\/div>\n<p><!-- [et_pb_line_break_holder] -->  <!-- [et_pb_line_break_holder] -->  <\/p>\n<div class=\"accordion-item\"><!-- [et_pb_line_break_holder] -->    <button class=\"accordion-button\"><!-- [et_pb_line_break_holder] -->      <span>Options<\/span><!-- [et_pb_line_break_holder] -->      <span class=\"accordion-icon\">\u203a<\/span><!-- [et_pb_line_break_holder] -->    <\/button><!-- [et_pb_line_break_holder] -->    <\/p>\n<div class=\"accordion-content\"><!-- [et_pb_line_break_holder] -->      <\/p>\n<div class=\"accordion-content-inner\"><!-- [et_pb_line_break_holder] -->        <\/p>\n<ul><!-- [et_pb_line_break_holder] -->          <\/p>\n<li>Avec\/sans profil\u00e9 anti-poussi\u00e8re<\/li>\n<p><!-- [et_pb_line_break_holder] -->          <\/p>\n<li>Fermeture : verrou, cylindre<\/li>\n<p><!-- [et_pb_line_break_holder] -->          <\/p>\n<li>Fermeture : bascule (types 330 \u2013 340)<\/li>\n<p><!-- [et_pb_line_break_holder] -->          <\/p>\n<li>sans cadre (type 350)<\/li>\n<p><!-- [et_pb_line_break_holder] -->          <\/p>\n<li>Rail plat (type 340)<\/li>\n<p><!-- [et_pb_line_break_holder] -->          <\/p>\n<li>Rail sur\u00e9lev\u00e9 (type 330)<\/li>\n<p><!-- [et_pb_line_break_holder] -->          <\/p>\n<li>Rail inclin\u00e9 (type 332)<\/li>\n<p><!-- [et_pb_line_break_holder] -->          <\/p>\n<li>Rail inclin\u00e9 avec support (type 334)<\/li>\n<p><!-- [et_pb_line_break_holder] -->        <\/ul>\n<p><!-- [et_pb_line_break_holder] -->      <\/div>\n<p><!-- [et_pb_line_break_holder] -->    <\/div>\n<p><!-- [et_pb_line_break_holder] -->  <\/div>\n<p><!-- [et_pb_line_break_holder] -->  <!-- [et_pb_line_break_holder] -->  <\/p>\n<div class=\"accordion-item\"><!-- [et_pb_line_break_holder] -->    <button class=\"accordion-button\"><!-- [et_pb_line_break_holder] -->      <span>Domaines d\u2019application des<!\u2013- [et_pb_br_holder] -\u2013>syst\u00e8mes coulissants parall\u00e8les, roulement inf\u00e9rieur <\/span><!-- [et_pb_line_break_holder] -->      <span class=\"accordion-icon\">\u203a<\/span><!-- [et_pb_line_break_holder] -->    <\/button><!-- [et_pb_line_break_holder] -->    <\/p>\n<div class=\"accordion-content\"><!-- [et_pb_line_break_holder] -->      <\/p>\n<div class=\"accordion-content-inner\"><!-- [et_pb_line_break_holder] -->        <\/p>\n<ul><!-- [et_pb_line_break_holder] -->          <\/p>\n<li>Vitrage de balcon<\/li>\n<p><!-- [et_pb_line_break_holder] -->          <\/p>\n<li>Vitrage de terrasse<\/li>\n<p><!-- [et_pb_line_break_holder] -->          <\/p>\n<li>Ombrage<\/li>\n<p><!-- [et_pb_line_break_holder] -->          <\/p>\n<li>S\u00e9paration de pi\u00e8ce<\/li>\n<p><!-- [et_pb_line_break_holder] -->          <\/p>\n<li>Vitrage de terrasse<\/li>\n<p><!-- [et_pb_line_break_holder] -->          <\/p>\n<li>Fermeture de magasin<\/li>\n<p><!-- [et_pb_line_break_holder] -->        <\/ul>\n<p><!-- [et_pb_line_break_holder] -->      <\/div>\n<p><!-- [et_pb_line_break_holder] -->    <\/div>\n<p><!-- [et_pb_line_break_holder] -->  <\/div>\n<p><!-- [et_pb_line_break_holder] --><\/div>\n<p><!-- [et_pb_line_break_holder] --><!-- [et_pb_line_break_holder] --><!-- [et_pb_line_break_holder] -->[\/et_pb_code][et_pb_code disabled_on=\u00a0\u00bbon|on|on\u00a0\u00bb _builder_version=\u00a0\u00bb4.27.6&Prime; _module_preset=\u00a0\u00bbdefault\u00a0\u00bb custom_margin=\u00a0\u00bb||70px||false|false\u00a0\u00bb disabled=\u00a0\u00bbon\u00a0\u00bb global_colors_info=\u00a0\u00bb{}\u00a0\u00bb]<a href=\"https:\/\/aweso.ch\/fr\/commandes\/\" class=\"custom-button-slide\"><!-- [et_pb_line_break_holder] -->  <span>Demandes\/Commandes<\/span><!-- [et_pb_line_break_holder] --><\/a><!-- [et_pb_line_break_holder] -->[\/et_pb_code][et_pb_text _builder_version=\u00a0\u00bb4.27.5&Prime; _module_preset=\u00a0\u00bb06a830c8-fc68-4a08-8cf0-e7ed91571de2&Prime; text_text_color=\u00a0\u00bb#000000&Prime; header_3_font=\u00a0\u00bb|600|||||||\u00a0\u00bb header_3_text_color=\u00a0\u00bb#000000&Prime; header_3_font_size=\u00a0\u00bb28px\u00a0\u00bb header_3_line_height=\u00a0\u00bb1.3em\u00a0\u00bb custom_margin=\u00a0\u00bb60px||20px||false|false\u00a0\u00bb global_colors_info=\u00a0\u00bb{}\u00a0\u00bb]<\/p>\n<h3>Images de r\u00e9f\u00e9rence<\/h3>\n<p>[\/et_pb_text][et_pb_code _builder_version=\u00a0\u00bb4.27.6&Prime; _module_preset=\u00a0\u00bbdefault\u00a0\u00bb custom_margin=\u00a0\u00bb||||false|false\u00a0\u00bb custom_margin_tablet=\u00a0\u00bb||20px||false|false\u00a0\u00bb custom_margin_phone=\u00a0\u00bb||20px||false|false\u00a0\u00bb custom_margin_last_edited=\u00a0\u00bbon|desktop\u00a0\u00bb global_colors_info=\u00a0\u00bb{}\u00a0\u00bb]<a href=\"https:\/\/aweso.ch\/fr\/reference-aweso-panorama-330_350\/\" class=\"custom-button-slide\"><!-- [et_pb_line_break_holder] -->  <span>Plus<\/span><!-- [et_pb_line_break_holder] --><\/a><!-- [et_pb_line_break_holder] -->[\/et_pb_code][\/et_pb_column][\/et_pb_row][\/et_pb_section][et_pb_section fb_built=\u00a0\u00bb1&Prime; _builder_version=\u00a0\u00bb4.27.5&Prime; _module_preset=\u00a0\u00bbdefault\u00a0\u00bb custom_margin=\u00a0\u00bb||100px||false|false\u00a0\u00bb custom_margin_tablet=\u00a0\u00bb||0px||false|false\u00a0\u00bb custom_margin_phone=\u00a0\u00bb||0px||false|false\u00a0\u00bb custom_margin_last_edited=\u00a0\u00bbon|tablet\u00a0\u00bb custom_padding=\u00a0\u00bb0px|||||\u00a0\u00bb global_colors_info=\u00a0\u00bb{}\u00a0\u00bb][et_pb_row custom_padding_last_edited=\u00a0\u00bbon|tablet\u00a0\u00bb _builder_version=\u00a0\u00bb4.27.6&Prime; _module_preset=\u00a0\u00bbdefault\u00a0\u00bb custom_padding=\u00a0\u00bb||0px||false|false\u00a0\u00bb custom_padding_tablet=\u00a0\u00bb20px||||false|false\u00a0\u00bb custom_padding_phone=\u00a0\u00bb20px||||false|false\u00a0\u00bb global_colors_info=\u00a0\u00bb{}\u00a0\u00bb][et_pb_column type=\u00a0\u00bb4_4&Prime; _builder_version=\u00a0\u00bb4.27.5&Prime; _module_preset=\u00a0\u00bbdefault\u00a0\u00bb global_colors_info=\u00a0\u00bb{}\u00a0\u00bb][et_pb_text _builder_version=\u00a0\u00bb4.27.5&Prime; _module_preset=\u00a0\u00bbdefault\u00a0\u00bb global_colors_info=\u00a0\u00bb{}\u00a0\u00bb]<\/p>\n<h2>T\u00e9l\u00e9charger<\/h2>\n<p>[\/et_pb_text][\/et_pb_column][\/et_pb_row][et_pb_row column_structure=\u00a0\u00bb1_3,1_3,1_3&Prime; _builder_version=\u00a0\u00bb4.27.5&Prime; _module_preset=\u00a0\u00bbdefault\u00a0\u00bb global_colors_info=\u00a0\u00bb{}\u00a0\u00bb][et_pb_column type=\u00a0\u00bb1_3&Prime; _builder_version=\u00a0\u00bb4.27.5&Prime; _module_preset=\u00a0\u00bbdefault\u00a0\u00bb global_colors_info=\u00a0\u00bb{}\u00a0\u00bb][et_pb_text _builder_version=\u00a0\u00bb4.27.5&Prime; _module_preset=\u00a0\u00bbdefault\u00a0\u00bb global_colors_info=\u00a0\u00bb{}\u00a0\u00bb]<\/p>\n<p><strong>Syst\u00e8mes coulissants parall\u00e8les, roulement inf\u00e9rieur<\/strong><br \/><strong>Aweso Panorama 330-350<\/strong><\/p>\n<p>[\/et_pb_text][et_pb_code _builder_version=\u00a0\u00bb4.27.7&Prime; _module_preset=\u00a0\u00bbdefault\u00a0\u00bb hover_enabled=\u00a0\u00bb0&Prime; global_colors_info=\u00a0\u00bb{}\u00a0\u00bb sticky_enabled=\u00a0\u00bb0&Prime;]<\/p>\n<div class=\"aweso-downloads\"><!-- [et_pb_line_break_holder] -->  <a href=\"https:\/\/aweso.ch\/wp-content\/uploads\/2026\/01\/Prospekt-Panorama_Euroform.pdf\" class=\"download-link\" download=\"\"><!-- [et_pb_line_break_holder] -->    <span class=\"download-icon et-pb-icon\">b<\/span><!-- [et_pb_line_break_holder] -->    <span class=\"download-text\">Prospectus vitrage ext\u00e9rieur<\/span><!-- [et_pb_line_break_holder] -->  <\/a><!-- [et_pb_line_break_holder] -->  <!-- [et_pb_line_break_holder] -->  <a href=\"https:\/\/aweso.ch\/wp-content\/uploads\/2026\/01\/Katalog-Pa-330-350.pdf\" class=\"download-link\" download=\"\"><!-- [et_pb_line_break_holder] -->    <span class=\"download-icon et-pb-icon\">b<\/span><!-- [et_pb_line_break_holder] -->    <span class=\"download-text\">Catalogue Panorama 330-350<\/span><!-- [et_pb_line_break_holder] -->  <\/a><!-- [et_pb_line_break_holder] -->  <!-- [et_pb_line_break_holder] --><!-- [et_pb_line_break_holder] -->  <!-- [et_pb_line_break_holder] -->  <a href=\"https:\/\/aweso.ch\/wp-content\/uploads\/2026\/03\/Ausschreibungstext-Pa-330-340-f.pdf\" class=\"download-link\" download=\"\"><!-- [et_pb_line_break_holder] -->    <span class=\"download-icon et-pb-icon\">b<\/span><!-- [et_pb_line_break_holder] -->    <span class=\"download-text\">Texte d&rsquo;appel d&rsquo;offres Panorama 330\/340<\/span><!-- [et_pb_line_break_holder] -->  <\/a><!-- [et_pb_line_break_holder] -->  <!-- [et_pb_line_break_holder] -->  <a href=\"https:\/\/aweso.ch\/wp-content\/uploads\/2026\/03\/Ausschreibungstext-Pa-332_f.pdf\" class=\"download-link\" download=\"\"><!-- [et_pb_line_break_holder] -->    <span class=\"download-icon et-pb-icon\">b<\/span><!-- [et_pb_line_break_holder] -->    <span class=\"download-text\">Texte d&rsquo;appel d&rsquo;offres Panorama 332<\/span><!-- [et_pb_line_break_holder] -->  <\/a><!-- [et_pb_line_break_holder] -->  <!-- [et_pb_line_break_holder] -->  <a href=\"https:\/\/aweso.ch\/wp-content\/uploads\/2026\/03\/Ausschreibungstext-Pa-334_f.pdf\" class=\"download-link\" download=\"\"><!-- [et_pb_line_break_holder] -->    <span class=\"download-icon et-pb-icon\">b<\/span><!-- [et_pb_line_break_holder] -->    <span class=\"download-text\">Texte d&rsquo;appel d&rsquo;offres Panorama 334<\/span><!-- [et_pb_line_break_holder] -->  <\/a><!-- [et_pb_line_break_holder] -->  <!-- [et_pb_line_break_holder] -->  <a href=\"https:\/\/aweso.ch\/wp-content\/uploads\/2026\/03\/Ausschreibungstext-Pa-350-f.pdf\" class=\"download-link\" download=\"\"><!-- [et_pb_line_break_holder] -->    <span class=\"download-icon et-pb-icon\">b<\/span><!-- [et_pb_line_break_holder] -->    <span class=\"download-text\">Texte d&rsquo;appel d&rsquo;offres Panorama 350<\/span><!-- [et_pb_line_break_holder] -->  <\/a><!-- [et_pb_line_break_holder] -->  <!-- [et_pb_line_break_holder] -->  <a href=\"https:\/\/aweso.ch\/wp-content\/uploads\/2026\/03\/Montageanleitung-Trockenverglasung-f.pdf\" class=\"download-link\" download=\"\"><!-- [et_pb_line_break_holder] -->    <span class=\"download-icon et-pb-icon\">b<\/span><!-- [et_pb_line_break_holder] -->    <span class=\"download-text\">Instructions de montage vitrage \u00e0 sec<\/span><!-- [et_pb_line_break_holder] -->  <\/a><!-- [et_pb_line_break_holder] -->  <!-- [et_pb_line_break_holder] -->  <a href=\"https:\/\/aweso.ch\/wp-content\/uploads\/2026\/07\/Bedienungshinweise-Panorama-330-350-df.pdf\" class=\"download-link\" download=\"\"><!-- [et_pb_line_break_holder] -->    <span class=\"download-icon et-pb-icon\">b<\/span><!-- [et_pb_line_break_holder] -->    <span class=\"download-text\">Astuces d\u2019emploi Panorama 330-350<\/span><!-- [et_pb_line_break_holder] -->  <\/a><!-- [et_pb_line_break_holder] --><\/div>\n<p><!-- [et_pb_line_break_holder] --><!-- [et_pb_line_break_holder] -->[\/et_pb_code][\/et_pb_column][et_pb_column type=\u00a0\u00bb1_3&Prime; _builder_version=\u00a0\u00bb4.27.5&Prime; _module_preset=\u00a0\u00bbdefault\u00a0\u00bb global_colors_info=\u00a0\u00bb{}\u00a0\u00bb][et_pb_text _builder_version=\u00a0\u00bb4.27.5&Prime; _module_preset=\u00a0\u00bbdefault\u00a0\u00bb global_colors_info=\u00a0\u00bb{}\u00a0\u00bb]<\/p>\n<p><strong>Accessoires<\/strong><\/p>\n<p><strong><\/strong><\/p>\n<p>[\/et_pb_text][et_pb_code _builder_version=\u00a0\u00bb4.27.6&Prime; _module_preset=\u00a0\u00bbdefault\u00a0\u00bb global_colors_info=\u00a0\u00bb{}\u00a0\u00bb]<\/p>\n<div class=\"aweso-downloads\"><!-- [et_pb_line_break_holder] -->  <a href=\"https:\/\/aweso.ch\/wp-content\/uploads\/2026\/01\/Katalog-Accessoires.pdf\" class=\"download-link\" download=\"\"><!-- [et_pb_line_break_holder] -->    <span class=\"download-icon et-pb-icon\">b<\/span><!-- [et_pb_line_break_holder] -->    <span class=\"download-text\">Catalogue accessoires<\/span><!-- [et_pb_line_break_holder] -->  <\/a><!-- [et_pb_line_break_holder] -->  <!-- [et_pb_line_break_holder] -->  <a href=\"https:\/\/aweso.ch\/wp-content\/uploads\/2026\/03\/Montage_Zylinder_f.pdf\" class=\"download-link\" download=\"\"><!-- [et_pb_line_break_holder] -->    <span class=\"download-icon et-pb-icon\">b<\/span><!-- [et_pb_line_break_holder] -->    <span class=\"download-text\">Instructions de montage cylindre<\/span><!-- [et_pb_line_break_holder] -->  <\/a><!-- [et_pb_line_break_holder] -->  <!-- [et_pb_line_break_holder] -->  <a href=\"https:\/\/aweso.ch\/wp-content\/uploads\/2026\/01\/Montage-Griffe.pdf\" class=\"download-link\" download=\"\"><!-- [et_pb_line_break_holder] -->    <span class=\"download-icon et-pb-icon\">b<\/span><!-- [et_pb_line_break_holder] -->    <span class=\"download-text\">Instructions de montage poign\u00e9es<\/span><!-- [et_pb_line_break_holder] -->  <\/a><!-- [et_pb_line_break_holder] --><\/div>\n<p><!-- [et_pb_line_break_holder] -->[\/et_pb_code][\/et_pb_column][et_pb_column type=\u00a0\u00bb1_3&Prime; _builder_version=\u00a0\u00bb4.27.5&Prime; _module_preset=\u00a0\u00bbdefault\u00a0\u00bb global_colors_info=\u00a0\u00bb{}\u00a0\u00bb][\/et_pb_column][\/et_pb_row][et_pb_row _builder_version=\u00a0\u00bb4.27.4&Prime; _module_preset=\u00a0\u00bbdefault\u00a0\u00bb custom_padding=\u00a0\u00bb||0px|||\u00a0\u00bb global_colors_info=\u00a0\u00bb{}\u00a0\u00bb][et_pb_column type=\u00a0\u00bb4_4&Prime; _builder_version=\u00a0\u00bb4.27.4&Prime; _module_preset=\u00a0\u00bbdefault\u00a0\u00bb global_colors_info=\u00a0\u00bb{}\u00a0\u00bb][et_pb_text _builder_version=\u00a0\u00bb4.27.5&Prime; _module_preset=\u00a0\u00bbdefault\u00a0\u00bb custom_margin=\u00a0\u00bb||11px||false|false\u00a0\u00bb global_colors_info=\u00a0\u00bb{}\u00a0\u00bb]<\/p>\n<h2>Vos interlocuteurs<\/h2>\n<p>[\/et_pb_text][\/et_pb_column][\/et_pb_row][et_pb_row column_structure=\u00a0\u00bb1_3,1_3,1_3&Prime; _builder_version=\u00a0\u00bb4.27.7&Prime; _module_preset=\u00a0\u00bbdefault\u00a0\u00bb global_colors_info=\u00a0\u00bb{}\u00a0\u00bb][et_pb_column type=\u00a0\u00bb1_3&Prime; admin_label=\u00a0\u00bbRapha\u00ebl Baudois\u00a0\u00bb _builder_version=\u00a0\u00bb4.27.7&Prime; _module_preset=\u00a0\u00bbdefault\u00a0\u00bb global_colors_info=\u00a0\u00bb{}\u00a0\u00bb][et_pb_image src=\u00a0\u00bbhttps:\/\/aweso.ch\/wp-content\/uploads\/2026\/01\/raphael-baudois-aweso-web.jpg\u00a0\u00bb title_text=\u00a0\u00bbraphael-baudois-aweso-web\u00a0\u00bb _builder_version=\u00a0\u00bb4.27.5&Prime; _module_preset=\u00a0\u00bbdefault\u00a0\u00bb custom_margin=\u00a0\u00bb||20px||false|false\u00a0\u00bb border_radii=\u00a0\u00bbon|6px|6px|6px|6px\u00a0\u00bb global_colors_info=\u00a0\u00bb{}\u00a0\u00bb][\/et_pb_image][et_pb_text _builder_version=\u00a0\u00bb4.27.5&Prime; _module_preset=\u00a0\u00bbdefault\u00a0\u00bb custom_margin=\u00a0\u00bb||0px||false|false\u00a0\u00bb custom_padding=\u00a0\u00bb||||false|false\u00a0\u00bb global_colors_info=\u00a0\u00bb{}\u00a0\u00bb]<\/p>\n<h3>Rapha\u00ebl Baudois<\/h3>\n<p>[\/et_pb_text][et_pb_text _builder_version=\u00a0\u00bb4.27.5&Prime; _module_preset=\u00a0\u00bbdefault\u00a0\u00bb custom_margin=\u00a0\u00bb||30px||false|false\u00a0\u00bb global_colors_info=\u00a0\u00bb{}\u00a0\u00bb]<\/p>\n<p>Responsable service interne<br \/>Membre de la direction<\/p>\n<p>Direct : <a href=\"tel:+%2041449330115\">+41 44 933 01 15<\/a><br \/>E-mail : <a href=\"mailto:raphael.baudois@aweso.ch\">raphael.baudois@aweso.ch<\/a><\/p>\n<p>[\/et_pb_text][\/et_pb_column][et_pb_column type=\u00a0\u00bb1_3&Prime; admin_label=\u00a0\u00bbDuet Alimi\u00a0\u00bb _builder_version=\u00a0\u00bb4.27.5&Prime; _module_preset=\u00a0\u00bbdefault\u00a0\u00bb global_colors_info=\u00a0\u00bb{}\u00a0\u00bb][et_pb_image src=\u00a0\u00bbhttps:\/\/aweso.ch\/wp-content\/uploads\/2026\/01\/duet-alimi-aweso-web.jpg\u00a0\u00bb title_text=\u00a0\u00bbduet-alimi-aweso-web\u00a0\u00bb _builder_version=\u00a0\u00bb4.27.5&Prime; _module_preset=\u00a0\u00bbdefault\u00a0\u00bb custom_margin=\u00a0\u00bb||20px||false|false\u00a0\u00bb border_radii=\u00a0\u00bbon|6px|6px|6px|6px\u00a0\u00bb global_colors_info=\u00a0\u00bb{}\u00a0\u00bb][\/et_pb_image][et_pb_text _builder_version=\u00a0\u00bb4.27.5&Prime; _module_preset=\u00a0\u00bbdefault\u00a0\u00bb custom_margin=\u00a0\u00bb||0px||false|false\u00a0\u00bb custom_padding=\u00a0\u00bb||||false|false\u00a0\u00bb global_colors_info=\u00a0\u00bb{}\u00a0\u00bb]<\/p>\n<h3>Duet Alimi<\/h3>\n<p>[\/et_pb_text][et_pb_text _builder_version=\u00a0\u00bb4.27.5&Prime; _module_preset=\u00a0\u00bbdefault\u00a0\u00bb custom_margin=\u00a0\u00bb||30px||false|false\u00a0\u00bb global_colors_info=\u00a0\u00bb{}\u00a0\u00bb]Collaborateur technico-commercial<\/p>\n<p>Direct : <a href=\"tel:+%2041449330109\">+41 44 933 01 09<\/a><br \/>\nE-mail : <a href=\"mailto:duet.alimi@aweso.ch\">duet.alimi@aweso.ch<\/a>[\/et_pb_text][\/et_pb_column][et_pb_column type=\u00a0\u00bb1_3&Prime; _builder_version=\u00a0\u00bb4.27.5&Prime; _module_preset=\u00a0\u00bbdefault\u00a0\u00bb global_colors_info=\u00a0\u00bb{}\u00a0\u00bb][\/et_pb_column][\/et_pb_row][\/et_pb_section]<\/p>\n","protected":false},"excerpt":{"rendered":"<p>vers la vue d&rsquo;ensembleAweso PanoramaCoulissant parall\u00e8le | roulement inf\u00e9rieurAweso Panorama 330 \u2013 350 est consid\u00e9r\u00e9 depuis des g\u00e9n\u00e9rations comme la r\u00e9f\u00e9rence en mati\u00e8re de syst\u00e8mes coulissants tout verre de grande surface et baign\u00e9s de lumi\u00e8re pour les vitrages de balcons et de terrasses.Tout en un coup d\u2019\u0153ilImages de r\u00e9f\u00e9renceT\u00e9l\u00e9chargerSyst\u00e8mes coulissants parall\u00e8les, roulement inf\u00e9rieurAweso Panorama 330-350Accessoires [&hellip;]<\/p>\n","protected":false},"author":1,"featured_media":2088,"parent":0,"menu_order":0,"comment_status":"closed","ping_status":"closed","template":"","meta":{"_et_pb_use_builder":"on","_et_pb_old_content":"","_et_gb_content_width":"","footnotes":""},"dipi_cpt_category":[],"wf_page_folders":[22],"class_list":["post-1515","page","type-page","status-publish","has-post-thumbnail","hentry"],"_links":{"self":[{"href":"https:\/\/aweso.ch\/fr\/wp-json\/wp\/v2\/pages\/1515","targetHints":{"allow":["GET"]}}],"collection":[{"href":"https:\/\/aweso.ch\/fr\/wp-json\/wp\/v2\/pages"}],"about":[{"href":"https:\/\/aweso.ch\/fr\/wp-json\/wp\/v2\/types\/page"}],"author":[{"embeddable":true,"href":"https:\/\/aweso.ch\/fr\/wp-json\/wp\/v2\/users\/1"}],"replies":[{"embeddable":true,"href":"https:\/\/aweso.ch\/fr\/wp-json\/wp\/v2\/comments?post=1515"}],"version-history":[{"count":4,"href":"https:\/\/aweso.ch\/fr\/wp-json\/wp\/v2\/pages\/1515\/revisions"}],"predecessor-version":[{"id":2431,"href":"https:\/\/aweso.ch\/fr\/wp-json\/wp\/v2\/pages\/1515\/revisions\/2431"}],"wp:featuredmedia":[{"embeddable":true,"href":"https:\/\/aweso.ch\/fr\/wp-json\/wp\/v2\/media\/2088"}],"wp:attachment":[{"href":"https:\/\/aweso.ch\/fr\/wp-json\/wp\/v2\/media?parent=1515"}],"wp:term":[{"taxonomy":"dipi_cpt_category","embeddable":true,"href":"https:\/\/aweso.ch\/fr\/wp-json\/wp\/v2\/dipi_cpt_category?post=1515"},{"taxonomy":"wf_page_folders","embeddable":true,"href":"https:\/\/aweso.ch\/fr\/wp-json\/wp\/v2\/wf_page_folders?post=1515"}],"curies":[{"name":"wp","href":"https:\/\/api.w.org\/{rel}","templated":true}]}}