{"id":1489,"date":"2026-01-14T13:51:17","date_gmt":"2026-01-14T13:51:17","guid":{"rendered":"https:\/\/aweso.mklkreativ.ch\/aweso-aperto-311-320\/"},"modified":"2026-07-30T05:55:25","modified_gmt":"2026-07-30T05:55:25","slug":"aweso-aperto-311-320","status":"publish","type":"page","link":"https:\/\/aweso.ch\/fr\/aweso-aperto-311-320\/","title":{"rendered":"Aweso Aperto 311\u2013320"},"content":{"rendered":"<p>[et_pb_section fb_built=\u00a0\u00bb1&Prime; _builder_version=\u00a0\u00bb4.27.5&Prime; _module_preset=\u00a0\u00bbdefault\u00a0\u00bb custom_padding=\u00a0\u00bb||0px|||\u00a0\u00bb global_colors_info=\u00a0\u00bb{}\u00a0\u00bb][et_pb_row _builder_version=\u00a0\u00bb4.27.5&Prime; _module_preset=\u00a0\u00bbdefault\u00a0\u00bb custom_padding=\u00a0\u00bb0px||0px|||\u00a0\u00bb global_colors_info=\u00a0\u00bb{}\u00a0\u00bb][et_pb_column type=\u00a0\u00bb4_4&Prime; _builder_version=\u00a0\u00bb4.27.5&Prime; _module_preset=\u00a0\u00bbdefault\u00a0\u00bb global_colors_info=\u00a0\u00bb{}\u00a0\u00bb][et_pb_text admin_label=\u00a0\u00bbZur\u00fcckbutton\u00a0\u00bb _builder_version=\u00a0\u00bb4.27.5&Prime; _dynamic_attributes=\u00a0\u00bblink_option_url\u00a0\u00bb _module_preset=\u00a0\u00bbdefault\u00a0\u00bb text_text_color=\u00a0\u00bb#005a9c\u00a0\u00bb link_text_color=\u00a0\u00bb#005A9C\u00a0\u00bb transform_translate_linked__hover=\u00a0\u00bboff\u00a0\u00bb link_option_url=\u00a0\u00bb@ET-DC@eyJkeW5hbWljIjp0cnVlLCJjb250ZW50IjoicG9zdF9saW5rX3VybF9wYWdlIiwic2V0dGluZ3MiOnsicG9zdF9pZCI6IjU5OSIsImVuYWJsZV9odG1sIjoib2ZmIn19@\u00a0\u00bb global_colors_info=\u00a0\u00bb{}\u00a0\u00bb text_text_color__hover_enabled=\u00a0\u00bboff|hover\u00a0\u00bb text_text_color__hover=\u00a0\u00bb#72BAE5&Prime; transform_styles__hover_enabled=\u00a0\u00bbon|desktop\u00a0\u00bb transform_scale__hover_enabled=\u00a0\u00bbon|desktop\u00a0\u00bb transform_translate__hover_enabled=\u00a0\u00bbon|hover\u00a0\u00bb transform_rotate__hover_enabled=\u00a0\u00bbon|desktop\u00a0\u00bb transform_skew__hover_enabled=\u00a0\u00bbon|desktop\u00a0\u00bb transform_origin__hover_enabled=\u00a0\u00bbon|desktop\u00a0\u00bb transform_translate__hover=\u00a0\u00bb-10px|0px\u00a0\u00bb]<\/p>\n<p><span style=\"display: inline-flex; align-items: center; gap: 8px; color: #005a9c;\"><br \/><img decoding=\"async\" src=\"https:\/\/aweso.ch\/wp-content\/uploads\/2026\/01\/aweso-pfeil-blau-links.png\" alt=\"Fl\u00e8che\" height=\"18\" width=\"18\">  vers la vue d&rsquo;ensemble<br \/><\/span><\/p>\n<p>[\/et_pb_text][\/et_pb_column][\/et_pb_row][\/et_pb_section][et_pb_section fb_built=\u00a0\u00bb1&Prime; _builder_version=\u00a0\u00bb4.27.5&Prime; _module_preset=\u00a0\u00bbdefault\u00a0\u00bb background_enable_image=\u00a0\u00bboff\u00a0\u00bb overflow-x=\u00a0\u00bbvisible\u00a0\u00bb overflow-y=\u00a0\u00bbvisible\u00a0\u00bb custom_margin=\u00a0\u00bb30px||0px||false|false\u00a0\u00bb custom_padding=\u00a0\u00bb0px||0px|0px|false|false\u00a0\u00bb global_colors_info=\u00a0\u00bb{}\u00a0\u00bb][et_pb_row module_class=\u00a0\u00bbvertikal-zentrieren\u00a0\u00bb _builder_version=\u00a0\u00bb4.27.5&Prime; _module_preset=\u00a0\u00bbdefault\u00a0\u00bb background_image=\u00a0\u00bbhttps:\/\/aweso.ch\/wp-content\/uploads\/2026\/01\/Ap312_4_ez_1209_1920x1280_72.jpg\u00a0\u00bb width=\u00a0\u00bb84%\u00a0\u00bb width_tablet=\u00a0\u00bb100%\u00a0\u00bb width_phone=\u00a0\u00bb100%\u00a0\u00bb module_alignment=\u00a0\u00bbright\u00a0\u00bb min_height=\u00a0\u00bb50vh\u00a0\u00bb min_height_tablet=\u00a0\u00bb50vh\u00a0\u00bb min_height_phone=\u00a0\u00bb50vh\u00a0\u00bb min_height_last_edited=\u00a0\u00bbon|phone\u00a0\u00bb overflow-x=\u00a0\u00bbvisible\u00a0\u00bb overflow-y=\u00a0\u00bbvisible\u00a0\u00bb custom_margin=\u00a0\u00bb0px||0px||false|false\u00a0\u00bb custom_padding=\u00a0\u00bb0px||0px||false|false\u00a0\u00bb border_radii=\u00a0\u00bboff|6px|||6px\u00a0\u00bb border_radii_tablet=\u00a0\u00bboff|0px|||0px\u00a0\u00bb border_radii_phone=\u00a0\u00bboff|0px|||0px\u00a0\u00bb border_radii_last_edited=\u00a0\u00bbon|phone\u00a0\u00bb global_colors_info=\u00a0\u00bb{}\u00a0\u00bb][et_pb_column type=\u00a0\u00bb4_4&Prime; _builder_version=\u00a0\u00bb4.27.4&Prime; _module_preset=\u00a0\u00bbdefault\u00a0\u00bb global_colors_info=\u00a0\u00bb{}\u00a0\u00bb][et_pb_text content_phone=\u00a0\u00bb<\/p>\n<h1 style=%22background-color: #005a9c; color: #ffffff; padding: 0px 10px 5px 10px; display: inline; line-height: 1.3;%22>Qualit\u00e9 durable  <\/h1>\n<p>\u00a0\u00bb content_last_edited=\u00a0\u00bboff|desktop\u00a0\u00bb _builder_version=\u00a0\u00bb4.27.5&Prime; _module_preset=\u00a0\u00bb02e0a404-5293-4b7f-91fe-61cb527a4584&Prime; header_font=\u00a0\u00bb|600|||||||\u00a0\u00bb header_text_color=\u00a0\u00bb#FFFFFF\u00a0\u00bb header_4_font=\u00a0\u00bb||||||||\u00a0\u00bb z_index=\u00a0\u00bb10&Prime; custom_margin=\u00a0\u00bb||16px|-7%|false|false\u00a0\u00bb custom_margin_tablet=\u00a0\u00bb||13px|5%|false|false\u00a0\u00bb custom_margin_phone=\u00a0\u00bb20vh||9px||false|false\u00a0\u00bb custom_margin_last_edited=\u00a0\u00bbon|desktop\u00a0\u00bb custom_padding=\u00a0\u00bb||0px|||\u00a0\u00bb global_colors_info=\u00a0\u00bb{}\u00a0\u00bb]<\/p>\n<h1 style=\"background-color: #005a9c; color: #ffffff; padding: 0px 10px 5px 10px; display: inline;\">Aweso Aperto 311\u2013320<\/h1>\n<p>[\/et_pb_text][\/et_pb_column][\/et_pb_row][\/et_pb_section][et_pb_section fb_built=\u00a0\u00bb1&Prime; _builder_version=\u00a0\u00bb4.27.5&Prime; _module_preset=\u00a0\u00bbdefault\u00a0\u00bb background_enable_image=\u00a0\u00bboff\u00a0\u00bb custom_margin=\u00a0\u00bb30px||0px||false|false\u00a0\u00bb custom_padding=\u00a0\u00bb0px||0px|0px|false|false\u00a0\u00bb global_colors_info=\u00a0\u00bb{}\u00a0\u00bb][et_pb_row column_structure=\u00a0\u00bb2_3,1_3&Prime; make_equal=\u00a0\u00bbon\u00a0\u00bb _builder_version=\u00a0\u00bb4.27.5&Prime; _module_preset=\u00a0\u00bbdefault\u00a0\u00bb background_enable_color=\u00a0\u00bboff\u00a0\u00bb background_enable_image=\u00a0\u00bboff\u00a0\u00bb width=\u00a0\u00bb84%\u00a0\u00bb width_tablet=\u00a0\u00bb80%\u00a0\u00bb module_alignment=\u00a0\u00bbright\u00a0\u00bb overflow-x=\u00a0\u00bbvisible\u00a0\u00bb overflow-y=\u00a0\u00bbvisible\u00a0\u00bb custom_margin=\u00a0\u00bb100px||||false|false\u00a0\u00bb custom_margin_tablet=\u00a0\u00bb0px||||false|false\u00a0\u00bb custom_margin_phone=\u00a0\u00bb0px||||false|false\u00a0\u00bb custom_margin_last_edited=\u00a0\u00bbon|tablet\u00a0\u00bb custom_padding=\u00a0\u00bb||||false|false\u00a0\u00bb module_alignment_tablet=\u00a0\u00bbcenter\u00a0\u00bb module_alignment_phone=\u00a0\u00bbcenter\u00a0\u00bb module_alignment_last_edited=\u00a0\u00bbon|tablet\u00a0\u00bb border_radii=\u00a0\u00bboff|6px|||6px\u00a0\u00bb global_colors_info=\u00a0\u00bb{}\u00a0\u00bb][et_pb_column type=\u00a0\u00bb2_3&Prime; module_class=\u00a0\u00bbvertikal-zentrieren\u00a0\u00bb _builder_version=\u00a0\u00bb4.27.5&Prime; _module_preset=\u00a0\u00bbdefault\u00a0\u00bb global_colors_info=\u00a0\u00bb{}\u00a0\u00bb][et_pb_text _builder_version=\u00a0\u00bb4.27.5&Prime; _module_preset=\u00a0\u00bbdefault\u00a0\u00bb text_font=\u00a0\u00bb|||on|||||\u00a0\u00bb text_text_color=\u00a0\u00bb#005A9C\u00a0\u00bb header_3_text_color=\u00a0\u00bb#F5F5F5&Prime; header_3_line_height=\u00a0\u00bb1.2em\u00a0\u00bb custom_margin=\u00a0\u00bb||20px||false|true\u00a0\u00bb custom_margin_tablet=\u00a0\u00bb|0px||0px|false|true\u00a0\u00bb custom_margin_phone=\u00a0\u00bb|0px||0px|false|true\u00a0\u00bb custom_margin_last_edited=\u00a0\u00bbon|phone\u00a0\u00bb global_colors_info=\u00a0\u00bb{}\u00a0\u00bb]<\/p>\n<p>Coulissant parall\u00e8le | rail inf\u00e9rieur<\/p>\n<p>[\/et_pb_text][et_pb_text _builder_version=\u00a0\u00bb4.27.5&Prime; _module_preset=\u00a0\u00bb06a830c8-fc68-4a08-8cf0-e7ed91571de2&Prime; text_text_color=\u00a0\u00bb#000000&Prime; header_3_font=\u00a0\u00bb|600|||||||\u00a0\u00bb header_3_text_color=\u00a0\u00bb#000000&Prime; header_3_font_size=\u00a0\u00bb28px\u00a0\u00bb header_3_line_height=\u00a0\u00bb1.3em\u00a0\u00bb global_colors_info=\u00a0\u00bb{}\u00a0\u00bb]<\/p>\n<h3>Les applications des portes coulissantes Aweso Aperto \u00e0 roulement inf\u00e9rieur sont presque illimit\u00e9es.<\/h3>\n<p>[\/et_pb_text][\/et_pb_column][et_pb_column type=\u00a0\u00bb1_3&Prime; module_class=\u00a0\u00bbvertikal-zentrieren\u00a0\u00bb _builder_version=\u00a0\u00bb4.27.5&Prime; _module_preset=\u00a0\u00bbdefault\u00a0\u00bb global_colors_info=\u00a0\u00bb{}\u00a0\u00bb][\/et_pb_column][\/et_pb_row][\/et_pb_section][et_pb_section fb_built=\u00a0\u00bb1&Prime; custom_padding_last_edited=\u00a0\u00bbon|tablet\u00a0\u00bb _builder_version=\u00a0\u00bb4.27.5&Prime; _module_preset=\u00a0\u00bbdefault\u00a0\u00bb overflow-x=\u00a0\u00bbvisible\u00a0\u00bb overflow-y=\u00a0\u00bbvisible\u00a0\u00bb custom_padding=\u00a0\u00bb||0px|||\u00a0\u00bb custom_padding_tablet=\u00a0\u00bb0px||0px||false|false\u00a0\u00bb custom_padding_phone=\u00a0\u00bb0px||0px||false|false\u00a0\u00bb global_colors_info=\u00a0\u00bb{}\u00a0\u00bb][et_pb_row column_structure=\u00a0\u00bb3_5,2_5&Prime; _builder_version=\u00a0\u00bb4.27.5&Prime; _module_preset=\u00a0\u00bbdefault\u00a0\u00bb overflow-x=\u00a0\u00bbvisible\u00a0\u00bb overflow-y=\u00a0\u00bbvisible\u00a0\u00bb global_colors_info=\u00a0\u00bb{}\u00a0\u00bb][et_pb_column type=\u00a0\u00bb3_5&Prime; _builder_version=\u00a0\u00bb4.27.5&Prime; _module_preset=\u00a0\u00bbdefault\u00a0\u00bb global_colors_info=\u00a0\u00bb{}\u00a0\u00bb][et_pb_code _builder_version=\u00a0\u00bb4.27.5&Prime; _module_preset=\u00a0\u00bbdefault\u00a0\u00bb global_colors_info=\u00a0\u00bb{}\u00a0\u00bb]<\/p>\n<div class=\"aweso-slider\"><!-- [et_pb_line_break_holder] -->  <\/p>\n<div class=\"slider-container\"><!-- [et_pb_line_break_holder] -->    <!-- [et_pb_line_break_holder] -->    <!-- Slide 1: Design & \u00c4sthetik --><!-- [et_pb_line_break_holder] -->    <\/p>\n<div class=\"slide active\"><!-- [et_pb_line_break_holder] -->      <img decoding=\"async\" src=\"https:\/\/aweso.ch\/wp-content\/uploads\/2026\/01\/Ap312_ez0510_000013_1920x1280_72-1.jpg\" alt=\"Aweso Aperto Design de vitrines\"><!-- [et_pb_line_break_holder] -->    <\/div>\n<p><!-- [et_pb_line_break_holder] -->    <!-- [et_pb_line_break_holder] -->    <!-- Slide 2: Vielseitige Anwendungen --><!-- [et_pb_line_break_holder] -->    <\/p>\n<div class=\"slide\"><!-- [et_pb_line_break_holder] -->      <img decoding=\"async\" src=\"https:\/\/aweso.ch\/wp-content\/uploads\/2026\/01\/Ap320_2_ez_0708_1920x1280_72.jpg\" alt=\"Aweso Aperto S\u00e9parateurs de pi\u00e8ces\"><!-- [et_pb_line_break_holder] -->    <\/div>\n<p><!-- [et_pb_line_break_holder] -->    <!-- [et_pb_line_break_holder] -->    <!-- Slide 3: Modell 311\/312 f\u00fcr M\u00f6bel --><!-- [et_pb_line_break_holder] -->    <\/p>\n<div class=\"slide\"><!-- [et_pb_line_break_holder] -->      <img decoding=\"async\" src=\"https:\/\/aweso.ch\/wp-content\/uploads\/2026\/01\/Ap311_Solothurn1_ez0313_b_1920x1280_72.jpg\" alt=\"Aweso Aperto Ferrure de meuble\"><!-- [et_pb_line_break_holder] -->    <\/div>\n<p><!-- [et_pb_line_break_holder] --><!-- [et_pb_line_break_holder] -->    <!-- Slide 4: Modell 320 f\u00fcr Raumh\u00f6he (Erg\u00e4nzt gem\u00e4ss Muster) --><!-- [et_pb_line_break_holder] -->    <\/p>\n<div class=\"slide\"><!-- [et_pb_line_break_holder] -->      <img decoding=\"async\" src=\"https:\/\/aweso.ch\/wp-content\/uploads\/2026\/01\/Ap320_Puppenhmuseum-Original_1920x1280_72.jpg\" alt=\"Aweso Aperto Pleine hauteur\"><!-- [et_pb_line_break_holder] -->    <\/div>\n<p><!-- [et_pb_line_break_holder] --><!-- [et_pb_line_break_holder] -->    <!-- Slide 5: Technik & Montage (Erg\u00e4nzt gem\u00e4ss Muster) --><!-- [et_pb_line_break_holder] -->    <\/p>\n<div class=\"slide\"><!-- [et_pb_line_break_holder] -->      <img decoding=\"async\" src=\"https:\/\/aweso.ch\/wp-content\/uploads\/2026\/01\/Ap312spezial_1_Kurz_Zuerich_ez_0905_1920x1280_72.jpg\" alt=\"Aweso Aperto Montage\"><!-- [et_pb_line_break_holder] -->    <\/div>\n<p><!-- [et_pb_line_break_holder] --><!-- [et_pb_line_break_holder] -->    <!-- Navigation Arrows --><!-- [et_pb_line_break_holder] -->    <button class=\"slider-arrow prev\" aria-label=\"Vorheriges Bild\"><!-- [et_pb_line_break_holder] -->      <span class=\"et-pb-icon\">4<\/span><!-- [et_pb_line_break_holder] -->    <\/button><!-- [et_pb_line_break_holder] -->    <button class=\"slider-arrow next\" aria-label=\"N\u00e4chstes Bild\"><!-- [et_pb_line_break_holder] -->      <span class=\"et-pb-icon\">5<\/span><!-- [et_pb_line_break_holder] -->    <\/button><!-- [et_pb_line_break_holder] --><!-- [et_pb_line_break_holder] -->  <\/div>\n<p><!-- [et_pb_line_break_holder] --><!-- [et_pb_line_break_holder] -->  <\/p>\n<div class=\"slider-text\"><!-- [et_pb_line_break_holder] -->    <!-- Text 1 --><!-- [et_pb_line_break_holder] -->    <pee class=\"text-content active\"><strong>Esth\u00e9tique parfaite :<\/strong> Donnez de l&rsquo;\u00e9clat \u00e0 vos meubles. Qu&rsquo;il s&rsquo;agisse d&rsquo;un \u00e9l\u00e9gant meuble de cuisine, d&rsquo;une vitrine ou d&rsquo;une armoire \u00e0 glace, les ferrures Aweso Aperto attirent tous les regards. La fabrication de premi\u00e8re classe des profil\u00e9s en aluminium garantit que fonctionnalit\u00e9 et design vont de pair.  <\/pee><!-- [et_pb_line_break_holder] -->    <!-- [et_pb_line_break_holder] -->    <!-- Text 2 --><!-- [et_pb_line_break_holder] -->    <pee class=\"text-content\"><strong>S\u00e9paration \u00e9l\u00e9gante des pi\u00e8ces :<\/strong> Cr\u00e9ez de la transparence. Le syst\u00e8me \u00e0 roulement inf\u00e9rieur permet de r\u00e9aliser des s\u00e9parateurs de pi\u00e8ces esth\u00e9tiques qui laissent passer la lumi\u00e8re. Le r\u00eave d&rsquo;un espace de vie ouvert devient r\u00e9alit\u00e9 gr\u00e2ce \u00e0 des ferrures en verre de haute qualit\u00e9, sans renoncer \u00e0 des structures claires.  <\/pee><!-- [et_pb_line_break_holder] -->    <!-- [et_pb_line_break_holder] -->    <!-- Text 3 --><!-- [et_pb_line_break_holder] -->    <pee class=\"text-content\"><strong>Id\u00e9al pour les meubles :<\/strong> La solution pour les d\u00e9tails raffin\u00e9s. Les mod\u00e8les <em>Aperto 311<\/em> et <em>312<\/em> sont sp\u00e9cialement con\u00e7us pour le verre de 6 mm et les applications de meubles. Ils supportent sans effort des poids de coulissant allant jusqu&rsquo;\u00e0 20 kg ou 40 kg et assurent un glissement doux et silencieux de vos portes d&rsquo;armoire.  <\/pee><!-- [et_pb_line_break_holder] -->    <!-- [et_pb_line_break_holder] -->    <!-- Text 4 --><!-- [et_pb_line_break_holder] -->    <pee class=\"text-content\"><strong>Solutions pleine hauteur :<\/strong> Voyez grand. Le mod\u00e8le <em>Aperto 320<\/em> est le poids lourd pour le verre de 8 mm et des hauteurs allant jusqu&rsquo;\u00e0 2400 mm. Avec une capacit\u00e9 de charge allant jusqu&rsquo;\u00e0 60 kg par coulissant, il est parfait pour les grandes ouvertures et les fa\u00e7ades coulissantes impressionnantes. <\/pee><!-- [et_pb_line_break_holder] -->    <!-- [et_pb_line_break_holder] -->    <!-- Text 5 --><!-- [et_pb_line_break_holder] -->    <pee class=\"text-content\"><strong>Technique intelligente :<\/strong> Montage facile. Le syst\u00e8me convainc par des d\u00e9tails bien pens\u00e9s tels que des\u00a0 roulements \u00e0 billes pour un fonctionnement souple et durable. Le profil\u00e9 en caoutchouc ins\u00e9r\u00e9 permet un montage propre et rapide du verre directement sur place \u2013 sans collage.  <\/pee><!-- [et_pb_line_break_holder] -->  <\/div>\n<p><!-- [et_pb_line_break_holder] --><\/div>\n<p><!-- [et_pb_line_break_holder] -->[\/et_pb_code][\/et_pb_column][et_pb_column type=\u00a0\u00bb2_5&Prime; _builder_version=\u00a0\u00bb4.27.5&Prime; _module_preset=\u00a0\u00bbdefault\u00a0\u00bb global_colors_info=\u00a0\u00bb{}\u00a0\u00bb][et_pb_text _builder_version=\u00a0\u00bb4.27.5&Prime; _module_preset=\u00a0\u00bb06a830c8-fc68-4a08-8cf0-e7ed91571de2&Prime; text_text_color=\u00a0\u00bb#000000&Prime; header_3_font=\u00a0\u00bb|600|||||||\u00a0\u00bb header_3_text_color=\u00a0\u00bb#000000&Prime; header_3_font_size=\u00a0\u00bb28px\u00a0\u00bb header_3_line_height=\u00a0\u00bb1.3em\u00a0\u00bb custom_margin=\u00a0\u00bb||20px||false|false\u00a0\u00bb global_colors_info=\u00a0\u00bb{}\u00a0\u00bb]<\/p>\n<h3>Tout en un coup d\u2019\u0153il<\/h3>\n<p>[\/et_pb_text][et_pb_code _builder_version=\u00a0\u00bb4.27.6&Prime; _module_preset=\u00a0\u00bbdefault\u00a0\u00bb global_colors_info=\u00a0\u00bb{}\u00a0\u00bb]<\/p>\n<div class=\"aweso-accordion\"><!-- [et_pb_line_break_holder] -->  <\/p>\n<div class=\"accordion-item\"><!-- [et_pb_line_break_holder] -->    <button class=\"accordion-button\"><!-- [et_pb_line_break_holder] -->      <span>Aperto 311 \/ 312<\/span><!-- [et_pb_line_break_holder] -->      <span class=\"accordion-icon\">\u203a<\/span><!-- [et_pb_line_break_holder] -->    <\/button><!-- [et_pb_line_break_holder] -->    <\/p>\n<div class=\"accordion-content\"><!-- [et_pb_line_break_holder] -->      <\/p>\n<div class=\"accordion-content-inner\"><!-- [et_pb_line_break_holder] -->        <\/p>\n<ul><!-- [et_pb_line_break_holder] -->          <\/p>\n<li>Coulissant parall\u00e8le, \u00e0 roulement inf\u00e9rieur<\/li>\n<p><!-- [et_pb_line_break_holder] -->          <\/p>\n<li>Verre tremp\u00e9 de 6 mm<\/li>\n<p><!-- [et_pb_line_break_holder] -->          <\/p>\n<li>Hmax = 1600 mm (statique du verre sur site)<\/li>\n<p><!-- [et_pb_line_break_holder] -->          <\/p>\n<li>Largeur d&rsquo;\u00e9l\u00e9ment coulissant max. 1500 mm<\/li>\n<p><!-- [et_pb_line_break_holder] -->          <\/p>\n<li>Poids d&rsquo;\u00e9l\u00e9ment coulissant max. 20 kg (type 311)<\/li>\n<p><!-- [et_pb_line_break_holder] -->          <\/p>\n<li>Poids d&rsquo;\u00e9l\u00e9ment coulissant max. 40 kg (type 312)<\/li>\n<p><!-- [et_pb_line_break_holder] -->        <\/ul>\n<p><!-- [et_pb_line_break_holder] -->      <\/div>\n<p><!-- [et_pb_line_break_holder] -->    <\/div>\n<p><!-- [et_pb_line_break_holder] -->  <\/div>\n<p><!-- [et_pb_line_break_holder] --><!-- [et_pb_line_break_holder] -->  <\/p>\n<div class=\"accordion-item\"><!-- [et_pb_line_break_holder] -->    <button class=\"accordion-button\"><!-- [et_pb_line_break_holder] -->      <span>Aperto 320<\/span><!-- [et_pb_line_break_holder] -->      <span class=\"accordion-icon\">\u203a<\/span><!-- [et_pb_line_break_holder] -->    <\/button><!-- [et_pb_line_break_holder] -->    <\/p>\n<div class=\"accordion-content\"><!-- [et_pb_line_break_holder] -->      <\/p>\n<div class=\"accordion-content-inner\"><!-- [et_pb_line_break_holder] -->        <\/p>\n<ul><!-- [et_pb_line_break_holder] -->          <\/p>\n<li>Coulissant parall\u00e8le, \u00e0 roulement inf\u00e9rieur<\/li>\n<p><!-- [et_pb_line_break_holder] -->          <\/p>\n<li>Verre tremp\u00e9 de 8 mm<\/li>\n<p><!-- [et_pb_line_break_holder] -->          <\/p>\n<li>Hmax = 2400 mm (statique du verre sur site)<\/li>\n<p><!-- [et_pb_line_break_holder] -->          <\/p>\n<li>Largeur d&rsquo;\u00e9l\u00e9ment coulissant max. 1500 mm<\/li>\n<p><!-- [et_pb_line_break_holder] -->          <\/p>\n<li>Poids d&rsquo;\u00e9l\u00e9ment coulissant max. 60 kg<\/li>\n<p><!-- [et_pb_line_break_holder] -->        <\/ul>\n<p><!-- [et_pb_line_break_holder] -->      <\/div>\n<p><!-- [et_pb_line_break_holder] -->    <\/div>\n<p><!-- [et_pb_line_break_holder] -->  <\/div>\n<p><!-- [et_pb_line_break_holder] --><!-- [et_pb_line_break_holder] -->  <\/p>\n<div class=\"accordion-item\"><!-- [et_pb_line_break_holder] -->    <button class=\"accordion-button\"><!-- [et_pb_line_break_holder] -->      <span>Options<\/span><!-- [et_pb_line_break_holder] -->      <span class=\"accordion-icon\">\u203a<\/span><!-- [et_pb_line_break_holder] -->    <\/button><!-- [et_pb_line_break_holder] -->    <\/p>\n<div class=\"accordion-content\"><!-- [et_pb_line_break_holder] -->      <\/p>\n<div class=\"accordion-content-inner\"><!-- [et_pb_line_break_holder] -->        <\/p>\n<ul><!-- [et_pb_line_break_holder] -->          <\/p>\n<li>Avec\/sans profil\u00e9 anti-poussi\u00e8re<\/li>\n<p><!-- [et_pb_line_break_holder] -->          <\/p>\n<li>Fermeture : verrou, serrure mobile, cylindre<\/li>\n<p><!-- [et_pb_line_break_holder] -->          <\/p>\n<li>Finition : laiton chrom\u00e9<\/li>\n<p><!-- [et_pb_line_break_holder] -->        <\/ul>\n<p><!-- [et_pb_line_break_holder] -->      <\/div>\n<p><!-- [et_pb_line_break_holder] -->    <\/div>\n<p><!-- [et_pb_line_break_holder] -->  <\/div>\n<p><!-- [et_pb_line_break_holder] --><!-- [et_pb_line_break_holder] -->  <\/p>\n<div class=\"accordion-item\"><!-- [et_pb_line_break_holder] -->    <button class=\"accordion-button\"><!-- [et_pb_line_break_holder] -->      <span>Domaines d&rsquo;application<\/span><!-- [et_pb_line_break_holder] -->      <span class=\"accordion-icon\">\u203a<\/span><!-- [et_pb_line_break_holder] -->    <\/button><!-- [et_pb_line_break_holder] -->    <\/p>\n<div class=\"accordion-content\"><!-- [et_pb_line_break_holder] -->      <\/p>\n<div class=\"accordion-content-inner\"><!-- [et_pb_line_break_holder] -->        <\/p>\n<ul><!-- [et_pb_line_break_holder] -->          <\/p>\n<li>Comptoirs d&rsquo;accueil et de vente<\/li>\n<p><!-- [et_pb_line_break_holder] -->          <\/p>\n<li>Vitrines et pr\u00e9sentoirs<\/li>\n<p><!-- [et_pb_line_break_holder] -->          <\/p>\n<li>S\u00e9parations int\u00e9rieures<\/li>\n<p><!-- [et_pb_line_break_holder] -->          <\/p>\n<li>Meubles de cuisine<\/li>\n<p><!-- [et_pb_line_break_holder] -->        <\/ul>\n<p><!-- [et_pb_line_break_holder] -->      <\/div>\n<p><!-- [et_pb_line_break_holder] -->    <\/div>\n<p><!-- [et_pb_line_break_holder] -->  <\/div>\n<p><!-- [et_pb_line_break_holder] --><\/div>\n<p>[\/et_pb_code][et_pb_code disabled_on=\u00a0\u00bbon|on|on\u00a0\u00bb _builder_version=\u00a0\u00bb4.27.6&Prime; _module_preset=\u00a0\u00bbdefault\u00a0\u00bb custom_margin=\u00a0\u00bb||70px||false|false\u00a0\u00bb disabled=\u00a0\u00bbon\u00a0\u00bb global_colors_info=\u00a0\u00bb{}\u00a0\u00bb]<a href=\"https:\/\/aweso.ch\/fr\/commandes\/\" class=\"custom-button-slide\"><!-- [et_pb_line_break_holder] -->  <span>Demandes\/Commandes<\/span><!-- [et_pb_line_break_holder] --><\/a><!-- [et_pb_line_break_holder] -->[\/et_pb_code][et_pb_text _builder_version=\u00a0\u00bb4.27.5&Prime; _module_preset=\u00a0\u00bb06a830c8-fc68-4a08-8cf0-e7ed91571de2&Prime; text_text_color=\u00a0\u00bb#000000&Prime; header_3_font=\u00a0\u00bb|600|||||||\u00a0\u00bb header_3_text_color=\u00a0\u00bb#000000&Prime; header_3_font_size=\u00a0\u00bb28px\u00a0\u00bb header_3_line_height=\u00a0\u00bb1.3em\u00a0\u00bb custom_margin=\u00a0\u00bb60px||20px||false|false\u00a0\u00bb global_colors_info=\u00a0\u00bb{}\u00a0\u00bb]<\/p>\n<h3>Images de r\u00e9f\u00e9rence<\/h3>\n<p>[\/et_pb_text][et_pb_code _builder_version=\u00a0\u00bb4.27.6&Prime; _module_preset=\u00a0\u00bbdefault\u00a0\u00bb custom_margin=\u00a0\u00bb||||false|false\u00a0\u00bb custom_margin_tablet=\u00a0\u00bb||20px||false|false\u00a0\u00bb custom_margin_phone=\u00a0\u00bb||20px||false|false\u00a0\u00bb custom_margin_last_edited=\u00a0\u00bbon|tablet\u00a0\u00bb global_colors_info=\u00a0\u00bb{}\u00a0\u00bb]<a href=\"https:\/\/aweso.ch\/fr\/aweso-aperto-311_320-reference\/\" class=\"custom-button-slide\"><!-- [et_pb_line_break_holder] -->  <span>Plus<\/span><!-- [et_pb_line_break_holder] --><\/a><!-- [et_pb_line_break_holder] -->[\/et_pb_code][\/et_pb_column][\/et_pb_row][\/et_pb_section][et_pb_section fb_built=\u00a0\u00bb1&Prime; _builder_version=\u00a0\u00bb4.27.5&Prime; _module_preset=\u00a0\u00bbdefault\u00a0\u00bb custom_margin=\u00a0\u00bb||100px||false|false\u00a0\u00bb custom_margin_tablet=\u00a0\u00bb||0px||false|false\u00a0\u00bb custom_margin_phone=\u00a0\u00bb||0px||false|false\u00a0\u00bb custom_margin_last_edited=\u00a0\u00bbon|tablet\u00a0\u00bb custom_padding=\u00a0\u00bb0px|||||\u00a0\u00bb global_colors_info=\u00a0\u00bb{}\u00a0\u00bb][et_pb_row custom_padding_last_edited=\u00a0\u00bbon|tablet\u00a0\u00bb _builder_version=\u00a0\u00bb4.27.6&Prime; _module_preset=\u00a0\u00bbdefault\u00a0\u00bb custom_padding=\u00a0\u00bb||0px||false|false\u00a0\u00bb custom_padding_tablet=\u00a0\u00bb20px||||false|false\u00a0\u00bb custom_padding_phone=\u00a0\u00bb20px||||false|false\u00a0\u00bb global_colors_info=\u00a0\u00bb{}\u00a0\u00bb][et_pb_column type=\u00a0\u00bb4_4&Prime; _builder_version=\u00a0\u00bb4.27.5&Prime; _module_preset=\u00a0\u00bbdefault\u00a0\u00bb global_colors_info=\u00a0\u00bb{}\u00a0\u00bb][et_pb_text _builder_version=\u00a0\u00bb4.27.5&Prime; _module_preset=\u00a0\u00bbdefault\u00a0\u00bb global_colors_info=\u00a0\u00bb{}\u00a0\u00bb]<\/p>\n<h2>T\u00e9l\u00e9charger<\/h2>\n<p>[\/et_pb_text][\/et_pb_column][\/et_pb_row][et_pb_row column_structure=\u00a0\u00bb1_2,1_2&Prime; _builder_version=\u00a0\u00bb4.27.5&Prime; _module_preset=\u00a0\u00bbdefault\u00a0\u00bb global_colors_info=\u00a0\u00bb{}\u00a0\u00bb][et_pb_column type=\u00a0\u00bb1_2&Prime; _builder_version=\u00a0\u00bb4.27.5&Prime; _module_preset=\u00a0\u00bbdefault\u00a0\u00bb global_colors_info=\u00a0\u00bb{}\u00a0\u00bb][et_pb_text _builder_version=\u00a0\u00bb4.27.5&Prime; _module_preset=\u00a0\u00bbdefault\u00a0\u00bb global_colors_info=\u00a0\u00bb{}\u00a0\u00bb]<\/p>\n<p><strong>Coulissant parall\u00e8le \u00e0 roulement inf\u00e9rieur<\/strong><br \/><strong>Aperto 311\/312\/320<\/strong><\/p>\n<p>[\/et_pb_text][et_pb_code _builder_version=\u00a0\u00bb4.27.6&Prime; _module_preset=\u00a0\u00bbdefault\u00a0\u00bb global_colors_info=\u00a0\u00bb{}\u00a0\u00bb]<\/p>\n<div class=\"aweso-downloads\"><!-- [et_pb_line_break_holder] --> <!-- [et_pb_line_break_holder] -->    <a href=\"https:\/\/aweso.ch\/wp-content\/uploads\/2026\/01\/Prospekt-Ap-EI30.pdf\" class=\"download-link\" download=\"\"><!-- [et_pb_line_break_holder] -->    <span class=\"download-icon et-pb-icon\">b<\/span><!-- [et_pb_line_break_holder] -->    <span class=\"download-text\">Prospectus vitrage int\u00e9rieur<\/span><!-- [et_pb_line_break_holder] -->  <\/a><!-- [et_pb_line_break_holder] -->  <!-- [et_pb_line_break_holder] -->  <a href=\"https:\/\/aweso.ch\/wp-content\/uploads\/2026\/01\/Katalog-Ap-311-312-320.pdf\" class=\"download-link\" download=\"\"><!-- [et_pb_line_break_holder] -->    <span class=\"download-icon et-pb-icon\">b<\/span><!-- [et_pb_line_break_holder] -->    <span class=\"download-text\">Catalogue Aperto 311-312-320<\/span><!-- [et_pb_line_break_holder] -->  <\/a><!-- [et_pb_line_break_holder] -->  <!-- [et_pb_line_break_holder] --><!-- [et_pb_line_break_holder] --><!-- [et_pb_line_break_holder] -->  <!-- [et_pb_line_break_holder] -->  <a href=\"https:\/\/aweso.ch\/wp-content\/uploads\/2026\/03\/Montageanleitung-Trockenverglasung-f.pdf\" class=\"download-link\" download=\"\"><!-- [et_pb_line_break_holder] -->    <span class=\"download-icon et-pb-icon\">b<\/span><!-- [et_pb_line_break_holder] -->    <span class=\"download-text\">Instructions de montage vitrage \u00e0 sec<\/span><!-- [et_pb_line_break_holder] -->  <\/a><!-- [et_pb_line_break_holder] --><\/div>\n<p><!-- [et_pb_line_break_holder] -->[\/et_pb_code][\/et_pb_column][et_pb_column type=\u00a0\u00bb1_2&Prime; _builder_version=\u00a0\u00bb4.27.5&Prime; _module_preset=\u00a0\u00bbdefault\u00a0\u00bb global_colors_info=\u00a0\u00bb{}\u00a0\u00bb][\/et_pb_column][\/et_pb_row][et_pb_row _builder_version=\u00a0\u00bb4.27.4&Prime; _module_preset=\u00a0\u00bbdefault\u00a0\u00bb custom_padding=\u00a0\u00bb||0px|||\u00a0\u00bb global_colors_info=\u00a0\u00bb{}\u00a0\u00bb][et_pb_column type=\u00a0\u00bb4_4&Prime; _builder_version=\u00a0\u00bb4.27.4&Prime; _module_preset=\u00a0\u00bbdefault\u00a0\u00bb global_colors_info=\u00a0\u00bb{}\u00a0\u00bb][et_pb_text _builder_version=\u00a0\u00bb4.27.5&Prime; _module_preset=\u00a0\u00bbdefault\u00a0\u00bb custom_margin=\u00a0\u00bb||11px||false|false\u00a0\u00bb global_colors_info=\u00a0\u00bb{}\u00a0\u00bb]<\/p>\n<h2>Vos interlocuteurs<\/h2>\n<p>[\/et_pb_text][\/et_pb_column][\/et_pb_row][et_pb_row column_structure=\u00a0\u00bb1_4,1_4,1_4,1_4&Prime; _builder_version=\u00a0\u00bb4.27.7&Prime; _module_preset=\u00a0\u00bbdefault\u00a0\u00bb global_colors_info=\u00a0\u00bb{}\u00a0\u00bb][et_pb_column type=\u00a0\u00bb1_4&Prime; admin_label=\u00a0\u00bbRapha\u00ebl Baudois\u00a0\u00bb _builder_version=\u00a0\u00bb4.27.7&Prime; _module_preset=\u00a0\u00bbdefault\u00a0\u00bb global_colors_info=\u00a0\u00bb{}\u00a0\u00bb][et_pb_image src=\u00a0\u00bbhttps:\/\/aweso.ch\/wp-content\/uploads\/2026\/07\/raphael-baudois-aweso-web.jpg\u00a0\u00bb title_text=\u00a0\u00bbraphael-baudois-aweso-web\u00a0\u00bb _builder_version=\u00a0\u00bb4.27.7&Prime; _module_preset=\u00a0\u00bbdefault\u00a0\u00bb custom_margin=\u00a0\u00bb||20px||false|false\u00a0\u00bb border_radii=\u00a0\u00bbon|6px|6px|6px|6px\u00a0\u00bb global_colors_info=\u00a0\u00bb{}\u00a0\u00bb][\/et_pb_image][et_pb_text _builder_version=\u00a0\u00bb4.27.7&Prime; _module_preset=\u00a0\u00bbdefault\u00a0\u00bb custom_margin=\u00a0\u00bb||0px||false|false\u00a0\u00bb custom_padding=\u00a0\u00bb||||false|false\u00a0\u00bb global_colors_info=\u00a0\u00bb{}\u00a0\u00bb]<\/p>\n<h3><strong>Rapha\u00ebl Baudois<\/strong><\/h3>\n<p>[\/et_pb_text][et_pb_text _builder_version=\u00a0\u00bb4.27.7&Prime; _module_preset=\u00a0\u00bbdefault\u00a0\u00bb custom_margin=\u00a0\u00bb||30px||false|false\u00a0\u00bb global_colors_info=\u00a0\u00bb{}\u00a0\u00bb]<\/p>\n<p>Responsable service interne<br \/>Membre de la direction<\/p>\n<p>Direct : <a href=\"tel:+%2041449330115\">+41 44 933 01 15<\/a><br \/>E-mail : <a href=\"mailto:raphael.baudois@aweso.ch\">raphael.baudois@aweso.ch<\/a><\/p>\n<\/p>\n<p>[\/et_pb_text][\/et_pb_column][et_pb_column type=\u00a0\u00bb1_4&Prime; admin_label=\u00a0\u00bbDuet Alimi\u00a0\u00bb _builder_version=\u00a0\u00bb4.27.5&Prime; _module_preset=\u00a0\u00bbdefault\u00a0\u00bb global_colors_info=\u00a0\u00bb{}\u00a0\u00bb][et_pb_image src=\u00a0\u00bbhttps:\/\/aweso.ch\/wp-content\/uploads\/2026\/01\/duet-alimi-aweso-web.jpg\u00a0\u00bb title_text=\u00a0\u00bbduet-alimi-aweso-web\u00a0\u00bb _builder_version=\u00a0\u00bb4.27.5&Prime; _module_preset=\u00a0\u00bbdefault\u00a0\u00bb custom_margin=\u00a0\u00bb||20px||false|false\u00a0\u00bb border_radii=\u00a0\u00bbon|6px|6px|6px|6px\u00a0\u00bb global_colors_info=\u00a0\u00bb{}\u00a0\u00bb][\/et_pb_image][et_pb_text _builder_version=\u00a0\u00bb4.27.5&Prime; _module_preset=\u00a0\u00bbdefault\u00a0\u00bb custom_margin=\u00a0\u00bb||0px||false|false\u00a0\u00bb custom_padding=\u00a0\u00bb||||false|false\u00a0\u00bb global_colors_info=\u00a0\u00bb{}\u00a0\u00bb]<\/p>\n<h3>Duet Alimi<\/h3>\n<p>[\/et_pb_text][et_pb_text _builder_version=\u00a0\u00bb4.27.5&Prime; _module_preset=\u00a0\u00bbdefault\u00a0\u00bb custom_margin=\u00a0\u00bb||30px||false|false\u00a0\u00bb global_colors_info=\u00a0\u00bb{}\u00a0\u00bb]Collaborateur technico-commercial<\/p>\n<p>Direct : <a href=\"tel:+%2041449330109\">+41 44 933 01 09<\/a><br \/>\nE-mail : <a href=\"mailto:duet.alimi@aweso.ch\">duet.alimi@aweso.ch<\/a>[\/et_pb_text][\/et_pb_column][et_pb_column type=\u00a0\u00bb1_4&Prime; admin_label=\u00a0\u00bbGaetana Di Ruggiero\u00a0\u00bb _builder_version=\u00a0\u00bb4.27.5&Prime; _module_preset=\u00a0\u00bbdefault\u00a0\u00bb global_colors_info=\u00a0\u00bb{}\u00a0\u00bb][et_pb_image src=\u00a0\u00bbhttps:\/\/aweso.ch\/wp-content\/uploads\/2026\/01\/gaetana-di-ruggiero-aweso-web.jpg\u00a0\u00bb title_text=\u00a0\u00bbgaetana-di-ruggiero-aweso-web\u00a0\u00bb _builder_version=\u00a0\u00bb4.27.5&Prime; _module_preset=\u00a0\u00bbdefault\u00a0\u00bb custom_margin=\u00a0\u00bb||20px||false|false\u00a0\u00bb border_radii=\u00a0\u00bbon|6px|6px|6px|6px\u00a0\u00bb global_colors_info=\u00a0\u00bb{}\u00a0\u00bb][\/et_pb_image][et_pb_text _builder_version=\u00a0\u00bb4.27.5&Prime; _module_preset=\u00a0\u00bbdefault\u00a0\u00bb custom_margin=\u00a0\u00bb||0px||false|false\u00a0\u00bb custom_padding=\u00a0\u00bb||||false|false\u00a0\u00bb global_colors_info=\u00a0\u00bb{}\u00a0\u00bb]<\/p>\n<h3>Gaetana Di Ruggiero<br \/>\n<\/h3>\n<p>[\/et_pb_text][et_pb_text _builder_version=\u00a0\u00bb4.27.5&Prime; _module_preset=\u00a0\u00bbdefault\u00a0\u00bb custom_margin=\u00a0\u00bb||30px||false|false\u00a0\u00bb global_colors_info=\u00a0\u00bb{}\u00a0\u00bb]<\/p>\n<p>Collaboratrice technico-commerciale<\/p>\n<p>Direct : <a href=\"tel:+41449330101\">+41 44 933 01 01<\/a><br \/>E-mail : <a href=\"mailto:gaetana.diruggiero@aweso.ch\">gaetana.diruggiero@aweso.ch<\/a><\/p>\n<p>[\/et_pb_text][\/et_pb_column][et_pb_column type=\u00a0\u00bb1_4&Prime; _builder_version=\u00a0\u00bb4.27.5&Prime; _module_preset=\u00a0\u00bbdefault\u00a0\u00bb global_colors_info=\u00a0\u00bb{}\u00a0\u00bb][\/et_pb_column][\/et_pb_row][\/et_pb_section]<\/p>\n","protected":false},"excerpt":{"rendered":"<p>vers la vue d&rsquo;ensembleAweso Aperto 311\u2013320Coulissant parall\u00e8le | rail inf\u00e9rieurLes applications des portes coulissantes Aweso Aperto \u00e0 roulement inf\u00e9rieur sont presque illimit\u00e9es.Tout en un coup d\u2019\u0153ilImages de r\u00e9f\u00e9renceT\u00e9l\u00e9chargerCoulissant parall\u00e8le \u00e0 roulement inf\u00e9rieurAperto 311\/312\/320Vos interlocuteursRapha\u00ebl BaudoisResponsable service interneMembre de la direction Direct : +41 44 933 01 15E-mail : raphael.baudois@aweso.ch Duet AlimiCollaborateur technico-commercial Direct : +41 [&hellip;]<\/p>\n","protected":false},"author":1,"featured_media":0,"parent":0,"menu_order":0,"comment_status":"closed","ping_status":"closed","template":"","meta":{"_et_pb_use_builder":"on","_et_pb_old_content":"","_et_gb_content_width":"","footnotes":""},"dipi_cpt_category":[],"wf_page_folders":[22],"class_list":["post-1489","page","type-page","status-publish","hentry"],"_links":{"self":[{"href":"https:\/\/aweso.ch\/fr\/wp-json\/wp\/v2\/pages\/1489","targetHints":{"allow":["GET"]}}],"collection":[{"href":"https:\/\/aweso.ch\/fr\/wp-json\/wp\/v2\/pages"}],"about":[{"href":"https:\/\/aweso.ch\/fr\/wp-json\/wp\/v2\/types\/page"}],"author":[{"embeddable":true,"href":"https:\/\/aweso.ch\/fr\/wp-json\/wp\/v2\/users\/1"}],"replies":[{"embeddable":true,"href":"https:\/\/aweso.ch\/fr\/wp-json\/wp\/v2\/comments?post=1489"}],"version-history":[{"count":3,"href":"https:\/\/aweso.ch\/fr\/wp-json\/wp\/v2\/pages\/1489\/revisions"}],"predecessor-version":[{"id":2407,"href":"https:\/\/aweso.ch\/fr\/wp-json\/wp\/v2\/pages\/1489\/revisions\/2407"}],"wp:attachment":[{"href":"https:\/\/aweso.ch\/fr\/wp-json\/wp\/v2\/media?parent=1489"}],"wp:term":[{"taxonomy":"dipi_cpt_category","embeddable":true,"href":"https:\/\/aweso.ch\/fr\/wp-json\/wp\/v2\/dipi_cpt_category?post=1489"},{"taxonomy":"wf_page_folders","embeddable":true,"href":"https:\/\/aweso.ch\/fr\/wp-json\/wp\/v2\/wf_page_folders?post=1489"}],"curies":[{"name":"wp","href":"https:\/\/api.w.org\/{rel}","templated":true}]}}