{"id":1468,"date":"2026-01-15T19:30:24","date_gmt":"2026-01-15T19:30:24","guid":{"rendered":"https:\/\/aweso.mklkreativ.ch\/aweso-panoramaflex-reference\/"},"modified":"2026-03-31T13:15:50","modified_gmt":"2026-03-31T13:15:50","slug":"aweso-panoramaflex-reference","status":"publish","type":"page","link":"https:\/\/aweso.ch\/fr\/aweso-panoramaflex-reference\/","title":{"rendered":"Aweso PanoramaFlex R\u00e9f\u00e9rence"},"content":{"rendered":"<p>[et_pb_section fb_built=\u00a0\u00bb1&Prime; _builder_version=\u00a0\u00bb4.27.5&Prime; _module_preset=\u00a0\u00bbdefault\u00a0\u00bb custom_padding=\u00a0\u00bb||0px|||\u00a0\u00bb global_colors_info=\u00a0\u00bb{}\u00a0\u00bb][et_pb_row _builder_version=\u00a0\u00bb4.27.5&Prime; _module_preset=\u00a0\u00bbdefault\u00a0\u00bb custom_padding=\u00a0\u00bb0px||0px|||\u00a0\u00bb global_colors_info=\u00a0\u00bb{}\u00a0\u00bb][et_pb_column type=\u00a0\u00bb4_4&Prime; _builder_version=\u00a0\u00bb4.27.5&Prime; _module_preset=\u00a0\u00bbdefault\u00a0\u00bb global_colors_info=\u00a0\u00bb{}\u00a0\u00bb][et_pb_text admin_label=\u00a0\u00bbZur\u00fcckbutton\u00a0\u00bb _builder_version=\u00a0\u00bb4.27.5&Prime; _dynamic_attributes=\u00a0\u00bblink_option_url\u00a0\u00bb _module_preset=\u00a0\u00bbdefault\u00a0\u00bb text_text_color=\u00a0\u00bb#005a9c\u00a0\u00bb link_text_color=\u00a0\u00bb#005A9C\u00a0\u00bb transform_translate_linked__hover=\u00a0\u00bboff\u00a0\u00bb link_option_url=\u00a0\u00bb@ET-DC@eyJkeW5hbWljIjp0cnVlLCJjb250ZW50IjoicG9zdF9saW5rX3VybF9wYWdlIiwic2V0dGluZ3MiOnsicG9zdF9pZCI6IjQ4NCJ9fQ==@\u00a0\u00bb global_colors_info=\u00a0\u00bb{}\u00a0\u00bb text_text_color__hover_enabled=\u00a0\u00bboff|hover\u00a0\u00bb text_text_color__hover=\u00a0\u00bb#72BAE5&Prime; transform_styles__hover_enabled=\u00a0\u00bbon|desktop\u00a0\u00bb transform_scale__hover_enabled=\u00a0\u00bbon|desktop\u00a0\u00bb transform_translate__hover_enabled=\u00a0\u00bbon|hover\u00a0\u00bb transform_rotate__hover_enabled=\u00a0\u00bbon|desktop\u00a0\u00bb transform_skew__hover_enabled=\u00a0\u00bbon|desktop\u00a0\u00bb transform_origin__hover_enabled=\u00a0\u00bbon|desktop\u00a0\u00bb transform_translate__hover=\u00a0\u00bb-10px|0px\u00a0\u00bb]<\/p>\n<p><span style=\"display: inline-flex; align-items: center; gap: 8px; color: #005a9c;\"><br \/><img decoding=\"async\" src=\"https:\/\/aweso.ch\/wp-content\/uploads\/2026\/01\/aweso-pfeil-blau-links.png\" alt=\"Fl\u00e8che\" height=\"18\" width=\"18\">  vers la vue d&rsquo;ensemble<br \/><\/span><\/p>\n<p>[\/et_pb_text][\/et_pb_column][\/et_pb_row][\/et_pb_section][et_pb_section fb_built=\u00a0\u00bb1&Prime; _builder_version=\u00a0\u00bb4.27.5&Prime; _module_preset=\u00a0\u00bbdefault\u00a0\u00bb background_enable_image=\u00a0\u00bboff\u00a0\u00bb custom_margin=\u00a0\u00bb||0px||false|false\u00a0\u00bb custom_padding=\u00a0\u00bb0px||0px|0px|false|false\u00a0\u00bb global_colors_info=\u00a0\u00bb{}\u00a0\u00bb][et_pb_row _builder_version=\u00a0\u00bb4.27.5&Prime; _module_preset=\u00a0\u00bbdefault\u00a0\u00bb global_colors_info=\u00a0\u00bb{}\u00a0\u00bb][et_pb_column type=\u00a0\u00bb4_4&Prime; _builder_version=\u00a0\u00bb4.27.5&Prime; _module_preset=\u00a0\u00bbdefault\u00a0\u00bb global_colors_info=\u00a0\u00bb{}\u00a0\u00bb][et_pb_text _builder_version=\u00a0\u00bb4.27.5&Prime; _module_preset=\u00a0\u00bbdefault\u00a0\u00bb header_text_color=\u00a0\u00bb#005A9C\u00a0\u00bb global_colors_info=\u00a0\u00bb{}\u00a0\u00bb]<\/p>\n<h1>Syst\u00e8me coulissant-pivotant \u2013<br \/>Aweso Panorama EasyFlex 370 \/ Flex 380<\/h1>\n<p>[\/et_pb_text][\/et_pb_column][\/et_pb_row][\/et_pb_section][et_pb_section fb_built=\u00a0\u00bb1&Prime; _builder_version=\u00a0\u00bb4.27.5&Prime; _module_preset=\u00a0\u00bbdefault\u00a0\u00bb custom_padding=\u00a0\u00bb0px|||||\u00a0\u00bb global_colors_info=\u00a0\u00bb{}\u00a0\u00bb][et_pb_row _builder_version=\u00a0\u00bb4.27.5&Prime; _module_preset=\u00a0\u00bbdefault\u00a0\u00bb global_colors_info=\u00a0\u00bb{}\u00a0\u00bb][et_pb_column type=\u00a0\u00bb4_4&Prime; _builder_version=\u00a0\u00bb4.27.5&Prime; _module_preset=\u00a0\u00bbdefault\u00a0\u00bb global_colors_info=\u00a0\u00bb{}\u00a0\u00bb][dipi_filterable_gallery include_term_ids=\u00a0\u00bb17&Prime; filter_tab_alignment=\u00a0\u00bbstart\u00a0\u00bb show_all_filter=\u00a0\u00bboff\u00a0\u00bb show_img_caption=\u00a0\u00bbon\u00a0\u00bb show_img_title=\u00a0\u00bbon\u00a0\u00bb title_in_lightbox=\u00a0\u00bbon\u00a0\u00bb caption_in_lightbox=\u00a0\u00bbon\u00a0\u00bb overlay_padding=\u00a0\u00bb30px||30px||false|true\u00a0\u00bb filter_bar_item_padding=\u00a0\u00bb||||false|false\u00a0\u00bb filter_bar_item_padding_active=\u00a0\u00bb|15px|5px|15px|false|false\u00a0\u00bb grid_margin=\u00a0\u00bb|0px|0px||false|false\u00a0\u00bb grid_item_title_margin=\u00a0\u00bb10px|10px|5px|0px|false|false\u00a0\u00bb grid_item_caption_margin=\u00a0\u00bb5px|10px|10px|0px|false|false\u00a0\u00bb columns_tablet=\u00a0\u00bb2&Prime; columns_phone=\u00a0\u00bb1&Prime; columns_last_edited=\u00a0\u00bbon|phone\u00a0\u00bb _builder_version=\u00a0\u00bb4.27.5&Prime; _module_preset=\u00a0\u00bbdefault\u00a0\u00bb filter_bar_active_text_color=\u00a0\u00bbRGBA(255,255,255,0)\u00a0\u00bb grid_item_title_level=\u00a0\u00bbh5&Prime; grid_item_title_font_size=\u00a0\u00bb17px\u00a0\u00bb grid_item_title_line_height=\u00a0\u00bb1.3em\u00a0\u00bb grid_item_caption_font_size=\u00a0\u00bb17px\u00a0\u00bb custom_css_grid_item=\u00a0\u00bbmargin-bottom: 20px;||padding: 5px;\u00a0\u00bb custom_css_grid_item_img=\u00a0\u00bbborder-radius: 6px;\u00a0\u00bb global_colors_info=\u00a0\u00bb{}\u00a0\u00bb][\/dipi_filterable_gallery][\/et_pb_column][\/et_pb_row][\/et_pb_section]<\/p>\n","protected":false},"excerpt":{"rendered":"<p>vers la vue d&rsquo;ensembleSyst\u00e8me coulissant-pivotant \u2013Aweso Panorama EasyFlex 370 \/ Flex 380<div class=\"et_pb_module dipi_filterable_gallery dipi_filterable_gallery_0\">\n\t\t\t\t\n\t\t\t\t\n\t\t\t\t\n\t\t\t\t\n\t\t\t\t\n\t\t\t\t\n\t\t\t\t<div class=\"et_pb_module_inner\">\n\t\t\t\t\t<div class=\"dipi_filterable_gallery_wrapper\" data-config=\"{&quot;infinite_scroll_viewport&quot;:&quot;25%&quot;,&quot;scroll_to_top&quot;:{&quot;desktop&quot;:&quot;off&quot;,&quot;tablet&quot;:&quot;off&quot;,&quot;phone&quot;:&quot;off&quot;},&quot;scroll_to_top_offset&quot;:{&quot;desktop&quot;:&quot;0px&quot;,&quot;tablet&quot;:&quot;0px&quot;,&quot;phone&quot;:&quot;0px&quot;}}\">\n                <div class=\"dipi-filter-bar\" data-items-count=\"1\">\n                \n                <div class=\"dipi-filter-bar-item dipi-filter-bar-item-0 active\"\n                    data-index=\"0\"\n                    data-term=\"Aweso Panorama EasyFlex 370 Flex 380\"\n                >\n                    <div class=\"dipi-filter-bar-item-title\">\n                        <div class=\"dipi-filter-bar-name\">Aweso Panorama EasyFlex 370 Flex 380<\/div>\n                        \n                    <\/div>\n                    <div class=\"dipi-filter-bar-item-desc\"><\/div>\n                <\/div>\n                \n            <\/div>\n           \n            <div\n                class=\"dipi-filtered-gallery-container\"\n                data-items-count=\"1\"\n            >\n                \n                <div\n                    class=\"\n                        dipi-filtered-gallery-item\n                        dipi-filtered-gallery-item-0\n                        active\n                        animated\n                        none\n                    \"\n                    data-index=\"0\"\n                    data-term=\"Aweso Panorama EasyFlex 370 Flex 380\"\n                    data-count=\"37\"\n                    data-anim=\"none\"\n                    \n                >\n                    <div class=\"grid show_lightbox show_lightbox_tablet show_lightbox_phone hide_overlay  animated none\" data-lazy=\"false\" data-config=\"{&quot;grid_layout&quot;:&quot;masonry&quot;}\">\n                        <div class=\"grid-sizer\"><\/div><div class=\"gutter-sizer\"><\/div><div class=\"grid-item \" >\n                        \n                            <div class=\"img-container dipi-fg-animation dipi-fg-none\" href=\"https:\/\/aweso.ch\/wp-content\/uploads\/2026\/02\/Pa380Holz_EV2000Glas_Genthod_07_ez_1117_1920x1280_72.jpg\" data-title='Aweso Panorama Flex 380' data-caption='Occultation'>\n                                <img decoding=\"async\" src=\"https:\/\/aweso.ch\/wp-content\/uploads\/2026\/02\/Pa380Holz_EV2000Glas_Genthod_07_ez_1117_1920x1280_72.jpg\"\n                                    alt=\"Panorama Flex 380\"\n                                    srcset=\"https:\/\/aweso.ch\/wp-content\/uploads\/2026\/02\/Pa380Holz_EV2000Glas_Genthod_07_ez_1117_1920x1280_72.jpg 768w, https:\/\/aweso.ch\/wp-content\/uploads\/2026\/02\/Pa380Holz_EV2000Glas_Genthod_07_ez_1117_1920x1280_72.jpg 980w, https:\/\/aweso.ch\/wp-content\/uploads\/2026\/02\/Pa380Holz_EV2000Glas_Genthod_07_ez_1117_1920x1280_72.jpg 1024w\"\n                                    sizes=\"(max-width: 768px) 768px, (max-width: 980px) 980px, 1024px\"\n                                    loading=\"lazy\"\n                                \/>\n                                <span class=\"dipi_filterable_gallery_overlay background\"><\/span>\n                    <span class=\"dipi_filterable_gallery_overlay background-hover\"><\/span>\n                    <span class=\"dipi_filterable_gallery_overlay content\" style=\"transition-duration: 0ms;\">\n                        \n                        \n                        \n                        \n                    <\/span>\n                            <\/div>\n                        \n                        \n                            <div class=\"dipi-grid-item-content\">\n                        \n                        <h5 class=\"dipi-grid-item-title\">\n                            Aweso Panorama Flex 380\n                        <\/h5>\n                        <div class=\"dipi-grid-item-caption\">\n                            Occultation\n                        <\/div>\n                    <\/div>\n                        \n                    <\/div><div class=\"grid-item \" >\n                        \n                            <div class=\"img-container dipi-fg-animation dipi-fg-none\" href=\"https:\/\/aweso.ch\/wp-content\/uploads\/2026\/02\/Pa380Holz_EV2000Glas_Genthod_05_ez_1117_1920x1280_72.jpg\" data-title='Aweso Panorama Flex 380' data-caption='Occultation'>\n                                <img decoding=\"async\" src=\"https:\/\/aweso.ch\/wp-content\/uploads\/2026\/02\/Pa380Holz_EV2000Glas_Genthod_05_ez_1117_1920x1280_72.jpg\"\n                                    alt=\"Panorama Flex 380\"\n                                    srcset=\"https:\/\/aweso.ch\/wp-content\/uploads\/2026\/02\/Pa380Holz_EV2000Glas_Genthod_05_ez_1117_1920x1280_72.jpg 768w, https:\/\/aweso.ch\/wp-content\/uploads\/2026\/02\/Pa380Holz_EV2000Glas_Genthod_05_ez_1117_1920x1280_72.jpg 980w, https:\/\/aweso.ch\/wp-content\/uploads\/2026\/02\/Pa380Holz_EV2000Glas_Genthod_05_ez_1117_1920x1280_72.jpg 1024w\"\n                                    sizes=\"(max-width: 768px) 768px, (max-width: 980px) 980px, 1024px\"\n                                    loading=\"lazy\"\n                                \/>\n                                <span class=\"dipi_filterable_gallery_overlay background\"><\/span>\n                    <span class=\"dipi_filterable_gallery_overlay background-hover\"><\/span>\n                    <span class=\"dipi_filterable_gallery_overlay content\" style=\"transition-duration: 0ms;\">\n                        \n                        \n                        \n                        \n                    <\/span>\n                            <\/div>\n                        \n                        \n                            <div class=\"dipi-grid-item-content\">\n                        \n                        <h5 class=\"dipi-grid-item-title\">\n                            Aweso Panorama Flex 380\n                        <\/h5>\n                        <div class=\"dipi-grid-item-caption\">\n                            Occultation\n                        <\/div>\n                    <\/div>\n                        \n                    <\/div><div class=\"grid-item \" >\n                        \n                            <div class=\"img-container dipi-fg-animation dipi-fg-none\" href=\"https:\/\/aweso.ch\/wp-content\/uploads\/2026\/02\/Pa380-EO2P7998-800x480_1920x1280_72.jpg\" data-title='Aweso Panorama Flex 380' data-caption='Balcon vitr\u00e9'>\n                                <img decoding=\"async\" src=\"https:\/\/aweso.ch\/wp-content\/uploads\/2026\/02\/Pa380-EO2P7998-800x480_1920x1280_72.jpg\"\n                                    alt=\"Panorama Flex 380\"\n                                    srcset=\"https:\/\/aweso.ch\/wp-content\/uploads\/2026\/02\/Pa380-EO2P7998-800x480_1920x1280_72.jpg 768w, https:\/\/aweso.ch\/wp-content\/uploads\/2026\/02\/Pa380-EO2P7998-800x480_1920x1280_72.jpg 980w, https:\/\/aweso.ch\/wp-content\/uploads\/2026\/02\/Pa380-EO2P7998-800x480_1920x1280_72.jpg 1024w\"\n                                    sizes=\"(max-width: 768px) 768px, (max-width: 980px) 980px, 1024px\"\n                                    loading=\"lazy\"\n                                \/>\n                                <span class=\"dipi_filterable_gallery_overlay background\"><\/span>\n                    <span class=\"dipi_filterable_gallery_overlay background-hover\"><\/span>\n                    <span class=\"dipi_filterable_gallery_overlay content\" style=\"transition-duration: 0ms;\">\n                        \n                        \n                        \n                        \n                    <\/span>\n                            <\/div>\n                        \n                        \n                            <div class=\"dipi-grid-item-content\">\n                        \n                        <h5 class=\"dipi-grid-item-title\">\n                            Aweso Panorama Flex 380\n                        <\/h5>\n                        <div class=\"dipi-grid-item-caption\">\n                            Balcon vitr\u00e9\n                        <\/div>\n                    <\/div>\n                        \n                    <\/div><div class=\"grid-item \" >\n                        \n                            <div class=\"img-container dipi-fg-animation dipi-fg-none\" href=\"https:\/\/aweso.ch\/wp-content\/uploads\/2026\/02\/Pa380_Rothenburg_ez0617_2140-03_1920x1280_72.jpg\" data-title='Aweso Panorama Flex 380' data-caption='S\u00e9paration int\u00e9rieure'>\n                                <img decoding=\"async\" src=\"https:\/\/aweso.ch\/wp-content\/uploads\/2026\/02\/Pa380_Rothenburg_ez0617_2140-03_1920x1280_72.jpg\"\n                                    alt=\"Panorama Flex 380\"\n                                    srcset=\"https:\/\/aweso.ch\/wp-content\/uploads\/2026\/02\/Pa380_Rothenburg_ez0617_2140-03_1920x1280_72.jpg 768w, https:\/\/aweso.ch\/wp-content\/uploads\/2026\/02\/Pa380_Rothenburg_ez0617_2140-03_1920x1280_72.jpg 980w, https:\/\/aweso.ch\/wp-content\/uploads\/2026\/02\/Pa380_Rothenburg_ez0617_2140-03_1920x1280_72.jpg 1024w\"\n                                    sizes=\"(max-width: 768px) 768px, (max-width: 980px) 980px, 1024px\"\n                                    loading=\"lazy\"\n                                \/>\n                                <span class=\"dipi_filterable_gallery_overlay background\"><\/span>\n                    <span class=\"dipi_filterable_gallery_overlay background-hover\"><\/span>\n                    <span class=\"dipi_filterable_gallery_overlay content\" style=\"transition-duration: 0ms;\">\n                        \n                        \n                        \n                        \n                    <\/span>\n                            <\/div>\n                        \n                        \n                            <div class=\"dipi-grid-item-content\">\n                        \n                        <h5 class=\"dipi-grid-item-title\">\n                            Aweso Panorama Flex 380\n                        <\/h5>\n                        <div class=\"dipi-grid-item-caption\">\n                            S\u00e9paration int\u00e9rieure\n                        <\/div>\n                    <\/div>\n                        \n                    <\/div><div class=\"grid-item \" >\n                        \n                            <div class=\"img-container dipi-fg-animation dipi-fg-none\" href=\"https:\/\/aweso.ch\/wp-content\/uploads\/2026\/02\/Pa380_Prilly_ez0914_2102-03_1920x1280_72.jpg\" data-title='Aweso Panorama Flex 380' data-caption='Detail d\u00e9p\u00f4t'>\n                                <img decoding=\"async\" src=\"https:\/\/aweso.ch\/wp-content\/uploads\/2026\/02\/Pa380_Prilly_ez0914_2102-03_1920x1280_72.jpg\"\n                                    alt=\"Panorama Flex 380\"\n                                    srcset=\"https:\/\/aweso.ch\/wp-content\/uploads\/2026\/02\/Pa380_Prilly_ez0914_2102-03_1920x1280_72.jpg 768w, https:\/\/aweso.ch\/wp-content\/uploads\/2026\/02\/Pa380_Prilly_ez0914_2102-03_1920x1280_72.jpg 980w, https:\/\/aweso.ch\/wp-content\/uploads\/2026\/02\/Pa380_Prilly_ez0914_2102-03_1920x1280_72.jpg 1024w\"\n                                    sizes=\"(max-width: 768px) 768px, (max-width: 980px) 980px, 1024px\"\n                                    loading=\"lazy\"\n                                \/>\n                                <span class=\"dipi_filterable_gallery_overlay background\"><\/span>\n                    <span class=\"dipi_filterable_gallery_overlay background-hover\"><\/span>\n                    <span class=\"dipi_filterable_gallery_overlay content\" style=\"transition-duration: 0ms;\">\n                        \n                        \n                        \n                        \n                    <\/span>\n                            <\/div>\n                        \n                        \n                            <div class=\"dipi-grid-item-content\">\n                        \n                        <h5 class=\"dipi-grid-item-title\">\n                            Aweso Panorama Flex 380\n                        <\/h5>\n                        <div class=\"dipi-grid-item-caption\">\n                            Detail d\u00e9p\u00f4t\n                        <\/div>\n                    <\/div>\n                        \n                    <\/div><div class=\"grid-item \" >\n                        \n                            <div class=\"img-container dipi-fg-animation dipi-fg-none\" href=\"https:\/\/aweso.ch\/wp-content\/uploads\/2026\/02\/Pa380_parallelBhf_Moutier_ez1016_444_04_1920x1280_72.jpg\" data-title='Aweso Panorama Flex 380' data-caption='Detail d\u00e9p\u00f4t parall\u00e8le'>\n                                <img decoding=\"async\" src=\"https:\/\/aweso.ch\/wp-content\/uploads\/2026\/02\/Pa380_parallelBhf_Moutier_ez1016_444_04_1920x1280_72.jpg\"\n                                    alt=\"Panorama Flex 380\"\n                                    srcset=\"https:\/\/aweso.ch\/wp-content\/uploads\/2026\/02\/Pa380_parallelBhf_Moutier_ez1016_444_04_1920x1280_72.jpg 768w, https:\/\/aweso.ch\/wp-content\/uploads\/2026\/02\/Pa380_parallelBhf_Moutier_ez1016_444_04_1920x1280_72.jpg 980w, https:\/\/aweso.ch\/wp-content\/uploads\/2026\/02\/Pa380_parallelBhf_Moutier_ez1016_444_04_1920x1280_72.jpg 1024w\"\n                                    sizes=\"(max-width: 768px) 768px, (max-width: 980px) 980px, 1024px\"\n                                    loading=\"lazy\"\n                                \/>\n                                <span class=\"dipi_filterable_gallery_overlay background\"><\/span>\n                    <span class=\"dipi_filterable_gallery_overlay background-hover\"><\/span>\n                    <span class=\"dipi_filterable_gallery_overlay content\" style=\"transition-duration: 0ms;\">\n                        \n                        \n                        \n                        \n                    <\/span>\n                            <\/div>\n                        \n                        \n                            <div class=\"dipi-grid-item-content\">\n                        \n                        <h5 class=\"dipi-grid-item-title\">\n                            Aweso Panorama Flex 380\n                        <\/h5>\n                        <div class=\"dipi-grid-item-caption\">\n                            Detail d\u00e9p\u00f4t parall\u00e8le\n                        <\/div>\n                    <\/div>\n                        \n                    <\/div><div class=\"grid-item \" >\n                        \n                            <div class=\"img-container dipi-fg-animation dipi-fg-none\" href=\"https:\/\/aweso.ch\/wp-content\/uploads\/2026\/02\/Pa380_Grenchen_ez1016_445_11_1920x1280_72.jpg\" data-title='Aweso Panorama Flex 380' data-caption='Terrasse vitr\u00e9e'>\n                                <img decoding=\"async\" src=\"https:\/\/aweso.ch\/wp-content\/uploads\/2026\/02\/Pa380_Grenchen_ez1016_445_11_1920x1280_72.jpg\"\n                                    alt=\"Panorama Flex 380\"\n                                    srcset=\"https:\/\/aweso.ch\/wp-content\/uploads\/2026\/02\/Pa380_Grenchen_ez1016_445_11_1920x1280_72.jpg 768w, https:\/\/aweso.ch\/wp-content\/uploads\/2026\/02\/Pa380_Grenchen_ez1016_445_11_1920x1280_72.jpg 980w, https:\/\/aweso.ch\/wp-content\/uploads\/2026\/02\/Pa380_Grenchen_ez1016_445_11_1920x1280_72.jpg 1024w\"\n                                    sizes=\"(max-width: 768px) 768px, (max-width: 980px) 980px, 1024px\"\n                                    loading=\"lazy\"\n                                \/>\n                                <span class=\"dipi_filterable_gallery_overlay background\"><\/span>\n                    <span class=\"dipi_filterable_gallery_overlay background-hover\"><\/span>\n                    <span class=\"dipi_filterable_gallery_overlay content\" style=\"transition-duration: 0ms;\">\n                        \n                        \n                        \n                        \n                    <\/span>\n                            <\/div>\n                        \n                        \n                            <div class=\"dipi-grid-item-content\">\n                        \n                        <h5 class=\"dipi-grid-item-title\">\n                            Aweso Panorama Flex 380\n                        <\/h5>\n                        <div class=\"dipi-grid-item-caption\">\n                            Terrasse vitr\u00e9e\n                        <\/div>\n                    <\/div>\n                        \n                    <\/div><div class=\"grid-item \" >\n                        \n                            <div class=\"img-container dipi-fg-animation dipi-fg-none\" href=\"https:\/\/aweso.ch\/wp-content\/uploads\/2026\/02\/Pa380_ez1209_25_1920x1280_72.jpg\" data-title='Aweso Panorama Flex 380' data-caption='Terrasse vitr\u00e9e'>\n                                <img decoding=\"async\" src=\"https:\/\/aweso.ch\/wp-content\/uploads\/2026\/02\/Pa380_ez1209_25_1920x1280_72.jpg\"\n                                    alt=\"Panorama Flex 380\"\n                                    srcset=\"https:\/\/aweso.ch\/wp-content\/uploads\/2026\/02\/Pa380_ez1209_25_1920x1280_72.jpg 768w, https:\/\/aweso.ch\/wp-content\/uploads\/2026\/02\/Pa380_ez1209_25_1920x1280_72.jpg 980w, https:\/\/aweso.ch\/wp-content\/uploads\/2026\/02\/Pa380_ez1209_25_1920x1280_72.jpg 1024w\"\n                                    sizes=\"(max-width: 768px) 768px, (max-width: 980px) 980px, 1024px\"\n                                    loading=\"lazy\"\n                                \/>\n                                <span class=\"dipi_filterable_gallery_overlay background\"><\/span>\n                    <span class=\"dipi_filterable_gallery_overlay background-hover\"><\/span>\n                    <span class=\"dipi_filterable_gallery_overlay content\" style=\"transition-duration: 0ms;\">\n                        \n                        \n                        \n                        \n                    <\/span>\n                            <\/div>\n                        \n                        \n                            <div class=\"dipi-grid-item-content\">\n                        \n                        <h5 class=\"dipi-grid-item-title\">\n                            Aweso Panorama Flex 380\n                        <\/h5>\n                        <div class=\"dipi-grid-item-caption\">\n                            Terrasse vitr\u00e9e\n                        <\/div>\n                    <\/div>\n                        \n                    <\/div><div class=\"grid-item \" >\n                        \n                            <div class=\"img-container dipi-fg-animation dipi-fg-none\" href=\"https:\/\/aweso.ch\/wp-content\/uploads\/2026\/02\/Pa380_ez1005_000026_1920x1280_72.jpg\" data-title='Aweso Panorama Flex 380' data-caption='Balcon et terrasse vitr\u00e9s'>\n                                <img decoding=\"async\" src=\"https:\/\/aweso.ch\/wp-content\/uploads\/2026\/02\/Pa380_ez1005_000026_1920x1280_72.jpg\"\n                                    alt=\"Panorama Flex 380\"\n                                    srcset=\"https:\/\/aweso.ch\/wp-content\/uploads\/2026\/02\/Pa380_ez1005_000026_1920x1280_72.jpg 768w, https:\/\/aweso.ch\/wp-content\/uploads\/2026\/02\/Pa380_ez1005_000026_1920x1280_72.jpg 980w, https:\/\/aweso.ch\/wp-content\/uploads\/2026\/02\/Pa380_ez1005_000026_1920x1280_72.jpg 1024w\"\n                                    sizes=\"(max-width: 768px) 768px, (max-width: 980px) 980px, 1024px\"\n                                    loading=\"lazy\"\n                                \/>\n                                <span class=\"dipi_filterable_gallery_overlay background\"><\/span>\n                    <span class=\"dipi_filterable_gallery_overlay background-hover\"><\/span>\n                    <span class=\"dipi_filterable_gallery_overlay content\" style=\"transition-duration: 0ms;\">\n                        \n                        \n                        \n                        \n                    <\/span>\n                            <\/div>\n                        \n                        \n                            <div class=\"dipi-grid-item-content\">\n                        \n                        <h5 class=\"dipi-grid-item-title\">\n                            Aweso Panorama Flex 380\n                        <\/h5>\n                        <div class=\"dipi-grid-item-caption\">\n                            Balcon et terrasse vitr\u00e9s\n                        <\/div>\n                    <\/div>\n                        \n                    <\/div><div class=\"grid-item \" >\n                        \n                            <div class=\"img-container dipi-fg-animation dipi-fg-none\" href=\"https:\/\/aweso.ch\/wp-content\/uploads\/2026\/02\/Pa380_ez0610_000008_1920x1280_72.jpg\" data-title='Aweso Panorama Flex 380' data-caption='Portes de magasins'>\n                                <img decoding=\"async\" src=\"https:\/\/aweso.ch\/wp-content\/uploads\/2026\/02\/Pa380_ez0610_000008_1920x1280_72.jpg\"\n                                    alt=\"Panorama Flex 380\"\n                                    srcset=\"https:\/\/aweso.ch\/wp-content\/uploads\/2026\/02\/Pa380_ez0610_000008_1920x1280_72.jpg 768w, https:\/\/aweso.ch\/wp-content\/uploads\/2026\/02\/Pa380_ez0610_000008_1920x1280_72.jpg 980w, https:\/\/aweso.ch\/wp-content\/uploads\/2026\/02\/Pa380_ez0610_000008_1920x1280_72.jpg 1024w\"\n                                    sizes=\"(max-width: 768px) 768px, (max-width: 980px) 980px, 1024px\"\n                                    loading=\"lazy\"\n                                \/>\n                                <span class=\"dipi_filterable_gallery_overlay background\"><\/span>\n                    <span class=\"dipi_filterable_gallery_overlay background-hover\"><\/span>\n                    <span class=\"dipi_filterable_gallery_overlay content\" style=\"transition-duration: 0ms;\">\n                        \n                        \n                        \n                        \n                    <\/span>\n                            <\/div>\n                        \n                        \n                            <div class=\"dipi-grid-item-content\">\n                        \n                        <h5 class=\"dipi-grid-item-title\">\n                            Aweso Panorama Flex 380\n                        <\/h5>\n                        <div class=\"dipi-grid-item-caption\">\n                            Portes de magasins\n                        <\/div>\n                    <\/div>\n                        \n                    <\/div><div class=\"grid-item \" >\n                        \n                            <div class=\"img-container dipi-fg-animation dipi-fg-none\" href=\"https:\/\/aweso.ch\/wp-content\/uploads\/2026\/02\/Pa380_ez0507_000006_1920x1280_72.jpg\" data-title='Aweso Panorama Flex 380' data-caption='Portes de magasins'>\n                                <img decoding=\"async\" src=\"https:\/\/aweso.ch\/wp-content\/uploads\/2026\/02\/Pa380_ez0507_000006_1920x1280_72.jpg\"\n                                    alt=\"Panorama Flex 380\"\n                                    srcset=\"https:\/\/aweso.ch\/wp-content\/uploads\/2026\/02\/Pa380_ez0507_000006_1920x1280_72.jpg 768w, https:\/\/aweso.ch\/wp-content\/uploads\/2026\/02\/Pa380_ez0507_000006_1920x1280_72.jpg 980w, https:\/\/aweso.ch\/wp-content\/uploads\/2026\/02\/Pa380_ez0507_000006_1920x1280_72.jpg 1024w\"\n                                    sizes=\"(max-width: 768px) 768px, (max-width: 980px) 980px, 1024px\"\n                                    loading=\"lazy\"\n                                \/>\n                                <span class=\"dipi_filterable_gallery_overlay background\"><\/span>\n                    <span class=\"dipi_filterable_gallery_overlay background-hover\"><\/span>\n                    <span class=\"dipi_filterable_gallery_overlay content\" style=\"transition-duration: 0ms;\">\n                        \n                        \n                        \n                        \n                    <\/span>\n                            <\/div>\n                        \n                        \n                            <div class=\"dipi-grid-item-content\">\n                        \n                        <h5 class=\"dipi-grid-item-title\">\n                            Aweso Panorama Flex 380\n                        <\/h5>\n                        <div class=\"dipi-grid-item-caption\">\n                            Portes de magasins\n                        <\/div>\n                    <\/div>\n                        \n                    <\/div><div class=\"grid-item \" >\n                        \n                            <div class=\"img-container dipi-fg-animation dipi-fg-none\" href=\"https:\/\/aweso.ch\/wp-content\/uploads\/2026\/02\/Pa380_ez0007_025_1920x1280_72.jpg\" data-title='Aweso Panorama Flex 380' data-caption='Detail d\u00e9p\u00f4t parall\u00e8le'>\n                                <img decoding=\"async\" src=\"https:\/\/aweso.ch\/wp-content\/uploads\/2026\/02\/Pa380_ez0007_025_1920x1280_72.jpg\"\n                                    alt=\"Panorama Flex 380\"\n                                    srcset=\"https:\/\/aweso.ch\/wp-content\/uploads\/2026\/02\/Pa380_ez0007_025_1920x1280_72.jpg 768w, https:\/\/aweso.ch\/wp-content\/uploads\/2026\/02\/Pa380_ez0007_025_1920x1280_72.jpg 980w, https:\/\/aweso.ch\/wp-content\/uploads\/2026\/02\/Pa380_ez0007_025_1920x1280_72.jpg 1024w\"\n                                    sizes=\"(max-width: 768px) 768px, (max-width: 980px) 980px, 1024px\"\n                                    loading=\"lazy\"\n                                \/>\n                                <span class=\"dipi_filterable_gallery_overlay background\"><\/span>\n                    <span class=\"dipi_filterable_gallery_overlay background-hover\"><\/span>\n                    <span class=\"dipi_filterable_gallery_overlay content\" style=\"transition-duration: 0ms;\">\n                        \n                        \n                        \n                        \n                    <\/span>\n                            <\/div>\n                        \n                        \n                            <div class=\"dipi-grid-item-content\">\n                        \n                        <h5 class=\"dipi-grid-item-title\">\n                            Aweso Panorama Flex 380\n                        <\/h5>\n                        <div class=\"dipi-grid-item-caption\">\n                            Detail d\u00e9p\u00f4t parall\u00e8le\n                        <\/div>\n                    <\/div>\n                        \n                    <\/div><div class=\"grid-item \" >\n                        \n                            <div class=\"img-container dipi-fg-animation dipi-fg-none\" href=\"https:\/\/aweso.ch\/wp-content\/uploads\/2026\/02\/Pa380_Bern_ez1117_2161_09_1920x1280_72.jpg\" data-title='Aweso Panorama Flex 380' data-caption='Volets coulissants'>\n                                <img decoding=\"async\" src=\"https:\/\/aweso.ch\/wp-content\/uploads\/2026\/02\/Pa380_Bern_ez1117_2161_09_1920x1280_72.jpg\"\n                                    alt=\"Panorama Flex 380\"\n                                    srcset=\"https:\/\/aweso.ch\/wp-content\/uploads\/2026\/02\/Pa380_Bern_ez1117_2161_09_1920x1280_72.jpg 768w, https:\/\/aweso.ch\/wp-content\/uploads\/2026\/02\/Pa380_Bern_ez1117_2161_09_1920x1280_72.jpg 980w, https:\/\/aweso.ch\/wp-content\/uploads\/2026\/02\/Pa380_Bern_ez1117_2161_09_1920x1280_72.jpg 1024w\"\n                                    sizes=\"(max-width: 768px) 768px, (max-width: 980px) 980px, 1024px\"\n                                    loading=\"lazy\"\n                                \/>\n                                <span class=\"dipi_filterable_gallery_overlay background\"><\/span>\n                    <span class=\"dipi_filterable_gallery_overlay background-hover\"><\/span>\n                    <span class=\"dipi_filterable_gallery_overlay content\" style=\"transition-duration: 0ms;\">\n                        \n                        \n                        \n                        \n                    <\/span>\n                            <\/div>\n                        \n                        \n                            <div class=\"dipi-grid-item-content\">\n                        \n                        <h5 class=\"dipi-grid-item-title\">\n                            Aweso Panorama Flex 380\n                        <\/h5>\n                        <div class=\"dipi-grid-item-caption\">\n                            Volets coulissants\n                        <\/div>\n                    <\/div>\n                        \n                    <\/div><div class=\"grid-item \" >\n                        \n                            <div class=\"img-container dipi-fg-animation dipi-fg-none\" href=\"https:\/\/aweso.ch\/wp-content\/uploads\/2026\/02\/Pa380_1_ez_0207_1920x1280_72.jpg\" data-title='Aweso Panorama Flex 380' data-caption='Terrasse vitr\u00e9e'>\n                                <img decoding=\"async\" src=\"https:\/\/aweso.ch\/wp-content\/uploads\/2026\/02\/Pa380_1_ez_0207_1920x1280_72.jpg\"\n                                    alt=\"Panorama Flex 380\"\n                                    srcset=\"https:\/\/aweso.ch\/wp-content\/uploads\/2026\/02\/Pa380_1_ez_0207_1920x1280_72.jpg 768w, https:\/\/aweso.ch\/wp-content\/uploads\/2026\/02\/Pa380_1_ez_0207_1920x1280_72.jpg 980w, https:\/\/aweso.ch\/wp-content\/uploads\/2026\/02\/Pa380_1_ez_0207_1920x1280_72.jpg 1024w\"\n                                    sizes=\"(max-width: 768px) 768px, (max-width: 980px) 980px, 1024px\"\n                                    loading=\"lazy\"\n                                \/>\n                                <span class=\"dipi_filterable_gallery_overlay background\"><\/span>\n                    <span class=\"dipi_filterable_gallery_overlay background-hover\"><\/span>\n                    <span class=\"dipi_filterable_gallery_overlay content\" style=\"transition-duration: 0ms;\">\n                        \n                        \n                        \n                        \n                    <\/span>\n                            <\/div>\n                        \n                        \n                            <div class=\"dipi-grid-item-content\">\n                        \n                        <h5 class=\"dipi-grid-item-title\">\n                            Aweso Panorama Flex 380\n                        <\/h5>\n                        <div class=\"dipi-grid-item-caption\">\n                            Terrasse vitr\u00e9e\n                        <\/div>\n                    <\/div>\n                        \n                    <\/div><div class=\"grid-item \" >\n                        \n                            <div class=\"img-container dipi-fg-animation dipi-fg-none\" href=\"https:\/\/aweso.ch\/wp-content\/uploads\/2026\/02\/Pa370_StAubinSauges_ez0617_2142-07_1920x1280_72.jpg\" data-title='Aweso Panorama EasyFlex 370' data-caption='Balcon vitr\u00e9'>\n                                <img decoding=\"async\" src=\"https:\/\/aweso.ch\/wp-content\/uploads\/2026\/02\/Pa370_StAubinSauges_ez0617_2142-07_1920x1280_72.jpg\"\n                                    alt=\"Panorama EasyFlex 370\"\n                                    srcset=\"https:\/\/aweso.ch\/wp-content\/uploads\/2026\/02\/Pa370_StAubinSauges_ez0617_2142-07_1920x1280_72.jpg 768w, https:\/\/aweso.ch\/wp-content\/uploads\/2026\/02\/Pa370_StAubinSauges_ez0617_2142-07_1920x1280_72.jpg 980w, https:\/\/aweso.ch\/wp-content\/uploads\/2026\/02\/Pa370_StAubinSauges_ez0617_2142-07_1920x1280_72.jpg 1024w\"\n                                    sizes=\"(max-width: 768px) 768px, (max-width: 980px) 980px, 1024px\"\n                                    loading=\"lazy\"\n                                \/>\n                                <span class=\"dipi_filterable_gallery_overlay background\"><\/span>\n                    <span class=\"dipi_filterable_gallery_overlay background-hover\"><\/span>\n                    <span class=\"dipi_filterable_gallery_overlay content\" style=\"transition-duration: 0ms;\">\n                        \n                        \n                        \n                        \n                    <\/span>\n                            <\/div>\n                        \n                        \n                            <div class=\"dipi-grid-item-content\">\n                        \n                        <h5 class=\"dipi-grid-item-title\">\n                            Aweso Panorama EasyFlex 370\n                        <\/h5>\n                        <div class=\"dipi-grid-item-caption\">\n                            Balcon vitr\u00e9\n                        <\/div>\n                    <\/div>\n                        \n                    <\/div><div class=\"grid-item \" >\n                        \n                            <div class=\"img-container dipi-fg-animation dipi-fg-none\" href=\"https:\/\/aweso.ch\/wp-content\/uploads\/2026\/02\/Pa370_Schleppy-Coffrane-003_1920x1280_72.jpg\" data-title='Aweso Panorama EasyFlex 370' data-caption='Balcon vitr\u00e9'>\n                                <img decoding=\"async\" src=\"https:\/\/aweso.ch\/wp-content\/uploads\/2026\/02\/Pa370_Schleppy-Coffrane-003_1920x1280_72.jpg\"\n                                    alt=\"Panorama EasyFlex 370\"\n                                    srcset=\"https:\/\/aweso.ch\/wp-content\/uploads\/2026\/02\/Pa370_Schleppy-Coffrane-003_1920x1280_72.jpg 768w, https:\/\/aweso.ch\/wp-content\/uploads\/2026\/02\/Pa370_Schleppy-Coffrane-003_1920x1280_72.jpg 980w, https:\/\/aweso.ch\/wp-content\/uploads\/2026\/02\/Pa370_Schleppy-Coffrane-003_1920x1280_72.jpg 1024w\"\n                                    sizes=\"(max-width: 768px) 768px, (max-width: 980px) 980px, 1024px\"\n                                    loading=\"lazy\"\n                                \/>\n                                <span class=\"dipi_filterable_gallery_overlay background\"><\/span>\n                    <span class=\"dipi_filterable_gallery_overlay background-hover\"><\/span>\n                    <span class=\"dipi_filterable_gallery_overlay content\" style=\"transition-duration: 0ms;\">\n                        \n                        \n                        \n                        \n                    <\/span>\n                            <\/div>\n                        \n                        \n                            <div class=\"dipi-grid-item-content\">\n                        \n                        <h5 class=\"dipi-grid-item-title\">\n                            Aweso Panorama EasyFlex 370\n                        <\/h5>\n                        <div class=\"dipi-grid-item-caption\">\n                            Balcon vitr\u00e9\n                        <\/div>\n                    <\/div>\n                        \n                    <\/div><div class=\"grid-item \" >\n                        \n                            <div class=\"img-container dipi-fg-animation dipi-fg-none\" href=\"https:\/\/aweso.ch\/wp-content\/uploads\/2026\/02\/Pa370_Saconnex_IMG_20220515_162218_rb_b_1920x1280_72.jpg\" data-title='Aweso Panorama EasyFlex 370' data-caption='Balcons vitr\u00e9s'>\n                                <img decoding=\"async\" src=\"https:\/\/aweso.ch\/wp-content\/uploads\/2026\/02\/Pa370_Saconnex_IMG_20220515_162218_rb_b_1920x1280_72.jpg\"\n                                    alt=\"Panorama EasyFlex 370\"\n                                    srcset=\"https:\/\/aweso.ch\/wp-content\/uploads\/2026\/02\/Pa370_Saconnex_IMG_20220515_162218_rb_b_1920x1280_72.jpg 768w, https:\/\/aweso.ch\/wp-content\/uploads\/2026\/02\/Pa370_Saconnex_IMG_20220515_162218_rb_b_1920x1280_72.jpg 980w, https:\/\/aweso.ch\/wp-content\/uploads\/2026\/02\/Pa370_Saconnex_IMG_20220515_162218_rb_b_1920x1280_72.jpg 1024w\"\n                                    sizes=\"(max-width: 768px) 768px, (max-width: 980px) 980px, 1024px\"\n                                    loading=\"lazy\"\n                                \/>\n                                <span class=\"dipi_filterable_gallery_overlay background\"><\/span>\n                    <span class=\"dipi_filterable_gallery_overlay background-hover\"><\/span>\n                    <span class=\"dipi_filterable_gallery_overlay content\" style=\"transition-duration: 0ms;\">\n                        \n                        \n                        \n                        \n                    <\/span>\n                            <\/div>\n                        \n                        \n                            <div class=\"dipi-grid-item-content\">\n                        \n                        <h5 class=\"dipi-grid-item-title\">\n                            Aweso Panorama EasyFlex 370\n                        <\/h5>\n                        <div class=\"dipi-grid-item-caption\">\n                            Balcons vitr\u00e9s\n                        <\/div>\n                    <\/div>\n                        \n                    <\/div><div class=\"grid-item \" >\n                        \n                            <div class=\"img-container dipi-fg-animation dipi-fg-none\" href=\"https:\/\/aweso.ch\/wp-content\/uploads\/2026\/02\/Pa370_Saconnex_IMG_20220515_161918_rb_b_1920x1280_72.jpg\" data-title='Aweso Panorama EasyFlex 370' data-caption='Balcons vitr\u00e9s'>\n                                <img decoding=\"async\" src=\"https:\/\/aweso.ch\/wp-content\/uploads\/2026\/02\/Pa370_Saconnex_IMG_20220515_161918_rb_b_1920x1280_72.jpg\"\n                                    alt=\"Panorama EasyFlex 370\"\n                                    srcset=\"https:\/\/aweso.ch\/wp-content\/uploads\/2026\/02\/Pa370_Saconnex_IMG_20220515_161918_rb_b_1920x1280_72.jpg 768w, https:\/\/aweso.ch\/wp-content\/uploads\/2026\/02\/Pa370_Saconnex_IMG_20220515_161918_rb_b_1920x1280_72.jpg 980w, https:\/\/aweso.ch\/wp-content\/uploads\/2026\/02\/Pa370_Saconnex_IMG_20220515_161918_rb_b_1920x1280_72.jpg 1024w\"\n                                    sizes=\"(max-width: 768px) 768px, (max-width: 980px) 980px, 1024px\"\n                                    loading=\"lazy\"\n                                \/>\n                                <span class=\"dipi_filterable_gallery_overlay background\"><\/span>\n                    <span class=\"dipi_filterable_gallery_overlay background-hover\"><\/span>\n                    <span class=\"dipi_filterable_gallery_overlay content\" style=\"transition-duration: 0ms;\">\n                        \n                        \n                        \n                        \n                    <\/span>\n                            <\/div>\n                        \n                        \n                            <div class=\"dipi-grid-item-content\">\n                        \n                        <h5 class=\"dipi-grid-item-title\">\n                            Aweso Panorama EasyFlex 370\n                        <\/h5>\n                        <div class=\"dipi-grid-item-caption\">\n                            Balcons vitr\u00e9s\n                        <\/div>\n                    <\/div>\n                        \n                    <\/div><div class=\"grid-item \" >\n                        \n                            <div class=\"img-container dipi-fg-animation dipi-fg-none\" href=\"https:\/\/aweso.ch\/wp-content\/uploads\/2026\/02\/Pa370_Romont_rb_IMG_20220711_165812_b_1920x1280_72.jpg\" data-title='Aweso Panorama EasyFlex 370' data-caption='Balcon vitr\u00e9'>\n                                <img decoding=\"async\" src=\"https:\/\/aweso.ch\/wp-content\/uploads\/2026\/02\/Pa370_Romont_rb_IMG_20220711_165812_b_1920x1280_72.jpg\"\n                                    alt=\"Panorama EasyFlex 370\"\n                                    srcset=\"https:\/\/aweso.ch\/wp-content\/uploads\/2026\/02\/Pa370_Romont_rb_IMG_20220711_165812_b_1920x1280_72.jpg 768w, https:\/\/aweso.ch\/wp-content\/uploads\/2026\/02\/Pa370_Romont_rb_IMG_20220711_165812_b_1920x1280_72.jpg 980w, https:\/\/aweso.ch\/wp-content\/uploads\/2026\/02\/Pa370_Romont_rb_IMG_20220711_165812_b_1920x1280_72.jpg 1024w\"\n                                    sizes=\"(max-width: 768px) 768px, (max-width: 980px) 980px, 1024px\"\n                                    loading=\"lazy\"\n                                \/>\n                                <span class=\"dipi_filterable_gallery_overlay background\"><\/span>\n                    <span class=\"dipi_filterable_gallery_overlay background-hover\"><\/span>\n                    <span class=\"dipi_filterable_gallery_overlay content\" style=\"transition-duration: 0ms;\">\n                        \n                        \n                        \n                        \n                    <\/span>\n                            <\/div>\n                        \n                        \n                            <div class=\"dipi-grid-item-content\">\n                        \n                        <h5 class=\"dipi-grid-item-title\">\n                            Aweso Panorama EasyFlex 370\n                        <\/h5>\n                        <div class=\"dipi-grid-item-caption\">\n                            Balcon vitr\u00e9\n                        <\/div>\n                    <\/div>\n                        \n                    <\/div><div class=\"grid-item \" >\n                        \n                            <div class=\"img-container dipi-fg-animation dipi-fg-none\" href=\"https:\/\/aweso.ch\/wp-content\/uploads\/2026\/02\/Pa370_Neuchatel_ez0617_2139-08_1920x1280_72.jpg\" data-title='Aweso Panorama EasyFlex 370' data-caption='Balcon vitr\u00e9'>\n                                <img decoding=\"async\" src=\"https:\/\/aweso.ch\/wp-content\/uploads\/2026\/02\/Pa370_Neuchatel_ez0617_2139-08_1920x1280_72.jpg\"\n                                    alt=\"Panorama EasyFlex 370\"\n                                    srcset=\"https:\/\/aweso.ch\/wp-content\/uploads\/2026\/02\/Pa370_Neuchatel_ez0617_2139-08_1920x1280_72.jpg 768w, https:\/\/aweso.ch\/wp-content\/uploads\/2026\/02\/Pa370_Neuchatel_ez0617_2139-08_1920x1280_72.jpg 980w, https:\/\/aweso.ch\/wp-content\/uploads\/2026\/02\/Pa370_Neuchatel_ez0617_2139-08_1920x1280_72.jpg 1024w\"\n                                    sizes=\"(max-width: 768px) 768px, (max-width: 980px) 980px, 1024px\"\n                                    loading=\"lazy\"\n                                \/>\n                                <span class=\"dipi_filterable_gallery_overlay background\"><\/span>\n                    <span class=\"dipi_filterable_gallery_overlay background-hover\"><\/span>\n                    <span class=\"dipi_filterable_gallery_overlay content\" style=\"transition-duration: 0ms;\">\n                        \n                        \n                        \n                        \n                    <\/span>\n                            <\/div>\n                        \n                        \n                            <div class=\"dipi-grid-item-content\">\n                        \n                        <h5 class=\"dipi-grid-item-title\">\n                            Aweso Panorama EasyFlex 370\n                        <\/h5>\n                        <div class=\"dipi-grid-item-caption\">\n                            Balcon vitr\u00e9\n                        <\/div>\n                    <\/div>\n                        \n                    <\/div><div class=\"grid-item \" >\n                        \n                            <div class=\"img-container dipi-fg-animation dipi-fg-none\" href=\"https:\/\/aweso.ch\/wp-content\/uploads\/2026\/02\/Pa370_Morges_ez_202307_DSC_0595_b_1920x1280_72.jpg\" data-title='Aweso Panorama EasyFlex 370' data-caption='Balcon vitr\u00e9'>\n                                <img decoding=\"async\" src=\"https:\/\/aweso.ch\/wp-content\/uploads\/2026\/02\/Pa370_Morges_ez_202307_DSC_0595_b_1920x1280_72.jpg\"\n                                    alt=\"Panorama EasyFlex 370\"\n                                    srcset=\"https:\/\/aweso.ch\/wp-content\/uploads\/2026\/02\/Pa370_Morges_ez_202307_DSC_0595_b_1920x1280_72.jpg 768w, https:\/\/aweso.ch\/wp-content\/uploads\/2026\/02\/Pa370_Morges_ez_202307_DSC_0595_b_1920x1280_72.jpg 980w, https:\/\/aweso.ch\/wp-content\/uploads\/2026\/02\/Pa370_Morges_ez_202307_DSC_0595_b_1920x1280_72.jpg 1024w\"\n                                    sizes=\"(max-width: 768px) 768px, (max-width: 980px) 980px, 1024px\"\n                                    loading=\"lazy\"\n                                \/>\n                                <span class=\"dipi_filterable_gallery_overlay background\"><\/span>\n                    <span class=\"dipi_filterable_gallery_overlay background-hover\"><\/span>\n                    <span class=\"dipi_filterable_gallery_overlay content\" style=\"transition-duration: 0ms;\">\n                        \n                        \n                        \n                        \n                    <\/span>\n                            <\/div>\n                        \n                        \n                            <div class=\"dipi-grid-item-content\">\n                        \n                        <h5 class=\"dipi-grid-item-title\">\n                            Aweso Panorama EasyFlex 370\n                        <\/h5>\n                        <div class=\"dipi-grid-item-caption\">\n                            Balcon vitr\u00e9\n                        <\/div>\n                    <\/div>\n                        \n                    <\/div><div class=\"grid-item \" >\n                        \n                            <div class=\"img-container dipi-fg-animation dipi-fg-none\" href=\"https:\/\/aweso.ch\/wp-content\/uploads\/2026\/02\/Pa370_Morges_ez_202307_DSC_0594_b_1920x1280_72.jpg\" data-title='Aweso Panorama EasyFlex 370' data-caption='Balcon vitr\u00e9'>\n                                <img decoding=\"async\" src=\"https:\/\/aweso.ch\/wp-content\/uploads\/2026\/02\/Pa370_Morges_ez_202307_DSC_0594_b_1920x1280_72.jpg\"\n                                    alt=\"Panorama EasyFlex 370\"\n                                    srcset=\"https:\/\/aweso.ch\/wp-content\/uploads\/2026\/02\/Pa370_Morges_ez_202307_DSC_0594_b_1920x1280_72.jpg 768w, https:\/\/aweso.ch\/wp-content\/uploads\/2026\/02\/Pa370_Morges_ez_202307_DSC_0594_b_1920x1280_72.jpg 980w, https:\/\/aweso.ch\/wp-content\/uploads\/2026\/02\/Pa370_Morges_ez_202307_DSC_0594_b_1920x1280_72.jpg 1024w\"\n                                    sizes=\"(max-width: 768px) 768px, (max-width: 980px) 980px, 1024px\"\n                                    loading=\"lazy\"\n                                \/>\n                                <span class=\"dipi_filterable_gallery_overlay background\"><\/span>\n                    <span class=\"dipi_filterable_gallery_overlay background-hover\"><\/span>\n                    <span class=\"dipi_filterable_gallery_overlay content\" style=\"transition-duration: 0ms;\">\n                        \n                        \n                        \n                        \n                    <\/span>\n                            <\/div>\n                        \n                        \n                            <div class=\"dipi-grid-item-content\">\n                        \n                        <h5 class=\"dipi-grid-item-title\">\n                            Aweso Panorama EasyFlex 370\n                        <\/h5>\n                        <div class=\"dipi-grid-item-caption\">\n                            Balcon vitr\u00e9\n                        <\/div>\n                    <\/div>\n                        \n                    <\/div><div class=\"grid-item \" >\n                        \n                            <div class=\"img-container dipi-fg-animation dipi-fg-none\" href=\"https:\/\/aweso.ch\/wp-content\/uploads\/2026\/02\/Pa370_Langenthal_fborn_wJ_DSC_8840_1920x1280_72.jpg\" data-title='Aweso Panorama EasyFlex 370' data-caption='Terrasse vitr\u00e9e'>\n                                <img decoding=\"async\" src=\"https:\/\/aweso.ch\/wp-content\/uploads\/2026\/02\/Pa370_Langenthal_fborn_wJ_DSC_8840_1920x1280_72.jpg\"\n                                    alt=\"Panorama EasyFlex 370\"\n                                    srcset=\"https:\/\/aweso.ch\/wp-content\/uploads\/2026\/02\/Pa370_Langenthal_fborn_wJ_DSC_8840_1920x1280_72.jpg 768w, https:\/\/aweso.ch\/wp-content\/uploads\/2026\/02\/Pa370_Langenthal_fborn_wJ_DSC_8840_1920x1280_72.jpg 980w, https:\/\/aweso.ch\/wp-content\/uploads\/2026\/02\/Pa370_Langenthal_fborn_wJ_DSC_8840_1920x1280_72.jpg 1024w\"\n                                    sizes=\"(max-width: 768px) 768px, (max-width: 980px) 980px, 1024px\"\n                                    loading=\"lazy\"\n                                \/>\n                                <span class=\"dipi_filterable_gallery_overlay background\"><\/span>\n                    <span class=\"dipi_filterable_gallery_overlay background-hover\"><\/span>\n                    <span class=\"dipi_filterable_gallery_overlay content\" style=\"transition-duration: 0ms;\">\n                        \n                        \n                        \n                        \n                    <\/span>\n                            <\/div>\n                        \n                        \n                            <div class=\"dipi-grid-item-content\">\n                        \n                        <h5 class=\"dipi-grid-item-title\">\n                            Aweso Panorama EasyFlex 370\n                        <\/h5>\n                        <div class=\"dipi-grid-item-caption\">\n                            Terrasse vitr\u00e9e\n                        <\/div>\n                    <\/div>\n                        \n                    <\/div><div class=\"grid-item \" >\n                        \n                            <div class=\"img-container dipi-fg-animation dipi-fg-none\" href=\"https:\/\/aweso.ch\/wp-content\/uploads\/2026\/02\/Pa370_Langenthal_fborn_wJ_DSC_8838_1920x1280_72.jpg\" data-title='Aweso Panorama EasyFlex 370' data-caption='Terrasse vitr\u00e9e'>\n                                <img decoding=\"async\" src=\"https:\/\/aweso.ch\/wp-content\/uploads\/2026\/02\/Pa370_Langenthal_fborn_wJ_DSC_8838_1920x1280_72.jpg\"\n                                    alt=\"Panorama EasyFlex 370\"\n                                    srcset=\"https:\/\/aweso.ch\/wp-content\/uploads\/2026\/02\/Pa370_Langenthal_fborn_wJ_DSC_8838_1920x1280_72.jpg 768w, https:\/\/aweso.ch\/wp-content\/uploads\/2026\/02\/Pa370_Langenthal_fborn_wJ_DSC_8838_1920x1280_72.jpg 980w, https:\/\/aweso.ch\/wp-content\/uploads\/2026\/02\/Pa370_Langenthal_fborn_wJ_DSC_8838_1920x1280_72.jpg 1024w\"\n                                    sizes=\"(max-width: 768px) 768px, (max-width: 980px) 980px, 1024px\"\n                                    loading=\"lazy\"\n                                \/>\n                                <span class=\"dipi_filterable_gallery_overlay background\"><\/span>\n                    <span class=\"dipi_filterable_gallery_overlay background-hover\"><\/span>\n                    <span class=\"dipi_filterable_gallery_overlay content\" style=\"transition-duration: 0ms;\">\n                        \n                        \n                        \n                        \n                    <\/span>\n                            <\/div>\n                        \n                        \n                            <div class=\"dipi-grid-item-content\">\n                        \n                        <h5 class=\"dipi-grid-item-title\">\n                            Aweso Panorama EasyFlex 370\n                        <\/h5>\n                        <div class=\"dipi-grid-item-caption\">\n                            Terrasse vitr\u00e9e\n                        <\/div>\n                    <\/div>\n                        \n                    <\/div><div class=\"grid-item \" >\n                        \n                            <div class=\"img-container dipi-fg-animation dipi-fg-none\" href=\"https:\/\/aweso.ch\/wp-content\/uploads\/2026\/02\/Pa370_Langenthal_fborn_wJ_DSC_8835_1920x1280_72.jpg\" data-title='Aweso Panorama EasyFlex 370' data-caption='Terrasse vitr\u00e9e'>\n                                <img decoding=\"async\" src=\"https:\/\/aweso.ch\/wp-content\/uploads\/2026\/02\/Pa370_Langenthal_fborn_wJ_DSC_8835_1920x1280_72.jpg\"\n                                    alt=\"Panorama EasyFlex 370\"\n                                    srcset=\"https:\/\/aweso.ch\/wp-content\/uploads\/2026\/02\/Pa370_Langenthal_fborn_wJ_DSC_8835_1920x1280_72.jpg 768w, https:\/\/aweso.ch\/wp-content\/uploads\/2026\/02\/Pa370_Langenthal_fborn_wJ_DSC_8835_1920x1280_72.jpg 980w, https:\/\/aweso.ch\/wp-content\/uploads\/2026\/02\/Pa370_Langenthal_fborn_wJ_DSC_8835_1920x1280_72.jpg 1024w\"\n                                    sizes=\"(max-width: 768px) 768px, (max-width: 980px) 980px, 1024px\"\n                                    loading=\"lazy\"\n                                \/>\n                                <span class=\"dipi_filterable_gallery_overlay background\"><\/span>\n                    <span class=\"dipi_filterable_gallery_overlay background-hover\"><\/span>\n                    <span class=\"dipi_filterable_gallery_overlay content\" style=\"transition-duration: 0ms;\">\n                        \n                        \n                        \n                        \n                    <\/span>\n                            <\/div>\n                        \n                        \n                            <div class=\"dipi-grid-item-content\">\n                        \n                        <h5 class=\"dipi-grid-item-title\">\n                            Aweso Panorama EasyFlex 370\n                        <\/h5>\n                        <div class=\"dipi-grid-item-caption\">\n                            Terrasse vitr\u00e9e\n                        <\/div>\n                    <\/div>\n                        \n                    <\/div><div class=\"grid-item \" >\n                        \n                            <div class=\"img-container dipi-fg-animation dipi-fg-none\" href=\"https:\/\/aweso.ch\/wp-content\/uploads\/2026\/02\/Pa370_Langenthal_fborn_wJ_DSC_5319_1920x1280_72.jpg\" data-title='Aweso Panorama EasyFlex 370' data-caption='D\u00e9tail: D\u00e9p\u00f4t \u00e0 l&#039;ext\u00e9rieur'>\n                                <img decoding=\"async\" src=\"https:\/\/aweso.ch\/wp-content\/uploads\/2026\/02\/Pa370_Langenthal_fborn_wJ_DSC_5319_1920x1280_72.jpg\"\n                                    alt=\"Panorama EasyFlex 370\"\n                                    srcset=\"https:\/\/aweso.ch\/wp-content\/uploads\/2026\/02\/Pa370_Langenthal_fborn_wJ_DSC_5319_1920x1280_72.jpg 768w, https:\/\/aweso.ch\/wp-content\/uploads\/2026\/02\/Pa370_Langenthal_fborn_wJ_DSC_5319_1920x1280_72.jpg 980w, https:\/\/aweso.ch\/wp-content\/uploads\/2026\/02\/Pa370_Langenthal_fborn_wJ_DSC_5319_1920x1280_72.jpg 1024w\"\n                                    sizes=\"(max-width: 768px) 768px, (max-width: 980px) 980px, 1024px\"\n                                    loading=\"lazy\"\n                                \/>\n                                <span class=\"dipi_filterable_gallery_overlay background\"><\/span>\n                    <span class=\"dipi_filterable_gallery_overlay background-hover\"><\/span>\n                    <span class=\"dipi_filterable_gallery_overlay content\" style=\"transition-duration: 0ms;\">\n                        \n                        \n                        \n                        \n                    <\/span>\n                            <\/div>\n                        \n                        \n                            <div class=\"dipi-grid-item-content\">\n                        \n                        <h5 class=\"dipi-grid-item-title\">\n                            Aweso Panorama EasyFlex 370\n                        <\/h5>\n                        <div class=\"dipi-grid-item-caption\">\n                            D\u00e9tail: D\u00e9p\u00f4t \u00e0 l'ext\u00e9rieur\n                        <\/div>\n                    <\/div>\n                        \n                    <\/div><div class=\"grid-item \" >\n                        \n                            <div class=\"img-container dipi-fg-animation dipi-fg-none\" href=\"https:\/\/aweso.ch\/wp-content\/uploads\/2026\/02\/Pa370_Illanz_DSC00725_1920x1280_72.jpg\" data-title='Aweso Panorama EasyFlex 370' data-caption='Terrasse vitr\u00e9e'>\n                                <img decoding=\"async\" src=\"https:\/\/aweso.ch\/wp-content\/uploads\/2026\/02\/Pa370_Illanz_DSC00725_1920x1280_72.jpg\"\n                                    alt=\"Panorama EasyFlex 370\"\n                                    srcset=\"https:\/\/aweso.ch\/wp-content\/uploads\/2026\/02\/Pa370_Illanz_DSC00725_1920x1280_72.jpg 768w, https:\/\/aweso.ch\/wp-content\/uploads\/2026\/02\/Pa370_Illanz_DSC00725_1920x1280_72.jpg 980w, https:\/\/aweso.ch\/wp-content\/uploads\/2026\/02\/Pa370_Illanz_DSC00725_1920x1280_72.jpg 1024w\"\n                                    sizes=\"(max-width: 768px) 768px, (max-width: 980px) 980px, 1024px\"\n                                    loading=\"lazy\"\n                                \/>\n                                <span class=\"dipi_filterable_gallery_overlay background\"><\/span>\n                    <span class=\"dipi_filterable_gallery_overlay background-hover\"><\/span>\n                    <span class=\"dipi_filterable_gallery_overlay content\" style=\"transition-duration: 0ms;\">\n                        \n                        \n                        \n                        \n                    <\/span>\n                            <\/div>\n                        \n                        \n                            <div class=\"dipi-grid-item-content\">\n                        \n                        <h5 class=\"dipi-grid-item-title\">\n                            Aweso Panorama EasyFlex 370\n                        <\/h5>\n                        <div class=\"dipi-grid-item-caption\">\n                            Terrasse vitr\u00e9e\n                        <\/div>\n                    <\/div>\n                        \n                    <\/div><div class=\"grid-item \" >\n                        \n                            <div class=\"img-container dipi-fg-animation dipi-fg-none\" href=\"https:\/\/aweso.ch\/wp-content\/uploads\/2026\/02\/Pa370_Genf_rb_IMG_20210204_145408_1_b_1920x1280_72.jpg\" data-title='Aweso Panorama EasyFlex 370' data-caption='Balcon vitr\u00e9'>\n                                <img decoding=\"async\" src=\"https:\/\/aweso.ch\/wp-content\/uploads\/2026\/02\/Pa370_Genf_rb_IMG_20210204_145408_1_b_1920x1280_72.jpg\"\n                                    alt=\"Panorama EasyFlex 370\"\n                                    srcset=\"https:\/\/aweso.ch\/wp-content\/uploads\/2026\/02\/Pa370_Genf_rb_IMG_20210204_145408_1_b_1920x1280_72.jpg 768w, https:\/\/aweso.ch\/wp-content\/uploads\/2026\/02\/Pa370_Genf_rb_IMG_20210204_145408_1_b_1920x1280_72.jpg 980w, https:\/\/aweso.ch\/wp-content\/uploads\/2026\/02\/Pa370_Genf_rb_IMG_20210204_145408_1_b_1920x1280_72.jpg 1024w\"\n                                    sizes=\"(max-width: 768px) 768px, (max-width: 980px) 980px, 1024px\"\n                                    loading=\"lazy\"\n                                \/>\n                                <span class=\"dipi_filterable_gallery_overlay background\"><\/span>\n                    <span class=\"dipi_filterable_gallery_overlay background-hover\"><\/span>\n                    <span class=\"dipi_filterable_gallery_overlay content\" style=\"transition-duration: 0ms;\">\n                        \n                        \n                        \n                        \n                    <\/span>\n                            <\/div>\n                        \n                        \n                            <div class=\"dipi-grid-item-content\">\n                        \n                        <h5 class=\"dipi-grid-item-title\">\n                            Aweso Panorama EasyFlex 370\n                        <\/h5>\n                        <div class=\"dipi-grid-item-caption\">\n                            Balcon vitr\u00e9\n                        <\/div>\n                    <\/div>\n                        \n                    <\/div><div class=\"grid-item \" >\n                        \n                            <div class=\"img-container dipi-fg-animation dipi-fg-none\" href=\"https:\/\/aweso.ch\/wp-content\/uploads\/2026\/02\/Pa370_Genf_rb_IMG_20210204_145059_b_1920x1280_72.jpg\" data-title='Aweso Panorama EasyFlex 370' data-caption='Balcon vitr\u00e9'>\n                                <img decoding=\"async\" src=\"https:\/\/aweso.ch\/wp-content\/uploads\/2026\/02\/Pa370_Genf_rb_IMG_20210204_145059_b_1920x1280_72.jpg\"\n                                    alt=\"Panorama EasyFlex 370\"\n                                    srcset=\"https:\/\/aweso.ch\/wp-content\/uploads\/2026\/02\/Pa370_Genf_rb_IMG_20210204_145059_b_1920x1280_72.jpg 768w, https:\/\/aweso.ch\/wp-content\/uploads\/2026\/02\/Pa370_Genf_rb_IMG_20210204_145059_b_1920x1280_72.jpg 980w, https:\/\/aweso.ch\/wp-content\/uploads\/2026\/02\/Pa370_Genf_rb_IMG_20210204_145059_b_1920x1280_72.jpg 1024w\"\n                                    sizes=\"(max-width: 768px) 768px, (max-width: 980px) 980px, 1024px\"\n                                    loading=\"lazy\"\n                                \/>\n                                <span class=\"dipi_filterable_gallery_overlay background\"><\/span>\n                    <span class=\"dipi_filterable_gallery_overlay background-hover\"><\/span>\n                    <span class=\"dipi_filterable_gallery_overlay content\" style=\"transition-duration: 0ms;\">\n                        \n                        \n                        \n                        \n                    <\/span>\n                            <\/div>\n                        \n                        \n                            <div class=\"dipi-grid-item-content\">\n                        \n                        <h5 class=\"dipi-grid-item-title\">\n                            Aweso Panorama EasyFlex 370\n                        <\/h5>\n                        <div class=\"dipi-grid-item-caption\">\n                            Balcon vitr\u00e9\n                        <\/div>\n                    <\/div>\n                        \n                    <\/div><div class=\"grid-item \" >\n                        \n                            <div class=\"img-container dipi-fg-animation dipi-fg-none\" href=\"https:\/\/aweso.ch\/wp-content\/uploads\/2026\/02\/Pa370_Develier_DSC01751-b1_1920x1280_72.jpg\" data-title='Aweso Panorama EasyFlex 370' data-caption='Balcon vitr\u00e9'>\n                                <img decoding=\"async\" src=\"https:\/\/aweso.ch\/wp-content\/uploads\/2026\/02\/Pa370_Develier_DSC01751-b1_1920x1280_72.jpg\"\n                                    alt=\"Panorama EasyFlex 370\"\n                                    srcset=\"https:\/\/aweso.ch\/wp-content\/uploads\/2026\/02\/Pa370_Develier_DSC01751-b1_1920x1280_72.jpg 768w, https:\/\/aweso.ch\/wp-content\/uploads\/2026\/02\/Pa370_Develier_DSC01751-b1_1920x1280_72.jpg 980w, https:\/\/aweso.ch\/wp-content\/uploads\/2026\/02\/Pa370_Develier_DSC01751-b1_1920x1280_72.jpg 1024w\"\n                                    sizes=\"(max-width: 768px) 768px, (max-width: 980px) 980px, 1024px\"\n                                    loading=\"lazy\"\n                                \/>\n                                <span class=\"dipi_filterable_gallery_overlay background\"><\/span>\n                    <span class=\"dipi_filterable_gallery_overlay background-hover\"><\/span>\n                    <span class=\"dipi_filterable_gallery_overlay content\" style=\"transition-duration: 0ms;\">\n                        \n                        \n                        \n                        \n                    <\/span>\n                            <\/div>\n                        \n                        \n                            <div class=\"dipi-grid-item-content\">\n                        \n                        <h5 class=\"dipi-grid-item-title\">\n                            Aweso Panorama EasyFlex 370\n                        <\/h5>\n                        <div class=\"dipi-grid-item-caption\">\n                            Balcon vitr\u00e9\n                        <\/div>\n                    <\/div>\n                        \n                    <\/div><div class=\"grid-item \" >\n                        \n                            <div class=\"img-container dipi-fg-animation dipi-fg-none\" href=\"https:\/\/aweso.ch\/wp-content\/uploads\/2026\/02\/Pa370_Brugg_IMG_6895_1920x1280_72.jpg\" data-title='Aweso Panorama EasyFlex 370' data-caption='Balcon vitr\u00e9'>\n                                <img decoding=\"async\" src=\"https:\/\/aweso.ch\/wp-content\/uploads\/2026\/02\/Pa370_Brugg_IMG_6895_1920x1280_72.jpg\"\n                                    alt=\"Panorama EasyFlex 370\"\n                                    srcset=\"https:\/\/aweso.ch\/wp-content\/uploads\/2026\/02\/Pa370_Brugg_IMG_6895_1920x1280_72.jpg 768w, https:\/\/aweso.ch\/wp-content\/uploads\/2026\/02\/Pa370_Brugg_IMG_6895_1920x1280_72.jpg 980w, https:\/\/aweso.ch\/wp-content\/uploads\/2026\/02\/Pa370_Brugg_IMG_6895_1920x1280_72.jpg 1024w\"\n                                    sizes=\"(max-width: 768px) 768px, (max-width: 980px) 980px, 1024px\"\n                                    loading=\"lazy\"\n                                \/>\n                                <span class=\"dipi_filterable_gallery_overlay background\"><\/span>\n                    <span class=\"dipi_filterable_gallery_overlay background-hover\"><\/span>\n                    <span class=\"dipi_filterable_gallery_overlay content\" style=\"transition-duration: 0ms;\">\n                        \n                        \n                        \n                        \n                    <\/span>\n                            <\/div>\n                        \n                        \n                            <div class=\"dipi-grid-item-content\">\n                        \n                        <h5 class=\"dipi-grid-item-title\">\n                            Aweso Panorama EasyFlex 370\n                        <\/h5>\n                        <div class=\"dipi-grid-item-caption\">\n                            Balcon vitr\u00e9\n                        <\/div>\n                    <\/div>\n                        \n                    <\/div><div class=\"grid-item \" >\n                        \n                            <div class=\"img-container dipi-fg-animation dipi-fg-none\" href=\"https:\/\/aweso.ch\/wp-content\/uploads\/2026\/02\/Pa370_Bern_ez0115_2108-06_1920x1280_72.jpg\" data-title='Aweso Panorama EasyFlex 370' data-caption='R\u00e9ception'>\n                                <img decoding=\"async\" src=\"https:\/\/aweso.ch\/wp-content\/uploads\/2026\/02\/Pa370_Bern_ez0115_2108-06_1920x1280_72.jpg\"\n                                    alt=\"Panorama EasyFlex 370\"\n                                    srcset=\"https:\/\/aweso.ch\/wp-content\/uploads\/2026\/02\/Pa370_Bern_ez0115_2108-06_1920x1280_72.jpg 768w, https:\/\/aweso.ch\/wp-content\/uploads\/2026\/02\/Pa370_Bern_ez0115_2108-06_1920x1280_72.jpg 980w, https:\/\/aweso.ch\/wp-content\/uploads\/2026\/02\/Pa370_Bern_ez0115_2108-06_1920x1280_72.jpg 1024w\"\n                                    sizes=\"(max-width: 768px) 768px, (max-width: 980px) 980px, 1024px\"\n                                    loading=\"lazy\"\n                                \/>\n                                <span class=\"dipi_filterable_gallery_overlay background\"><\/span>\n                    <span class=\"dipi_filterable_gallery_overlay background-hover\"><\/span>\n                    <span class=\"dipi_filterable_gallery_overlay content\" style=\"transition-duration: 0ms;\">\n                        \n                        \n                        \n                        \n                    <\/span>\n                            <\/div>\n                        \n                        \n                            <div class=\"dipi-grid-item-content\">\n                        \n                        <h5 class=\"dipi-grid-item-title\">\n                            Aweso Panorama EasyFlex 370\n                        <\/h5>\n                        <div class=\"dipi-grid-item-caption\">\n                            R\u00e9ception\n                        <\/div>\n                    <\/div>\n                        \n                    <\/div><div class=\"grid-item \" >\n                        \n                            <div class=\"img-container dipi-fg-animation dipi-fg-none\" href=\"https:\/\/aweso.ch\/wp-content\/uploads\/2026\/02\/Pa370_350_Genf_rb_IMG_20240528_153346_1920x1280_72.jpg\" data-title='Aweso Panorama EasyFlex 370' data-caption='Terrasse vitr\u00e9e'>\n                                <img decoding=\"async\" src=\"https:\/\/aweso.ch\/wp-content\/uploads\/2026\/02\/Pa370_350_Genf_rb_IMG_20240528_153346_1920x1280_72.jpg\"\n                                    alt=\"Panorama EasyFlex 370\"\n                                    srcset=\"https:\/\/aweso.ch\/wp-content\/uploads\/2026\/02\/Pa370_350_Genf_rb_IMG_20240528_153346_1920x1280_72.jpg 768w, https:\/\/aweso.ch\/wp-content\/uploads\/2026\/02\/Pa370_350_Genf_rb_IMG_20240528_153346_1920x1280_72.jpg 980w, https:\/\/aweso.ch\/wp-content\/uploads\/2026\/02\/Pa370_350_Genf_rb_IMG_20240528_153346_1920x1280_72.jpg 1024w\"\n                                    sizes=\"(max-width: 768px) 768px, (max-width: 980px) 980px, 1024px\"\n                                    loading=\"lazy\"\n                                \/>\n                                <span class=\"dipi_filterable_gallery_overlay background\"><\/span>\n                    <span class=\"dipi_filterable_gallery_overlay background-hover\"><\/span>\n                    <span class=\"dipi_filterable_gallery_overlay content\" style=\"transition-duration: 0ms;\">\n                        \n                        \n                        \n                        \n                    <\/span>\n                            <\/div>\n                        \n                        \n                            <div class=\"dipi-grid-item-content\">\n                        \n                        <h5 class=\"dipi-grid-item-title\">\n                            Aweso Panorama EasyFlex 370\n                        <\/h5>\n                        <div class=\"dipi-grid-item-caption\">\n                            Terrasse vitr\u00e9e\n                        <\/div>\n                    <\/div>\n                        \n                    <\/div><div class=\"grid-item \" >\n                        \n                            <div class=\"img-container dipi-fg-animation dipi-fg-none\" href=\"https:\/\/aweso.ch\/wp-content\/uploads\/2026\/02\/Pa370_350_Genf_rb_IMG_20240528_153334_1920x1280_72.jpg\" data-title='Aweso Panorama EasyFlex 370' data-caption='Terrasse vitr\u00e9e'>\n                                <img decoding=\"async\" src=\"https:\/\/aweso.ch\/wp-content\/uploads\/2026\/02\/Pa370_350_Genf_rb_IMG_20240528_153334_1920x1280_72.jpg\"\n                                    alt=\"Panorama EasyFlex 370\"\n                                    srcset=\"https:\/\/aweso.ch\/wp-content\/uploads\/2026\/02\/Pa370_350_Genf_rb_IMG_20240528_153334_1920x1280_72.jpg 768w, https:\/\/aweso.ch\/wp-content\/uploads\/2026\/02\/Pa370_350_Genf_rb_IMG_20240528_153334_1920x1280_72.jpg 980w, https:\/\/aweso.ch\/wp-content\/uploads\/2026\/02\/Pa370_350_Genf_rb_IMG_20240528_153334_1920x1280_72.jpg 1024w\"\n                                    sizes=\"(max-width: 768px) 768px, (max-width: 980px) 980px, 1024px\"\n                                    loading=\"lazy\"\n                                \/>\n                                <span class=\"dipi_filterable_gallery_overlay background\"><\/span>\n                    <span class=\"dipi_filterable_gallery_overlay background-hover\"><\/span>\n                    <span class=\"dipi_filterable_gallery_overlay content\" style=\"transition-duration: 0ms;\">\n                        \n                        \n                        \n                        \n                    <\/span>\n                            <\/div>\n                        \n                        \n                            <div class=\"dipi-grid-item-content\">\n                        \n                        <h5 class=\"dipi-grid-item-title\">\n                            Aweso Panorama EasyFlex 370\n                        <\/h5>\n                        <div class=\"dipi-grid-item-caption\">\n                            Terrasse vitr\u00e9e\n                        <\/div>\n                    <\/div>\n                        \n                    <\/div><div class=\"grid-item \" >\n                        \n                            <div class=\"img-container dipi-fg-animation dipi-fg-none\" href=\"https:\/\/aweso.ch\/wp-content\/uploads\/2026\/02\/Pa350_ApGleis_ez1209_13_1920x1280_72.jpg\" data-title='Aweso Panorama Flex 380' data-caption='S\u00e9paration int\u00e9rieure'>\n                                <img decoding=\"async\" src=\"https:\/\/aweso.ch\/wp-content\/uploads\/2026\/02\/Pa350_ApGleis_ez1209_13_1920x1280_72.jpg\"\n                                    alt=\"Panorama Flex 380\"\n                                    srcset=\"https:\/\/aweso.ch\/wp-content\/uploads\/2026\/02\/Pa350_ApGleis_ez1209_13_1920x1280_72.jpg 768w, https:\/\/aweso.ch\/wp-content\/uploads\/2026\/02\/Pa350_ApGleis_ez1209_13_1920x1280_72.jpg 980w, https:\/\/aweso.ch\/wp-content\/uploads\/2026\/02\/Pa350_ApGleis_ez1209_13_1920x1280_72.jpg 1024w\"\n                                    sizes=\"(max-width: 768px) 768px, (max-width: 980px) 980px, 1024px\"\n                                    loading=\"lazy\"\n                                \/>\n                                <span class=\"dipi_filterable_gallery_overlay background\"><\/span>\n                    <span class=\"dipi_filterable_gallery_overlay background-hover\"><\/span>\n                    <span class=\"dipi_filterable_gallery_overlay content\" style=\"transition-duration: 0ms;\">\n                        \n                        \n                        \n                        \n                    <\/span>\n                            <\/div>\n                        \n                        \n                            <div class=\"dipi-grid-item-content\">\n                        \n                        <h5 class=\"dipi-grid-item-title\">\n                            Aweso Panorama Flex 380\n                        <\/h5>\n                        <div class=\"dipi-grid-item-caption\">\n                            S\u00e9paration int\u00e9rieure\n                        <\/div>\n                    <\/div>\n                        \n                    <\/div><div class=\"grid-item \" >\n                        \n                            <div class=\"img-container dipi-fg-animation dipi-fg-none\" href=\"https:\/\/aweso.ch\/wp-content\/uploads\/2026\/02\/Pa340_ez0313_07_1920x1280_72.jpg\" data-title='Aweso Panorama Flex 380' data-caption='R\u00e9ception'>\n                                <img decoding=\"async\" src=\"https:\/\/aweso.ch\/wp-content\/uploads\/2026\/02\/Pa340_ez0313_07_1920x1280_72.jpg\"\n                                    alt=\"Aweso Panorama Flex 380\"\n                                    srcset=\"https:\/\/aweso.ch\/wp-content\/uploads\/2026\/02\/Pa340_ez0313_07_1920x1280_72.jpg 768w, https:\/\/aweso.ch\/wp-content\/uploads\/2026\/02\/Pa340_ez0313_07_1920x1280_72.jpg 980w, https:\/\/aweso.ch\/wp-content\/uploads\/2026\/02\/Pa340_ez0313_07_1920x1280_72.jpg 1024w\"\n                                    sizes=\"(max-width: 768px) 768px, (max-width: 980px) 980px, 1024px\"\n                                    loading=\"lazy\"\n                                \/>\n                                <span class=\"dipi_filterable_gallery_overlay background\"><\/span>\n                    <span class=\"dipi_filterable_gallery_overlay background-hover\"><\/span>\n                    <span class=\"dipi_filterable_gallery_overlay content\" style=\"transition-duration: 0ms;\">\n                        \n                        \n                        \n                        \n                    <\/span>\n                            <\/div>\n                        \n                        \n                            <div class=\"dipi-grid-item-content\">\n                        \n                        <h5 class=\"dipi-grid-item-title\">\n                            Aweso Panorama Flex 380\n                        <\/h5>\n                        <div class=\"dipi-grid-item-caption\">\n                            R\u00e9ception\n                        <\/div>\n                    <\/div>\n                        \n                    <\/div><div class=\"grid-item \" >\n                        \n                            <div class=\"img-container dipi-fg-animation dipi-fg-none\" href=\"https:\/\/aweso.ch\/wp-content\/uploads\/2026\/01\/Pa370_Neuchatel_ez0617_2139-10_1920x1280_72.jpg\" data-title='Aweso Panorama EasyFlex 370' data-caption='D\u00e9tail: D\u00e9p\u00f4t'>\n                                <img decoding=\"async\" src=\"https:\/\/aweso.ch\/wp-content\/uploads\/2026\/01\/Pa370_Neuchatel_ez0617_2139-10_1920x1280_72.jpg\"\n                                    alt=\"Aweso Panorama EasyFlex 370\"\n                                    srcset=\"https:\/\/aweso.ch\/wp-content\/uploads\/2026\/01\/Pa370_Neuchatel_ez0617_2139-10_1920x1280_72.jpg 768w, https:\/\/aweso.ch\/wp-content\/uploads\/2026\/01\/Pa370_Neuchatel_ez0617_2139-10_1920x1280_72.jpg 980w, https:\/\/aweso.ch\/wp-content\/uploads\/2026\/01\/Pa370_Neuchatel_ez0617_2139-10_1920x1280_72.jpg 1024w\"\n                                    sizes=\"(max-width: 768px) 768px, (max-width: 980px) 980px, 1024px\"\n                                    loading=\"lazy\"\n                                \/>\n                                <span class=\"dipi_filterable_gallery_overlay background\"><\/span>\n                    <span class=\"dipi_filterable_gallery_overlay background-hover\"><\/span>\n                    <span class=\"dipi_filterable_gallery_overlay content\" style=\"transition-duration: 0ms;\">\n                        \n                        \n                        \n                        \n                    <\/span>\n                            <\/div>\n                        \n                        \n                            <div class=\"dipi-grid-item-content\">\n                        \n                        <h5 class=\"dipi-grid-item-title\">\n                            Aweso Panorama EasyFlex 370\n                        <\/h5>\n                        <div class=\"dipi-grid-item-caption\">\n                            D\u00e9tail: D\u00e9p\u00f4t\n                        <\/div>\n                    <\/div>\n                        \n                    <\/div>\n                    <\/div>\n                    \n                <\/div>\n             <\/div>\n            <\/div>\n           \n\t\t\t\t<\/div>\n\t\t\t<\/div><\/p>\n","protected":false},"author":1,"featured_media":0,"parent":0,"menu_order":0,"comment_status":"closed","ping_status":"closed","template":"","meta":{"_et_pb_use_builder":"on","_et_pb_old_content":"","_et_gb_content_width":"","footnotes":""},"dipi_cpt_category":[],"wf_page_folders":[21],"class_list":["post-1468","page","type-page","status-publish","hentry"],"_links":{"self":[{"href":"https:\/\/aweso.ch\/fr\/wp-json\/wp\/v2\/pages\/1468","targetHints":{"allow":["GET"]}}],"collection":[{"href":"https:\/\/aweso.ch\/fr\/wp-json\/wp\/v2\/pages"}],"about":[{"href":"https:\/\/aweso.ch\/fr\/wp-json\/wp\/v2\/types\/page"}],"author":[{"embeddable":true,"href":"https:\/\/aweso.ch\/fr\/wp-json\/wp\/v2\/users\/1"}],"replies":[{"embeddable":true,"href":"https:\/\/aweso.ch\/fr\/wp-json\/wp\/v2\/comments?post=1468"}],"version-history":[{"count":0,"href":"https:\/\/aweso.ch\/fr\/wp-json\/wp\/v2\/pages\/1468\/revisions"}],"wp:attachment":[{"href":"https:\/\/aweso.ch\/fr\/wp-json\/wp\/v2\/media?parent=1468"}],"wp:term":[{"taxonomy":"dipi_cpt_category","embeddable":true,"href":"https:\/\/aweso.ch\/fr\/wp-json\/wp\/v2\/dipi_cpt_category?post=1468"},{"taxonomy":"wf_page_folders","embeddable":true,"href":"https:\/\/aweso.ch\/fr\/wp-json\/wp\/v2\/wf_page_folders?post=1468"}],"curies":[{"name":"wp","href":"https:\/\/api.w.org\/{rel}","templated":true}]}}