{"id":1439,"date":"2026-01-14T14:23:05","date_gmt":"2026-01-14T14:23:05","guid":{"rendered":"https:\/\/aweso.mklkreativ.ch\/aweso-aperto-262-264\/"},"modified":"2026-07-30T06:35:37","modified_gmt":"2026-07-30T06:35:37","slug":"aweso-aperto-262-264","status":"publish","type":"page","link":"https:\/\/aweso.ch\/fr\/aweso-aperto-262-264\/","title":{"rendered":"Aweso Aperto 262\/264"},"content":{"rendered":"<p>[et_pb_section fb_built=\u00a0\u00bb1&Prime; _builder_version=\u00a0\u00bb4.27.5&Prime; _module_preset=\u00a0\u00bbdefault\u00a0\u00bb custom_padding=\u00a0\u00bb||0px|||\u00a0\u00bb global_colors_info=\u00a0\u00bb{}\u00a0\u00bb][et_pb_row _builder_version=\u00a0\u00bb4.27.5&Prime; _module_preset=\u00a0\u00bbdefault\u00a0\u00bb custom_padding=\u00a0\u00bb0px||0px|||\u00a0\u00bb global_colors_info=\u00a0\u00bb{}\u00a0\u00bb][et_pb_column type=\u00a0\u00bb4_4&Prime; _builder_version=\u00a0\u00bb4.27.5&Prime; _module_preset=\u00a0\u00bbdefault\u00a0\u00bb global_colors_info=\u00a0\u00bb{}\u00a0\u00bb][et_pb_text admin_label=\u00a0\u00bbZur\u00fcckbutton\u00a0\u00bb _builder_version=\u00a0\u00bb4.27.5&Prime; _dynamic_attributes=\u00a0\u00bblink_option_url\u00a0\u00bb _module_preset=\u00a0\u00bbdefault\u00a0\u00bb text_text_color=\u00a0\u00bb#005a9c\u00a0\u00bb link_text_color=\u00a0\u00bb#005A9C\u00a0\u00bb transform_translate_linked__hover=\u00a0\u00bboff\u00a0\u00bb link_option_url=\u00a0\u00bb@ET-DC@eyJkeW5hbWljIjp0cnVlLCJjb250ZW50IjoicG9zdF9saW5rX3VybF9wYWdlIiwic2V0dGluZ3MiOnsicG9zdF9pZCI6IjU5OSIsImVuYWJsZV9odG1sIjoib2ZmIn19@\u00a0\u00bb global_colors_info=\u00a0\u00bb{}\u00a0\u00bb text_text_color__hover_enabled=\u00a0\u00bboff|hover\u00a0\u00bb text_text_color__hover=\u00a0\u00bb#72BAE5&Prime; transform_styles__hover_enabled=\u00a0\u00bbon|desktop\u00a0\u00bb transform_scale__hover_enabled=\u00a0\u00bbon|desktop\u00a0\u00bb transform_translate__hover_enabled=\u00a0\u00bbon|hover\u00a0\u00bb transform_rotate__hover_enabled=\u00a0\u00bbon|desktop\u00a0\u00bb transform_skew__hover_enabled=\u00a0\u00bbon|desktop\u00a0\u00bb transform_origin__hover_enabled=\u00a0\u00bbon|desktop\u00a0\u00bb transform_translate__hover=\u00a0\u00bb-10px|0px\u00a0\u00bb]<\/p>\n<p><span style=\"display: inline-flex; align-items: center; gap: 8px; color: #005a9c;\"><br \/><img decoding=\"async\" src=\"https:\/\/aweso.ch\/wp-content\/uploads\/2026\/01\/aweso-pfeil-blau-links.png\" alt=\"Fl\u00e8che\" height=\"18\" width=\"18\">  vers la vue d&rsquo;ensemble<br \/><\/span><\/p>\n<p>[\/et_pb_text][\/et_pb_column][\/et_pb_row][\/et_pb_section][et_pb_section fb_built=\u00a0\u00bb1&Prime; _builder_version=\u00a0\u00bb4.27.5&Prime; _module_preset=\u00a0\u00bbdefault\u00a0\u00bb background_enable_image=\u00a0\u00bboff\u00a0\u00bb overflow-x=\u00a0\u00bbvisible\u00a0\u00bb overflow-y=\u00a0\u00bbvisible\u00a0\u00bb custom_margin=\u00a0\u00bb30px||0px||false|false\u00a0\u00bb custom_padding=\u00a0\u00bb0px||0px|0px|false|false\u00a0\u00bb global_colors_info=\u00a0\u00bb{}\u00a0\u00bb][et_pb_row module_class=\u00a0\u00bbvertikal-zentrieren\u00a0\u00bb _builder_version=\u00a0\u00bb4.27.5&Prime; _module_preset=\u00a0\u00bbdefault\u00a0\u00bb background_image=\u00a0\u00bbhttps:\/\/aweso.ch\/wp-content\/uploads\/2026\/01\/Ap264_R30_1_ez_0708_1920x1280_72.jpg\u00a0\u00bb width=\u00a0\u00bb84%\u00a0\u00bb width_tablet=\u00a0\u00bb100%\u00a0\u00bb width_phone=\u00a0\u00bb100%\u00a0\u00bb module_alignment=\u00a0\u00bbright\u00a0\u00bb min_height=\u00a0\u00bb50vh\u00a0\u00bb min_height_tablet=\u00a0\u00bb50vh\u00a0\u00bb min_height_phone=\u00a0\u00bb50vh\u00a0\u00bb min_height_last_edited=\u00a0\u00bbon|phone\u00a0\u00bb overflow-x=\u00a0\u00bbvisible\u00a0\u00bb overflow-y=\u00a0\u00bbvisible\u00a0\u00bb custom_margin=\u00a0\u00bb0px||0px||false|false\u00a0\u00bb custom_padding=\u00a0\u00bb0px||0px||false|false\u00a0\u00bb border_radii=\u00a0\u00bboff|6px|||6px\u00a0\u00bb border_radii_tablet=\u00a0\u00bboff|0px|||0px\u00a0\u00bb border_radii_phone=\u00a0\u00bboff|0px|||0px\u00a0\u00bb border_radii_last_edited=\u00a0\u00bbon|phone\u00a0\u00bb global_colors_info=\u00a0\u00bb{}\u00a0\u00bb][et_pb_column type=\u00a0\u00bb4_4&Prime; _builder_version=\u00a0\u00bb4.27.4&Prime; _module_preset=\u00a0\u00bbdefault\u00a0\u00bb global_colors_info=\u00a0\u00bb{}\u00a0\u00bb][et_pb_text content_phone=\u00a0\u00bb<\/p>\n<h1 style=%22background-color: #005a9c; color: #ffffff; padding: 0px 10px 5px 10px; display: inline; line-height: 1.3;%22>Qualit\u00e9 durable  <\/h1>\n<p>\u00a0\u00bb content_last_edited=\u00a0\u00bboff|desktop\u00a0\u00bb _builder_version=\u00a0\u00bb4.27.5&Prime; _module_preset=\u00a0\u00bb02e0a404-5293-4b7f-91fe-61cb527a4584&Prime; header_font=\u00a0\u00bb|600|||||||\u00a0\u00bb header_text_color=\u00a0\u00bb#FFFFFF\u00a0\u00bb header_4_font=\u00a0\u00bb||||||||\u00a0\u00bb z_index=\u00a0\u00bb10&Prime; custom_margin=\u00a0\u00bb||16px|-7%|false|false\u00a0\u00bb custom_margin_tablet=\u00a0\u00bb||13px|5%|false|false\u00a0\u00bb custom_margin_phone=\u00a0\u00bb20vh||9px||false|false\u00a0\u00bb custom_margin_last_edited=\u00a0\u00bbon|desktop\u00a0\u00bb custom_padding=\u00a0\u00bb||0px|||\u00a0\u00bb global_colors_info=\u00a0\u00bb{}\u00a0\u00bb]<\/p>\n<h1 style=\"background-color: #005a9c; color: #ffffff; padding: 0px 10px 5px 10px; display: inline;\">Aweso Aperto 262\/264<\/h1>\n<p>[\/et_pb_text][\/et_pb_column][\/et_pb_row][\/et_pb_section][et_pb_section fb_built=\u00a0\u00bb1&Prime; _builder_version=\u00a0\u00bb4.27.5&Prime; _module_preset=\u00a0\u00bbdefault\u00a0\u00bb background_enable_image=\u00a0\u00bboff\u00a0\u00bb custom_margin=\u00a0\u00bb30px||0px||false|false\u00a0\u00bb custom_padding=\u00a0\u00bb0px||0px|0px|false|false\u00a0\u00bb global_colors_info=\u00a0\u00bb{}\u00a0\u00bb][et_pb_row column_structure=\u00a0\u00bb2_3,1_3&Prime; make_equal=\u00a0\u00bbon\u00a0\u00bb _builder_version=\u00a0\u00bb4.27.5&Prime; _module_preset=\u00a0\u00bbdefault\u00a0\u00bb background_enable_color=\u00a0\u00bboff\u00a0\u00bb background_enable_image=\u00a0\u00bboff\u00a0\u00bb width=\u00a0\u00bb84%\u00a0\u00bb width_tablet=\u00a0\u00bb80%\u00a0\u00bb module_alignment=\u00a0\u00bbright\u00a0\u00bb overflow-x=\u00a0\u00bbvisible\u00a0\u00bb overflow-y=\u00a0\u00bbvisible\u00a0\u00bb custom_margin=\u00a0\u00bb100px||||false|false\u00a0\u00bb custom_margin_tablet=\u00a0\u00bb0px||||false|false\u00a0\u00bb custom_margin_phone=\u00a0\u00bb0px||||false|false\u00a0\u00bb custom_margin_last_edited=\u00a0\u00bbon|tablet\u00a0\u00bb custom_padding=\u00a0\u00bb||||false|false\u00a0\u00bb module_alignment_tablet=\u00a0\u00bbcenter\u00a0\u00bb module_alignment_phone=\u00a0\u00bbcenter\u00a0\u00bb module_alignment_last_edited=\u00a0\u00bbon|tablet\u00a0\u00bb border_radii=\u00a0\u00bboff|6px|||6px\u00a0\u00bb global_colors_info=\u00a0\u00bb{}\u00a0\u00bb][et_pb_column type=\u00a0\u00bb2_3&Prime; module_class=\u00a0\u00bbvertikal-zentrieren\u00a0\u00bb _builder_version=\u00a0\u00bb4.27.5&Prime; _module_preset=\u00a0\u00bbdefault\u00a0\u00bb global_colors_info=\u00a0\u00bb{}\u00a0\u00bb][et_pb_text _builder_version=\u00a0\u00bb4.27.5&Prime; _module_preset=\u00a0\u00bbdefault\u00a0\u00bb text_font=\u00a0\u00bb|||on|||||\u00a0\u00bb text_text_color=\u00a0\u00bb#005A9C\u00a0\u00bb header_3_text_color=\u00a0\u00bb#F5F5F5&Prime; header_3_line_height=\u00a0\u00bb1.2em\u00a0\u00bb custom_margin=\u00a0\u00bb||20px||false|true\u00a0\u00bb custom_margin_tablet=\u00a0\u00bb|0px||0px|false|true\u00a0\u00bb custom_margin_phone=\u00a0\u00bb|0px||0px|false|true\u00a0\u00bb custom_margin_last_edited=\u00a0\u00bbon|phone\u00a0\u00bb global_colors_info=\u00a0\u00bb{}\u00a0\u00bb]<\/p>\n<p>Guichets coulissants suspendus<\/p>\n<p>[\/et_pb_text][et_pb_text _builder_version=\u00a0\u00bb4.27.5&Prime; _module_preset=\u00a0\u00bb06a830c8-fc68-4a08-8cf0-e7ed91571de2&Prime; text_text_color=\u00a0\u00bb#000000&Prime; header_3_font=\u00a0\u00bb|600|||||||\u00a0\u00bb header_3_text_color=\u00a0\u00bb#000000&Prime; header_3_font_size=\u00a0\u00bb28px\u00a0\u00bb header_3_line_height=\u00a0\u00bb1.3em\u00a0\u00bb global_colors_info=\u00a0\u00bb{}\u00a0\u00bb]<\/p>\n<h3>Les installations de guichet Aweso Aperto avec portes coulissantes suspendues offrent une grande diversit\u00e9 de variantes et s\u00e9duisent par leur design intemporel et \u00e9l\u00e9gant.<\/h3>\n<p>[\/et_pb_text][\/et_pb_column][et_pb_column type=\u00a0\u00bb1_3&Prime; module_class=\u00a0\u00bbvertikal-zentrieren\u00a0\u00bb _builder_version=\u00a0\u00bb4.27.5&Prime; _module_preset=\u00a0\u00bbdefault\u00a0\u00bb global_colors_info=\u00a0\u00bb{}\u00a0\u00bb][\/et_pb_column][\/et_pb_row][\/et_pb_section][et_pb_section fb_built=\u00a0\u00bb1&Prime; custom_padding_last_edited=\u00a0\u00bbon|tablet\u00a0\u00bb _builder_version=\u00a0\u00bb4.27.5&Prime; _module_preset=\u00a0\u00bbdefault\u00a0\u00bb overflow-x=\u00a0\u00bbvisible\u00a0\u00bb overflow-y=\u00a0\u00bbvisible\u00a0\u00bb custom_padding=\u00a0\u00bb||0px|||\u00a0\u00bb custom_padding_tablet=\u00a0\u00bb0px||0px||false|false\u00a0\u00bb custom_padding_phone=\u00a0\u00bb0px||0px||false|false\u00a0\u00bb global_colors_info=\u00a0\u00bb{}\u00a0\u00bb][et_pb_row column_structure=\u00a0\u00bb3_5,2_5&Prime; _builder_version=\u00a0\u00bb4.27.6&Prime; _module_preset=\u00a0\u00bbdefault\u00a0\u00bb overflow-x=\u00a0\u00bbvisible\u00a0\u00bb overflow-y=\u00a0\u00bbvisible\u00a0\u00bb global_colors_info=\u00a0\u00bb{}\u00a0\u00bb][et_pb_column type=\u00a0\u00bb3_5&Prime; _builder_version=\u00a0\u00bb4.27.5&Prime; _module_preset=\u00a0\u00bbdefault\u00a0\u00bb global_colors_info=\u00a0\u00bb{}\u00a0\u00bb][et_pb_code _builder_version=\u00a0\u00bb4.27.5&Prime; _module_preset=\u00a0\u00bbdefault\u00a0\u00bb global_colors_info=\u00a0\u00bb{}\u00a0\u00bb]<\/p>\n<div class=\"aweso-slider\"><!-- [et_pb_line_break_holder] -->  <\/p>\n<div class=\"slider-container\"><!-- [et_pb_line_break_holder] -->    <!-- [et_pb_line_break_holder] -->    <!-- Slide 1: Kontakt & Empfang --><!-- [et_pb_line_break_holder] -->    <\/p>\n<div class=\"slide active\"><!-- [et_pb_line_break_holder] -->      <img decoding=\"async\" src=\"https:\/\/aweso.ch\/wp-content\/uploads\/2026\/01\/Ap262_CentreHop_Sion2_ez_0611_korr_ret_1920x1280_72.jpg\" alt=\"Guichet d\u2019accueil Aweso Aperto\"><!-- [et_pb_line_break_holder] -->    <\/div>\n<p><!-- [et_pb_line_break_holder] -->    <!-- [et_pb_line_break_holder] -->    <!-- Slide 2: Designvarianten --><!-- [et_pb_line_break_holder] -->    <\/p>\n<div class=\"slide\"><!-- [et_pb_line_break_holder] -->      <img decoding=\"async\" src=\"https:\/\/aweso.ch\/wp-content\/uploads\/2026\/01\/Ap264_R30_1_ez_0708_1920x1280_72.jpg\" alt=\"Aweso Aperto tout verre vs cadre\"><!-- [et_pb_line_break_holder] -->    <\/div>\n<p><!-- [et_pb_line_break_holder] -->    <!-- [et_pb_line_break_holder] -->    <!-- Slide 3: Motorisierung --><!-- [et_pb_line_break_holder] -->    <\/p>\n<div class=\"slide\"><!-- [et_pb_line_break_holder] -->      <img decoding=\"async\" src=\"https:\/\/aweso.ch\/wp-content\/uploads\/2026\/01\/Ap262_EcoleNature_Jussy_2102_11_ez_0914_1920x1280_72.jpg\" alt=\"Aweso Aperto motorisation\"><!-- [et_pb_line_break_holder] -->    <\/div>\n<p><!-- [et_pb_line_break_holder] --><!-- [et_pb_line_break_holder] -->    <!-- Slide 4: Qualit\u00e4t & Langlebigkeit (Erg\u00e4nzt gem\u00e4ss Muster) --><!-- [et_pb_line_break_holder] -->    <\/p>\n<div class=\"slide\"><!-- [et_pb_line_break_holder] -->      <img decoding=\"async\" src=\"https:\/\/aweso.ch\/wp-content\/uploads\/2026\/01\/Ap262_Kspital_Sarnen_IMG_3310b_800x600_1920x1280_72.jpg\" alt=\"Qualit\u00e9 Aweso Aperto\"><!-- [et_pb_line_break_holder] -->    <\/div>\n<p><!-- [et_pb_line_break_holder] --><!-- [et_pb_line_break_holder] -->    <!-- Slide 5: Sicherheit & Verschluss (Erg\u00e4nzt gem\u00e4ss Muster) --><!-- [et_pb_line_break_holder] -->    <\/p>\n<div class=\"slide\"><!-- [et_pb_line_break_holder] -->      <img decoding=\"async\" src=\"https:\/\/aweso.ch\/wp-content\/uploads\/2026\/01\/Ap264_Camping_Avenches_ez_202307_DSC_0632_b_1920x1280_72.jpg\" alt=\"S\u00e9curit\u00e9 Aweso Aperto\"><!-- [et_pb_line_break_holder] -->    <\/div>\n<p><!-- [et_pb_line_break_holder] --><!-- [et_pb_line_break_holder] -->    <!-- Navigation Arrows --><!-- [et_pb_line_break_holder] -->    <button class=\"slider-arrow prev\" aria-label=\"Vorheriges Bild\"><!-- [et_pb_line_break_holder] -->      <span class=\"et-pb-icon\">4<\/span><!-- [et_pb_line_break_holder] -->    <\/button><!-- [et_pb_line_break_holder] -->    <button class=\"slider-arrow next\" aria-label=\"N\u00e4chstes Bild\"><!-- [et_pb_line_break_holder] -->      <span class=\"et-pb-icon\">5<\/span><!-- [et_pb_line_break_holder] -->    <\/button><!-- [et_pb_line_break_holder] --><!-- [et_pb_line_break_holder] -->  <\/div>\n<p><!-- [et_pb_line_break_holder] --><!-- [et_pb_line_break_holder] -->  <\/p>\n<div class=\"slider-text\"><!-- [et_pb_line_break_holder] -->    <!-- Text 1 --><!-- [et_pb_line_break_holder] -->    <pee class=\"text-content active\"><strong>Communication ouverte :<\/strong> le contact est au c\u0153ur des \u00e9changes. Les coulissants suspendus Aweso Aperto cr\u00e9ent un lien transparent entre le client et le personnel. Ils allient protection et ouverture et, gr\u00e2ce \u00e0 une technique \u00e0 coulissement fluide, assurent une utilisation d\u00e9tendue au quotidien.  <\/pee><!-- [et_pb_line_break_holder] -->    <!-- [et_pb_line_break_holder] -->    <!-- Text 2 --><!-- [et_pb_line_break_holder] -->    <pee class=\"text-content\"><strong>Design polyvalent :<\/strong> votre style fait la diff\u00e9rence. Choisissez entre le coulissant tout verre filigrane Aperto 262 pour une transparence maximale ou le syst\u00e8me \u00e0 cadre robuste Aperto 264. Les deux variantes s\u2019adaptent parfaitement \u00e0 vos contraintes architecturales.  <\/pee><!-- [et_pb_line_break_holder] -->    <!-- [et_pb_line_break_holder] -->    <!-- Text 3 --><!-- [et_pb_line_break_holder] -->    <pee class=\"text-content\"><strong>Confort sur simple pression :<\/strong> facilitez le quotidien de travail. La motorisation en option pour l\u2019Aperto 264 ouvre et ferme la fen\u00eatre en douceur et en silence. Id\u00e9al pour des acc\u00e8s sans obstacle ou les situations o\u00f9 une utilisation mains libres est requise.  <\/pee><!-- [et_pb_line_break_holder] -->    <!-- [et_pb_line_break_holder] -->    <!-- Text 4 --><!-- [et_pb_line_break_holder] -->    <pee class=\"text-content\"><strong>Qualit\u00e9 suisse :<\/strong> investissez dans la durabilit\u00e9. Des mat\u00e9riaux haut de gamme et une fabrication pr\u00e9cise garantissent que votre installation coulissante fonctionne parfaitement, m\u00eame apr\u00e8s des ann\u00e9es d\u2019utilisation intensive. Un investissement qui se rentabilise par sa fiabilit\u00e9.  <\/pee><!-- [et_pb_line_break_holder] -->    <!-- [et_pb_line_break_holder] -->    <!-- Text 5 --><!-- [et_pb_line_break_holder] -->    <pee class=\"text-content\"><strong>Verrouillage s\u00e9curis\u00e9 :<\/strong> prot\u00e9gez vos biens. Nos installations ne sont pas seulement \u00e9l\u00e9gantes, elles sont aussi s\u00fbres. Des verrous standard ou des serrures \u00e0 cylindre en option garantissent que votre zone de guichet est s\u00e9curis\u00e9e de mani\u00e8re fiable apr\u00e8s la fermeture.  <\/pee><!-- [et_pb_line_break_holder] -->  <\/div>\n<p><!-- [et_pb_line_break_holder] --><\/div>\n<p><!-- [et_pb_line_break_holder] -->[\/et_pb_code][\/et_pb_column][et_pb_column type=\u00a0\u00bb2_5&Prime; _builder_version=\u00a0\u00bb4.27.5&Prime; _module_preset=\u00a0\u00bbdefault\u00a0\u00bb global_colors_info=\u00a0\u00bb{}\u00a0\u00bb][et_pb_text _builder_version=\u00a0\u00bb4.27.5&Prime; _module_preset=\u00a0\u00bb06a830c8-fc68-4a08-8cf0-e7ed91571de2&Prime; text_text_color=\u00a0\u00bb#000000&Prime; header_3_font=\u00a0\u00bb|600|||||||\u00a0\u00bb header_3_text_color=\u00a0\u00bb#000000&Prime; header_3_font_size=\u00a0\u00bb28px\u00a0\u00bb header_3_line_height=\u00a0\u00bb1.3em\u00a0\u00bb custom_margin=\u00a0\u00bb||20px||false|false\u00a0\u00bb global_colors_info=\u00a0\u00bb{}\u00a0\u00bb]<\/p>\n<h3>Tout en un coup d\u2019\u0153il<\/h3>\n<p>[\/et_pb_text][et_pb_code _builder_version=\u00a0\u00bb4.27.5&Prime; _module_preset=\u00a0\u00bbdefault\u00a0\u00bb global_colors_info=\u00a0\u00bb{}\u00a0\u00bb]<\/p>\n<div class=\"aweso-accordion\"><!-- [et_pb_line_break_holder] -->  <\/p>\n<div class=\"accordion-item\"><!-- [et_pb_line_break_holder] -->    <button class=\"accordion-button\"><!-- [et_pb_line_break_holder] -->      <span>Aperto 262<\/span><!-- [et_pb_line_break_holder] -->      <span class=\"accordion-icon\">\u203a<\/span><!-- [et_pb_line_break_holder] -->    <\/button><!-- [et_pb_line_break_holder] -->    <\/p>\n<div class=\"accordion-content\"><!-- [et_pb_line_break_holder] -->      <\/p>\n<div class=\"accordion-content-inner\"><!-- [et_pb_line_break_holder] -->        <\/p>\n<ul><!-- [et_pb_line_break_holder] -->          <\/p>\n<li>Coulissant parall\u00e8le<\/li>\n<p><!-- [et_pb_line_break_holder] -->          <\/p>\n<li>Roulement sup\u00e9rieur<\/li>\n<p><!-- [et_pb_line_break_holder] -->          <\/p>\n<li>Pour verre tremp\u00e9 ESG 6 mm<\/li>\n<p><!-- [et_pb_line_break_holder] -->          <\/p>\n<li>Hmax = 1500 mm (statique du verre \u00e0 pr\u00e9voir sur site)<\/li>\n<p><!-- [et_pb_line_break_holder] -->          <\/p>\n<li>Poids d&rsquo;\u00e9l\u00e9ment coulissant max. 40 kg <\/li>\n<p><!-- [et_pb_line_break_holder] -->        <\/ul>\n<p><!-- [et_pb_line_break_holder] -->      <\/div>\n<p><!-- [et_pb_line_break_holder] -->    <\/div>\n<p><!-- [et_pb_line_break_holder] -->  <\/div>\n<p><!-- [et_pb_line_break_holder] -->  <!-- [et_pb_line_break_holder] -->  <\/p>\n<div class=\"accordion-item\"><!-- [et_pb_line_break_holder] -->    <button class=\"accordion-button\"><!-- [et_pb_line_break_holder] -->      <span>Aperto 264<\/span><!-- [et_pb_line_break_holder] -->      <span class=\"accordion-icon\">\u203a<\/span><!-- [et_pb_line_break_holder] -->    <\/button><!-- [et_pb_line_break_holder] -->    <\/p>\n<div class=\"accordion-content\"><!-- [et_pb_line_break_holder] -->      <\/p>\n<div class=\"accordion-content-inner\"><!-- [et_pb_line_break_holder] -->        <\/p>\n<ul><!-- [et_pb_line_break_holder] -->          <\/p>\n<li>Coulissant parall\u00e8le<\/li>\n<p><!-- [et_pb_line_break_holder] -->          <\/p>\n<li>Roulement sup\u00e9rieur<\/li>\n<p><!-- [et_pb_line_break_holder] -->          <\/p>\n<li>Pour verre tremp\u00e9 ESG 6\u201310 mm<\/li>\n<p><!-- [et_pb_line_break_holder] -->          <\/p>\n<li>Pour vitrage isolant 24 mm<\/li>\n<p><!-- [et_pb_line_break_holder] -->        <\/ul>\n<p><!-- [et_pb_line_break_holder] -->      <\/div>\n<p><!-- [et_pb_line_break_holder] -->    <\/div>\n<p><!-- [et_pb_line_break_holder] -->  <\/div>\n<p><!-- [et_pb_line_break_holder] -->  <!-- [et_pb_line_break_holder] -->  <\/p>\n<div class=\"accordion-item\"><!-- [et_pb_line_break_holder] -->    <button class=\"accordion-button\"><!-- [et_pb_line_break_holder] -->      <span>Options<\/span><!-- [et_pb_line_break_holder] -->      <span class=\"accordion-icon\">\u203a<\/span><!-- [et_pb_line_break_holder] -->    <\/button><!-- [et_pb_line_break_holder] -->    <\/p>\n<div class=\"accordion-content\"><!-- [et_pb_line_break_holder] -->      <\/p>\n<div class=\"accordion-content-inner\"><!-- [et_pb_line_break_holder] -->        <\/p>\n<ul><!-- [et_pb_line_break_holder] -->          <\/p>\n<li>Avec\/sans cadre en aluminium (type 262)<\/li>\n<p><!-- [et_pb_line_break_holder] -->          <\/p>\n<li>Avec\/sans cadre en acier (type 264)<\/li>\n<p><!-- [et_pb_line_break_holder] -->          <\/p>\n<li>Avec\/sans profil\u00e9 anti-poussi\u00e8re (type 262)<\/li>\n<p><!-- [et_pb_line_break_holder] -->          <\/p>\n<li>Fermeture : verrou, cylindre<\/li>\n<p><!-- [et_pb_line_break_holder] -->          <\/p>\n<li>Commande : manuelle \/ motoris\u00e9e (type 264)<\/li>\n<p><!-- [et_pb_line_break_holder] -->          <\/p>\n<li>Avec\/sans isolation thermique (type 264)<\/li>\n<p><!-- [et_pb_line_break_holder] -->        <\/ul>\n<p><!-- [et_pb_line_break_holder] -->      <\/div>\n<p><!-- [et_pb_line_break_holder] -->    <\/div>\n<p><!-- [et_pb_line_break_holder] -->  <\/div>\n<p><!-- [et_pb_line_break_holder] -->  <!-- [et_pb_line_break_holder] -->  <\/p>\n<div class=\"accordion-item\"><!-- [et_pb_line_break_holder] -->    <button class=\"accordion-button\"><!-- [et_pb_line_break_holder] -->      <span>Domaines d\u2019utilisation des coulissants suspendus <\/span><!-- [et_pb_line_break_holder] -->      <span class=\"accordion-icon\">\u203a<\/span><!-- [et_pb_line_break_holder] -->    <\/button><!-- [et_pb_line_break_holder] -->    <\/p>\n<div class=\"accordion-content\"><!-- [et_pb_line_break_holder] -->      <\/p>\n<div class=\"accordion-content-inner\"><!-- [et_pb_line_break_holder] -->        <\/p>\n<ul><!-- [et_pb_line_break_holder] -->          <\/p>\n<li>Accueil<\/li>\n<p><!-- [et_pb_line_break_holder] -->          <\/p>\n<li>Guichet de vente<\/li>\n<p><!-- [et_pb_line_break_holder] -->          <\/p>\n<li>Armoire de cuisine<\/li>\n<p><!-- [et_pb_line_break_holder] -->          <\/p>\n<li>Remise de marchandises<\/li>\n<p><!-- [et_pb_line_break_holder] -->          <\/p>\n<li>Guichet d\u2019accueil<\/li>\n<p><!-- [et_pb_line_break_holder] -->        <\/ul>\n<p><!-- [et_pb_line_break_holder] -->      <\/div>\n<p><!-- [et_pb_line_break_holder] -->    <\/div>\n<p><!-- [et_pb_line_break_holder] -->  <\/div>\n<p><!-- [et_pb_line_break_holder] --><\/div>\n<p><!-- [et_pb_line_break_holder] -->[\/et_pb_code][et_pb_code disabled_on=\u00a0\u00bbon|on|on\u00a0\u00bb _builder_version=\u00a0\u00bb4.27.6&Prime; _module_preset=\u00a0\u00bbdefault\u00a0\u00bb custom_margin=\u00a0\u00bb||70px||false|false\u00a0\u00bb disabled=\u00a0\u00bbon\u00a0\u00bb global_colors_info=\u00a0\u00bb{}\u00a0\u00bb]<a href=\"https:\/\/aweso.ch\/fr\/commandes\/\" class=\"custom-button-slide\"><!-- [et_pb_line_break_holder] -->  <span>Demander\/Commander<\/span><!-- [et_pb_line_break_holder] --><\/a><!-- [et_pb_line_break_holder] -->[\/et_pb_code][et_pb_text _builder_version=\u00a0\u00bb4.27.5&Prime; _module_preset=\u00a0\u00bb06a830c8-fc68-4a08-8cf0-e7ed91571de2&Prime; text_text_color=\u00a0\u00bb#000000&Prime; header_3_font=\u00a0\u00bb|600|||||||\u00a0\u00bb header_3_text_color=\u00a0\u00bb#000000&Prime; header_3_font_size=\u00a0\u00bb28px\u00a0\u00bb header_3_line_height=\u00a0\u00bb1.3em\u00a0\u00bb custom_margin=\u00a0\u00bb60px||20px||false|false\u00a0\u00bb global_colors_info=\u00a0\u00bb{}\u00a0\u00bb]<\/p>\n<h3>Images de r\u00e9f\u00e9rence<\/h3>\n<p>[\/et_pb_text][et_pb_code _builder_version=\u00a0\u00bb4.27.6&Prime; _module_preset=\u00a0\u00bbdefault\u00a0\u00bb custom_margin=\u00a0\u00bb||||false|false\u00a0\u00bb custom_margin_tablet=\u00a0\u00bb||20px||false|false\u00a0\u00bb custom_margin_phone=\u00a0\u00bb||20px||false|false\u00a0\u00bb custom_margin_last_edited=\u00a0\u00bbon|tablet\u00a0\u00bb global_colors_info=\u00a0\u00bb{}\u00a0\u00bb]<a href=\"https:\/\/aweso.ch\/fr\/aweso-aperto-262_264-reference\/\" class=\"custom-button-slide\"><!-- [et_pb_line_break_holder] -->  <span>Plus<\/span><!-- [et_pb_line_break_holder] --><\/a><!-- [et_pb_line_break_holder] -->[\/et_pb_code][\/et_pb_column][\/et_pb_row][\/et_pb_section][et_pb_section fb_built=\u00a0\u00bb1&Prime; _builder_version=\u00a0\u00bb4.27.5&Prime; _module_preset=\u00a0\u00bbdefault\u00a0\u00bb custom_margin=\u00a0\u00bb||100px||false|false\u00a0\u00bb custom_margin_tablet=\u00a0\u00bb||0px||false|false\u00a0\u00bb custom_margin_phone=\u00a0\u00bb||0px||false|false\u00a0\u00bb custom_margin_last_edited=\u00a0\u00bbon|tablet\u00a0\u00bb custom_padding=\u00a0\u00bb0px|||||\u00a0\u00bb global_colors_info=\u00a0\u00bb{}\u00a0\u00bb][et_pb_row custom_padding_last_edited=\u00a0\u00bbon|tablet\u00a0\u00bb _builder_version=\u00a0\u00bb4.27.6&Prime; _module_preset=\u00a0\u00bbdefault\u00a0\u00bb custom_margin=\u00a0\u00bb||||false|false\u00a0\u00bb custom_padding=\u00a0\u00bb||0px||false|false\u00a0\u00bb custom_padding_tablet=\u00a0\u00bb20px||||false|false\u00a0\u00bb custom_padding_phone=\u00a0\u00bb20px||||false|false\u00a0\u00bb global_colors_info=\u00a0\u00bb{}\u00a0\u00bb][et_pb_column type=\u00a0\u00bb4_4&Prime; _builder_version=\u00a0\u00bb4.27.5&Prime; _module_preset=\u00a0\u00bbdefault\u00a0\u00bb global_colors_info=\u00a0\u00bb{}\u00a0\u00bb][et_pb_text _builder_version=\u00a0\u00bb4.27.5&Prime; _module_preset=\u00a0\u00bbdefault\u00a0\u00bb global_colors_info=\u00a0\u00bb{}\u00a0\u00bb]<\/p>\n<h2>T\u00e9l\u00e9charger<\/h2>\n<p>[\/et_pb_text][\/et_pb_column][\/et_pb_row][et_pb_row column_structure=\u00a0\u00bb1_2,1_2&Prime; _builder_version=\u00a0\u00bb4.27.5&Prime; _module_preset=\u00a0\u00bbdefault\u00a0\u00bb global_colors_info=\u00a0\u00bb{}\u00a0\u00bb][et_pb_column type=\u00a0\u00bb1_2&Prime; _builder_version=\u00a0\u00bb4.27.5&Prime; _module_preset=\u00a0\u00bbdefault\u00a0\u00bb global_colors_info=\u00a0\u00bb{}\u00a0\u00bb][et_pb_text _builder_version=\u00a0\u00bb4.27.5&Prime; _module_preset=\u00a0\u00bbdefault\u00a0\u00bb global_colors_info=\u00a0\u00bb{}\u00a0\u00bb]<strong>Coulissant suspendu<br \/>\nAweso Aperto 262\/264<\/strong>[\/et_pb_text][et_pb_code _builder_version=\u00a0\u00bb4.27.7&Prime; _module_preset=\u00a0\u00bbdefault\u00a0\u00bb hover_enabled=\u00a0\u00bb0&Prime; global_colors_info=\u00a0\u00bb{}\u00a0\u00bb sticky_enabled=\u00a0\u00bb0&Prime;]<\/p>\n<div class=\"aweso-downloads\"><!-- [et_pb_line_break_holder] -->  <a href=\"https:\/\/aweso.ch\/wp-content\/uploads\/2026\/01\/Prospekt_Innenverglasungen.pdf\" class=\"download-link\" download=\"\"><!-- [et_pb_line_break_holder] -->    <span class=\"download-icon et-pb-icon\">b<\/span><!-- [et_pb_line_break_holder] -->    <span class=\"download-text\">Prospectus vitrages int\u00e9rieurs<\/span><!-- [et_pb_line_break_holder] -->  <\/a><!-- [et_pb_line_break_holder] -->  <!-- [et_pb_line_break_holder] -->  <a href=\"https:\/\/aweso.ch\/wp-content\/uploads\/2026\/01\/Katalog-Ap-262.pdf\" class=\"download-link\" download=\"\"><!-- [et_pb_line_break_holder] -->    <span class=\"download-icon et-pb-icon\">b<\/span><!-- [et_pb_line_break_holder] -->    <span class=\"download-text\">Catalogue Aperto 262<\/span><!-- [et_pb_line_break_holder] -->  <\/a><!-- [et_pb_line_break_holder] -->  <!-- [et_pb_line_break_holder] -->  <a href=\"https:\/\/aweso.ch\/wp-content\/uploads\/2026\/01\/Katalog-Ap-264.pdf\" class=\"download-link\" download=\"\"><!-- [et_pb_line_break_holder] -->    <span class=\"download-icon et-pb-icon\">b<\/span><!-- [et_pb_line_break_holder] -->    <span class=\"download-text\">Catalogue Aperto 264<\/span><!-- [et_pb_line_break_holder] -->  <\/a><!-- [et_pb_line_break_holder] -->  <!-- [et_pb_line_break_holder] --> <!-- [et_pb_line_break_holder] -->  <!-- [et_pb_line_break_holder] -->  <a href=\"https:\/\/aweso.ch\/wp-content\/uploads\/2026\/01\/Ausschreibung-264-d.pdf\" class=\"download-link\" download=\"\"><!-- [et_pb_line_break_holder] -->    <span class=\"download-icon et-pb-icon\">b<\/span><!-- [et_pb_line_break_holder] -->    <span class=\"download-text\">Texte d&rsquo;appel d&rsquo;offres Aperto 264<\/span><!-- [et_pb_line_break_holder] -->  <\/a><!-- [et_pb_line_break_holder] -->  <!-- [et_pb_line_break_holder] -->  <a href=\"https:\/\/aweso.ch\/wp-content\/uploads\/2026\/03\/Montage-Ap-262-ganzglas-f.pdf\" class=\"download-link\" download=\"\"><!-- [et_pb_line_break_holder] -->    <span class=\"download-icon et-pb-icon\">b<\/span><!-- [et_pb_line_break_holder] -->    <span class=\"download-text\">Instructions de montage Aperto 262 tout en verre<\/span><!-- [et_pb_line_break_holder] -->  <\/a><!-- [et_pb_line_break_holder] -->  <!-- [et_pb_line_break_holder] -->  <a href=\"https:\/\/aweso.ch\/wp-content\/uploads\/2026\/03\/Montage-Ap-262-Rahmen-f.pdf\" class=\"download-link\" download=\"\"><!-- [et_pb_line_break_holder] -->    <span class=\"download-icon et-pb-icon\">b<\/span><!-- [et_pb_line_break_holder] -->    <span class=\"download-text\">Instructions de montage Aperto 262 avec cadre<\/span><!-- [et_pb_line_break_holder] -->  <\/a><!-- [et_pb_line_break_holder] -->  <!-- [et_pb_line_break_holder] -->  <a href=\"https:\/\/aweso.ch\/wp-content\/uploads\/2026\/01\/Montage-Ap-264-d-f.pdf\" class=\"download-link\" download=\"\"><!-- [et_pb_line_break_holder] -->    <span class=\"download-icon et-pb-icon\">b<\/span><!-- [et_pb_line_break_holder] -->    <span class=\"download-text\">Instructions de montage Aperto 264<\/span><!-- [et_pb_line_break_holder] -->  <\/a><!-- [et_pb_line_break_holder] -->  <!-- [et_pb_line_break_holder] -->  <a href=\"https:\/\/aweso.ch\/wp-content\/uploads\/2026\/07\/Bedienungshinweise-Aperto-262-df.pdf\" class=\"download-link\" download=\"\"><!-- [et_pb_line_break_holder] -->    <span class=\"download-icon et-pb-icon\">b<\/span><!-- [et_pb_line_break_holder] -->    <span class=\"download-text\">Astuces d\u2019emploi Aperto 262<\/span><!-- [et_pb_line_break_holder] -->  <\/a><!-- [et_pb_line_break_holder] --><\/div>\n<p><!-- [et_pb_line_break_holder] -->[\/et_pb_code][\/et_pb_column][et_pb_column type=\u00a0\u00bb1_2&Prime; _builder_version=\u00a0\u00bb4.27.5&Prime; _module_preset=\u00a0\u00bbdefault\u00a0\u00bb global_colors_info=\u00a0\u00bb{}\u00a0\u00bb][\/et_pb_column][\/et_pb_row][et_pb_row _builder_version=\u00a0\u00bb4.27.4&Prime; _module_preset=\u00a0\u00bbdefault\u00a0\u00bb custom_padding=\u00a0\u00bb||0px|||\u00a0\u00bb global_colors_info=\u00a0\u00bb{}\u00a0\u00bb][et_pb_column type=\u00a0\u00bb4_4&Prime; _builder_version=\u00a0\u00bb4.27.4&Prime; _module_preset=\u00a0\u00bbdefault\u00a0\u00bb global_colors_info=\u00a0\u00bb{}\u00a0\u00bb][et_pb_text _builder_version=\u00a0\u00bb4.27.5&Prime; _module_preset=\u00a0\u00bbdefault\u00a0\u00bb custom_margin=\u00a0\u00bb||11px||false|false\u00a0\u00bb global_colors_info=\u00a0\u00bb{}\u00a0\u00bb]<\/p>\n<h2>Vos interlocuteurs<\/h2>\n<p>[\/et_pb_text][\/et_pb_column][\/et_pb_row][et_pb_row column_structure=\u00a0\u00bb1_4,1_4,1_4,1_4&Prime; _builder_version=\u00a0\u00bb4.27.7&Prime; _module_preset=\u00a0\u00bbdefault\u00a0\u00bb global_colors_info=\u00a0\u00bb{}\u00a0\u00bb][et_pb_column type=\u00a0\u00bb1_4&Prime; admin_label=\u00a0\u00bbRapha\u00ebl Baudois\u00a0\u00bb _builder_version=\u00a0\u00bb4.27.7&Prime; _module_preset=\u00a0\u00bbdefault\u00a0\u00bb global_colors_info=\u00a0\u00bb{}\u00a0\u00bb][et_pb_image src=\u00a0\u00bbhttps:\/\/aweso.ch\/wp-content\/uploads\/2026\/07\/raphael-baudois-aweso-web.jpg\u00a0\u00bb title_text=\u00a0\u00bbraphael-baudois-aweso-web\u00a0\u00bb _builder_version=\u00a0\u00bb4.27.7&Prime; _module_preset=\u00a0\u00bbdefault\u00a0\u00bb custom_margin=\u00a0\u00bb||20px||false|false\u00a0\u00bb border_radii=\u00a0\u00bbon|6px|6px|6px|6px\u00a0\u00bb global_colors_info=\u00a0\u00bb{}\u00a0\u00bb][\/et_pb_image][et_pb_text _builder_version=\u00a0\u00bb4.27.7&Prime; _module_preset=\u00a0\u00bbdefault\u00a0\u00bb custom_margin=\u00a0\u00bb||0px||false|false\u00a0\u00bb custom_padding=\u00a0\u00bb||||false|false\u00a0\u00bb global_colors_info=\u00a0\u00bb{}\u00a0\u00bb]<\/p>\n<h3><strong>Rapha\u00ebl Baudois<\/strong><\/h3>\n<p>[\/et_pb_text][et_pb_text _builder_version=\u00a0\u00bb4.27.7&Prime; _module_preset=\u00a0\u00bbdefault\u00a0\u00bb custom_margin=\u00a0\u00bb||30px||false|false\u00a0\u00bb global_colors_info=\u00a0\u00bb{}\u00a0\u00bb]<\/p>\n<p>Responsable service interne<br \/>Membre de la direction<\/p>\n<p>Direct : <a href=\"tel:+%2041449330115\">+41 44 933 01 15<\/a><br \/>E-mail : <a href=\"mailto:raphael.baudois@aweso.ch\">raphael.baudois@aweso.ch<\/a><\/p>\n<\/p>\n<p>[\/et_pb_text][\/et_pb_column][et_pb_column type=\u00a0\u00bb1_4&Prime; admin_label=\u00a0\u00bbDuet Alimi\u00a0\u00bb _builder_version=\u00a0\u00bb4.27.5&Prime; _module_preset=\u00a0\u00bbdefault\u00a0\u00bb global_colors_info=\u00a0\u00bb{}\u00a0\u00bb][et_pb_image src=\u00a0\u00bbhttps:\/\/aweso.ch\/wp-content\/uploads\/2026\/01\/duet-alimi-aweso-web.jpg\u00a0\u00bb title_text=\u00a0\u00bbduet-alimi-aweso-web\u00a0\u00bb _builder_version=\u00a0\u00bb4.27.5&Prime; _module_preset=\u00a0\u00bbdefault\u00a0\u00bb custom_margin=\u00a0\u00bb||20px||false|false\u00a0\u00bb border_radii=\u00a0\u00bbon|6px|6px|6px|6px\u00a0\u00bb global_colors_info=\u00a0\u00bb{}\u00a0\u00bb][\/et_pb_image][et_pb_text _builder_version=\u00a0\u00bb4.27.5&Prime; _module_preset=\u00a0\u00bbdefault\u00a0\u00bb custom_margin=\u00a0\u00bb||0px||false|false\u00a0\u00bb custom_padding=\u00a0\u00bb||||false|false\u00a0\u00bb global_colors_info=\u00a0\u00bb{}\u00a0\u00bb]<\/p>\n<h3>Duet Alimi<\/h3>\n<p>[\/et_pb_text][et_pb_text _builder_version=\u00a0\u00bb4.27.5&Prime; _module_preset=\u00a0\u00bbdefault\u00a0\u00bb custom_margin=\u00a0\u00bb||30px||false|false\u00a0\u00bb global_colors_info=\u00a0\u00bb{}\u00a0\u00bb]Collaborateur technico-commercial<\/p>\n<p>Direct : <a href=\"tel:+%2041449330109\">+41 44 933 01 09<\/a><br \/>\nE-mail : <a href=\"mailto:duet.alimi@aweso.ch\">duet.alimi@aweso.ch<\/a>[\/et_pb_text][\/et_pb_column][et_pb_column type=\u00a0\u00bb1_4&Prime; admin_label=\u00a0\u00bbGaetana Di Ruggiero\u00a0\u00bb _builder_version=\u00a0\u00bb4.27.5&Prime; _module_preset=\u00a0\u00bbdefault\u00a0\u00bb global_colors_info=\u00a0\u00bb{}\u00a0\u00bb][et_pb_image src=\u00a0\u00bbhttps:\/\/aweso.ch\/wp-content\/uploads\/2026\/01\/gaetana-di-ruggiero-aweso-web.jpg\u00a0\u00bb title_text=\u00a0\u00bbgaetana-di-ruggiero-aweso-web\u00a0\u00bb _builder_version=\u00a0\u00bb4.27.5&Prime; _module_preset=\u00a0\u00bbdefault\u00a0\u00bb custom_margin=\u00a0\u00bb||20px||false|false\u00a0\u00bb border_radii=\u00a0\u00bbon|6px|6px|6px|6px\u00a0\u00bb global_colors_info=\u00a0\u00bb{}\u00a0\u00bb][\/et_pb_image][et_pb_text _builder_version=\u00a0\u00bb4.27.5&Prime; _module_preset=\u00a0\u00bbdefault\u00a0\u00bb custom_margin=\u00a0\u00bb||0px||false|false\u00a0\u00bb custom_padding=\u00a0\u00bb||||false|false\u00a0\u00bb global_colors_info=\u00a0\u00bb{}\u00a0\u00bb]<\/p>\n<h3>Gaetana Di Ruggiero<br \/>\n<\/h3>\n<p>[\/et_pb_text][et_pb_text _builder_version=\u00a0\u00bb4.27.5&Prime; _module_preset=\u00a0\u00bbdefault\u00a0\u00bb custom_margin=\u00a0\u00bb||30px||false|false\u00a0\u00bb global_colors_info=\u00a0\u00bb{}\u00a0\u00bb]<\/p>\n<p>Collaboratrice technico-commerciale<\/p>\n<p>Direct : <a href=\"tel:+41449330101\">+41 44 933 01 01<\/a><br \/>E-mail : <a href=\"mailto:gaetana.diruggiero@aweso.ch\">gaetana.diruggiero@aweso.ch<\/a><\/p>\n<p>[\/et_pb_text][\/et_pb_column][et_pb_column type=\u00a0\u00bb1_4&Prime; _builder_version=\u00a0\u00bb4.27.5&Prime; _module_preset=\u00a0\u00bbdefault\u00a0\u00bb global_colors_info=\u00a0\u00bb{}\u00a0\u00bb][\/et_pb_column][\/et_pb_row][\/et_pb_section]<\/p>\n","protected":false},"excerpt":{"rendered":"<p>vers la vue d&rsquo;ensembleAweso Aperto 262\/264Guichets coulissants suspendusLes installations de guichet Aweso Aperto avec portes coulissantes suspendues offrent une grande diversit\u00e9 de variantes et s\u00e9duisent par leur design intemporel et \u00e9l\u00e9gant.Tout en un coup d\u2019\u0153ilImages de r\u00e9f\u00e9renceT\u00e9l\u00e9chargerCoulissant suspendu Aweso Aperto 262\/264Vos interlocuteursRapha\u00ebl BaudoisResponsable service interneMembre de la direction Direct : +41 44 933 01 15E-mail [&hellip;]<\/p>\n","protected":false},"author":1,"featured_media":0,"parent":0,"menu_order":0,"comment_status":"closed","ping_status":"closed","template":"","meta":{"_et_pb_use_builder":"on","_et_pb_old_content":"","_et_gb_content_width":"","footnotes":""},"dipi_cpt_category":[],"wf_page_folders":[22],"class_list":["post-1439","page","type-page","status-publish","hentry"],"_links":{"self":[{"href":"https:\/\/aweso.ch\/fr\/wp-json\/wp\/v2\/pages\/1439","targetHints":{"allow":["GET"]}}],"collection":[{"href":"https:\/\/aweso.ch\/fr\/wp-json\/wp\/v2\/pages"}],"about":[{"href":"https:\/\/aweso.ch\/fr\/wp-json\/wp\/v2\/types\/page"}],"author":[{"embeddable":true,"href":"https:\/\/aweso.ch\/fr\/wp-json\/wp\/v2\/users\/1"}],"replies":[{"embeddable":true,"href":"https:\/\/aweso.ch\/fr\/wp-json\/wp\/v2\/comments?post=1439"}],"version-history":[{"count":3,"href":"https:\/\/aweso.ch\/fr\/wp-json\/wp\/v2\/pages\/1439\/revisions"}],"predecessor-version":[{"id":2426,"href":"https:\/\/aweso.ch\/fr\/wp-json\/wp\/v2\/pages\/1439\/revisions\/2426"}],"wp:attachment":[{"href":"https:\/\/aweso.ch\/fr\/wp-json\/wp\/v2\/media?parent=1439"}],"wp:term":[{"taxonomy":"dipi_cpt_category","embeddable":true,"href":"https:\/\/aweso.ch\/fr\/wp-json\/wp\/v2\/dipi_cpt_category?post=1439"},{"taxonomy":"wf_page_folders","embeddable":true,"href":"https:\/\/aweso.ch\/fr\/wp-json\/wp\/v2\/wf_page_folders?post=1439"}],"curies":[{"name":"wp","href":"https:\/\/api.w.org\/{rel}","templated":true}]}}