{"id":1417,"date":"2026-01-14T22:01:34","date_gmt":"2026-01-14T22:01:34","guid":{"rendered":"https:\/\/aweso.mklkreativ.ch\/actualites\/"},"modified":"2026-06-16T11:51:42","modified_gmt":"2026-06-16T11:51:42","slug":"actualites","status":"publish","type":"page","link":"https:\/\/aweso.ch\/fr\/actualites\/","title":{"rendered":"Actualit\u00e9s"},"content":{"rendered":"<p>[et_pb_section fb_built=\u00a0\u00bb1&Prime; _builder_version=\u00a0\u00bb4.27.5&Prime; _module_preset=\u00a0\u00bbdefault\u00a0\u00bb background_enable_image=\u00a0\u00bboff\u00a0\u00bb custom_margin=\u00a0\u00bb100px||0px||false|false\u00a0\u00bb custom_padding=\u00a0\u00bb0px||0px|0px|false|false\u00a0\u00bb global_colors_info=\u00a0\u00bb{}\u00a0\u00bb][et_pb_row module_class=\u00a0\u00bbvertikal-zentrieren\u00a0\u00bb _builder_version=\u00a0\u00bb4.27.5&Prime; _module_preset=\u00a0\u00bbdefault\u00a0\u00bb background_enable_image=\u00a0\u00bboff\u00a0\u00bb width=\u00a0\u00bb84%\u00a0\u00bb width_tablet=\u00a0\u00bb100%\u00a0\u00bb width_phone=\u00a0\u00bb100%\u00a0\u00bb module_alignment=\u00a0\u00bbright\u00a0\u00bb overflow-x=\u00a0\u00bbvisible\u00a0\u00bb overflow-y=\u00a0\u00bbvisible\u00a0\u00bb custom_margin=\u00a0\u00bb0px||0px||false|false\u00a0\u00bb custom_padding=\u00a0\u00bb0px||0px||false|false\u00a0\u00bb border_radii=\u00a0\u00bboff|6px|||6px\u00a0\u00bb global_colors_info=\u00a0\u00bb{}\u00a0\u00bb][et_pb_column type=\u00a0\u00bb4_4&Prime; _builder_version=\u00a0\u00bb4.27.4&Prime; _module_preset=\u00a0\u00bbdefault\u00a0\u00bb global_colors_info=\u00a0\u00bb{}\u00a0\u00bb][et_pb_text _builder_version=\u00a0\u00bb4.27.5&Prime; _module_preset=\u00a0\u00bb02e0a404-5293-4b7f-91fe-61cb527a4584&Prime; header_font=\u00a0\u00bb|600|||||||\u00a0\u00bb header_text_color=\u00a0\u00bb#FFFFFF\u00a0\u00bb header_4_font=\u00a0\u00bb||||||||\u00a0\u00bb z_index=\u00a0\u00bb10&Prime; custom_margin=\u00a0\u00bb||16px|-7%|false|false\u00a0\u00bb custom_margin_tablet=\u00a0\u00bb||17px|5%|false|false\u00a0\u00bb custom_margin_phone=\u00a0\u00bb||9px||false|false\u00a0\u00bb custom_margin_last_edited=\u00a0\u00bbon|desktop\u00a0\u00bb custom_padding=\u00a0\u00bb||0px|||\u00a0\u00bb global_colors_info=\u00a0\u00bb{}\u00a0\u00bb]<\/p>\n<h1 style=\"background-color: #005a9c; color: #ffffff; padding: 0px 10px 5px 10px; display: inline; line-height: 1.3;\">Actualit\u00e9s<\/h1>\n<p>[\/et_pb_text][\/et_pb_column][\/et_pb_row][\/et_pb_section][et_pb_section fb_built=\u00a0\u00bb1&Prime; _builder_version=\u00a0\u00bb4.27.5&Prime; _module_preset=\u00a0\u00bbdefault\u00a0\u00bb background_enable_image=\u00a0\u00bboff\u00a0\u00bb custom_margin=\u00a0\u00bb20px||||false|false\u00a0\u00bb custom_padding=\u00a0\u00bb|||0px|false|false\u00a0\u00bb global_colors_info=\u00a0\u00bb{}\u00a0\u00bb][et_pb_row module_class=\u00a0\u00bbvertikal-zentrieren\u00a0\u00bb _builder_version=\u00a0\u00bb4.27.5&Prime; _module_preset=\u00a0\u00bbdefault\u00a0\u00bb background_enable_image=\u00a0\u00bboff\u00a0\u00bb width=\u00a0\u00bb84%\u00a0\u00bb width_tablet=\u00a0\u00bb80%\u00a0\u00bb module_alignment=\u00a0\u00bbright\u00a0\u00bb overflow-x=\u00a0\u00bbvisible\u00a0\u00bb overflow-y=\u00a0\u00bbvisible\u00a0\u00bb custom_margin=\u00a0\u00bb0px||0px||false|false\u00a0\u00bb custom_margin_tablet=\u00a0\u00bb0px||0px||false|false\u00a0\u00bb custom_margin_phone=\u00a0\u00bb0px||0px||false|false\u00a0\u00bb custom_margin_last_edited=\u00a0\u00bbon|desktop\u00a0\u00bb custom_padding=\u00a0\u00bb0px||0px||false|false\u00a0\u00bb module_alignment_tablet=\u00a0\u00bbcenter\u00a0\u00bb module_alignment_phone=\u00a0\u00bbcenter\u00a0\u00bb module_alignment_last_edited=\u00a0\u00bbon|tablet\u00a0\u00bb border_radii=\u00a0\u00bboff|6px|||6px\u00a0\u00bb global_colors_info=\u00a0\u00bb{}\u00a0\u00bb][et_pb_column type=\u00a0\u00bb4_4&Prime; _builder_version=\u00a0\u00bb4.27.4&Prime; _module_preset=\u00a0\u00bbdefault\u00a0\u00bb global_colors_info=\u00a0\u00bb{}\u00a0\u00bb][et_pb_text _builder_version=\u00a0\u00bb4.27.5&Prime; _module_preset=\u00a0\u00bbdefault\u00a0\u00bb custom_margin=\u00a0\u00bb|30%|||false|false\u00a0\u00bb custom_margin_tablet=\u00a0\u00bb|0%|||false|false\u00a0\u00bb custom_margin_phone=\u00a0\u00bb|0%|||false|false\u00a0\u00bb custom_margin_last_edited=\u00a0\u00bbon|tablet\u00a0\u00bb global_colors_info=\u00a0\u00bb{}\u00a0\u00bb]<\/p>\n<h3>Nous rendons compte de temps \u00e0 autre de nos projets et fournissons des informations de fond passionnantes. Pour en savoir plus, consultez nos articles. <\/h3>\n<p>[\/et_pb_text][\/et_pb_column][\/et_pb_row][\/et_pb_section][et_pb_section fb_built=\u00a0\u00bb1&Prime; custom_padding_last_edited=\u00a0\u00bbon|tablet\u00a0\u00bb _builder_version=\u00a0\u00bb4.27.5&Prime; _module_preset=\u00a0\u00bbdefault\u00a0\u00bb custom_padding=\u00a0\u00bb||||false|false\u00a0\u00bb custom_padding_tablet=\u00a0\u00bb0px||||false|false\u00a0\u00bb custom_padding_phone=\u00a0\u00bb0px||||false|false\u00a0\u00bb global_colors_info=\u00a0\u00bb{}\u00a0\u00bb][et_pb_row column_structure=\u00a0\u00bb1_2,1_2&Prime; custom_padding_last_edited=\u00a0\u00bbon|phone\u00a0\u00bb _builder_version=\u00a0\u00bb4.27.5&Prime; _module_preset=\u00a0\u00bbdefault\u00a0\u00bb width=\u00a0\u00bb81.5%\u00a0\u00bb custom_padding=\u00a0\u00bb||0px||false|false\u00a0\u00bb custom_padding_tablet=\u00a0\u00bb||27px||false|false\u00a0\u00bb custom_padding_phone=\u00a0\u00bb||27px||false|false\u00a0\u00bb global_colors_info=\u00a0\u00bb{}\u00a0\u00bb][et_pb_column type=\u00a0\u00bb1_2&Prime; admin_label=\u00a0\u00bbEV 2000&Prime; _builder_version=\u00a0\u00bb4.27.5&Prime; _dynamic_attributes=\u00a0\u00bblink_option_url\u00a0\u00bb _module_preset=\u00a0\u00bbdefault\u00a0\u00bb custom_padding=\u00a0\u00bb20px|20px|20px|20px|true|true\u00a0\u00bb link_option_url=\u00a0\u00bb@ET-DC@eyJkeW5hbWljIjp0cnVlLCJjb250ZW50IjoicG9zdF9saW5rX3VybF9wYWdlIiwic2V0dGluZ3MiOnsicG9zdF9pZCI6IjEyMjYiLCJlbmFibGVfaHRtbCI6Im9mZiJ9fQ==@\u00a0\u00bb link_option_url_new_window=\u00a0\u00bbon\u00a0\u00bb border_radii=\u00a0\u00bbon|6px|6px|6px|6px\u00a0\u00bb box_shadow_style=\u00a0\u00bbpreset1&Prime; box_shadow_color=\u00a0\u00bbrgba(0,0,0,0)\u00a0\u00bb box_shadow_color_tablet=\u00a0\u00bbrgba(0,0,0,0.25)\u00a0\u00bb box_shadow_color_phone=\u00a0\u00bbrgba(0,0,0,0.25)\u00a0\u00bb box_shadow_color_last_edited=\u00a0\u00bbon|tablet\u00a0\u00bb global_colors_info=\u00a0\u00bb{}\u00a0\u00bb box_shadow_color__hover_enabled=\u00a0\u00bbon|desktop\u00a0\u00bb box_shadow_color__hover=\u00a0\u00bbrgba(0,0,0,0.25)\u00a0\u00bb][et_pb_image src=\u00a0\u00bbhttps:\/\/aweso.ch\/wp-content\/uploads\/2026\/02\/Tivoli_Garten_\u00a9RD-Duerr_05_Gebaeude-scaled.jpg\u00a0\u00bb title_text=\u00a0\u00bbTivoli_Garten_\u00a9R&#038;D D\u00fcrr_05_Geb\u00e4ude\u00a0\u00bb _builder_version=\u00a0\u00bb4.27.5&Prime; _module_preset=\u00a0\u00bbdefault\u00a0\u00bb custom_margin=\u00a0\u00bb||20px||false|false\u00a0\u00bb custom_padding=\u00a0\u00bb||||false|false\u00a0\u00bb border_radii=\u00a0\u00bbon|6px|6px|6px|6px\u00a0\u00bb global_colors_info=\u00a0\u00bb{}\u00a0\u00bb][\/et_pb_image][et_pb_text _builder_version=\u00a0\u00bb4.27.5&Prime; _module_preset=\u00a0\u00bbdefault\u00a0\u00bb header_3_line_height=\u00a0\u00bb1.2em\u00a0\u00bb custom_margin=\u00a0\u00bb||20px||false|false\u00a0\u00bb global_colors_info=\u00a0\u00bb{}\u00a0\u00bb]<\/p>\n<h3>Protection contre le bruit gr\u00e2ce au vitrage de balcon : Euroform EV 2000<\/h3>\n<p>[\/et_pb_text][et_pb_text _builder_version=\u00a0\u00bb4.27.5&Prime; _module_preset=\u00a0\u00bbdefault\u00a0\u00bb custom_padding=\u00a0\u00bb||30px||false|false\u00a0\u00bb global_colors_info=\u00a0\u00bb{}\u00a0\u00bb]<\/p>\n<p>Gr\u00e2ce \u00e0 un syst\u00e8me coulissant en verre optimal, \u00e0 un prototype convaincant et \u00e0 une livraison fiable, Aweso AG a contribu\u00e9 au succ\u00e8s d\u2019une partie du grand projet de construction \u00e0 Spreitenbach.<\/p>\n<p>[\/et_pb_text][\/et_pb_column][et_pb_column type=\u00a0\u00bb1_2&Prime; admin_label=\u00a0\u00bbEV 2000&Prime; _builder_version=\u00a0\u00bb4.27.5&Prime; _dynamic_attributes=\u00a0\u00bblink_option_url\u00a0\u00bb _module_preset=\u00a0\u00bbdefault\u00a0\u00bb custom_padding=\u00a0\u00bb20px|20px|20px|20px|true|true\u00a0\u00bb link_option_url=\u00a0\u00bb@ET-DC@eyJkeW5hbWljIjp0cnVlLCJjb250ZW50IjoicG9zdF9saW5rX3VybF9wYWdlIiwic2V0dGluZ3MiOnsicG9zdF9pZCI6IjEyMjYiLCJlbmFibGVfaHRtbCI6Im9mZiJ9fQ==@\u00a0\u00bb link_option_url_new_window=\u00a0\u00bbon\u00a0\u00bb border_radii=\u00a0\u00bbon|6px|6px|6px|6px\u00a0\u00bb box_shadow_style=\u00a0\u00bbpreset1&Prime; box_shadow_color=\u00a0\u00bbrgba(0,0,0,0)\u00a0\u00bb box_shadow_color_tablet=\u00a0\u00bbrgba(0,0,0,0.25)\u00a0\u00bb box_shadow_color_phone=\u00a0\u00bbrgba(0,0,0,0.25)\u00a0\u00bb box_shadow_color_last_edited=\u00a0\u00bbon|tablet\u00a0\u00bb global_colors_info=\u00a0\u00bb{}\u00a0\u00bb box_shadow_color__hover_enabled=\u00a0\u00bbon|desktop\u00a0\u00bb box_shadow_color__hover=\u00a0\u00bbrgba(0,0,0,0.25)\u00a0\u00bb][\/et_pb_column][\/et_pb_row][et_pb_row column_structure=\u00a0\u00bb1_3,1_3,1_3&Prime; custom_padding_last_edited=\u00a0\u00bbon|phone\u00a0\u00bb _builder_version=\u00a0\u00bb4.27.5&Prime; _module_preset=\u00a0\u00bbdefault\u00a0\u00bb width=\u00a0\u00bb81.5%\u00a0\u00bb custom_padding=\u00a0\u00bb||0px||false|false\u00a0\u00bb custom_padding_tablet=\u00a0\u00bb||27px||false|false\u00a0\u00bb custom_padding_phone=\u00a0\u00bb||27px||false|false\u00a0\u00bb global_colors_info=\u00a0\u00bb{}\u00a0\u00bb][et_pb_column type=\u00a0\u00bb1_3&Prime; admin_label=\u00a0\u00bbSupport de remise pour modules PV\u00a0\u00bb _builder_version=\u00a0\u00bb4.27.5&Prime; _dynamic_attributes=\u00a0\u00bblink_option_url\u00a0\u00bb _module_preset=\u00a0\u00bbdefault\u00a0\u00bb custom_padding=\u00a0\u00bb20px|20px|20px|20px|true|true\u00a0\u00bb link_option_url=\u00a0\u00bb@ET-DC@eyJkeW5hbWljIjp0cnVlLCJjb250ZW50IjoicG9zdF9saW5rX3VybF9wYWdlIiwic2V0dGluZ3MiOnsicG9zdF9pZCI6Ijk4MSIsImVuYWJsZV9odG1sIjoib2ZmIn19@\u00a0\u00bb link_option_url_new_window=\u00a0\u00bbon\u00a0\u00bb border_radii=\u00a0\u00bbon|6px|6px|6px|6px\u00a0\u00bb box_shadow_style=\u00a0\u00bbpreset1&Prime; box_shadow_color=\u00a0\u00bbrgba(0,0,0,0)\u00a0\u00bb box_shadow_color_tablet=\u00a0\u00bbrgba(0,0,0,0.25)\u00a0\u00bb box_shadow_color_phone=\u00a0\u00bbrgba(0,0,0,0.25)\u00a0\u00bb box_shadow_color_last_edited=\u00a0\u00bbon|tablet\u00a0\u00bb global_colors_info=\u00a0\u00bb{}\u00a0\u00bb box_shadow_color__hover_enabled=\u00a0\u00bbon|desktop\u00a0\u00bb box_shadow_color__hover=\u00a0\u00bbrgba(0,0,0,0.25)\u00a0\u00bb][et_pb_image src=\u00a0\u00bbhttps:\/\/aweso.ch\/wp-content\/uploads\/2026\/02\/Sca_Luetzelsee_220519_remise_definitiv.1674771941909_1920x1280_300.jpg\u00a0\u00bb title_text=\u00a0\u00bbSca_Luetzelsee_220519_remise_definitiv.1674771941909_1920x1280_300&Prime; _builder_version=\u00a0\u00bb4.27.5&Prime; _module_preset=\u00a0\u00bbdefault\u00a0\u00bb custom_margin=\u00a0\u00bb||20px||false|false\u00a0\u00bb custom_padding=\u00a0\u00bb||||false|false\u00a0\u00bb border_radii=\u00a0\u00bbon|6px|6px|6px|6px\u00a0\u00bb global_colors_info=\u00a0\u00bb{}\u00a0\u00bb][\/et_pb_image][et_pb_text _builder_version=\u00a0\u00bb4.27.5&Prime; _module_preset=\u00a0\u00bbdefault\u00a0\u00bb header_3_line_height=\u00a0\u00bb1.2em\u00a0\u00bb custom_margin=\u00a0\u00bb||20px||false|false\u00a0\u00bb global_colors_info=\u00a0\u00bb{}\u00a0\u00bb]<\/p>\n<h3>Support \u00e9cailles pour modules PV<\/h3>\n<p>[\/et_pb_text][et_pb_text _builder_version=\u00a0\u00bb4.27.5&Prime; _module_preset=\u00a0\u00bbdefault\u00a0\u00bb custom_padding=\u00a0\u00bb||30px||false|false\u00a0\u00bb global_colors_info=\u00a0\u00bb{}\u00a0\u00bb]<\/p>\n<p>La solution optimale pour la fixation des panneaux PV sur le toit : support de remise Scalo en version renforc\u00e9e pour des \u00e9paisseurs de verre de 8 \u00e0 18 mm.<\/p>\n<p>[\/et_pb_text][\/et_pb_column][et_pb_column type=\u00a0\u00bb1_3&Prime; admin_label=\u00a0\u00bbVitrages de balcon Zwicky\u00a0\u00bb _builder_version=\u00a0\u00bb4.27.5&Prime; _dynamic_attributes=\u00a0\u00bblink_option_url\u00a0\u00bb _module_preset=\u00a0\u00bbdefault\u00a0\u00bb custom_padding=\u00a0\u00bb20px|20px|20px|20px|true|true\u00a0\u00bb link_option_url=\u00a0\u00bb@ET-DC@eyJkeW5hbWljIjp0cnVlLCJjb250ZW50IjoicG9zdF9saW5rX3VybF9wYWdlIiwic2V0dGluZ3MiOnsicG9zdF9pZCI6IjEyMzMiLCJlbmFibGVfaHRtbCI6Im9mZiJ9fQ==@\u00a0\u00bb link_option_url_new_window=\u00a0\u00bbon\u00a0\u00bb border_radii=\u00a0\u00bbon|6px|6px|6px|6px\u00a0\u00bb box_shadow_style=\u00a0\u00bbpreset1&Prime; box_shadow_color=\u00a0\u00bbrgba(0,0,0,0)\u00a0\u00bb box_shadow_color_tablet=\u00a0\u00bbrgba(0,0,0,0.25)\u00a0\u00bb box_shadow_color_phone=\u00a0\u00bbrgba(0,0,0,0.25)\u00a0\u00bb box_shadow_color_last_edited=\u00a0\u00bbon|tablet\u00a0\u00bb global_colors_info=\u00a0\u00bb{}\u00a0\u00bb box_shadow_color__hover_enabled=\u00a0\u00bbon|desktop\u00a0\u00bb box_shadow_color__hover=\u00a0\u00bbrgba(0,0,0,0.25)\u00a0\u00bb][et_pb_image src=\u00a0\u00bbhttps:\/\/aweso.ch\/wp-content\/uploads\/2026\/01\/Pa340_Zwicky_1772_lang_1920x970_72.jpg\u00a0\u00bb alt=\u00a0\u00bbAweso Panorama 340&Prime; title_text=\u00a0\u00bbAweso Panorama 340&Prime; _builder_version=\u00a0\u00bb4.27.5&Prime; _module_preset=\u00a0\u00bbdefault\u00a0\u00bb custom_margin=\u00a0\u00bb||20px||false|false\u00a0\u00bb custom_padding=\u00a0\u00bb||||false|false\u00a0\u00bb border_radii=\u00a0\u00bbon|6px|6px|6px|6px\u00a0\u00bb global_colors_info=\u00a0\u00bb{}\u00a0\u00bb][\/et_pb_image][et_pb_text _builder_version=\u00a0\u00bb4.27.5&Prime; _module_preset=\u00a0\u00bbdefault\u00a0\u00bb header_3_line_height=\u00a0\u00bb1.2em\u00a0\u00bb custom_margin=\u00a0\u00bb||20px||false|false\u00a0\u00bb global_colors_info=\u00a0\u00bb{}\u00a0\u00bb]<\/p>\n<h3>Vitrages de balcon \u2013 avantages dans un environnement urbain<\/h3>\n<p>[\/et_pb_text][et_pb_text _builder_version=\u00a0\u00bb4.27.5&Prime; _module_preset=\u00a0\u00bbdefault\u00a0\u00bb custom_padding=\u00a0\u00bb||30px||false|false\u00a0\u00bb global_colors_info=\u00a0\u00bb{}\u00a0\u00bb]<\/p>\n<p>Les vitrages de balcon comme protection contre les intemp\u00e9ries et le bruit le long d\u2019une route tr\u00e8s fr\u00e9quent\u00e9e. Les appartements se distinguent par leurs balcons g\u00e9n\u00e9reux, qui peuvent \u00eatre utilis\u00e9s presque toute l\u2019ann\u00e9e gr\u00e2ce au vitrage coulissant d\u2019Aweso.<\/p>\n<p>[\/et_pb_text][\/et_pb_column][et_pb_column type=\u00a0\u00bb1_3&Prime; admin_label=\u00a0\u00bbPanorama Flex\u00a0\u00bb _builder_version=\u00a0\u00bb4.27.5&Prime; _dynamic_attributes=\u00a0\u00bblink_option_url\u00a0\u00bb _module_preset=\u00a0\u00bbdefault\u00a0\u00bb custom_padding=\u00a0\u00bb20px|20px|20px|20px|true|true\u00a0\u00bb link_option_url=\u00a0\u00bb@ET-DC@eyJkeW5hbWljIjp0cnVlLCJjb250ZW50IjoicG9zdF9saW5rX3VybF9wYWdlIiwic2V0dGluZ3MiOnsicG9zdF9pZCI6IjEyNDYiLCJlbmFibGVfaHRtbCI6Im9mZiJ9fQ==@\u00a0\u00bb link_option_url_new_window=\u00a0\u00bbon\u00a0\u00bb border_radii=\u00a0\u00bbon|6px|6px|6px|6px\u00a0\u00bb box_shadow_style=\u00a0\u00bbpreset1&Prime; box_shadow_color=\u00a0\u00bbrgba(0,0,0,0)\u00a0\u00bb box_shadow_color_tablet=\u00a0\u00bbrgba(0,0,0,0.25)\u00a0\u00bb box_shadow_color_phone=\u00a0\u00bbrgba(0,0,0,0.25)\u00a0\u00bb box_shadow_color_last_edited=\u00a0\u00bbon|tablet\u00a0\u00bb global_colors_info=\u00a0\u00bb{}\u00a0\u00bb box_shadow_color__hover_enabled=\u00a0\u00bbon|desktop\u00a0\u00bb box_shadow_color__hover=\u00a0\u00bbrgba(0,0,0,0.25)\u00a0\u00bb][et_pb_image src=\u00a0\u00bbhttps:\/\/aweso.ch\/wp-content\/uploads\/2026\/02\/csm_m_09_23_genf_01-pel_4c6b4b2f7d-1920x1280_72.jpg\u00a0\u00bb title_text=\u00a0\u00bbcsm_m_09_23_genf_01-pel_4c6b4b2f7d 1920x1280_72&Prime; _builder_version=\u00a0\u00bb4.27.5&Prime; _module_preset=\u00a0\u00bbdefault\u00a0\u00bb custom_margin=\u00a0\u00bb||20px||false|false\u00a0\u00bb custom_padding=\u00a0\u00bb||||false|false\u00a0\u00bb border_radii=\u00a0\u00bbon|6px|6px|6px|6px\u00a0\u00bb global_colors_info=\u00a0\u00bb{}\u00a0\u00bb][\/et_pb_image][et_pb_text _builder_version=\u00a0\u00bb4.27.5&Prime; _module_preset=\u00a0\u00bbdefault\u00a0\u00bb header_3_line_height=\u00a0\u00bb1.2em\u00a0\u00bb custom_margin=\u00a0\u00bb||20px||false|false\u00a0\u00bb global_colors_info=\u00a0\u00bb{}\u00a0\u00bb]<\/p>\n<h3>Des facettes pour les balcons &#8211; un espace de vie \u00e9largi<\/h3>\n<p>[\/et_pb_text][et_pb_text _builder_version=\u00a0\u00bb4.27.5&Prime; _module_preset=\u00a0\u00bbdefault\u00a0\u00bb custom_padding=\u00a0\u00bb||30px||false|false\u00a0\u00bb global_colors_info=\u00a0\u00bb{}\u00a0\u00bb]<\/p>\n<p>Balcons vitr\u00e9s &#8211; avec les syst\u00e8mes Aweso Panorama Flex<\/p>\n<p>[\/et_pb_text][\/et_pb_column][\/et_pb_row][et_pb_row column_structure=\u00a0\u00bb1_3,1_3,1_3&Prime; _builder_version=\u00a0\u00bb4.27.5&Prime; _module_preset=\u00a0\u00bbdefault\u00a0\u00bb width=\u00a0\u00bb81.5%\u00a0\u00bb custom_padding=\u00a0\u00bb0px|||||\u00a0\u00bb global_colors_info=\u00a0\u00bb{}\u00a0\u00bb][et_pb_column type=\u00a0\u00bb1_3&Prime; admin_label=\u00a0\u00bbAperto 268 mot Hittnau\u00a0\u00bb _builder_version=\u00a0\u00bb4.27.5&Prime; _dynamic_attributes=\u00a0\u00bblink_option_url\u00a0\u00bb _module_preset=\u00a0\u00bbdefault\u00a0\u00bb custom_padding=\u00a0\u00bb20px|20px|20px|20px|true|true\u00a0\u00bb link_option_url=\u00a0\u00bb@ET-DC@eyJkeW5hbWljIjp0cnVlLCJjb250ZW50IjoicG9zdF9saW5rX3VybF9wYWdlIiwic2V0dGluZ3MiOnsicG9zdF9pZCI6IjEyNjAiLCJlbmFibGVfaHRtbCI6Im9mZiJ9fQ==@\u00a0\u00bb link_option_url_new_window=\u00a0\u00bbon\u00a0\u00bb border_radii=\u00a0\u00bbon|6px|6px|6px|6px\u00a0\u00bb box_shadow_style=\u00a0\u00bbpreset1&Prime; box_shadow_color=\u00a0\u00bbrgba(0,0,0,0)\u00a0\u00bb box_shadow_color_tablet=\u00a0\u00bbrgba(0,0,0,0.25)\u00a0\u00bb box_shadow_color_phone=\u00a0\u00bbrgba(0,0,0,0.25)\u00a0\u00bb box_shadow_color_last_edited=\u00a0\u00bbon|tablet\u00a0\u00bb global_colors_info=\u00a0\u00bb{}\u00a0\u00bb box_shadow_color__hover_enabled=\u00a0\u00bbon|desktop\u00a0\u00bb box_shadow_color__hover=\u00a0\u00bbrgba(0,0,0,0.25)\u00a0\u00bb][et_pb_image src=\u00a0\u00bbhttps:\/\/aweso.ch\/wp-content\/uploads\/2026\/02\/Hittnau-Kanzlei-Schalter-15cm-offen_aussen-links_1920x1280.jpg\u00a0\u00bb title_text=\u00a0\u00bbHittnau-Kanzlei-Schalter-15cm ouvert_ext\u00e9rieur gauche_1920x1280&Prime; _builder_version=\u00a0\u00bb4.27.5&Prime; _module_preset=\u00a0\u00bbdefault\u00a0\u00bb custom_margin=\u00a0\u00bb||20px||false|false\u00a0\u00bb custom_padding=\u00a0\u00bb||||false|false\u00a0\u00bb border_radii=\u00a0\u00bbon|6px|6px|6px|6px\u00a0\u00bb global_colors_info=\u00a0\u00bb{}\u00a0\u00bb][\/et_pb_image][et_pb_text _builder_version=\u00a0\u00bb4.27.5&Prime; _module_preset=\u00a0\u00bbdefault\u00a0\u00bb header_3_line_height=\u00a0\u00bb1.2em\u00a0\u00bb custom_margin=\u00a0\u00bb||20px||false|false\u00a0\u00bb global_colors_info=\u00a0\u00bb{}\u00a0\u00bb]<\/p>\n<h3>Aweso Aperto 268 guichet \u00e0 guillotine motoris\u00e9\u00a0<\/h3>\n<p>[\/et_pb_text][et_pb_text _builder_version=\u00a0\u00bb4.27.5&Prime; _module_preset=\u00a0\u00bbdefault\u00a0\u00bb custom_padding=\u00a0\u00bb||30px||false|false\u00a0\u00bb global_colors_info=\u00a0\u00bb{}\u00a0\u00bb]<\/p>\n<p>Une nouvelle installation de guichets de r\u00e9ception pour le bureau communal de Hittnau<\/p>\n<p>[\/et_pb_text][\/et_pb_column][et_pb_column type=\u00a0\u00bb1_3&Prime; admin_label=\u00a0\u00bbVid\u00e9o EasyFlex\u00a0\u00bb _builder_version=\u00a0\u00bb4.27.5&Prime; _dynamic_attributes=\u00a0\u00bblink_option_url\u00a0\u00bb _module_preset=\u00a0\u00bbdefault\u00a0\u00bb custom_padding=\u00a0\u00bb20px|20px|20px|20px|true|true\u00a0\u00bb link_option_url=\u00a0\u00bb@ET-DC@eyJkeW5hbWljIjp0cnVlLCJjb250ZW50IjoicG9zdF9saW5rX3VybF9wYWdlIiwic2V0dGluZ3MiOnsicG9zdF9pZCI6IjEyNTMiLCJlbmFibGVfaHRtbCI6Im9mZiJ9fQ==@\u00a0\u00bb link_option_url_new_window=\u00a0\u00bbon\u00a0\u00bb border_radii=\u00a0\u00bbon|6px|6px|6px|6px\u00a0\u00bb box_shadow_style=\u00a0\u00bbpreset1&Prime; box_shadow_color=\u00a0\u00bbrgba(0,0,0,0)\u00a0\u00bb box_shadow_color_tablet=\u00a0\u00bbrgba(0,0,0,0.25)\u00a0\u00bb box_shadow_color_phone=\u00a0\u00bbrgba(0,0,0,0.25)\u00a0\u00bb box_shadow_color_last_edited=\u00a0\u00bbon|tablet\u00a0\u00bb global_colors_info=\u00a0\u00bb{}\u00a0\u00bb box_shadow_color__hover_enabled=\u00a0\u00bbon|desktop\u00a0\u00bb box_shadow_color__hover=\u00a0\u00bbrgba(0,0,0,0.25)\u00a0\u00bb][et_pb_image src=\u00a0\u00bbhttps:\/\/aweso.ch\/wp-content\/uploads\/2026\/01\/Pa370_Langenthal_fborn_wJ_DSC_5319_1920x1280_72.jpg\u00a0\u00bb alt=\u00a0\u00bbAweso Panorama EasyFlex 370&Prime; title_text=\u00a0\u00bbAweso Panorama EasyFlex 370&Prime; _builder_version=\u00a0\u00bb4.27.5&Prime; _module_preset=\u00a0\u00bbdefault\u00a0\u00bb custom_margin=\u00a0\u00bb||20px||false|false\u00a0\u00bb custom_padding=\u00a0\u00bb||||false|false\u00a0\u00bb border_radii=\u00a0\u00bbon|6px|6px|6px|6px\u00a0\u00bb global_colors_info=\u00a0\u00bb{}\u00a0\u00bb][\/et_pb_image][et_pb_text _builder_version=\u00a0\u00bb4.27.5&Prime; _module_preset=\u00a0\u00bbdefault\u00a0\u00bb header_3_line_height=\u00a0\u00bb1.2em\u00a0\u00bb custom_margin=\u00a0\u00bb||20px||false|false\u00a0\u00bb global_colors_info=\u00a0\u00bb{}\u00a0\u00bb]<\/p>\n<h3>Vid\u00e9o : Panorama EasyFlex<\/h3>\n<p>[\/et_pb_text][et_pb_text _builder_version=\u00a0\u00bb4.27.5&Prime; _module_preset=\u00a0\u00bbdefault\u00a0\u00bb custom_padding=\u00a0\u00bb||30px||false|false\u00a0\u00bb global_colors_info=\u00a0\u00bb{}\u00a0\u00bb]<\/p>\n<p>D\u00e9placement facile et sans aucun effort<\/p>\n<p>[\/et_pb_text][\/et_pb_column][et_pb_column type=\u00a0\u00bb1_3&Prime; admin_label=\u00a0\u00bbEI 30 mot\u00a0\u00bb _builder_version=\u00a0\u00bb4.27.5&Prime; _dynamic_attributes=\u00a0\u00bblink_option_url\u00a0\u00bb _module_preset=\u00a0\u00bbdefault\u00a0\u00bb custom_padding=\u00a0\u00bb20px|20px|20px|20px|true|true\u00a0\u00bb link_option_url=\u00a0\u00bb@ET-DC@eyJkeW5hbWljIjp0cnVlLCJjb250ZW50IjoicG9zdF9saW5rX3VybF9wYWdlIiwic2V0dGluZ3MiOnsicG9zdF9pZCI6IjEyNzQiLCJlbmFibGVfaHRtbCI6Im9mZiJ9fQ==@\u00a0\u00bb link_option_url_new_window=\u00a0\u00bbon\u00a0\u00bb border_radii=\u00a0\u00bbon|6px|6px|6px|6px\u00a0\u00bb box_shadow_style=\u00a0\u00bbpreset1&Prime; box_shadow_color=\u00a0\u00bbrgba(0,0,0,0)\u00a0\u00bb box_shadow_color_tablet=\u00a0\u00bbrgba(0,0,0,0.25)\u00a0\u00bb box_shadow_color_phone=\u00a0\u00bbrgba(0,0,0,0.25)\u00a0\u00bb box_shadow_color_last_edited=\u00a0\u00bbon|tablet\u00a0\u00bb global_colors_info=\u00a0\u00bb{}\u00a0\u00bb box_shadow_color__hover_enabled=\u00a0\u00bbon|desktop\u00a0\u00bb box_shadow_color__hover=\u00a0\u00bbrgba(0,0,0,0.25)\u00a0\u00bb][et_pb_image src=\u00a0\u00bbhttps:\/\/aweso.ch\/wp-content\/uploads\/2026\/01\/EI30-Erny.jpg\u00a0\u00bb alt=\u00a0\u00bbAweso StopFlamm EI 30&Prime; title_text=\u00a0\u00bbAweso StopFlamm EI 30&Prime; _builder_version=\u00a0\u00bb4.27.5&Prime; _module_preset=\u00a0\u00bbdefault\u00a0\u00bb custom_margin=\u00a0\u00bb||20px||false|false\u00a0\u00bb custom_padding=\u00a0\u00bb||||false|false\u00a0\u00bb border_radii=\u00a0\u00bbon|6px|6px|6px|6px\u00a0\u00bb global_colors_info=\u00a0\u00bb{}\u00a0\u00bb][\/et_pb_image][et_pb_text _builder_version=\u00a0\u00bb4.27.5&Prime; _module_preset=\u00a0\u00bbdefault\u00a0\u00bb header_3_line_height=\u00a0\u00bb1.2em\u00a0\u00bb custom_margin=\u00a0\u00bb||20px||false|false\u00a0\u00bb global_colors_info=\u00a0\u00bb{}\u00a0\u00bb]<\/p>\n<h3>Aweso StopFlamm EI 30 interrupteur de protection contre l&rsquo;incendie<\/h3>\n<p>[\/et_pb_text][et_pb_text _builder_version=\u00a0\u00bb4.27.5&Prime; _module_preset=\u00a0\u00bbdefault\u00a0\u00bb custom_padding=\u00a0\u00bb||30px||false|false\u00a0\u00bb global_colors_info=\u00a0\u00bb{}\u00a0\u00bb]<\/p>\n<p>\u00c9galement motoris\u00e9 : le guichet anti-feu Aweso<\/p>\n<p>[\/et_pb_text][\/et_pb_column][\/et_pb_row][et_pb_row column_structure=\u00a0\u00bb1_3,1_3,1_3&Prime; disabled_on=\u00a0\u00bboff|off|off\u00a0\u00bb _builder_version=\u00a0\u00bb4.27.6&Prime; _module_preset=\u00a0\u00bbdefault\u00a0\u00bb width=\u00a0\u00bb81.5%\u00a0\u00bb custom_padding=\u00a0\u00bb0px|||||\u00a0\u00bb hover_enabled=\u00a0\u00bb0&Prime; global_colors_info=\u00a0\u00bb{}\u00a0\u00bb sticky_enabled=\u00a0\u00bb0&Prime;][et_pb_column type=\u00a0\u00bb1_3&Prime; admin_label=\u00a0\u00bbSupport de remise pour modules PV\u00a0\u00bb _builder_version=\u00a0\u00bb4.27.6&Prime; _module_preset=\u00a0\u00bbdefault\u00a0\u00bb custom_padding=\u00a0\u00bb20px|20px|20px|20px|true|true\u00a0\u00bb hover_enabled=\u00a0\u00bb0&Prime; border_radii=\u00a0\u00bbon|6px|6px|6px|6px\u00a0\u00bb box_shadow_style=\u00a0\u00bbpreset1&Prime; box_shadow_color=\u00a0\u00bbrgba(0,0,0,0)\u00a0\u00bb box_shadow_color_tablet=\u00a0\u00bbrgba(0,0,0,0.25)\u00a0\u00bb box_shadow_color_phone=\u00a0\u00bbrgba(0,0,0,0.25)\u00a0\u00bb box_shadow_color_last_edited=\u00a0\u00bbon|tablet\u00a0\u00bb global_colors_info=\u00a0\u00bb{}\u00a0\u00bb box_shadow_color__hover_enabled=\u00a0\u00bbon|desktop\u00a0\u00bb box_shadow_color__hover=\u00a0\u00bbrgba(0,0,0,0.25)\u00a0\u00bb link_option_url=\u00a0\u00bb@ET-DC@eyJkeW5hbWljIjp0cnVlLCJjb250ZW50IjoicG9zdF9saW5rX3VybF9wYWdlIiwic2V0dGluZ3MiOnsicG9zdF9pZCI6IjIyOTAifX0=@\u00a0\u00bb _dynamic_attributes=\u00a0\u00bblink_option_url\u00a0\u00bb sticky_enabled=\u00a0\u00bb0&Prime;][et_pb_image src=\u00a0\u00bbhttps:\/\/aweso.ch\/wp-content\/uploads\/2026\/06\/EO2P7958-800&#215;533-300-1.jpg\u00a0\u00bb title_text=\u00a0\u00bbAweso Panorama Flex 380&Prime; _builder_version=\u00a0\u00bb4.27.6&Prime; _module_preset=\u00a0\u00bbdefault\u00a0\u00bb custom_margin=\u00a0\u00bb||20px||false|false\u00a0\u00bb custom_padding=\u00a0\u00bb||||false|false\u00a0\u00bb hover_enabled=\u00a0\u00bb0&Prime; border_radii=\u00a0\u00bbon|6px|6px|6px|6px\u00a0\u00bb global_colors_info=\u00a0\u00bb{}\u00a0\u00bb alt=\u00a0\u00bbAweso Panorama Flex 380&Prime; sticky_enabled=\u00a0\u00bb0&Prime;][\/et_pb_image][et_pb_text _builder_version=\u00a0\u00bb4.27.6&Prime; _module_preset=\u00a0\u00bbdefault\u00a0\u00bb header_3_line_height=\u00a0\u00bb1.2em\u00a0\u00bb custom_margin=\u00a0\u00bb||20px||false|false\u00a0\u00bb hover_enabled=\u00a0\u00bb0&Prime; global_colors_info=\u00a0\u00bb{}\u00a0\u00bb sticky_enabled=\u00a0\u00bb0&Prime;]<\/p>\n<h3>Tout en courbes<\/h3>\n<p>[\/et_pb_text][et_pb_text _builder_version=\u00a0\u00bb4.27.6&Prime; _module_preset=\u00a0\u00bbdefault\u00a0\u00bb custom_padding=\u00a0\u00bb||30px||false|false\u00a0\u00bb hover_enabled=\u00a0\u00bb0&Prime; global_colors_info=\u00a0\u00bb{}\u00a0\u00bb sticky_enabled=\u00a0\u00bb0&Prime;]<\/p>\n<p>Vitrages de balcon : Aweso Panorama Flex<\/p>\n<p>[\/et_pb_text][\/et_pb_column][et_pb_column type=\u00a0\u00bb1_3&Prime; admin_label=\u00a0\u00bbSupport de remise pour modules PV\u00a0\u00bb _builder_version=\u00a0\u00bb4.27.6&Prime; _module_preset=\u00a0\u00bbdefault\u00a0\u00bb custom_padding=\u00a0\u00bb20px|20px|20px|20px|true|true\u00a0\u00bb hover_enabled=\u00a0\u00bb0&Prime; border_radii=\u00a0\u00bbon|6px|6px|6px|6px\u00a0\u00bb box_shadow_style=\u00a0\u00bbpreset1&Prime; box_shadow_color=\u00a0\u00bbrgba(0,0,0,0)\u00a0\u00bb box_shadow_color_tablet=\u00a0\u00bbrgba(0,0,0,0.25)\u00a0\u00bb box_shadow_color_phone=\u00a0\u00bbrgba(0,0,0,0.25)\u00a0\u00bb box_shadow_color_last_edited=\u00a0\u00bbon|tablet\u00a0\u00bb global_colors_info=\u00a0\u00bb{}\u00a0\u00bb box_shadow_color__hover_enabled=\u00a0\u00bbon|desktop\u00a0\u00bb box_shadow_color__hover=\u00a0\u00bbrgba(0,0,0,0.25)\u00a0\u00bb disabled_on=\u00a0\u00bbon|on|on\u00a0\u00bb disabled=\u00a0\u00bbon\u00a0\u00bb sticky_enabled=\u00a0\u00bb0&Prime;][et_pb_image src=\u00a0\u00bbhttps:\/\/aweso.ch\/wp-content\/uploads\/2026\/02\/Weihnacht.jpg\u00a0\u00bb title_text=\u00a0\u00bbNo\u00ebl\u00a0\u00bb _builder_version=\u00a0\u00bb4.27.5&Prime; _module_preset=\u00a0\u00bbdefault\u00a0\u00bb custom_margin=\u00a0\u00bb||20px||false|false\u00a0\u00bb custom_padding=\u00a0\u00bb||||false|false\u00a0\u00bb border_radii=\u00a0\u00bbon|6px|6px|6px|6px\u00a0\u00bb global_colors_info=\u00a0\u00bb{}\u00a0\u00bb][\/et_pb_image][et_pb_text _builder_version=\u00a0\u00bb4.27.5&Prime; _module_preset=\u00a0\u00bbdefault\u00a0\u00bb header_3_line_height=\u00a0\u00bb1.2em\u00a0\u00bb custom_margin=\u00a0\u00bb||20px||false|false\u00a0\u00bb global_colors_info=\u00a0\u00bb{}\u00a0\u00bb]<\/p>\n<h3>Vacances de No\u00ebl<\/h3>\n<p>[\/et_pb_text][et_pb_text _builder_version=\u00a0\u00bb4.27.5&Prime; _module_preset=\u00a0\u00bbdefault\u00a0\u00bb custom_padding=\u00a0\u00bb||30px||false|false\u00a0\u00bb global_colors_info=\u00a0\u00bb{}\u00a0\u00bb]<\/p>\n<p><strong>Fermeture annuelle :<\/strong> nos bureaux seront ferm\u00e9s du 22\/12\/2025 au 04\/01\/2026<\/p>\n<p><strong>Derni\u00e8re livraison :<\/strong> 16\/12\/2025<\/p>\n<p>[\/et_pb_text][\/et_pb_column][et_pb_column type=\u00a0\u00bb1_3&Prime; admin_label=\u00a0\u00bbSupport de remise pour modules PV\u00a0\u00bb _builder_version=\u00a0\u00bb4.27.6&Prime; _module_preset=\u00a0\u00bbdefault\u00a0\u00bb custom_padding=\u00a0\u00bb20px|20px|20px|20px|true|true\u00a0\u00bb hover_enabled=\u00a0\u00bb0&Prime; border_radii=\u00a0\u00bbon|6px|6px|6px|6px\u00a0\u00bb box_shadow_style=\u00a0\u00bbpreset1&Prime; box_shadow_color=\u00a0\u00bbrgba(0,0,0,0)\u00a0\u00bb box_shadow_color_tablet=\u00a0\u00bbrgba(0,0,0,0.25)\u00a0\u00bb box_shadow_color_phone=\u00a0\u00bbrgba(0,0,0,0.25)\u00a0\u00bb box_shadow_color_last_edited=\u00a0\u00bbon|tablet\u00a0\u00bb global_colors_info=\u00a0\u00bb{}\u00a0\u00bb box_shadow_color__hover_enabled=\u00a0\u00bbon|desktop\u00a0\u00bb box_shadow_color__hover=\u00a0\u00bbrgba(0,0,0,0.25)\u00a0\u00bb disabled_on=\u00a0\u00bbon|on|on\u00a0\u00bb disabled=\u00a0\u00bbon\u00a0\u00bb sticky_enabled=\u00a0\u00bb0&Prime;][et_pb_image src=\u00a0\u00bbhttps:\/\/aweso.ch\/wp-content\/uploads\/2025\/12\/Sca_Luetzelsee_20230914-IMG_5614_1920x1280_300-768&#215;512-1.jpg\u00a0\u00bb title_text=\u00a0\u00bbSca_Luetzelsee_20230914-IMG_5614_1920x1280_300-768&#215;512&Prime; _builder_version=\u00a0\u00bb4.27.5&Prime; _module_preset=\u00a0\u00bbdefault\u00a0\u00bb custom_margin=\u00a0\u00bb||20px||false|false\u00a0\u00bb custom_padding=\u00a0\u00bb||||false|false\u00a0\u00bb border_radii=\u00a0\u00bbon|6px|6px|6px|6px\u00a0\u00bb global_colors_info=\u00a0\u00bb{}\u00a0\u00bb][\/et_pb_image][et_pb_text _builder_version=\u00a0\u00bb4.27.5&Prime; _module_preset=\u00a0\u00bbdefault\u00a0\u00bb header_3_line_height=\u00a0\u00bb1.2em\u00a0\u00bb custom_margin=\u00a0\u00bb||20px||false|false\u00a0\u00bb global_colors_info=\u00a0\u00bb{}\u00a0\u00bb]<\/p>\n<h3>Support de remise pour modules PV<\/h3>\n<p>[\/et_pb_text][et_pb_text _builder_version=\u00a0\u00bb4.27.5&Prime; _module_preset=\u00a0\u00bbdefault\u00a0\u00bb custom_padding=\u00a0\u00bb||30px||false|false\u00a0\u00bb global_colors_info=\u00a0\u00bb{}\u00a0\u00bb]<\/p>\n<p>La solution optimale pour la fixation des panneaux PV sur le toit : support de remise Scalo en version renforc\u00e9e pour des \u00e9paisseurs de verre de 8 \u00e0 18 mm.<\/p>\n<p>[\/et_pb_text][\/et_pb_column][\/et_pb_row][\/et_pb_section]<\/p>\n","protected":false},"excerpt":{"rendered":"<p>Actualit\u00e9sNous rendons compte de temps \u00e0 autre de nos projets et fournissons des informations de fond passionnantes. Pour en savoir plus, consultez nos articles. Protection contre le bruit gr\u00e2ce au vitrage de balcon : Euroform EV 2000Gr\u00e2ce \u00e0 un syst\u00e8me coulissant en verre optimal, \u00e0 un prototype convaincant et \u00e0 une livraison fiable, Aweso AG [&hellip;]<\/p>\n","protected":false},"author":1,"featured_media":0,"parent":0,"menu_order":0,"comment_status":"closed","ping_status":"closed","template":"","meta":{"_et_pb_use_builder":"on","_et_pb_old_content":"","_et_gb_content_width":"","footnotes":""},"dipi_cpt_category":[],"wf_page_folders":[],"class_list":["post-1417","page","type-page","status-publish","hentry"],"_links":{"self":[{"href":"https:\/\/aweso.ch\/fr\/wp-json\/wp\/v2\/pages\/1417","targetHints":{"allow":["GET"]}}],"collection":[{"href":"https:\/\/aweso.ch\/fr\/wp-json\/wp\/v2\/pages"}],"about":[{"href":"https:\/\/aweso.ch\/fr\/wp-json\/wp\/v2\/types\/page"}],"author":[{"embeddable":true,"href":"https:\/\/aweso.ch\/fr\/wp-json\/wp\/v2\/users\/1"}],"replies":[{"embeddable":true,"href":"https:\/\/aweso.ch\/fr\/wp-json\/wp\/v2\/comments?post=1417"}],"version-history":[{"count":2,"href":"https:\/\/aweso.ch\/fr\/wp-json\/wp\/v2\/pages\/1417\/revisions"}],"predecessor-version":[{"id":2340,"href":"https:\/\/aweso.ch\/fr\/wp-json\/wp\/v2\/pages\/1417\/revisions\/2340"}],"wp:attachment":[{"href":"https:\/\/aweso.ch\/fr\/wp-json\/wp\/v2\/media?parent=1417"}],"wp:term":[{"taxonomy":"dipi_cpt_category","embeddable":true,"href":"https:\/\/aweso.ch\/fr\/wp-json\/wp\/v2\/dipi_cpt_category?post=1417"},{"taxonomy":"wf_page_folders","embeddable":true,"href":"https:\/\/aweso.ch\/fr\/wp-json\/wp\/v2\/wf_page_folders?post=1417"}],"curies":[{"name":"wp","href":"https:\/\/api.w.org\/{rel}","templated":true}]}}