{"id":1393,"date":"2026-01-13T08:04:27","date_gmt":"2026-01-13T08:04:27","guid":{"rendered":"https:\/\/aweso.mklkreativ.ch\/aweso\/"},"modified":"2026-07-30T05:45:07","modified_gmt":"2026-07-30T05:45:07","slug":"aweso","status":"publish","type":"page","link":"https:\/\/aweso.ch\/fr\/aweso\/","title":{"rendered":"Aweso"},"content":{"rendered":"<p>[et_pb_section fb_built=\u00a0\u00bb1&Prime; _builder_version=\u00a0\u00bb4.27.5&Prime; _module_preset=\u00a0\u00bbdefault\u00a0\u00bb background_enable_image=\u00a0\u00bboff\u00a0\u00bb overflow-x=\u00a0\u00bbvisible\u00a0\u00bb overflow-y=\u00a0\u00bbvisible\u00a0\u00bb custom_margin=\u00a0\u00bb30px||0px||false|false\u00a0\u00bb custom_padding=\u00a0\u00bb0px||0px|0px|false|false\u00a0\u00bb global_colors_info=\u00a0\u00bb{}\u00a0\u00bb][et_pb_row module_class=\u00a0\u00bbvertikal-zentrieren\u00a0\u00bb _builder_version=\u00a0\u00bb4.27.5&Prime; _module_preset=\u00a0\u00bbdefault\u00a0\u00bb background_image=\u00a0\u00bbhttps:\/\/aweso.ch\/wp-content\/uploads\/2026\/01\/aweso-header-aweso.jpg\u00a0\u00bb width=\u00a0\u00bb84%\u00a0\u00bb width_tablet=\u00a0\u00bb100%\u00a0\u00bb width_phone=\u00a0\u00bb100%\u00a0\u00bb module_alignment=\u00a0\u00bbright\u00a0\u00bb min_height=\u00a0\u00bb50vh\u00a0\u00bb min_height_tablet=\u00a0\u00bb50vh\u00a0\u00bb min_height_phone=\u00a0\u00bb50vh\u00a0\u00bb min_height_last_edited=\u00a0\u00bbon|phone\u00a0\u00bb overflow-x=\u00a0\u00bbvisible\u00a0\u00bb overflow-y=\u00a0\u00bbvisible\u00a0\u00bb custom_margin=\u00a0\u00bb0px||0px||false|false\u00a0\u00bb custom_padding=\u00a0\u00bb0px||0px||false|false\u00a0\u00bb border_radii=\u00a0\u00bboff|6px|||6px\u00a0\u00bb border_radii_tablet=\u00a0\u00bboff|0px|||0px\u00a0\u00bb border_radii_phone=\u00a0\u00bboff|0px|||0px\u00a0\u00bb border_radii_last_edited=\u00a0\u00bbon|phone\u00a0\u00bb global_colors_info=\u00a0\u00bb{}\u00a0\u00bb][et_pb_column type=\u00a0\u00bb4_4&Prime; _builder_version=\u00a0\u00bb4.27.4&Prime; _module_preset=\u00a0\u00bbdefault\u00a0\u00bb global_colors_info=\u00a0\u00bb{}\u00a0\u00bb][et_pb_text content_tablet=\u00a0\u00bb<\/p>\n<h1 style=%22background-color: #005a9c; color: #ffffff; padding: 0px 10px 5px 10px; display: inline; line-height: 1.3;%22>Qualit\u00e9 durable \u2013 individuelle,<\/h1>\n<p>\u00a0\u00bb content_phone=\u00a0\u00bb<\/p>\n<h1 style=%22background-color: #005a9c; color: #ffffff; padding: 0px 10px 5px 10px; display: inline; line-height: 1.3;%22>Qualit\u00e9 durable  <\/h1>\n<p>\u00a0\u00bb content_last_edited=\u00a0\u00bbon|phone\u00a0\u00bb _builder_version=\u00a0\u00bb4.27.5&Prime; _module_preset=\u00a0\u00bb02e0a404-5293-4b7f-91fe-61cb527a4584&Prime; header_font=\u00a0\u00bb|600|||||||\u00a0\u00bb header_text_color=\u00a0\u00bb#FFFFFF\u00a0\u00bb header_4_font=\u00a0\u00bb||||||||\u00a0\u00bb z_index=\u00a0\u00bb10&Prime; custom_margin=\u00a0\u00bb||13px|-7%|false|false\u00a0\u00bb custom_margin_tablet=\u00a0\u00bb||13px|5%|false|false\u00a0\u00bb custom_margin_phone=\u00a0\u00bb20vh||9px||false|false\u00a0\u00bb custom_margin_last_edited=\u00a0\u00bbon|desktop\u00a0\u00bb custom_padding=\u00a0\u00bb||0px|||\u00a0\u00bb global_colors_info=\u00a0\u00bb{}\u00a0\u00bb]<\/p>\n<h1 style=\"background-color: #005a9c; color: #ffffff; padding: 0px 10px 5px 10px; display: inline; line-height: 1.3;\">Qualit\u00e9 durable \u2013 individuelle,<\/h1>\n<p>[\/et_pb_text][et_pb_text content_tablet=\u00a0\u00bb<\/p>\n<h1 style=%22background-color: #005a9c; color: #ffffff; padding: 0px 10px 5px 10px; display: inline;%22>r\u00e9fl\u00e9chie, \u00e9prouv\u00e9e.<\/h1>\n<p>\u00a0\u00bb content_phone=\u00a0\u00bb<\/p>\n<h1 style=%22background-color: #005a9c; color: #ffffff; padding: 0px 10px 5px 10px; display: inline;%22>individuelle<\/h1>\n<p>\u00a0\u00bb content_last_edited=\u00a0\u00bbon|phone\u00a0\u00bb disabled_on=\u00a0\u00bboff|off|off\u00a0\u00bb _builder_version=\u00a0\u00bb4.27.5&Prime; _module_preset=\u00a0\u00bb02e0a404-5293-4b7f-91fe-61cb527a4584&Prime; header_font=\u00a0\u00bb|600|||||||\u00a0\u00bb header_text_color=\u00a0\u00bb#FFFFFF\u00a0\u00bb header_4_font=\u00a0\u00bb||||||||\u00a0\u00bb z_index=\u00a0\u00bb10&Prime; custom_margin=\u00a0\u00bb|||-4%|false|false\u00a0\u00bb custom_margin_tablet=\u00a0\u00bb|||8%|false|false\u00a0\u00bb custom_margin_phone=\u00a0\u00bb||9px|10%|false|false\u00a0\u00bb custom_margin_last_edited=\u00a0\u00bbon|phone\u00a0\u00bb custom_padding=\u00a0\u00bb||0px|||\u00a0\u00bb global_colors_info=\u00a0\u00bb{}\u00a0\u00bb]<\/p>\n<h1 style=\"background-color: #005a9c; color: #ffffff; padding: 0px 10px 5px 10px; display: inline;\">r\u00e9fl\u00e9chie, \u00e9prouv\u00e9e.<\/h1>\n<p>[\/et_pb_text][et_pb_text content_tablet=\u00a0\u00bb<\/p>\n<h1 style=%22background-color: #005a9c; color: #ffffff; padding: 0px 10px 5px 10px; display: inline;%22>pour chaque situation<\/h1>\n<p>\u00a0\u00bb content_phone=\u00a0\u00bb<\/p>\n<h1 style=%22background-color: #005a9c; color: #ffffff; padding: 0px 10px 5px 10px; display: inline;%22>r\u00e9fl\u00e9chie<\/h1>\n<p>\u00a0\u00bb content_last_edited=\u00a0\u00bbon|phone\u00a0\u00bb disabled_on=\u00a0\u00bboff|on|on\u00a0\u00bb _builder_version=\u00a0\u00bb4.27.5&Prime; _module_preset=\u00a0\u00bb02e0a404-5293-4b7f-91fe-61cb527a4584&Prime; header_font=\u00a0\u00bb|600|||||||\u00a0\u00bb header_text_color=\u00a0\u00bb#FFFFFF\u00a0\u00bb header_4_font=\u00a0\u00bb||||||||\u00a0\u00bb z_index=\u00a0\u00bb10&Prime; custom_margin=\u00a0\u00bb|||-4%|false|false\u00a0\u00bb custom_margin_tablet=\u00a0\u00bb|||8%|false|false\u00a0\u00bb custom_margin_phone=\u00a0\u00bb||9px|10%|false|false\u00a0\u00bb custom_margin_last_edited=\u00a0\u00bbon|phone\u00a0\u00bb custom_padding=\u00a0\u00bb||0px|||\u00a0\u00bb global_colors_info=\u00a0\u00bb{}\u00a0\u00bb]<\/p>\n<h1 style=\"background-color: #005a9c; color: #ffffff; padding: 0px 10px 5px 10px; display: inline;\">pour chaque situation<\/h1>\n<p>[\/et_pb_text][et_pb_text content_tablet=\u00a0\u00bb<\/p>\n<h1 style=%22background-color: #005a9c; color: #ffffff; padding: 0px 10px 5px 10px; display: inline;%22>\u00e9prouv\u00e9e<\/h1>\n<p>\u00a0\u00bb content_phone=\u00a0\u00bb<\/p>\n<h1 style=%22background-color: #005a9c; color: #ffffff; padding: 0px 10px 5px 10px; display: inline;%22>\u00e9prouv\u00e9e<\/h1>\n<p>\u00a0\u00bb content_last_edited=\u00a0\u00bbon|phone\u00a0\u00bb disabled_on=\u00a0\u00bboff|on|on\u00a0\u00bb _builder_version=\u00a0\u00bb4.27.5&Prime; _module_preset=\u00a0\u00bb02e0a404-5293-4b7f-91fe-61cb527a4584&Prime; header_font=\u00a0\u00bb|600|||||||\u00a0\u00bb header_text_color=\u00a0\u00bb#FFFFFF\u00a0\u00bb header_4_font=\u00a0\u00bb||||||||\u00a0\u00bb z_index=\u00a0\u00bb10&Prime; custom_margin=\u00a0\u00bb|||-4%|false|false\u00a0\u00bb custom_margin_tablet=\u00a0\u00bb|||8%|false|false\u00a0\u00bb custom_margin_phone=\u00a0\u00bb|||10%|false|false\u00a0\u00bb custom_margin_last_edited=\u00a0\u00bbon|phone\u00a0\u00bb custom_padding=\u00a0\u00bb||0px|||\u00a0\u00bb global_colors_info=\u00a0\u00bb{}\u00a0\u00bb]<\/p>\n<h1 style=\"background-color: #005a9c; color: #ffffff; padding: 0px 10px 5px 10px; display: inline;\">\u00e9prouv\u00e9e<\/h1>\n<p>[\/et_pb_text][\/et_pb_column][\/et_pb_row][\/et_pb_section][et_pb_section fb_built=\u00a0\u00bb1&Prime; _builder_version=\u00a0\u00bb4.27.5&Prime; _module_preset=\u00a0\u00bbdefault\u00a0\u00bb background_enable_image=\u00a0\u00bboff\u00a0\u00bb custom_margin=\u00a0\u00bb20px||||false|false\u00a0\u00bb custom_padding=\u00a0\u00bb|||0px|false|false\u00a0\u00bb global_colors_info=\u00a0\u00bb{}\u00a0\u00bb][et_pb_row module_class=\u00a0\u00bbvertikal-zentrieren\u00a0\u00bb _builder_version=\u00a0\u00bb4.27.5&Prime; _module_preset=\u00a0\u00bbdefault\u00a0\u00bb background_enable_image=\u00a0\u00bboff\u00a0\u00bb width=\u00a0\u00bb84%\u00a0\u00bb width_tablet=\u00a0\u00bb80%\u00a0\u00bb module_alignment=\u00a0\u00bbright\u00a0\u00bb overflow-x=\u00a0\u00bbvisible\u00a0\u00bb overflow-y=\u00a0\u00bbvisible\u00a0\u00bb custom_margin=\u00a0\u00bb0px||0px||false|false\u00a0\u00bb custom_margin_tablet=\u00a0\u00bb0px||0px||false|false\u00a0\u00bb custom_margin_phone=\u00a0\u00bb0px||0px||false|false\u00a0\u00bb custom_margin_last_edited=\u00a0\u00bbon|desktop\u00a0\u00bb custom_padding=\u00a0\u00bb0px||0px||false|false\u00a0\u00bb module_alignment_tablet=\u00a0\u00bbcenter\u00a0\u00bb module_alignment_phone=\u00a0\u00bbcenter\u00a0\u00bb module_alignment_last_edited=\u00a0\u00bbon|tablet\u00a0\u00bb border_radii=\u00a0\u00bboff|6px|||6px\u00a0\u00bb global_colors_info=\u00a0\u00bb{}\u00a0\u00bb][et_pb_column type=\u00a0\u00bb4_4&Prime; _builder_version=\u00a0\u00bb4.27.4&Prime; _module_preset=\u00a0\u00bbdefault\u00a0\u00bb global_colors_info=\u00a0\u00bb{}\u00a0\u00bb][et_pb_text _builder_version=\u00a0\u00bb4.27.5&Prime; _module_preset=\u00a0\u00bbdefault\u00a0\u00bb custom_margin=\u00a0\u00bb|30%|||false|false\u00a0\u00bb custom_margin_tablet=\u00a0\u00bb|0%|||false|false\u00a0\u00bb custom_margin_phone=\u00a0\u00bb|0%|||false|false\u00a0\u00bb custom_margin_last_edited=\u00a0\u00bbon|tablet\u00a0\u00bb global_colors_info=\u00a0\u00bb{}\u00a0\u00bb]<\/p>\n<h3>Depuis 1929, le nom Aweso est synonyme de ferrures haut de gamme pour l\u2019am\u00e9nagement de magasins et de vitrages pour l\u2019int\u00e9rieur et l\u2019ext\u00e9rieur.<\/h3>\n<p>[\/et_pb_text][\/et_pb_column][\/et_pb_row][\/et_pb_section][et_pb_section fb_built=\u00a0\u00bb1&Prime; custom_padding_last_edited=\u00a0\u00bbon|tablet\u00a0\u00bb _builder_version=\u00a0\u00bb4.27.5&Prime; _module_preset=\u00a0\u00bbdefault\u00a0\u00bb custom_padding_tablet=\u00a0\u00bb0px||0px||false|false\u00a0\u00bb custom_padding_phone=\u00a0\u00bb0px||0px||false|false\u00a0\u00bb global_colors_info=\u00a0\u00bb{}\u00a0\u00bb][et_pb_row column_structure=\u00a0\u00bb1_2,1_2&Prime; _builder_version=\u00a0\u00bb4.27.5&Prime; _module_preset=\u00a0\u00bbdefault\u00a0\u00bb global_colors_info=\u00a0\u00bb{}\u00a0\u00bb][et_pb_column type=\u00a0\u00bb1_2&Prime; _builder_version=\u00a0\u00bb4.27.5&Prime; _module_preset=\u00a0\u00bbdefault\u00a0\u00bb global_colors_info=\u00a0\u00bb{}\u00a0\u00bb][et_pb_text _builder_version=\u00a0\u00bb4.27.5&Prime; _module_preset=\u00a0\u00bbdefault\u00a0\u00bb global_colors_info=\u00a0\u00bb{}\u00a0\u00bb]<\/p>\n<p>Aweso AG est une entreprise suisse bas\u00e9e \u00e0 Wetzikon, \u00e0 environ 25 km de Zurich. La grande majorit\u00e9 des produits est d\u00e9velopp\u00e9e et fabriqu\u00e9e en Suisse.<\/p>\n<p>Nos syst\u00e8mes d&rsquo;agencement de magasins et ferrures pour vitrages r\u00e9pondent aux exigences de qualit\u00e9 les plus \u00e9lev\u00e9es et permettent \u00e9galement de prendre en compte des souhaits tr\u00e8s individuels. Ainsi, par exemple, diff\u00e9rentes qualit\u00e9s de surface peuvent d\u00e9j\u00e0 \u00eatre s\u00e9lectionn\u00e9es dans le programme standard.<\/p>\n<p>Si aucune solution \u00ab sur catalogue \u00bb ne peut \u00eatre trouv\u00e9e, nous d\u00e9veloppons et fabriquons volontiers une version correspondant \u00e0 vos attentes individuelles.<\/p>\n<p>[\/et_pb_text][et_pb_image src=\u00a0\u00bbhttps:\/\/aweso.ch\/wp-content\/uploads\/2026\/01\/aweso-werte-umwelt.jpg\u00a0\u00bb title_text=\u00a0\u00bbaweso-valeurs-environnement\u00a0\u00bb _builder_version=\u00a0\u00bb4.27.5&Prime; _module_preset=\u00a0\u00bbdefault\u00a0\u00bb border_radii=\u00a0\u00bbon|6px|6px|6px|6px\u00a0\u00bb global_colors_info=\u00a0\u00bb{}\u00a0\u00bb][\/et_pb_image][\/et_pb_column][et_pb_column type=\u00a0\u00bb1_2&Prime; _builder_version=\u00a0\u00bb4.27.5&Prime; _module_preset=\u00a0\u00bbdefault\u00a0\u00bb global_colors_info=\u00a0\u00bb{}\u00a0\u00bb][et_pb_text _builder_version=\u00a0\u00bb4.27.5&Prime; _module_preset=\u00a0\u00bbdefault\u00a0\u00bb custom_margin=\u00a0\u00bb-5px||10px||false|false\u00a0\u00bb custom_padding=\u00a0\u00bb||||false|false\u00a0\u00bb global_colors_info=\u00a0\u00bb{}\u00a0\u00bb]<\/p>\n<h3>Un morceau d&rsquo;histoire<\/h3>\n<p>[\/et_pb_text][et_pb_code _builder_version=\u00a0\u00bb4.27.6&Prime; _module_preset=\u00a0\u00bbdefault\u00a0\u00bb custom_margin=\u00a0\u00bb|||30px|false|false\u00a0\u00bb global_colors_info=\u00a0\u00bb{}\u00a0\u00bb]<\/p>\n<div class=\"custom-timeline\"><!-- [et_pb_line_break_holder] --><!-- [et_pb_line_break_holder] -->  <!-- 2025 --><!-- [et_pb_line_break_holder] -->  <\/p>\n<div class=\"timeline-item\" data-year=\"2025\"><!-- [et_pb_line_break_holder] -->    <\/p>\n<div class=\"timeline-marker\"><!-- [et_pb_line_break_holder] -->      <\/p>\n<div class=\"timeline-dot\"><\/div>\n<p><!-- [et_pb_line_break_holder] -->    <\/div>\n<p><!-- [et_pb_line_break_holder] -->    <\/p>\n<h4><strong>2025<\/strong> \u2013 Grand projet vitrage de balcon \/ protection acoustique<\/h4>\n<p><!-- [et_pb_line_break_holder] -->    <\/p>\n<div class=\"timeline-details active\"><!-- [et_pb_line_break_holder] -->      <pee>Pour le complexe r\u00e9sidentiel Tivoli Garten \u00e0 Spreitenbach, Aweso a r\u00e9alis\u00e9 un prototype avec verre de 12 mm, mont\u00e9 sur une maquette (mock-up) de la fa\u00e7ade du b\u00e2timent. Apr\u00e8s les essais, les installations Euroform EV 2000 modifi\u00e9es ont \u00e9t\u00e9 fabriqu\u00e9es pour plus de 400 balcons. Au total, plus de 1000 m de rails ont \u00e9t\u00e9 pos\u00e9s.<\/pee><!-- [et_pb_line_break_holder] -->    <\/div>\n<p><!-- [et_pb_line_break_holder] -->  <\/div>\n<p><!-- [et_pb_line_break_holder] --><!-- [et_pb_line_break_holder] -->  <!-- 2023 --><!-- [et_pb_line_break_holder] -->  <\/p>\n<div class=\"timeline-item\" data-year=\"2023\"><!-- [et_pb_line_break_holder] -->    <\/p>\n<div class=\"timeline-marker\"><!-- [et_pb_line_break_holder] -->      <\/p>\n<div class=\"timeline-dot\"><\/div>\n<p><!-- [et_pb_line_break_holder] -->    <\/div>\n<p><!-- [et_pb_line_break_holder] -->    <\/p>\n<h4><strong>2023<\/strong> \u2013 Mise en service de l&rsquo;installation photovolta\u00efque sur le toit de l&rsquo;usine<\/h4>\n<p><!-- [et_pb_line_break_holder] -->    <\/p>\n<div class=\"timeline-details\"><!-- [et_pb_line_break_holder] -->      <pee>Avec la mise en service de sa propre centrale solaire sur le toit de l&rsquo;usine, Aweso assume sa responsabilit\u00e9 envers l&rsquo;environnement. L&rsquo;objectif est de couvrir au moins 50 % de la consommation \u00e9lectrique de l&rsquo;entreprise gr\u00e2ce \u00e0 l&rsquo;\u00e9nergie solaire et, par la revente de l&rsquo;exc\u00e9dent d&rsquo;\u00e9nergie, de contribuer positivement \u00e0 la r\u00e9duction des \u00e9missions de CO2.<\/pee><!-- [et_pb_line_break_holder] -->    <\/div>\n<p><!-- [et_pb_line_break_holder] -->  <\/div>\n<p><!-- [et_pb_line_break_holder] --><!-- [et_pb_line_break_holder] -->  <!-- 2009 --><!-- [et_pb_line_break_holder] -->  <\/p>\n<div class=\"timeline-item\" data-year=\"2009\"><!-- [et_pb_line_break_holder] -->    <\/p>\n<div class=\"timeline-marker\"><!-- [et_pb_line_break_holder] -->      <\/p>\n<div class=\"timeline-dot\"><\/div>\n<p><!-- [et_pb_line_break_holder] -->    <\/div>\n<p><!-- [et_pb_line_break_holder] -->    <\/p>\n<h4><strong>2009<\/strong> \u2013 Lancement d&rsquo;Aweso Euroform<\/h4>\n<p><!-- [et_pb_line_break_holder] -->    <\/p>\n<div class=\"timeline-details\"><!-- [et_pb_line_break_holder] -->      <pee>Les installations \u00e0 roulement sup\u00e9rieur offrent des solutions pour des \u00e9paisseurs de verre allant jusqu&rsquo;\u00e0 24 mm ainsi que pour les applications en verre isolant.<\/pee><!-- [et_pb_line_break_holder] -->    <\/div>\n<p><!-- [et_pb_line_break_holder] -->  <\/div>\n<p><!-- [et_pb_line_break_holder] --><!-- [et_pb_line_break_holder] -->  <!-- 1982 --><!-- [et_pb_line_break_holder] -->  <\/p>\n<div class=\"timeline-item\" data-year=\"1982\"><!-- [et_pb_line_break_holder] -->    <\/p>\n<div class=\"timeline-marker\"><!-- [et_pb_line_break_holder] -->      <\/p>\n<div class=\"timeline-dot\"><\/div>\n<p><!-- [et_pb_line_break_holder] -->    <\/div>\n<p><!-- [et_pb_line_break_holder] -->    <\/p>\n<h4><strong>1982<\/strong> \u2013 Reprise par Emil Mohr AG<\/h4>\n<p><!-- [et_pb_line_break_holder] -->    <\/p>\n<div class=\"timeline-details\"><!-- [et_pb_line_break_holder] -->      <pee>Emil Mohr AG rach\u00e8te \u00e0 Albert Weber-Tschui l&rsquo;int\u00e9gralit\u00e9 du paquet d&rsquo;actions et Hermann Mohr prend la direction de l&rsquo;entreprise.<\/pee><!-- [et_pb_line_break_holder] -->    <\/div>\n<p><!-- [et_pb_line_break_holder] -->  <\/div>\n<p><!-- [et_pb_line_break_holder] --><!-- [et_pb_line_break_holder] -->  <!-- 1980 --><!-- [et_pb_line_break_holder] -->  <\/p>\n<div class=\"timeline-item\" data-year=\"1980\"><!-- [et_pb_line_break_holder] -->    <\/p>\n<div class=\"timeline-marker\"><!-- [et_pb_line_break_holder] -->      <\/p>\n<div class=\"timeline-dot\"><\/div>\n<p><!-- [et_pb_line_break_holder] -->    <\/div>\n<p><!-- [et_pb_line_break_holder] -->    <\/p>\n<h4><strong>1980<\/strong> \u2013 Lancement des ferrements de s\u00e9curit\u00e9 Aweso Panorama pour vitrage de balcon<\/h4>\n<p><!-- [et_pb_line_break_holder] -->    <\/p>\n<div class=\"timeline-details\"><!-- [et_pb_line_break_holder] -->      <pee>Les ferrements coulissantes pour portes vitr\u00e9es et vitrines \u00e9taient initialement con\u00e7ues pour un usage int\u00e9rieur. Avec les nouvelles ferrures de s\u00e9curit\u00e9 pour vitrages de balcon, un nouveau domaine d&rsquo;application a \u00e9t\u00e9 ouvert.<\/pee><!-- [et_pb_line_break_holder] -->    <\/div>\n<p><!-- [et_pb_line_break_holder] -->  <\/div>\n<p><!-- [et_pb_line_break_holder] --><!-- [et_pb_line_break_holder] -->  <!-- 1964 --><!-- [et_pb_line_break_holder] -->  <\/p>\n<div class=\"timeline-item\" data-year=\"1964\"><!-- [et_pb_line_break_holder] -->    <\/p>\n<div class=\"timeline-marker\"><!-- [et_pb_line_break_holder] -->      <\/p>\n<div class=\"timeline-dot\"><\/div>\n<p><!-- [et_pb_line_break_holder] -->    <\/div>\n<p><!-- [et_pb_line_break_holder] -->    <\/p>\n<h4><strong>1964<\/strong> \u2013 Nouvelle usine \u00e0 la Z\u00fcrcherstrasse \u00e0 Wetzikon<\/h4>\n<p><!-- [et_pb_line_break_holder] -->    <\/p>\n<div class=\"timeline-details\"><!-- [et_pb_line_break_holder] -->      <pee>Sur le terrain industriel acquis au d\u00e9but des ann\u00e9es 1960 au site actuel, Z\u00fcrcherstrasse 35, un b\u00e2timent repr\u00e9sentatif comprenant bureaux et usine est construit, puis occup\u00e9 en 1964.<\/pee><!-- [et_pb_line_break_holder] -->    <\/div>\n<p><!-- [et_pb_line_break_holder] -->  <\/div>\n<p><!-- [et_pb_line_break_holder] --><!-- [et_pb_line_break_holder] -->  <!-- 1929 --><!-- [et_pb_line_break_holder] -->  <\/p>\n<div class=\"timeline-item\" data-year=\"1929\"><!-- [et_pb_line_break_holder] -->    <\/p>\n<div class=\"timeline-marker\"><!-- [et_pb_line_break_holder] -->      <\/p>\n<div class=\"timeline-dot\"><\/div>\n<p><!-- [et_pb_line_break_holder] -->    <\/div>\n<p><!-- [et_pb_line_break_holder] -->    <\/p>\n<h4><strong>1929<\/strong> \u2013 Fondation de l&rsquo;entreprise en tant que fabrique d&rsquo;articles en bronze et m\u00e9tal<\/h4>\n<p><!-- [et_pb_line_break_holder] -->    <\/p>\n<div class=\"timeline-details\"><!-- [et_pb_line_break_holder] -->      <pee>Albert Weber-Kramer fonde la fabrique d&rsquo;articles en bronze et m\u00e9tal \u00ab Albert Weber Sohn \u00bb \u2013 connue plus tard sous le nom d&rsquo;AWESO \u2013 directement en face de l&rsquo;entreprise familiale. Le nom devient synonyme de ferrures de haute qualit\u00e9 et de transformation du m\u00e9tal.<\/pee><!-- [et_pb_line_break_holder] -->    <\/div>\n<p><!-- [et_pb_line_break_holder] -->  <\/div>\n<p><!-- [et_pb_line_break_holder] --><!-- [et_pb_line_break_holder] --><\/div>\n<p>[\/et_pb_code][\/et_pb_column][\/et_pb_row][\/et_pb_section][et_pb_section fb_built=\u00a0\u00bb1&Prime; module_id=\u00a0\u00bbInterlocuteurs\u00a0\u00bb _builder_version=\u00a0\u00bb4.27.5&Prime; _module_preset=\u00a0\u00bbdefault\u00a0\u00bb custom_padding=\u00a0\u00bb||0px|||\u00a0\u00bb global_colors_info=\u00a0\u00bb{}\u00a0\u00bb][et_pb_row _builder_version=\u00a0\u00bb4.27.4&Prime; _module_preset=\u00a0\u00bbdefault\u00a0\u00bb custom_padding=\u00a0\u00bb||0px|||\u00a0\u00bb global_colors_info=\u00a0\u00bb{}\u00a0\u00bb][et_pb_column type=\u00a0\u00bb4_4&Prime; _builder_version=\u00a0\u00bb4.27.4&Prime; _module_preset=\u00a0\u00bbdefault\u00a0\u00bb global_colors_info=\u00a0\u00bb{}\u00a0\u00bb][et_pb_text _builder_version=\u00a0\u00bb4.27.5&Prime; _module_preset=\u00a0\u00bbdefault\u00a0\u00bb custom_margin=\u00a0\u00bb||11px||false|false\u00a0\u00bb global_colors_info=\u00a0\u00bb{}\u00a0\u00bb]<\/p>\n<h2>Vos interlocuteurs<\/h2>\n<p>[\/et_pb_text][\/et_pb_column][\/et_pb_row][et_pb_row column_structure=\u00a0\u00bb1_4,1_4,1_4,1_4&Prime; _builder_version=\u00a0\u00bb4.27.5&Prime; _module_preset=\u00a0\u00bbdefault\u00a0\u00bb global_colors_info=\u00a0\u00bb{}\u00a0\u00bb][et_pb_column type=\u00a0\u00bb1_4&Prime; admin_label=\u00a0\u00bbChristoph Mohr\u00a0\u00bb _builder_version=\u00a0\u00bb4.27.5&Prime; _module_preset=\u00a0\u00bbdefault\u00a0\u00bb global_colors_info=\u00a0\u00bb{}\u00a0\u00bb][et_pb_image src=\u00a0\u00bbhttps:\/\/aweso.ch\/wp-content\/uploads\/2026\/01\/christoph-mohr-aweso-web.jpg\u00a0\u00bb title_text=\u00a0\u00bbchristoph-mohr-aweso-web\u00a0\u00bb _builder_version=\u00a0\u00bb4.27.5&Prime; _module_preset=\u00a0\u00bbdefault\u00a0\u00bb custom_margin=\u00a0\u00bb||20px||false|false\u00a0\u00bb border_radii=\u00a0\u00bbon|6px|6px|6px|6px\u00a0\u00bb global_colors_info=\u00a0\u00bb{}\u00a0\u00bb][\/et_pb_image][et_pb_text _builder_version=\u00a0\u00bb4.27.5&Prime; _module_preset=\u00a0\u00bbdefault\u00a0\u00bb custom_margin=\u00a0\u00bb||0px||false|false\u00a0\u00bb custom_padding=\u00a0\u00bb||||false|false\u00a0\u00bb global_colors_info=\u00a0\u00bb{}\u00a0\u00bb]<\/p>\n<h3>Christoph Mohr<\/h3>\n<p>[\/et_pb_text][et_pb_text _builder_version=\u00a0\u00bb4.27.5&Prime; _module_preset=\u00a0\u00bbdefault\u00a0\u00bb custom_margin=\u00a0\u00bb||30px||false|false\u00a0\u00bb global_colors_info=\u00a0\u00bb{}\u00a0\u00bb]<\/p>\n<p>Direction<\/p>\n<p>Direct : <a href=\"tel:+41449330110\">+41 44 933 01 10<\/a><br \/>E-mail : <a href=\"mailto:christoph.mohr@aweso.ch\">christoph.mohr@aweso.ch<\/a><\/p>\n<p>[\/et_pb_text][\/et_pb_column][et_pb_column type=\u00a0\u00bb1_4&Prime; admin_label=\u00a0\u00bb Rapha\u00ebl Baudois\u00a0\u00bb _builder_version=\u00a0\u00bb4.27.5&Prime; _module_preset=\u00a0\u00bbdefault\u00a0\u00bb global_colors_info=\u00a0\u00bb{}\u00a0\u00bb][et_pb_image src=\u00a0\u00bbhttps:\/\/aweso.ch\/wp-content\/uploads\/2026\/01\/raphael-baudois-aweso-web.jpg\u00a0\u00bb title_text=\u00a0\u00bbraphael-baudois-aweso-web\u00a0\u00bb _builder_version=\u00a0\u00bb4.27.5&Prime; _module_preset=\u00a0\u00bbdefault\u00a0\u00bb custom_margin=\u00a0\u00bb||20px||false|false\u00a0\u00bb border_radii=\u00a0\u00bbon|6px|6px|6px|6px\u00a0\u00bb global_colors_info=\u00a0\u00bb{}\u00a0\u00bb][\/et_pb_image][et_pb_text _builder_version=\u00a0\u00bb4.27.5&Prime; _module_preset=\u00a0\u00bbdefault\u00a0\u00bb custom_margin=\u00a0\u00bb||0px||false|false\u00a0\u00bb custom_padding=\u00a0\u00bb||||false|false\u00a0\u00bb global_colors_info=\u00a0\u00bb{}\u00a0\u00bb]<\/p>\n<h3>Rapha\u00ebl Baudois<\/h3>\n<p>[\/et_pb_text][et_pb_text _builder_version=\u00a0\u00bb4.27.5&Prime; _module_preset=\u00a0\u00bbdefault\u00a0\u00bb custom_margin=\u00a0\u00bb||30px||false|false\u00a0\u00bb global_colors_info=\u00a0\u00bb{}\u00a0\u00bb]<\/p>\n<p>Responsable service interne<br \/>Membre de la direction<\/p>\n<p>Direct : <a href=\"tel:+%2041449330115\">+41 44 933 01 15<\/a><br \/>E-mail : <a href=\"mailto:raphael.baudois@aweso.ch\">raphael.baudois@aweso.ch<\/a><\/p>\n<p>[\/et_pb_text][\/et_pb_column][et_pb_column type=\u00a0\u00bb1_4&Prime; admin_label=\u00a0\u00bbLjutvi Ibraimi\u00a0\u00bb _builder_version=\u00a0\u00bb4.27.5&Prime; _module_preset=\u00a0\u00bbdefault\u00a0\u00bb global_colors_info=\u00a0\u00bb{}\u00a0\u00bb][et_pb_image src=\u00a0\u00bbhttps:\/\/aweso.ch\/wp-content\/uploads\/2026\/01\/ljutvi-ibraimi-aweso-web.jpg\u00a0\u00bb title_text=\u00a0\u00bbljutvi-ibraimi-aweso-web\u00a0\u00bb _builder_version=\u00a0\u00bb4.27.5&Prime; _module_preset=\u00a0\u00bbdefault\u00a0\u00bb custom_margin=\u00a0\u00bb||20px||false|false\u00a0\u00bb border_radii=\u00a0\u00bbon|6px|6px|6px|6px\u00a0\u00bb global_colors_info=\u00a0\u00bb{}\u00a0\u00bb][\/et_pb_image][et_pb_text _builder_version=\u00a0\u00bb4.27.5&Prime; _module_preset=\u00a0\u00bbdefault\u00a0\u00bb custom_margin=\u00a0\u00bb||0px||false|false\u00a0\u00bb custom_padding=\u00a0\u00bb||||false|false\u00a0\u00bb global_colors_info=\u00a0\u00bb{}\u00a0\u00bb]<\/p>\n<h3>Ljutvi Ibraimi<\/h3>\n<p>[\/et_pb_text][et_pb_text _builder_version=\u00a0\u00bb4.27.5&Prime; _module_preset=\u00a0\u00bbdefault\u00a0\u00bb custom_margin=\u00a0\u00bb||30px||false|false\u00a0\u00bb global_colors_info=\u00a0\u00bb{}\u00a0\u00bb]Collaborateur technico-commercial \/ AD<br \/>\nMembre de la direction<\/p>\n<p>R\u00e9gions : NPA 4000-4499 \/ 5000-6499 \/ 7000-9999<\/p>\n<p>Direct : <a href=\"tel:+41449330105\">+41 44 933 01 05<\/a><br \/>\nMobile : <a href=\"tel:+41763840757\">+41 76 384 07 57<\/a><br \/>\nE-mail : <a href=\"mailto:ljutvi.ibraimi@aweso.ch\">ljutvi.ibraimi@aweso.ch<\/a>[\/et_pb_text][\/et_pb_column][et_pb_column type=\u00a0\u00bb1_4&Prime; admin_label=\u00a0\u00bbMarkus Strassmann\u00a0\u00bb _builder_version=\u00a0\u00bb4.27.5&Prime; _module_preset=\u00a0\u00bbdefault\u00a0\u00bb global_colors_info=\u00a0\u00bb{}\u00a0\u00bb][et_pb_image src=\u00a0\u00bbhttps:\/\/aweso.ch\/wp-content\/uploads\/2026\/01\/markus-strassmann-aweso-web.jpg\u00a0\u00bb title_text=\u00a0\u00bbmarkus-strassmann-aweso-web\u00a0\u00bb _builder_version=\u00a0\u00bb4.27.5&Prime; _module_preset=\u00a0\u00bbdefault\u00a0\u00bb custom_margin=\u00a0\u00bb||20px||false|false\u00a0\u00bb border_radii=\u00a0\u00bbon|6px|6px|6px|6px\u00a0\u00bb global_colors_info=\u00a0\u00bb{}\u00a0\u00bb][\/et_pb_image][et_pb_text _builder_version=\u00a0\u00bb4.27.5&Prime; _module_preset=\u00a0\u00bbdefault\u00a0\u00bb custom_margin=\u00a0\u00bb||0px||false|false\u00a0\u00bb custom_padding=\u00a0\u00bb||||false|false\u00a0\u00bb global_colors_info=\u00a0\u00bb{}\u00a0\u00bb]<\/p>\n<h3>Markus Strassmann<br \/>\n<\/h3>\n<p>[\/et_pb_text][et_pb_text _builder_version=\u00a0\u00bb4.27.5&Prime; _module_preset=\u00a0\u00bbdefault\u00a0\u00bb custom_margin=\u00a0\u00bb||30px||false|false\u00a0\u00bb global_colors_info=\u00a0\u00bb{}\u00a0\u00bb]<\/p>\n<p>Direction de la production<br \/>Membre de la direction<\/p>\n<p>Direct : <a href=\"tel:+41449330123\">+41 44 933 01 23<\/a><br \/>E-mail : <a href=\"mailto:markus.strassmann@aweso.ch\">markus.strassmann@aweso.ch<\/a><\/p>\n<p>[\/et_pb_text][\/et_pb_column][\/et_pb_row][et_pb_row column_structure=\u00a0\u00bb1_4,1_4,1_4,1_4&Prime; _builder_version=\u00a0\u00bb4.27.7&Prime; _module_preset=\u00a0\u00bbdefault\u00a0\u00bb global_colors_info=\u00a0\u00bb{}\u00a0\u00bb][et_pb_column type=\u00a0\u00bb1_4&Prime; admin_label=\u00a0\u00bbGaetana Di Ruggiero\u00a0\u00bb _builder_version=\u00a0\u00bb4.27.5&Prime; _module_preset=\u00a0\u00bbdefault\u00a0\u00bb global_colors_info=\u00a0\u00bb{}\u00a0\u00bb][et_pb_image src=\u00a0\u00bbhttps:\/\/aweso.ch\/wp-content\/uploads\/2026\/01\/gaetana-di-ruggiero-aweso-web.jpg\u00a0\u00bb title_text=\u00a0\u00bbgaetana-di-ruggiero-aweso-web\u00a0\u00bb _builder_version=\u00a0\u00bb4.27.5&Prime; _module_preset=\u00a0\u00bbdefault\u00a0\u00bb custom_margin=\u00a0\u00bb||20px||false|false\u00a0\u00bb border_radii=\u00a0\u00bbon|6px|6px|6px|6px\u00a0\u00bb global_colors_info=\u00a0\u00bb{}\u00a0\u00bb][\/et_pb_image][et_pb_text _builder_version=\u00a0\u00bb4.27.5&Prime; _module_preset=\u00a0\u00bbdefault\u00a0\u00bb custom_margin=\u00a0\u00bb||0px||false|false\u00a0\u00bb custom_padding=\u00a0\u00bb||||false|false\u00a0\u00bb global_colors_info=\u00a0\u00bb{}\u00a0\u00bb]<\/p>\n<h3>Gaetana Di Ruggiero<br \/>\n<\/h3>\n<p>[\/et_pb_text][et_pb_text _builder_version=\u00a0\u00bb4.27.5&Prime; _module_preset=\u00a0\u00bbdefault\u00a0\u00bb custom_margin=\u00a0\u00bb||30px||false|false\u00a0\u00bb global_colors_info=\u00a0\u00bb{}\u00a0\u00bb]<\/p>\n<p>Collaboraterice technico-commerciale<\/p>\n<p>Direct : <a href=\"tel:+41449330101\">+41 44 933 01 01<\/a><br \/>E-mail : <a href=\"mailto:gaetana.diruggiero@aweso.ch\">gaetana.diruggiero@aweso.ch<\/a><\/p>\n<p>[\/et_pb_text][\/et_pb_column][et_pb_column type=\u00a0\u00bb1_4&Prime; admin_label=\u00a0\u00bbDuet Alimi\u00a0\u00bb _builder_version=\u00a0\u00bb4.27.5&Prime; _module_preset=\u00a0\u00bbdefault\u00a0\u00bb global_colors_info=\u00a0\u00bb{}\u00a0\u00bb][et_pb_image src=\u00a0\u00bbhttps:\/\/aweso.ch\/wp-content\/uploads\/2026\/01\/duet-alimi-aweso-web.jpg\u00a0\u00bb title_text=\u00a0\u00bbduet-alimi-aweso-web\u00a0\u00bb _builder_version=\u00a0\u00bb4.27.5&Prime; _module_preset=\u00a0\u00bbdefault\u00a0\u00bb custom_margin=\u00a0\u00bb||20px||false|false\u00a0\u00bb border_radii=\u00a0\u00bbon|6px|6px|6px|6px\u00a0\u00bb global_colors_info=\u00a0\u00bb{}\u00a0\u00bb][\/et_pb_image][et_pb_text _builder_version=\u00a0\u00bb4.27.5&Prime; _module_preset=\u00a0\u00bbdefault\u00a0\u00bb custom_margin=\u00a0\u00bb||0px||false|false\u00a0\u00bb custom_padding=\u00a0\u00bb||||false|false\u00a0\u00bb global_colors_info=\u00a0\u00bb{}\u00a0\u00bb]<\/p>\n<h3>Duet Alimi<\/h3>\n<p>[\/et_pb_text][et_pb_text _builder_version=\u00a0\u00bb4.27.5&Prime; _module_preset=\u00a0\u00bbdefault\u00a0\u00bb custom_margin=\u00a0\u00bb||30px||false|false\u00a0\u00bb global_colors_info=\u00a0\u00bb{}\u00a0\u00bb]Collaborateur technico-commercial<\/p>\n<p>Direct : <a href=\"tel:+%2041449330109\">+41 44 933 01 09<\/a><br \/>\nE-mail : <a href=\"mailto:duet.alimi@aweso.ch\">duet.alimi@aweso.ch<\/a>[\/et_pb_text][\/et_pb_column][et_pb_column type=\u00a0\u00bb1_4&Prime; admin_label=\u00a0\u00bbMirsada Baumann\u00a0\u00bb _builder_version=\u00a0\u00bb4.27.5&Prime; _module_preset=\u00a0\u00bbdefault\u00a0\u00bb global_colors_info=\u00a0\u00bb{}\u00a0\u00bb][et_pb_image src=\u00a0\u00bbhttps:\/\/aweso.ch\/wp-content\/uploads\/2026\/01\/mirsada-baumann-aweso-web.jpg\u00a0\u00bb title_text=\u00a0\u00bbmirsada-baumann-aweso-web\u00a0\u00bb _builder_version=\u00a0\u00bb4.27.5&Prime; _module_preset=\u00a0\u00bbdefault\u00a0\u00bb custom_margin=\u00a0\u00bb||20px||false|false\u00a0\u00bb border_radii=\u00a0\u00bbon|6px|6px|6px|6px\u00a0\u00bb global_colors_info=\u00a0\u00bb{}\u00a0\u00bb][\/et_pb_image][et_pb_text _builder_version=\u00a0\u00bb4.27.5&Prime; _module_preset=\u00a0\u00bbdefault\u00a0\u00bb custom_margin=\u00a0\u00bb||0px||false|false\u00a0\u00bb custom_padding=\u00a0\u00bb||||false|false\u00a0\u00bb global_colors_info=\u00a0\u00bb{}\u00a0\u00bb]<\/p>\n<h3>Mirsada Baumann<\/h3>\n<p>[\/et_pb_text][et_pb_text _builder_version=\u00a0\u00bb4.27.5&Prime; _module_preset=\u00a0\u00bbdefault\u00a0\u00bb custom_margin=\u00a0\u00bb||30px||false|false\u00a0\u00bb global_colors_info=\u00a0\u00bb{}\u00a0\u00bb]<\/p>\n<p>Conceptrice<\/p>\n<p>Direct : <a href=\"tel:+41449330108\">+41 44 933 01 08<\/a><br \/>E-mail : <a href=\"mailto:mirsada.baumann@aweso.ch\">mirsada.baumann@aweso.ch<\/a><\/p>\n<p>[\/et_pb_text][\/et_pb_column][et_pb_column type=\u00a0\u00bb1_4&Prime; admin_label=\u00a0\u00bbLuca Walter\u00a0\u00bb _builder_version=\u00a0\u00bb4.27.7&Prime; _module_preset=\u00a0\u00bbdefault\u00a0\u00bb global_colors_info=\u00a0\u00bb{}\u00a0\u00bb][et_pb_image src=\u00a0\u00bbhttps:\/\/aweso.ch\/wp-content\/uploads\/2026\/01\/luca-walter-aweso-web.jpg\u00a0\u00bb title_text=\u00a0\u00bbluca-walter-aweso-web\u00a0\u00bb _builder_version=\u00a0\u00bb4.27.7&Prime; _module_preset=\u00a0\u00bbdefault\u00a0\u00bb custom_margin=\u00a0\u00bb||20px||false|false\u00a0\u00bb hover_enabled=\u00a0\u00bb0&Prime; border_radii=\u00a0\u00bbon|6px|6px|6px|6px\u00a0\u00bb global_colors_info=\u00a0\u00bb{}\u00a0\u00bb sticky_enabled=\u00a0\u00bb0&Prime;][\/et_pb_image][et_pb_text _builder_version=\u00a0\u00bb4.27.7&Prime; _module_preset=\u00a0\u00bbdefault\u00a0\u00bb custom_margin=\u00a0\u00bb||0px||false|false\u00a0\u00bb custom_padding=\u00a0\u00bb||||false|false\u00a0\u00bb global_colors_info=\u00a0\u00bb{}\u00a0\u00bb]<\/p>\n<h3>Luca Walter<\/h3>\n<p>[\/et_pb_text][et_pb_text _builder_version=\u00a0\u00bb4.27.7&Prime; _module_preset=\u00a0\u00bbdefault\u00a0\u00bb custom_margin=\u00a0\u00bb||30px||false|false\u00a0\u00bb global_colors_info=\u00a0\u00bb{}\u00a0\u00bb]<\/p>\n<p>Achats\/Avor<\/p>\n<p>Direct : <a href=\"tel:+41449330114\">+41 44 933 01 14<\/a><br \/>E-mail : <a href=\"mailto:luca.walter@aweso.ch\">luca.walter@aweso.ch<\/a><\/p>\n<\/p>\n<p>[\/et_pb_text][\/et_pb_column][\/et_pb_row][et_pb_row column_structure=\u00a0\u00bb1_4,1_4,1_4,1_4&Prime; _builder_version=\u00a0\u00bb4.27.7&Prime; _module_preset=\u00a0\u00bbdefault\u00a0\u00bb global_colors_info=\u00a0\u00bb{}\u00a0\u00bb][et_pb_column type=\u00a0\u00bb1_4&Prime; admin_label=\u00a0\u00bbCorinne Grimm\u00a0\u00bb _builder_version=\u00a0\u00bb4.27.5&Prime; _module_preset=\u00a0\u00bbdefault\u00a0\u00bb global_colors_info=\u00a0\u00bb{}\u00a0\u00bb][et_pb_image src=\u00a0\u00bbhttps:\/\/aweso.ch\/wp-content\/uploads\/2026\/01\/corinne-grimm-aweso-web.jpg\u00a0\u00bb title_text=\u00a0\u00bbcorinne-grimm-aweso-web\u00a0\u00bb _builder_version=\u00a0\u00bb4.27.5&Prime; _module_preset=\u00a0\u00bbdefault\u00a0\u00bb custom_margin=\u00a0\u00bb||20px||false|false\u00a0\u00bb border_radii=\u00a0\u00bbon|6px|6px|6px|6px\u00a0\u00bb global_colors_info=\u00a0\u00bb{}\u00a0\u00bb][\/et_pb_image][et_pb_text _builder_version=\u00a0\u00bb4.27.5&Prime; _module_preset=\u00a0\u00bbdefault\u00a0\u00bb custom_margin=\u00a0\u00bb||0px||false|false\u00a0\u00bb custom_padding=\u00a0\u00bb||||false|false\u00a0\u00bb global_colors_info=\u00a0\u00bb{}\u00a0\u00bb]<\/p>\n<h3>Corinne Grimm<\/h3>\n<p>[\/et_pb_text][et_pb_text _builder_version=\u00a0\u00bb4.27.5&Prime; _module_preset=\u00a0\u00bbdefault\u00a0\u00bb custom_margin=\u00a0\u00bb||30px||false|false\u00a0\u00bb global_colors_info=\u00a0\u00bb{}\u00a0\u00bb]<\/p>\n<p>Marketing\/Administration<\/p>\n<p>Direct : <a href=\"tel:+41449330113\">+41 44 933 01 13<\/a><br \/>E-mail : <a href=\"mailto:corinne.grimm@aweso.ch\">corinne.grimm@aweso.ch<\/a><\/p>\n<p>[\/et_pb_text][\/et_pb_column][et_pb_column type=\u00a0\u00bb1_4&Prime; disabled_on=\u00a0\u00bbon|on|on\u00a0\u00bb _builder_version=\u00a0\u00bb4.27.7&Prime; _module_preset=\u00a0\u00bbdefault\u00a0\u00bb disabled=\u00a0\u00bbon\u00a0\u00bb global_colors_info=\u00a0\u00bb{}\u00a0\u00bb][et_pb_image src=\u00a0\u00bbhttps:\/\/aweso.ch\/wp-content\/uploads\/2026\/01\/luca-walter-aweso-web.jpg\u00a0\u00bb title_text=\u00a0\u00bbluca-walter-aweso-web\u00a0\u00bb _builder_version=\u00a0\u00bb4.27.5&Prime; _module_preset=\u00a0\u00bbdefault\u00a0\u00bb custom_margin=\u00a0\u00bb||20px||false|false\u00a0\u00bb border_radii=\u00a0\u00bbon|6px|6px|6px|6px\u00a0\u00bb global_colors_info=\u00a0\u00bb{}\u00a0\u00bb][\/et_pb_image][et_pb_text _builder_version=\u00a0\u00bb4.27.5&Prime; _module_preset=\u00a0\u00bbdefault\u00a0\u00bb custom_margin=\u00a0\u00bb||0px||false|false\u00a0\u00bb custom_padding=\u00a0\u00bb||||false|false\u00a0\u00bb global_colors_info=\u00a0\u00bb{}\u00a0\u00bb]<\/p>\n<h3>Luca Walter<\/h3>\n<p>[\/et_pb_text][et_pb_text _builder_version=\u00a0\u00bb4.27.7&Prime; _module_preset=\u00a0\u00bbdefault\u00a0\u00bb custom_margin=\u00a0\u00bb||30px||false|false\u00a0\u00bb global_colors_info=\u00a0\u00bb{}\u00a0\u00bb]<\/p>\n<p>Achats\/Avor<\/p>\n<p>Direct : <a href=\"tel:+41449330114\">+41 44 933 01 14<\/a><br \/>E-mail : <a href=\"mailto:luca.walter@aweso.ch\">luca.walter@aweso.ch<\/a><\/p>\n<p>[\/et_pb_text][\/et_pb_column][et_pb_column type=\u00a0\u00bb1_4&Prime; _builder_version=\u00a0\u00bb4.27.5&Prime; _module_preset=\u00a0\u00bbdefault\u00a0\u00bb global_colors_info=\u00a0\u00bb{}\u00a0\u00bb][\/et_pb_column][et_pb_column type=\u00a0\u00bb1_4&Prime; _builder_version=\u00a0\u00bb4.27.5&Prime; _module_preset=\u00a0\u00bbdefault\u00a0\u00bb global_colors_info=\u00a0\u00bb{}\u00a0\u00bb][\/et_pb_column][\/et_pb_row][\/et_pb_section][et_pb_section fb_built=\u00a0\u00bb1&Prime; _builder_version=\u00a0\u00bb4.27.5&Prime; _module_preset=\u00a0\u00bbdefault\u00a0\u00bb global_colors_info=\u00a0\u00bb{}\u00a0\u00bb][et_pb_row _builder_version=\u00a0\u00bb4.27.5&Prime; _module_preset=\u00a0\u00bbdefault\u00a0\u00bb width=\u00a0\u00bb100%\u00a0\u00bb width_last_edited=\u00a0\u00bboff|desktop\u00a0\u00bb global_colors_info=\u00a0\u00bb{}\u00a0\u00bb][et_pb_column type=\u00a0\u00bb4_4&Prime; _builder_version=\u00a0\u00bb4.27.5&Prime; _module_preset=\u00a0\u00bbdefault\u00a0\u00bb global_colors_info=\u00a0\u00bb{}\u00a0\u00bb][dipi_image_gallery thumbs_count=\u00a0\u00bb0&Prime; thumbs_space_between=\u00a0\u00bb0&Prime; thumb_height=\u00a0\u00bb0px\u00a0\u00bb main_autoplay=\u00a0\u00bbon\u00a0\u00bb autoplay_delay=\u00a0\u00bb4000&Prime; _builder_version=\u00a0\u00bb4.27.5&Prime; _module_preset=\u00a0\u00bbdefault\u00a0\u00bb global_colors_info=\u00a0\u00bb{}\u00a0\u00bb][dipi_image_gallery_child item_image=\u00a0\u00bbhttps:\/\/aweso.ch\/wp-content\/uploads\/2026\/01\/aweso-slider-aweso-1.jpg\u00a0\u00bb label=\u00a0\u00bbLjutvi \u00a0\u00bb _builder_version=\u00a0\u00bb4.27.5&Prime; _module_preset=\u00a0\u00bbdefault\u00a0\u00bb global_colors_info=\u00a0\u00bb{}\u00a0\u00bb][\/dipi_image_gallery_child][dipi_image_gallery_child item_image=\u00a0\u00bbhttps:\/\/aweso.ch\/wp-content\/uploads\/2026\/01\/aweso-slider-aweso-2.jpg\u00a0\u00bb label=\u00a0\u00bbSchweissen\u00a0\u00bb _builder_version=\u00a0\u00bb4.27.5&Prime; _module_preset=\u00a0\u00bbdefault\u00a0\u00bb global_colors_info=\u00a0\u00bb{}\u00a0\u00bb][\/dipi_image_gallery_child][dipi_image_gallery_child item_image=\u00a0\u00bbhttps:\/\/aweso.ch\/wp-content\/uploads\/2026\/01\/aweso-slider-aweso-3.jpg\u00a0\u00bb label=\u00a0\u00bbBohren\u00a0\u00bb _builder_version=\u00a0\u00bb4.27.5&Prime; _module_preset=\u00a0\u00bbdefault\u00a0\u00bb global_colors_info=\u00a0\u00bb{}\u00a0\u00bb][\/dipi_image_gallery_child][\/dipi_image_gallery][\/et_pb_column][\/et_pb_row][\/et_pb_section][et_pb_section fb_built=\u00a0\u00bb1&Prime; custom_padding_last_edited=\u00a0\u00bbon|tablet\u00a0\u00bb _builder_version=\u00a0\u00bb4.27.5&Prime; _module_preset=\u00a0\u00bbdefault\u00a0\u00bb custom_padding_tablet=\u00a0\u00bb0px||0px||false|false\u00a0\u00bb custom_padding_phone=\u00a0\u00bb0px||0px||false|false\u00a0\u00bb global_colors_info=\u00a0\u00bb{}\u00a0\u00bb][et_pb_row _builder_version=\u00a0\u00bb4.27.5&Prime; _module_preset=\u00a0\u00bbdefault\u00a0\u00bb custom_padding=\u00a0\u00bb||||false|false\u00a0\u00bb global_colors_info=\u00a0\u00bb{}\u00a0\u00bb][et_pb_column type=\u00a0\u00bb4_4&Prime; _builder_version=\u00a0\u00bb4.27.4&Prime; _module_preset=\u00a0\u00bbdefault\u00a0\u00bb global_colors_info=\u00a0\u00bb{}\u00a0\u00bb][et_pb_text _builder_version=\u00a0\u00bb4.27.5&Prime; _module_preset=\u00a0\u00bbdefault\u00a0\u00bb custom_margin=\u00a0\u00bb||30px||false|false\u00a0\u00bb global_colors_info=\u00a0\u00bb{}\u00a0\u00bb]<\/p>\n<h2>Nos valeurs<\/h2>\n<p>[\/et_pb_text][et_pb_text _builder_version=\u00a0\u00bb4.27.5&Prime; _module_preset=\u00a0\u00bbdefault\u00a0\u00bb custom_margin=\u00a0\u00bb||0px||false|false\u00a0\u00bb custom_padding=\u00a0\u00bb||||false|false\u00a0\u00bb global_colors_info=\u00a0\u00bb{}\u00a0\u00bb]<\/p>\n<h3>En tant qu&rsquo;entreprise familiale, nous vivons la durabilit\u00e9 \u00e0 bien des \u00e9gards.<\/h3>\n<p>[\/et_pb_text][\/et_pb_column][\/et_pb_row][et_pb_row column_structure=\u00a0\u00bb1_3,1_3,1_3&Prime; _builder_version=\u00a0\u00bb4.27.5&Prime; _module_preset=\u00a0\u00bbdefault\u00a0\u00bb global_colors_info=\u00a0\u00bb{}\u00a0\u00bb][et_pb_column type=\u00a0\u00bb1_3&Prime; admin_label=\u00a0\u00bbCollaborateurs\u00a0\u00bb _builder_version=\u00a0\u00bb4.27.5&Prime; _module_preset=\u00a0\u00bbdefault\u00a0\u00bb global_colors_info=\u00a0\u00bb{}\u00a0\u00bb][et_pb_image src=\u00a0\u00bbhttps:\/\/aweso.ch\/wp-content\/uploads\/2026\/01\/aweso-slider-aweso-3.jpg\u00a0\u00bb title_text=\u00a0\u00bbaweso-slider-aweso-3&Prime; _builder_version=\u00a0\u00bb4.27.5&Prime; _module_preset=\u00a0\u00bbdefault\u00a0\u00bb custom_margin=\u00a0\u00bb||30px||false|false\u00a0\u00bb border_radii=\u00a0\u00bbon|6px|6px|6px|6px\u00a0\u00bb global_colors_info=\u00a0\u00bb{}\u00a0\u00bb][\/et_pb_image][et_pb_text _builder_version=\u00a0\u00bb4.27.5&Prime; _module_preset=\u00a0\u00bbdefault\u00a0\u00bb custom_margin_tablet=\u00a0\u00bb||50px||false|false\u00a0\u00bb custom_margin_phone=\u00a0\u00bb||50px||false|false\u00a0\u00bb custom_margin_last_edited=\u00a0\u00bbon|tablet\u00a0\u00bb global_colors_info=\u00a0\u00bb{}\u00a0\u00bb]<\/p>\n<p><strong>Assumer la responsabilit\u00e9 envers les collaborateurs<\/strong><\/p>\n<p>L&rsquo;atmosph\u00e8re familiale au sein de l&rsquo;\u00e9quipe favorise l&rsquo;engagement et la flexibilit\u00e9 et cr\u00e9e la possibilit\u00e9 de r\u00e9pondre de mani\u00e8re cibl\u00e9e aux besoins des clients et d&rsquo;\u00e9laborer ensemble des solutions cr\u00e9atives. Une r\u00e9mun\u00e9ration \u00e9quitable et une solution de pr\u00e9voyance solide sont des \u00e9l\u00e9ments centraux pour la s\u00e9curit\u00e9 et constituent la base de la loyaut\u00e9 et d&rsquo;une collaboration de longue dur\u00e9e. <\/p>\n<p>[\/et_pb_text][\/et_pb_column][et_pb_column type=\u00a0\u00bb1_3&Prime; admin_label=\u00a0\u00bbEnvironnement\u00a0\u00bb _builder_version=\u00a0\u00bb4.27.5&Prime; _module_preset=\u00a0\u00bbdefault\u00a0\u00bb global_colors_info=\u00a0\u00bb{}\u00a0\u00bb][et_pb_image src=\u00a0\u00bbhttps:\/\/aweso.ch\/wp-content\/uploads\/2026\/01\/aweso-header-aweso.jpg\u00a0\u00bb title_text=\u00a0\u00bbaweso-header-aweso\u00a0\u00bb _builder_version=\u00a0\u00bb4.27.5&Prime; _module_preset=\u00a0\u00bbdefault\u00a0\u00bb custom_margin=\u00a0\u00bb||30px||false|false\u00a0\u00bb border_radii=\u00a0\u00bbon|6px|6px|6px|6px\u00a0\u00bb global_colors_info=\u00a0\u00bb{}\u00a0\u00bb][\/et_pb_image][et_pb_text _builder_version=\u00a0\u00bb4.27.5&Prime; _module_preset=\u00a0\u00bbdefault\u00a0\u00bb custom_margin_tablet=\u00a0\u00bb||50px||false|false\u00a0\u00bb custom_margin_phone=\u00a0\u00bb||50px||false|false\u00a0\u00bb custom_margin_last_edited=\u00a0\u00bbon|tablet\u00a0\u00bb custom_padding_last_edited=\u00a0\u00bboff|tablet\u00a0\u00bb global_colors_info=\u00a0\u00bb{}\u00a0\u00bb]<\/p>\n<p><strong>Responsabilit\u00e9 envers l&rsquo;environnement<\/strong><\/p>\n<p>Utilisation responsable des ressources. Nous nous engageons pour la protection de l&rsquo;environnement, en particulier pour des techniques de production respectueuses de l&rsquo;environnement.<br \/>Tous les d\u00e9chets sont recycl\u00e9s et r\u00e9utilis\u00e9s dans un cycle de mat\u00e9riaux ferm\u00e9 ou \u00e9limin\u00e9s de mani\u00e8re \u00e9cologique.<br \/>Gr\u00e2ce \u00e0 notre grande installation photovolta\u00efque install\u00e9e sur le toit de l&rsquo;usine, nous pouvons couvrir plus de 50 % de nos besoins en \u00e9lectricit\u00e9 gr\u00e2ce \u00e0 l&rsquo;\u00e9nergie solaire.<\/p>\n<p>[\/et_pb_text][\/et_pb_column][et_pb_column type=\u00a0\u00bb1_3&Prime; admin_label=\u00a0\u00bbSucc\u00e8s\u00a0\u00bb _builder_version=\u00a0\u00bb4.27.5&Prime; _module_preset=\u00a0\u00bbdefault\u00a0\u00bb global_colors_info=\u00a0\u00bb{}\u00a0\u00bb][et_pb_image src=\u00a0\u00bbhttps:\/\/aweso.ch\/wp-content\/uploads\/2026\/01\/aweso-werte-erfolg.jpg\u00a0\u00bb title_text=\u00a0\u00bbaweso-werte-erfolg\u00a0\u00bb _builder_version=\u00a0\u00bb4.27.5&Prime; _module_preset=\u00a0\u00bbdefault\u00a0\u00bb custom_margin=\u00a0\u00bb||30px||false|false\u00a0\u00bb border_radii=\u00a0\u00bbon|6px|6px|6px|6px\u00a0\u00bb global_colors_info=\u00a0\u00bb{}\u00a0\u00bb][\/et_pb_image][et_pb_text _builder_version=\u00a0\u00bb4.27.5&Prime; _module_preset=\u00a0\u00bbdefault\u00a0\u00bb global_colors_info=\u00a0\u00bb{}\u00a0\u00bb]<\/p>\n<p><strong>Le succ\u00e8s \u00e9conomique doit assurer l&rsquo;existence \u00e0 long terme de l&rsquo;entreprise<\/strong><\/p>\n<p>Avec des produits et des prestations de haute qualit\u00e9, nous assurons la satisfaction de nos clients. Nous accordons une attention particuli\u00e8re \u00e0 la conception de haute qualit\u00e9, selon la devise : la forme suit la fonction. L&rsquo;accent est mis sur une valeur d&rsquo;usage durablement \u00e9lev\u00e9e, associ\u00e9e \u00e0 un design intemporel et \u00e9l\u00e9gant.<\/p>\n<p>[\/et_pb_text][\/et_pb_column][\/et_pb_row][\/et_pb_section][et_pb_section fb_built=\u00a0\u00bb1&Prime; _builder_version=\u00a0\u00bb4.27.5&Prime; _module_preset=\u00a0\u00bbdefault\u00a0\u00bb global_colors_info=\u00a0\u00bb{}\u00a0\u00bb][et_pb_row column_structure=\u00a0\u00bb1_2,1_2&Prime; _builder_version=\u00a0\u00bb4.27.5&Prime; _module_preset=\u00a0\u00bbdefault\u00a0\u00bb global_colors_info=\u00a0\u00bb{}\u00a0\u00bb][et_pb_column type=\u00a0\u00bb1_2&Prime; module_class=\u00a0\u00bbhover-kachel\u00a0\u00bb admin_label=\u00a0\u00bbContact\u00a0\u00bb _builder_version=\u00a0\u00bb4.27.5&Prime; _dynamic_attributes=\u00a0\u00bblink_option_url\u00a0\u00bb _module_preset=\u00a0\u00bbdefault\u00a0\u00bb background_color=\u00a0\u00bb#005A9C\u00a0\u00bb custom_padding=\u00a0\u00bb40px|40px|50px|40px|false|true\u00a0\u00bb link_option_url=\u00a0\u00bb@ET-DC@eyJkeW5hbWljIjp0cnVlLCJjb250ZW50IjoicG9zdF9saW5rX3VybF9wYWdlIiwic2V0dGluZ3MiOnsicG9zdF9pZCI6IjQ1MyJ9fQ==@\u00a0\u00bb border_radii=\u00a0\u00bbon|6px|6px|6px|6px\u00a0\u00bb global_colors_info=\u00a0\u00bb{}\u00a0\u00bb custom_css_before__hover_enabled=\u00a0\u00bbon|hover\u00a0\u00bb][et_pb_text _builder_version=\u00a0\u00bb4.27.5&Prime; _module_preset=\u00a0\u00bb02e0a404-5293-4b7f-91fe-61cb527a4584&Prime; text_font=\u00a0\u00bb|600|||||||\u00a0\u00bb header_3_text_color=\u00a0\u00bb#ffffff\u00a0\u00bb custom_margin=\u00a0\u00bb||20px||false|false\u00a0\u00bb global_colors_info=\u00a0\u00bb{}\u00a0\u00bb]<\/p>\n<h3>Vous avez un projet ou vous souhaitez en savoir plus ?<\/h3>\n<p>[\/et_pb_text][et_pb_text _builder_version=\u00a0\u00bb4.27.5&Prime; _module_preset=\u00a0\u00bbdefault\u00a0\u00bb text_text_color=\u00a0\u00bb#ffffff\u00a0\u00bb global_colors_info=\u00a0\u00bb{}\u00a0\u00bb]Nous sommes \u00e0 votre disposition.[\/et_pb_text][et_pb_image src=\u00a0\u00bbhttps:\/\/aweso.ch\/wp-content\/uploads\/2026\/01\/aweso-pfeil-weiss.png\u00a0\u00bb title_text=\u00a0\u00bbaweso-fleche-blanche\u00a0\u00bb _builder_version=\u00a0\u00bb4.27.5&Prime; _module_preset=\u00a0\u00bbdefault\u00a0\u00bb max_width=\u00a0\u00bb40px\u00a0\u00bb module_alignment=\u00a0\u00bbright\u00a0\u00bb max_height=\u00a0\u00bb40px\u00a0\u00bb custom_margin=\u00a0\u00bb-55px||||false|false\u00a0\u00bb custom_margin_tablet=\u00a0\u00bb-50px||||false|false\u00a0\u00bb custom_margin_phone=\u00a0\u00bb0px||||false|false\u00a0\u00bb custom_margin_last_edited=\u00a0\u00bbon|phone\u00a0\u00bb global_colors_info=\u00a0\u00bb{}\u00a0\u00bb][\/et_pb_image][\/et_pb_column][et_pb_column type=\u00a0\u00bb1_2&Prime; module_class=\u00a0\u00bbhover-kachel\u00a0\u00bb admin_label=\u00a0\u00bbPostes\u00a0\u00bb disabled_on=\u00a0\u00bbon|on|on\u00a0\u00bb _builder_version=\u00a0\u00bb4.27.5&Prime; _dynamic_attributes=\u00a0\u00bblink_option_url\u00a0\u00bb _module_preset=\u00a0\u00bbdefault\u00a0\u00bb background_color=\u00a0\u00bb#005A9C\u00a0\u00bb custom_padding=\u00a0\u00bb40px|40px|50px|40px|false|true\u00a0\u00bb link_option_url=\u00a0\u00bb@ET-DC@eyJkeW5hbWljIjp0cnVlLCJjb250ZW50IjoicG9zdF9saW5rX3VybF9wYWdlIiwic2V0dGluZ3MiOnsicG9zdF9pZCI6IjQ3NCJ9fQ==@\u00a0\u00bb border_radii=\u00a0\u00bbon|6px|6px|6px|6px\u00a0\u00bb disabled=\u00a0\u00bbon\u00a0\u00bb global_colors_info=\u00a0\u00bb{}\u00a0\u00bb][et_pb_text _builder_version=\u00a0\u00bb4.27.5&Prime; _module_preset=\u00a0\u00bb02e0a404-5293-4b7f-91fe-61cb527a4584&Prime; text_font=\u00a0\u00bb|600|||||||\u00a0\u00bb header_3_text_color=\u00a0\u00bb#ffffff\u00a0\u00bb custom_margin=\u00a0\u00bb||20px||false|false\u00a0\u00bb global_colors_info=\u00a0\u00bb{}\u00a0\u00bb]<\/p>\n<h3>Vous recherchez un d\u00e9fi int\u00e9ressant ?<\/h3>\n<p>[\/et_pb_text][et_pb_text _builder_version=\u00a0\u00bb4.27.5&Prime; _module_preset=\u00a0\u00bbdefault\u00a0\u00bb text_text_color=\u00a0\u00bb#ffffff\u00a0\u00bb global_colors_info=\u00a0\u00bb{}\u00a0\u00bb]Consultez nos offres d&#8217;emploi.[\/et_pb_text][et_pb_image src=\u00a0\u00bbhttps:\/\/aweso.ch\/wp-content\/uploads\/2026\/01\/aweso-pfeil-weiss.png\u00a0\u00bb title_text=\u00a0\u00bbaweso-fleche-blanche\u00a0\u00bb _builder_version=\u00a0\u00bb4.27.5&Prime; _module_preset=\u00a0\u00bbdefault\u00a0\u00bb max_width=\u00a0\u00bb40px\u00a0\u00bb module_alignment=\u00a0\u00bbright\u00a0\u00bb max_height=\u00a0\u00bb40px\u00a0\u00bb custom_margin=\u00a0\u00bb-55px||||false|false\u00a0\u00bb custom_margin_tablet=\u00a0\u00bb-50px||||false|false\u00a0\u00bb custom_margin_phone=\u00a0\u00bb0px||||false|false\u00a0\u00bb custom_margin_last_edited=\u00a0\u00bbon|phone\u00a0\u00bb global_colors_info=\u00a0\u00bb{}\u00a0\u00bb][\/et_pb_image][\/et_pb_column][\/et_pb_row][\/et_pb_section]<\/p>\n","protected":false},"excerpt":{"rendered":"<p>Qualit\u00e9 durable \u2013 individuelle,r\u00e9fl\u00e9chie, \u00e9prouv\u00e9e.pour chaque situation\u00e9prouv\u00e9eDepuis 1929, le nom Aweso est synonyme de ferrures haut de gamme pour l\u2019am\u00e9nagement de magasins et de vitrages pour l\u2019int\u00e9rieur et l\u2019ext\u00e9rieur.Aweso AG est une entreprise suisse bas\u00e9e \u00e0 Wetzikon, \u00e0 environ 25 km de Zurich. La grande majorit\u00e9 des produits est d\u00e9velopp\u00e9e et fabriqu\u00e9e en Suisse. Nos [&hellip;]<\/p>\n","protected":false},"author":1,"featured_media":0,"parent":0,"menu_order":0,"comment_status":"closed","ping_status":"closed","template":"","meta":{"_et_pb_use_builder":"on","_et_pb_old_content":"","_et_gb_content_width":"","footnotes":""},"dipi_cpt_category":[],"wf_page_folders":[],"class_list":["post-1393","page","type-page","status-publish","hentry"],"_links":{"self":[{"href":"https:\/\/aweso.ch\/fr\/wp-json\/wp\/v2\/pages\/1393","targetHints":{"allow":["GET"]}}],"collection":[{"href":"https:\/\/aweso.ch\/fr\/wp-json\/wp\/v2\/pages"}],"about":[{"href":"https:\/\/aweso.ch\/fr\/wp-json\/wp\/v2\/types\/page"}],"author":[{"embeddable":true,"href":"https:\/\/aweso.ch\/fr\/wp-json\/wp\/v2\/users\/1"}],"replies":[{"embeddable":true,"href":"https:\/\/aweso.ch\/fr\/wp-json\/wp\/v2\/comments?post=1393"}],"version-history":[{"count":2,"href":"https:\/\/aweso.ch\/fr\/wp-json\/wp\/v2\/pages\/1393\/revisions"}],"predecessor-version":[{"id":2404,"href":"https:\/\/aweso.ch\/fr\/wp-json\/wp\/v2\/pages\/1393\/revisions\/2404"}],"wp:attachment":[{"href":"https:\/\/aweso.ch\/fr\/wp-json\/wp\/v2\/media?parent=1393"}],"wp:term":[{"taxonomy":"dipi_cpt_category","embeddable":true,"href":"https:\/\/aweso.ch\/fr\/wp-json\/wp\/v2\/dipi_cpt_category?post=1393"},{"taxonomy":"wf_page_folders","embeddable":true,"href":"https:\/\/aweso.ch\/fr\/wp-json\/wp\/v2\/wf_page_folders?post=1393"}],"curies":[{"name":"wp","href":"https:\/\/api.w.org\/{rel}","templated":true}]}}